{"id":369,"date":"2025-08-05T00:06:01","date_gmt":"2025-08-05T00:06:01","guid":{"rendered":"https:\/\/lightgreen-hyena-937059.hostingersite.com\/?page_id=369"},"modified":"2026-03-29T14:53:26","modified_gmt":"2026-03-29T14:53:26","slug":"home","status":"publish","type":"page","link":"https:\/\/iber.market\/fr\/","title":{"rendered":"ACCUEIL"},"content":{"rendered":"\n\n  <div class=\"banner has-hover\" id=\"banner-1631823386\">\n          <div class=\"banner-inner fill\">\n        <div class=\"banner-bg fill\" >\n            <img loading=\"lazy\" decoding=\"async\" width=\"1680\" height=\"640\" src=\"https:\/\/iber.market\/wp-content\/uploads\/2026\/03\/IMG-20260316-WA0001.jpg\" class=\"bg attachment-original size-original\" alt=\"Supermercado de comida espa\u00f1ola para europa online iber market\" \/>                        <div class=\"overlay\"><\/div>            \n                    <\/div>\n\t\t\n        <div class=\"banner-layers container\">\n            <div class=\"fill banner-link\"><\/div>            \n\n   <div id=\"text-box-729863295\" class=\"text-box banner-layer x50 md-x50 lg-x50 y50 md-y50 lg-y50 res-text\">\n                                <div class=\"text-box-content text dark\">\n              \n              <div class=\"text-inner text-center\">\n                  \n\n\t<div class=\"img has-hover x md-x lg-x y md-y lg-y\" id=\"image_210241509\">\n\t\t\t\t\t\t\t\t<div class=\"img-inner dark\" >\n\t\t\t<img loading=\"lazy\" decoding=\"async\" width=\"1020\" height=\"298\" src=\"https:\/\/iber.market\/wp-content\/uploads\/2025\/09\/logo-iber-market-bandera-de-espanaa-1024x299.png\" class=\"attachment-large size-large\" alt=\"tienda online de productos espa\u00f1oles\" srcset=\"https:\/\/iber.market\/wp-content\/uploads\/2025\/09\/logo-iber-market-bandera-de-espanaa-1024x299.png 1024w, https:\/\/iber.market\/wp-content\/uploads\/2025\/09\/logo-iber-market-bandera-de-espanaa-300x88.png 300w, https:\/\/iber.market\/wp-content\/uploads\/2025\/09\/logo-iber-market-bandera-de-espanaa-768x224.png 768w, https:\/\/iber.market\/wp-content\/uploads\/2025\/09\/logo-iber-market-bandera-de-espanaa-1536x449.png 1536w, https:\/\/iber.market\/wp-content\/uploads\/2025\/09\/logo-iber-market-bandera-de-espanaa-2048x598.png 2048w, https:\/\/iber.market\/wp-content\/uploads\/2025\/09\/logo-iber-market-bandera-de-espanaa-600x175.png 600w\" sizes=\"auto, (max-width: 1020px) 100vw, 1020px\" \/>\t\t\t\t\t\t\n\t\t\t\t\t<\/div>\n\t\t\t\t\t\t\t\t\n<style>\n#image_210241509 {\n  width: 80%;\n}\n@media (min-width:550px) {\n  #image_210241509 {\n    width: 60%;\n  }\n}\n<\/style>\n\t<\/div>\n\t\n\n\t<div id=\"gap-25078436\" class=\"gap-element clearfix\" style=\"display:block; height:auto;\">\n\t\t\n<style>\n#gap-25078436 {\n  padding-top: 15px;\n}\n@media (min-width:550px) {\n  #gap-25078436 {\n    padding-top: 30px;\n  }\n}\n<\/style>\n\t<\/div>\n\t\n\n<h4>TU SUPERMERCADO ESPA\u00d1OL EN EUROPA<\/h4>\n<p><strong>Sabores de Espa\u00f1a directos a Europa<\/strong><\/p>\n<p>Preparamos tu pedido en 24h. Rec\u00edbelo entre 3 y 5 dias Laborables<\/p>\n<h5>Env\u00edos seguros a toda Europa | Gratis a partir de 120\u20ac<\/h5>\n\n              <\/div>\n           <\/div>\n                            \n<style>\n#text-box-729863295 .text-box-content {\n  background-color: rgba(0, 0, 0, 0.587);\n  border-radius: 10px;\n  font-size: 100%;\n}\n#text-box-729863295 .text-inner {\n  padding: 10px 0px 10px 0px;\n}\n#text-box-729863295 {\n  width: 94%;\n}\n@media (min-width:550px) {\n  #text-box-729863295 {\n    width: 66%;\n  }\n}\n<\/style>\n    <\/div>\n \n\n        <\/div>\n      <\/div>\n\n            \n<style>\n#banner-1631823386 {\n  padding-top: 400px;\n}\n#banner-1631823386 .overlay {\n  background-color: rgba(0, 0, 0, 0.163);\n}\n#banner-1631823386 .banner-bg img {\n  object-position: 100% 71%;\n}\n@media (min-width:550px) {\n  #banner-1631823386 {\n    padding-top: 500px;\n  }\n  #banner-1631823386 .overlay {\n    background-color: rgba(0, 0, 0, 0.221);\n  }\n}\n<\/style>\n  <\/div>\n\n\n\n\t<section class=\"section\" id=\"section_394354883\">\n\t\t<div class=\"section-bg fill\" >\n\t\t\t\t\t\t\t\t\t<div class=\"effect-snow bg-effect fill no-click\"><\/div>\n\t\t\t\n\n\t\t<\/div>\n\n\t\t\n\n\t\t<div class=\"section-content relative\">\n\t\t\t\n\n\t<div id=\"text-4139311678\" class=\"text\">\n\t\t\n\n<blockquote><strong data-start=\"470\" data-end=\"498\">Bienvenido a iber.market<\/strong><br data-start=\"498\" data-end=\"501\">M\u00e1s de <strong data-start=\"510\" data-end=\"539\">3.000 productos espa\u00f1oles<\/strong> enviados de forma segura a toda Europa.<\/blockquote>\n<p style=\"text-align: center;\">Todos nuestros precios son <strong data-start=\"1006\" data-end=\"1017\">finales<\/strong>, con impuestos incluidos. Compra productos espa\u00f1oles, <strong data-start=\"863\" data-end=\"897\">incluidos ecol\u00f3gicos y veganos<\/strong>, y rec\u00edbelos en tu pa\u00eds <strong data-start=\"922\" data-end=\"939\">sin sorpresas<\/strong>.<\/p>\n\t\t\n<style>\n#text-4139311678 {\n  text-align: center;\n}\n<\/style>\n\t<\/div>\n\t\n<div class=\"row row-full-width align-equal align-center\"  id=\"row-1604835334\">\n\n\n\t<div id=\"col-1460199574\" class=\"col small-12 large-12\"  >\n\t\t\t\t<div class=\"col-inner text-center\"  >\n\t\t\t\n\t\t\t\n\n<div class=\"container section-title-container\" style=\"margin-bottom:10px;max-width:100%;\"><h3 class=\"section-title section-title-center\"><b><\/b><span class=\"section-title-main\" >Productos MAS VENDIDOS<\/span><b><\/b><\/h3><\/div>\n\n\t\n  \n    <div class=\"row  equalize-box large-columns-5 medium-columns-3 small-columns-2 row-small row-full-width slider row-slider slider-nav-reveal slider-nav-push\"  data-flickity-options='{&quot;imagesLoaded&quot;: true, &quot;groupCells&quot;: &quot;100%&quot;, &quot;dragThreshold&quot; : 5, &quot;cellAlign&quot;: &quot;left&quot;,&quot;wrapAround&quot;: true,&quot;prevNextButtons&quot;: true,&quot;percentPosition&quot;: true,&quot;pageDots&quot;: false, &quot;rightToLeft&quot;: false, &quot;autoPlay&quot; : 7000}' >\n\n  \n\t     <div class=\"product-small col has-hover product type-product post-191248 status-publish first instock product_cat-limpieza-del-hogar has-post-thumbnail taxable shipping-taxable purchasable product-type-simple\">\n\t<div class=\"col-inner\">\n\t\n<div class=\"badge-container absolute left top z-1\">\n\n<\/div>\n\t<div class=\"product-small box \">\n\t\t<div class=\"box-image\">\n\t\t\t<div class=\"image-none\">\n\t\t\t\t<a href=\"https:\/\/iber.market\/fr\/product\/diffuseur-electrique-multi-parfums-green-forest\/\" aria-label=\"Difusor multifragancia el\u00e9ctrico Bosque Verde\">\n\t\t\t\t\t<img loading=\"lazy\" decoding=\"async\" width=\"300\" height=\"300\" src=\"https:\/\/hacendado.iber.market\/wp-content\/uploads\/2026\/02\/472d86fdf508a119040a9671ed28b493-scaled.jpg\" class=\"attachment-woocommerce_thumbnail size-woocommerce_thumbnail\" alt=\"Difusor multifragancia el\u00e9ctrico Bosque Verde\" data-src=\"https:\/\/hacendado.iber.market\/wp-content\/uploads\/2026\/02\/472d86fdf508a119040a9671ed28b493-scaled.jpg\" data-large_image=\"https:\/\/hacendado.iber.market\/wp-content\/uploads\/2026\/02\/472d86fdf508a119040a9671ed28b493-scaled.jpg\" \/>\t\t\t\t<\/a>\n\t\t\t<\/div>\n\t\t\t<div class=\"image-tools is-small top right show-on-hover\">\n\t\t\t\t\t\t\t<\/div>\n\t\t\t<div class=\"image-tools is-small hide-for-small bottom left show-on-hover\">\n\t\t\t\t\t\t\t<\/div>\n\t\t\t<div class=\"image-tools grid-tools text-center hide-for-small bottom hover-slide-in show-on-hover\">\n\t\t\t\t\t\t\t<\/div>\n\t\t\t\t\t<\/div>\n\n\t\t<div class=\"box-text box-text-products\">\n\t\t\t<div class=\"title-wrapper\">\t\t<p class=\"category uppercase is-smaller no-text-overflow product-cat op-7\">\n\t\t\tLimpieza del hogar\t\t<\/p>\n\t<p class=\"name product-title woocommerce-loop-product__title\"><a href=\"https:\/\/iber.market\/fr\/product\/diffuseur-electrique-multi-parfums-green-forest\/\" class=\"woocommerce-LoopProduct-link woocommerce-loop-product__link\">Difusor multifragancia el\u00e9ctrico Bosque Verde<\/a><\/p><\/div><div class=\"price-wrapper\">\n\t<span class=\"price\"><span class=\"woocommerce-Price-amount amount\"><bdi>8,00&nbsp;<span class=\"woocommerce-Price-currencySymbol\">&euro;<\/span><\/bdi><\/span> <small class=\"woocommerce-price-suffix\">Precio final<\/small><\/span>\n<\/div><div class=\"add-to-cart-button\"><a href=\"\/fr\/wp-json\/wp\/v2\/pages\/369?add-to-cart=191248\" aria-describedby=\"woocommerce_loop_add_to_cart_link_describedby_191248\" data-quantity=\"1\" class=\"primary is-small mb-0 button product_type_simple add_to_cart_button ajax_add_to_cart is-outline\" data-product_id=\"191248\" data-product_sku=\"52759\" aria-label=\"Ajouter au panier : &quot;Difusor multifragancia el\u00e9ctrico Bosque Verde&quot;\" rel=\"nofollow\" data-success_message=\"&quot;Difusor multifragancia el\u00e9ctrico Bosque Verde&quot; a \u00e9t\u00e9 ajout\u00e9 \u00e0 votre panier\" role=\"button\">Ajouter au panier<\/a><\/div>\t<span id=\"woocommerce_loop_add_to_cart_link_describedby_191248\" class=\"screen-reader-text\">\n\t\t\t<\/span>\n\t\t<\/div>\n\t<\/div>\n\t\t<\/div>\n<\/div><div class=\"product-small col has-hover product type-product post-194465 status-publish instock product_cat-especias-y-hierbas has-post-thumbnail taxable shipping-taxable purchasable product-type-simple\">\n\t<div class=\"col-inner\">\n\t\n<div class=\"badge-container absolute left top z-1\">\n\n<\/div>\n\t<div class=\"product-small box \">\n\t\t<div class=\"box-image\">\n\t\t\t<div class=\"image-none\">\n\t\t\t\t<a href=\"https:\/\/iber.market\/fr\/product\/cayena-guindillas-hacendado\/\" aria-label=\"Cayena guindillas Hacendado\">\n\t\t\t\t\t<img loading=\"lazy\" decoding=\"async\" width=\"300\" height=\"300\" src=\"https:\/\/hacendado.iber.market\/wp-content\/uploads\/2026\/02\/ca1ef5080300ea3323d59f0911f471db-scaled.jpg\" class=\"attachment-woocommerce_thumbnail size-woocommerce_thumbnail\" alt=\"Cayena guindillas Hacendado\" data-src=\"https:\/\/hacendado.iber.market\/wp-content\/uploads\/2026\/02\/ca1ef5080300ea3323d59f0911f471db-scaled.jpg\" data-large_image=\"https:\/\/hacendado.iber.market\/wp-content\/uploads\/2026\/02\/ca1ef5080300ea3323d59f0911f471db-scaled.jpg\" \/>\t\t\t\t<\/a>\n\t\t\t<\/div>\n\t\t\t<div class=\"image-tools is-small top right show-on-hover\">\n\t\t\t\t\t\t\t<\/div>\n\t\t\t<div class=\"image-tools is-small hide-for-small bottom left show-on-hover\">\n\t\t\t\t\t\t\t<\/div>\n\t\t\t<div class=\"image-tools grid-tools text-center hide-for-small bottom hover-slide-in show-on-hover\">\n\t\t\t\t\t\t\t<\/div>\n\t\t\t\t\t<\/div>\n\n\t\t<div class=\"box-text box-text-products\">\n\t\t\t<div class=\"title-wrapper\">\t\t<p class=\"category uppercase is-smaller no-text-overflow product-cat op-7\">\n\t\t\tEspecias y hierbas\t\t<\/p>\n\t<p class=\"name product-title woocommerce-loop-product__title\"><a href=\"https:\/\/iber.market\/fr\/product\/cayena-guindillas-hacendado\/\" class=\"woocommerce-LoopProduct-link woocommerce-loop-product__link\">Cayena guindillas Hacendado<\/a><\/p><\/div><div class=\"price-wrapper\">\n\t<span class=\"price\"><span class=\"woocommerce-Price-amount amount\"><bdi>2,99&nbsp;<span class=\"woocommerce-Price-currencySymbol\">&euro;<\/span><\/bdi><\/span> <small class=\"woocommerce-price-suffix\">Precio final<\/small><\/span>\n<\/div><div class=\"add-to-cart-button\"><a href=\"\/fr\/wp-json\/wp\/v2\/pages\/369?add-to-cart=194465\" aria-describedby=\"woocommerce_loop_add_to_cart_link_describedby_194465\" data-quantity=\"1\" class=\"primary is-small mb-0 button product_type_simple add_to_cart_button ajax_add_to_cart is-outline\" data-product_id=\"194465\" data-product_sku=\"8480000341785\" aria-label=\"Ajouter au panier : &quot;Cayena guindillas Hacendado&quot;\" rel=\"nofollow\" data-success_message=\"&quot;Cayena guindillas Hacendado&quot; a \u00e9t\u00e9 ajout\u00e9 \u00e0 votre panier\" role=\"button\">Ajouter au panier<\/a><\/div>\t<span id=\"woocommerce_loop_add_to_cart_link_describedby_194465\" class=\"screen-reader-text\">\n\t\t\t<\/span>\n\t\t<\/div>\n\t<\/div>\n\t\t<\/div>\n<\/div><div class=\"product-small col has-hover product type-product post-187740 status-publish instock product_cat-bebidas-ecologicas has-post-thumbnail taxable shipping-taxable purchasable product-type-simple\">\n\t<div class=\"col-inner\">\n\t\n<div class=\"badge-container absolute left top z-1\">\n\n<\/div>\n\t<div class=\"product-small box \">\n\t\t<div class=\"box-image\">\n\t\t\t<div class=\"image-none\">\n\t\t\t\t<a href=\"https:\/\/iber.market\/fr\/product\/refresco-bio-de-cola-330-ml\/\" aria-label=\"Refresco bio de cola, 330 ml.\">\n\t\t\t\t\t<img loading=\"lazy\" decoding=\"async\" width=\"300\" height=\"300\" src=\"https:\/\/hacendado.iber.market\/wp-content\/uploads\/2026\/01\/500x500-267.jpg\" class=\"attachment-woocommerce_thumbnail size-woocommerce_thumbnail\" alt=\"Refresco bio de cola, 330 ml.\" data-src=\"https:\/\/hacendado.iber.market\/wp-content\/uploads\/2026\/01\/500x500-267.jpg\" data-large_image=\"https:\/\/hacendado.iber.market\/wp-content\/uploads\/2026\/01\/500x500-267.jpg\" \/>\t\t\t\t<\/a>\n\t\t\t<\/div>\n\t\t\t<div class=\"image-tools is-small top right show-on-hover\">\n\t\t\t\t\t\t\t<\/div>\n\t\t\t<div class=\"image-tools is-small hide-for-small bottom left show-on-hover\">\n\t\t\t\t\t\t\t<\/div>\n\t\t\t<div class=\"image-tools grid-tools text-center hide-for-small bottom hover-slide-in show-on-hover\">\n\t\t\t\t\t\t\t<\/div>\n\t\t\t\t\t<\/div>\n\n\t\t<div class=\"box-text box-text-products\">\n\t\t\t<div class=\"title-wrapper\">\t\t<p class=\"category uppercase is-smaller no-text-overflow product-cat op-7\">\n\t\t\tBebidas Ecol\u00f3gicas\t\t<\/p>\n\t<p class=\"name product-title woocommerce-loop-product__title\"><a href=\"https:\/\/iber.market\/fr\/product\/refresco-bio-de-cola-330-ml\/\" class=\"woocommerce-LoopProduct-link woocommerce-loop-product__link\">Refresco bio de cola, 330 ml.<\/a><\/p><\/div><div class=\"price-wrapper\">\n\t<span class=\"price\"><span class=\"woocommerce-Price-amount amount\"><bdi>3,02&nbsp;<span class=\"woocommerce-Price-currencySymbol\">&euro;<\/span><\/bdi><\/span> <small class=\"woocommerce-price-suffix\">Precio final<\/small><\/span>\n<\/div><div class=\"add-to-cart-button\"><a href=\"\/fr\/wp-json\/wp\/v2\/pages\/369?add-to-cart=187740\" aria-describedby=\"woocommerce_loop_add_to_cart_link_describedby_187740\" data-quantity=\"1\" class=\"primary is-small mb-0 button product_type_simple add_to_cart_button ajax_add_to_cart is-outline\" data-product_id=\"187740\" data-product_sku=\"\" aria-label=\"Ajouter au panier : &quot;Refresco bio de cola, 330 ml.&quot;\" rel=\"nofollow\" data-success_message=\"&quot;Refresco bio de cola, 330 ml.&quot; a \u00e9t\u00e9 ajout\u00e9 \u00e0 votre panier\" role=\"button\">Ajouter au panier<\/a><\/div>\t<span id=\"woocommerce_loop_add_to_cart_link_describedby_187740\" class=\"screen-reader-text\">\n\t\t\t<\/span>\n\t\t<\/div>\n\t<\/div>\n\t\t<\/div>\n<\/div><div class=\"product-small col has-hover product type-product post-197148 status-publish last instock product_cat-higiene-intima has-post-thumbnail taxable shipping-taxable purchasable product-type-simple\">\n\t<div class=\"col-inner\">\n\t\n<div class=\"badge-container absolute left top z-1\">\n\n<\/div>\n\t<div class=\"product-small box \">\n\t\t<div class=\"box-image\">\n\t\t\t<div class=\"image-none\">\n\t\t\t\t<a href=\"https:\/\/iber.market\/fr\/product\/panal-adulto-talla-l-deliplus\/\" aria-label=\"Pa\u00f1al adulto talla L Deliplus\">\n\t\t\t\t\t<img loading=\"lazy\" decoding=\"async\" width=\"300\" height=\"300\" src=\"https:\/\/hacendado.iber.market\/wp-content\/uploads\/2026\/02\/fb6fb4ab46cead3ad95576cdcc5017e6-scaled.jpg\" class=\"attachment-woocommerce_thumbnail size-woocommerce_thumbnail\" alt=\"Pa\u00f1al adulto talla L Deliplus\" data-src=\"https:\/\/hacendado.iber.market\/wp-content\/uploads\/2026\/02\/fb6fb4ab46cead3ad95576cdcc5017e6-scaled.jpg\" data-large_image=\"https:\/\/hacendado.iber.market\/wp-content\/uploads\/2026\/02\/fb6fb4ab46cead3ad95576cdcc5017e6-scaled.jpg\" \/>\t\t\t\t<\/a>\n\t\t\t<\/div>\n\t\t\t<div class=\"image-tools is-small top right show-on-hover\">\n\t\t\t\t\t\t\t<\/div>\n\t\t\t<div class=\"image-tools is-small hide-for-small bottom left show-on-hover\">\n\t\t\t\t\t\t\t<\/div>\n\t\t\t<div class=\"image-tools grid-tools text-center hide-for-small bottom hover-slide-in show-on-hover\">\n\t\t\t\t\t\t\t<\/div>\n\t\t\t\t\t<\/div>\n\n\t\t<div class=\"box-text box-text-products\">\n\t\t\t<div class=\"title-wrapper\">\t\t<p class=\"category uppercase is-smaller no-text-overflow product-cat op-7\">\n\t\t\tHigiene \u00edntima\t\t<\/p>\n\t<p class=\"name product-title woocommerce-loop-product__title\"><a href=\"https:\/\/iber.market\/fr\/product\/panal-adulto-talla-l-deliplus\/\" class=\"woocommerce-LoopProduct-link woocommerce-loop-product__link\">Pa\u00f1al adulto talla L Deliplus<\/a><\/p><\/div><div class=\"price-wrapper\">\n\t<span class=\"price\"><span class=\"woocommerce-Price-amount amount\"><bdi>31,08&nbsp;<span class=\"woocommerce-Price-currencySymbol\">&euro;<\/span><\/bdi><\/span> <small class=\"woocommerce-price-suffix\">Precio final<\/small><\/span>\n<\/div><div class=\"add-to-cart-button\"><a href=\"\/fr\/wp-json\/wp\/v2\/pages\/369?add-to-cart=197148\" aria-describedby=\"woocommerce_loop_add_to_cart_link_describedby_197148\" data-quantity=\"1\" class=\"primary is-small mb-0 button product_type_simple add_to_cart_button ajax_add_to_cart is-outline\" data-product_id=\"197148\" data-product_sku=\"35245\" aria-label=\"Ajouter au panier : &quot;Pa\u00f1al adulto talla L Deliplus&quot;\" rel=\"nofollow\" data-success_message=\"&quot;Pa\u00f1al adulto talla L Deliplus&quot; a \u00e9t\u00e9 ajout\u00e9 \u00e0 votre panier\" role=\"button\">Ajouter au panier<\/a><\/div>\t<span id=\"woocommerce_loop_add_to_cart_link_describedby_197148\" class=\"screen-reader-text\">\n\t\t\t<\/span>\n\t\t<\/div>\n\t<\/div>\n\t\t<\/div>\n<\/div><div class=\"product-small col has-hover product type-product post-191711 status-publish first instock product_cat-limpieza-del-hogar has-post-thumbnail taxable shipping-taxable purchasable product-type-simple\">\n\t<div class=\"col-inner\">\n\t\n<div class=\"badge-container absolute left top z-1\">\n\n<\/div>\n\t<div class=\"product-small box \">\n\t\t<div class=\"box-image\">\n\t\t\t<div class=\"image-none\">\n\t\t\t\t<a href=\"https:\/\/iber.market\/fr\/product\/somat-freshness-anti-odour-dishwasher-gel-duo\/\" aria-label=\"Lavavajillas frescor anti-olor Somat en gel duo\">\n\t\t\t\t\t<img loading=\"lazy\" decoding=\"async\" width=\"300\" height=\"300\" src=\"https:\/\/hacendado.iber.market\/wp-content\/uploads\/2026\/02\/cd0a4370f14af4c0be7bb22171f5e277-scaled.jpg\" class=\"attachment-woocommerce_thumbnail size-woocommerce_thumbnail\" alt=\"Lavavajillas frescor anti-olor Somat en gel duo\" data-src=\"https:\/\/hacendado.iber.market\/wp-content\/uploads\/2026\/02\/cd0a4370f14af4c0be7bb22171f5e277-scaled.jpg\" data-large_image=\"https:\/\/hacendado.iber.market\/wp-content\/uploads\/2026\/02\/cd0a4370f14af4c0be7bb22171f5e277-scaled.jpg\" \/>\t\t\t\t<\/a>\n\t\t\t<\/div>\n\t\t\t<div class=\"image-tools is-small top right show-on-hover\">\n\t\t\t\t\t\t\t<\/div>\n\t\t\t<div class=\"image-tools is-small hide-for-small bottom left show-on-hover\">\n\t\t\t\t\t\t\t<\/div>\n\t\t\t<div class=\"image-tools grid-tools text-center hide-for-small bottom hover-slide-in show-on-hover\">\n\t\t\t\t\t\t\t<\/div>\n\t\t\t\t\t<\/div>\n\n\t\t<div class=\"box-text box-text-products\">\n\t\t\t<div class=\"title-wrapper\">\t\t<p class=\"category uppercase is-smaller no-text-overflow product-cat op-7\">\n\t\t\tLimpieza del hogar\t\t<\/p>\n\t<p class=\"name product-title woocommerce-loop-product__title\"><a href=\"https:\/\/iber.market\/fr\/product\/somat-freshness-anti-odour-dishwasher-gel-duo\/\" class=\"woocommerce-LoopProduct-link woocommerce-loop-product__link\">Lavavajillas frescor anti-olor Somat en gel duo<\/a><\/p><\/div><div class=\"price-wrapper\">\n\t<span class=\"price\"><span class=\"woocommerce-Price-amount amount\"><bdi>9,88&nbsp;<span class=\"woocommerce-Price-currencySymbol\">&euro;<\/span><\/bdi><\/span> <small class=\"woocommerce-price-suffix\">Precio final<\/small><\/span>\n<\/div><div class=\"add-to-cart-button\"><a href=\"\/fr\/wp-json\/wp\/v2\/pages\/369?add-to-cart=191711\" aria-describedby=\"woocommerce_loop_add_to_cart_link_describedby_191711\" data-quantity=\"1\" class=\"primary is-small mb-0 button product_type_simple add_to_cart_button ajax_add_to_cart is-outline\" data-product_id=\"191711\" data-product_sku=\"86379\" aria-label=\"Ajouter au panier : &quot;Lavavajillas frescor anti-olor Somat en gel duo&quot;\" rel=\"nofollow\" data-success_message=\"&quot;Lavavajillas frescor anti-olor Somat en gel duo&quot; a \u00e9t\u00e9 ajout\u00e9 \u00e0 votre panier\" role=\"button\">Ajouter au panier<\/a><\/div>\t<span id=\"woocommerce_loop_add_to_cart_link_describedby_191711\" class=\"screen-reader-text\">\n\t\t\t<\/span>\n\t\t<\/div>\n\t<\/div>\n\t\t<\/div>\n<\/div><div class=\"product-small col has-hover product type-product post-196329 status-publish instock product_cat-harinas-y-reposteria has-post-thumbnail taxable shipping-taxable purchasable product-type-simple\">\n\t<div class=\"col-inner\">\n\t\n<div class=\"badge-container absolute left top z-1\">\n\n<\/div>\n\t<div class=\"product-small box \">\n\t\t<div class=\"box-image\">\n\t\t\t<div class=\"image-none\">\n\t\t\t\t<a href=\"https:\/\/iber.market\/fr\/product\/chocolate-negro-fundir-hacendado-2\/\" aria-label=\"Chocolate negro fundir Hacendado\">\n\t\t\t\t\t<img loading=\"lazy\" decoding=\"async\" width=\"300\" height=\"300\" src=\"https:\/\/hacendado.iber.market\/wp-content\/uploads\/2026\/02\/c402c82c0caf8ff549ec508651892379-scaled.jpg\" class=\"attachment-woocommerce_thumbnail size-woocommerce_thumbnail\" alt=\"Chocolate negro fundir Hacendado\" data-src=\"https:\/\/hacendado.iber.market\/wp-content\/uploads\/2026\/02\/c402c82c0caf8ff549ec508651892379-scaled.jpg\" data-large_image=\"https:\/\/hacendado.iber.market\/wp-content\/uploads\/2026\/02\/c402c82c0caf8ff549ec508651892379-scaled.jpg\" \/>\t\t\t\t<\/a>\n\t\t\t<\/div>\n\t\t\t<div class=\"image-tools is-small top right show-on-hover\">\n\t\t\t\t\t\t\t<\/div>\n\t\t\t<div class=\"image-tools is-small hide-for-small bottom left show-on-hover\">\n\t\t\t\t\t\t\t<\/div>\n\t\t\t<div class=\"image-tools grid-tools text-center hide-for-small bottom hover-slide-in show-on-hover\">\n\t\t\t\t\t\t\t<\/div>\n\t\t\t\t\t<\/div>\n\n\t\t<div class=\"box-text box-text-products\">\n\t\t\t<div class=\"title-wrapper\">\t\t<p class=\"category uppercase is-smaller no-text-overflow product-cat op-7\">\n\t\t\tHarinas y reposter\u00eda\t\t<\/p>\n\t<p class=\"name product-title woocommerce-loop-product__title\"><a href=\"https:\/\/iber.market\/fr\/product\/chocolate-negro-fundir-hacendado-2\/\" class=\"woocommerce-LoopProduct-link woocommerce-loop-product__link\">Chocolate negro fundir Hacendado<\/a><\/p><\/div><div class=\"price-wrapper\">\n\t<span class=\"price\"><span class=\"woocommerce-Price-amount amount\"><bdi>5,17&nbsp;<span class=\"woocommerce-Price-currencySymbol\">&euro;<\/span><\/bdi><\/span> <small class=\"woocommerce-price-suffix\">Precio final<\/small><\/span>\n<\/div><div class=\"add-to-cart-button\"><a href=\"\/fr\/wp-json\/wp\/v2\/pages\/369?add-to-cart=196329\" aria-describedby=\"woocommerce_loop_add_to_cart_link_describedby_196329\" data-quantity=\"1\" class=\"primary is-small mb-0 button product_type_simple add_to_cart_button ajax_add_to_cart is-outline\" data-product_id=\"196329\" data-product_sku=\"12531\" aria-label=\"Ajouter au panier : &quot;Chocolate negro fundir Hacendado&quot;\" rel=\"nofollow\" data-success_message=\"&quot;Chocolate negro fundir Hacendado&quot; a \u00e9t\u00e9 ajout\u00e9 \u00e0 votre panier\" role=\"button\">Ajouter au panier<\/a><\/div>\t<span id=\"woocommerce_loop_add_to_cart_link_describedby_196329\" class=\"screen-reader-text\">\n\t\t\t<\/span>\n\t\t<\/div>\n\t<\/div>\n\t\t<\/div>\n<\/div><div class=\"product-small col has-hover product type-product post-200481 status-publish instock product_cat-aceitunas-y-encurtidos has-post-thumbnail taxable shipping-taxable purchasable product-type-simple\">\n\t<div class=\"col-inner\">\n\t\n<div class=\"badge-container absolute left top z-1\">\n\n<\/div>\n\t<div class=\"product-small box \">\n\t\t<div class=\"box-image\">\n\t\t\t<div class=\"image-none\">\n\t\t\t\t<a href=\"https:\/\/iber.market\/fr\/product\/aceitunas-verdes-picadedos-sin-hueso-hacendado-alinadas\/\" aria-label=\"Aceitunas verdes Picadedos sin hueso Hacendado ali\u00f1adas\">\n\t\t\t\t\t<img loading=\"lazy\" decoding=\"async\" width=\"300\" height=\"300\" src=\"https:\/\/hacendado.iber.market\/wp-content\/uploads\/2026\/03\/e9d310928ad02dee44fce5133dd68cf9-scaled.jpg\" class=\"attachment-woocommerce_thumbnail size-woocommerce_thumbnail\" alt=\"Aceitunas verdes Picadedos sin hueso Hacendado ali\u00f1adas\" data-src=\"https:\/\/hacendado.iber.market\/wp-content\/uploads\/2026\/03\/e9d310928ad02dee44fce5133dd68cf9-scaled.jpg\" data-large_image=\"https:\/\/hacendado.iber.market\/wp-content\/uploads\/2026\/03\/e9d310928ad02dee44fce5133dd68cf9-scaled.jpg\" \/>\t\t\t\t<\/a>\n\t\t\t<\/div>\n\t\t\t<div class=\"image-tools is-small top right show-on-hover\">\n\t\t\t\t\t\t\t<\/div>\n\t\t\t<div class=\"image-tools is-small hide-for-small bottom left show-on-hover\">\n\t\t\t\t\t\t\t<\/div>\n\t\t\t<div class=\"image-tools grid-tools text-center hide-for-small bottom hover-slide-in show-on-hover\">\n\t\t\t\t\t\t\t<\/div>\n\t\t\t\t\t<\/div>\n\n\t\t<div class=\"box-text box-text-products\">\n\t\t\t<div class=\"title-wrapper\">\t\t<p class=\"category uppercase is-smaller no-text-overflow product-cat op-7\">\n\t\t\tAceitunas y encurtidos\t\t<\/p>\n\t<p class=\"name product-title woocommerce-loop-product__title\"><a href=\"https:\/\/iber.market\/fr\/product\/aceitunas-verdes-picadedos-sin-hueso-hacendado-alinadas\/\" class=\"woocommerce-LoopProduct-link woocommerce-loop-product__link\">Aceitunas verdes Picadedos sin hueso Hacendado ali\u00f1adas<\/a><\/p><\/div><div class=\"price-wrapper\">\n\t<span class=\"price\"><span class=\"woocommerce-Price-amount amount\"><bdi>8,36&nbsp;<span class=\"woocommerce-Price-currencySymbol\">&euro;<\/span><\/bdi><\/span> <small class=\"woocommerce-price-suffix\">Precio final<\/small><\/span>\n<\/div><div class=\"add-to-cart-button\"><a href=\"\/fr\/wp-json\/wp\/v2\/pages\/369?add-to-cart=200481\" aria-describedby=\"woocommerce_loop_add_to_cart_link_describedby_200481\" data-quantity=\"1\" class=\"primary is-small mb-0 button product_type_simple add_to_cart_button ajax_add_to_cart is-outline\" data-product_id=\"200481\" data-product_sku=\"52622\" aria-label=\"Ajouter au panier : &quot;Aceitunas verdes Picadedos sin hueso Hacendado ali\u00f1adas&quot;\" rel=\"nofollow\" data-success_message=\"&quot;Aceitunas verdes Picadedos sin hueso Hacendado ali\u00f1adas&quot; a \u00e9t\u00e9 ajout\u00e9 \u00e0 votre panier\" role=\"button\">Ajouter au panier<\/a><\/div>\t<span id=\"woocommerce_loop_add_to_cart_link_describedby_200481\" class=\"screen-reader-text\">\n\t\t\t<\/span>\n\t\t<\/div>\n\t<\/div>\n\t\t<\/div>\n<\/div><div class=\"product-small col has-hover product type-product post-197368 status-publish last instock product_cat-higiene-bucal has-post-thumbnail taxable shipping-taxable purchasable product-type-simple\">\n\t<div class=\"col-inner\">\n\t\n<div class=\"badge-container absolute left top z-1\">\n\n<\/div>\n\t<div class=\"product-small box \">\n\t\t<div class=\"box-image\">\n\t\t\t<div class=\"image-none\">\n\t\t\t\t<a href=\"https:\/\/iber.market\/fr\/product\/cepillos-interdentales-finos-conicos-deliplus\/\" aria-label=\"Cepillos interdentales Finos c\u00f3nicos Deliplus\">\n\t\t\t\t\t<img loading=\"lazy\" decoding=\"async\" width=\"300\" height=\"300\" src=\"https:\/\/hacendado.iber.market\/wp-content\/uploads\/2026\/02\/e93e7b5620d72d0653498adab046f6a3-scaled.jpg\" class=\"attachment-woocommerce_thumbnail size-woocommerce_thumbnail\" alt=\"Cepillos interdentales Finos c\u00f3nicos Deliplus\" data-src=\"https:\/\/hacendado.iber.market\/wp-content\/uploads\/2026\/02\/e93e7b5620d72d0653498adab046f6a3-scaled.jpg\" data-large_image=\"https:\/\/hacendado.iber.market\/wp-content\/uploads\/2026\/02\/e93e7b5620d72d0653498adab046f6a3-scaled.jpg\" \/>\t\t\t\t<\/a>\n\t\t\t<\/div>\n\t\t\t<div class=\"image-tools is-small top right show-on-hover\">\n\t\t\t\t\t\t\t<\/div>\n\t\t\t<div class=\"image-tools is-small hide-for-small bottom left show-on-hover\">\n\t\t\t\t\t\t\t<\/div>\n\t\t\t<div class=\"image-tools grid-tools text-center hide-for-small bottom hover-slide-in show-on-hover\">\n\t\t\t\t\t\t\t<\/div>\n\t\t\t\t\t<\/div>\n\n\t\t<div class=\"box-text box-text-products\">\n\t\t\t<div class=\"title-wrapper\">\t\t<p class=\"category uppercase is-smaller no-text-overflow product-cat op-7\">\n\t\t\tHigiene bucal\t\t<\/p>\n\t<p class=\"name product-title woocommerce-loop-product__title\"><a href=\"https:\/\/iber.market\/fr\/product\/cepillos-interdentales-finos-conicos-deliplus\/\" class=\"woocommerce-LoopProduct-link woocommerce-loop-product__link\">Cepillos interdentales Finos c\u00f3nicos Deliplus<\/a><\/p><\/div><div class=\"price-wrapper\">\n\t<span class=\"price\"><span class=\"woocommerce-Price-amount amount\"><bdi>3,30&nbsp;<span class=\"woocommerce-Price-currencySymbol\">&euro;<\/span><\/bdi><\/span> <small class=\"woocommerce-price-suffix\">Precio final<\/small><\/span>\n<\/div><div class=\"add-to-cart-button\"><a href=\"\/fr\/wp-json\/wp\/v2\/pages\/369?add-to-cart=197368\" aria-describedby=\"woocommerce_loop_add_to_cart_link_describedby_197368\" data-quantity=\"1\" class=\"primary is-small mb-0 button product_type_simple add_to_cart_button ajax_add_to_cart is-outline\" data-product_id=\"197368\" data-product_sku=\"35733\" aria-label=\"Ajouter au panier : &quot;Cepillos interdentales Finos c\u00f3nicos Deliplus&quot;\" rel=\"nofollow\" data-success_message=\"&quot;Cepillos interdentales Finos c\u00f3nicos Deliplus&quot; a \u00e9t\u00e9 ajout\u00e9 \u00e0 votre panier\" role=\"button\">Ajouter au panier<\/a><\/div>\t<span id=\"woocommerce_loop_add_to_cart_link_describedby_197368\" class=\"screen-reader-text\">\n\t\t\t<\/span>\n\t\t<\/div>\n\t<\/div>\n\t\t<\/div>\n<\/div><\/div>\n\n\n\t\t<\/div>\n\t\t\t\t\t<\/div>\n\n\t\n\n<\/div>\n<div class=\"row row-full-width\"  id=\"row-1365504210\">\n\n\n\t<div id=\"col-1513205315\" class=\"col small-12 large-12\"  >\n\t\t\t\t<div class=\"col-inner\"  >\n\t\t\t\n\t\t\t\n\n\t<div id=\"text-345355589\" class=\"text\">\n\t\t\n\n<p>\ud83d\uded2 <strong>\u201c+ 5.842 pedidos enviados en Europa\u201d<\/strong><\/p>\n\n\t\t\n<style>\n#text-345355589 {\n  text-align: center;\n}\n<\/style>\n\t<\/div>\n\t\n<div class=\"container section-title-container\" style=\"margin-bottom:10px;max-width:100%;\"><h3 class=\"section-title section-title-center\"><b><\/b><span class=\"section-title-main\" ><i class=\"icon-user\" ><\/i>Opiniones reales de clientes en Europa<\/span><b><\/b><\/h3><\/div>\n\n\t<div id=\"text-3129047020\" class=\"text\">\n\t\t\n\n<p>Clientes en Alemania, Francia y B\u00e9lgica ya conf\u00edan en nosotros.<\/p>\n\t\t\n<style>\n#text-3129047020 {\n  text-align: center;\n}\n<\/style>\n\t<\/div>\n\t\n\n\n[cusrev_reviews_slider count=\u00bb5&#8243; slides_to_show=\u00bb3&#8243; \nshow_products=\u00bbfalse\u00bb product_links=\u00bbfalse\u00bb sort_by=\u00bbdate\u00bb sort=\u00bbDESC\u00bb categories=\u00bb\u00bb product_tags=\u00bb\u00bb tags=\u00bb\u00bb products=\u00bbcurrent\u00bb color_ex_brdr=\u00bb#ebebeb\u00bb color_brdr=\u00bb#ebebeb\u00bb color_ex_bcrd=\u00bb\u00bb color_bcrd=\u00bb#ffffff\u00bb color_pr_bcrd=\u00bb#f4f4f4&#8243; color_stars=\u00bb#FFBC00&#8243; shop_reviews=\u00bbtrue\u00bb count_shop_reviews=\u00bb5&#8243; inactive_products=\u00bbfalse\u00bb autoplay=\u00bbtrue\u00bb avatars=\u00bbinitials\u00bb max_chars=\u00bb0&#8243; min_chars=\u00bb0&#8243; show_dots=\u00bbtrue\u00bb]\n\n\t<div id=\"text-2907621425\" class=\"text\">\n\t\t\n\n<h4>Enviamos productos espa\u00f1oles a Alemania, Francia, B\u00e9lgica y m\u00e1s pa\u00edses de Europa<\/h4>\n\t\t\n<style>\n#text-2907621425 {\n  text-align: center;\n}\n<\/style>\n\t<\/div>\n\t\n\n\t\t<\/div>\n\t\t\t\t\t<\/div>\n\n\t\n\n<\/div>\n<div class=\"container section-title-container\" style=\"margin-bottom:10px;max-width:100%;\"><h3 class=\"section-title section-title-center\"><b><\/b><span class=\"section-title-main\" >MERCADO DE PRODUCTOS ESPA\u00d1OLES<\/span><b><\/b><\/h3><\/div>\n\n\n  \n    <div class=\"row large-columns-7 medium-columns-3 small-columns-2 row-normal row-full-width has-shadow row-box-shadow-2-hover slider row-slider slider-nav-simple slider-nav-outside\"  data-flickity-options='{&quot;imagesLoaded&quot;: true, &quot;groupCells&quot;: &quot;100%&quot;, &quot;dragThreshold&quot; : 5, &quot;cellAlign&quot;: &quot;left&quot;,&quot;wrapAround&quot;: true,&quot;prevNextButtons&quot;: true,&quot;percentPosition&quot;: true,&quot;pageDots&quot;: false, &quot;rightToLeft&quot;: false, &quot;autoPlay&quot; : 4000}' >\n\n  <div class=\"product-category col\" >\n            <div class=\"col-inner\">\n              <a aria-label=\"Voir la cat\u00e9gorie de produit Jamones y embutidos\" href=\"https:\/\/iber.market\/fr\/product-category\/marche-espagnol\/jambons-et-saucisses\/\">                <div class=\"box box-category has-hover box-overlay dark box-text-middle \">\n                <div class=\"box-image\" style=\"border-radius:10%;\">\n                  <div class=\"image-overlay-remove\" >\n                  <img loading=\"lazy\" decoding=\"async\" src=\"https:\/\/iber.market\/wp-content\/uploads\/2025\/08\/ChatGPT-Image-16-ago-2025-20_21_49-300x300.png\" alt=\"Jamones y embutidos\" width=\"300\" height=\"300\" \/>                  <div class=\"overlay\" style=\"background-color: rgba(0, 201, 2, 0.715)\"><\/div>                                    <\/div>\n                <\/div>\n                <div class=\"box-text text-center is-small\" >\n                  <div class=\"box-text-inner\">\n                      <h5 class=\"uppercase header-title\">\n                              Jamones y embutidos                      <\/h5>\n                                            \n                  <\/div>\n                <\/div>\n                <\/div>\n            <\/a>            <\/div>\n            <\/div><div class=\"product-category col\" >\n            <div class=\"col-inner\">\n              <a aria-label=\"Voir la cat\u00e9gorie de produit Limpieza del hogar\" href=\"https:\/\/iber.market\/fr\/product-category\/marche-espagnol\/le-nettoyage-des-maisons\/\">                <div class=\"box box-category has-hover box-overlay dark box-text-middle \">\n                <div class=\"box-image\" style=\"border-radius:10%;\">\n                  <div class=\"image-overlay-remove\" >\n                  <img loading=\"lazy\" decoding=\"async\" src=\"https:\/\/iber.market\/wp-content\/uploads\/2025\/08\/ChatGPT-Image-16-ago-2025-20_17_53-300x300.png\" alt=\"Limpieza del hogar\" width=\"300\" height=\"300\" \/>                  <div class=\"overlay\" style=\"background-color: rgba(0, 201, 2, 0.715)\"><\/div>                                    <\/div>\n                <\/div>\n                <div class=\"box-text text-center is-small\" >\n                  <div class=\"box-text-inner\">\n                      <h5 class=\"uppercase header-title\">\n                              Limpieza del hogar                      <\/h5>\n                                            \n                  <\/div>\n                <\/div>\n                <\/div>\n            <\/a>            <\/div>\n            <\/div><div class=\"product-category col\" >\n            <div class=\"col-inner\">\n              <a aria-label=\"Voir la cat\u00e9gorie de produit Quesos espa\u00f1oles\" href=\"https:\/\/iber.market\/fr\/product-category\/marche-espagnol\/quesos-espanoles\/\">                <div class=\"box box-category has-hover box-overlay dark box-text-middle \">\n                <div class=\"box-image\" style=\"border-radius:10%;\">\n                  <div class=\"image-overlay-remove\" >\n                  <img loading=\"lazy\" decoding=\"async\" src=\"https:\/\/iber.market\/wp-content\/uploads\/2025\/08\/c0a573a5531aa0148e69817a4fb19640-scaled.jpg\" alt=\"Quesos espa\u00f1oles\" width=\"300\" height=\"300\" \/>                  <div class=\"overlay\" style=\"background-color: rgba(0, 201, 2, 0.715)\"><\/div>                                    <\/div>\n                <\/div>\n                <div class=\"box-text text-center is-small\" >\n                  <div class=\"box-text-inner\">\n                      <h5 class=\"uppercase header-title\">\n                              Quesos espa\u00f1oles                      <\/h5>\n                                            \n                  <\/div>\n                <\/div>\n                <\/div>\n            <\/a>            <\/div>\n            <\/div><div class=\"product-category col\" >\n            <div class=\"col-inner\">\n              <a aria-label=\"Voir la cat\u00e9gorie de produit Frutos secos y snacks\" href=\"https:\/\/iber.market\/fr\/product-category\/marche-espagnol\/frutos-secos-y-snacks\/\">                <div class=\"box box-category has-hover box-overlay dark box-text-middle \">\n                <div class=\"box-image\" style=\"border-radius:10%;\">\n                  <div class=\"image-overlay-remove\" >\n                  <img loading=\"lazy\" decoding=\"async\" src=\"https:\/\/iber.market\/wp-content\/uploads\/2025\/08\/frutos-secos-y-snacks-ibermarket-300x300.png\" alt=\"Frutos secos y snacks\" width=\"300\" height=\"300\" \/>                  <div class=\"overlay\" style=\"background-color: rgba(0, 201, 2, 0.715)\"><\/div>                                    <\/div>\n                <\/div>\n                <div class=\"box-text text-center is-small\" >\n                  <div class=\"box-text-inner\">\n                      <h5 class=\"uppercase header-title\">\n                              Frutos secos y snacks                      <\/h5>\n                                            \n                  <\/div>\n                <\/div>\n                <\/div>\n            <\/a>            <\/div>\n            <\/div><div class=\"product-category col\" >\n            <div class=\"col-inner\">\n              <a aria-label=\"Voir la cat\u00e9gorie de produit Aceitunas y encurtidos\" href=\"https:\/\/iber.market\/fr\/product-category\/marche-espagnol\/aceitunas-y-encurtidos\/\">                <div class=\"box box-category has-hover box-overlay dark box-text-middle \">\n                <div class=\"box-image\" style=\"border-radius:10%;\">\n                  <div class=\"image-overlay-remove\" >\n                  <img loading=\"lazy\" decoding=\"async\" src=\"https:\/\/iber.market\/wp-content\/uploads\/2025\/08\/olivas-y-curtidos-ibermarket-300x300.png\" alt=\"Aceitunas y encurtidos\" width=\"300\" height=\"300\" \/>                  <div class=\"overlay\" style=\"background-color: rgba(0, 201, 2, 0.715)\"><\/div>                                    <\/div>\n                <\/div>\n                <div class=\"box-text text-center is-small\" >\n                  <div class=\"box-text-inner\">\n                      <h5 class=\"uppercase header-title\">\n                              Aceitunas y encurtidos                      <\/h5>\n                                            \n                  <\/div>\n                <\/div>\n                <\/div>\n            <\/a>            <\/div>\n            <\/div><div class=\"product-category col\" >\n            <div class=\"col-inner\">\n              <a aria-label=\"Voir la cat\u00e9gorie de produit Refrescos y t\u00f3nicas\" href=\"https:\/\/iber.market\/fr\/product-category\/marche-espagnol\/refrescos-y-tonicas\/\">                <div class=\"box box-category has-hover box-overlay dark box-text-middle \">\n                <div class=\"box-image\" style=\"border-radius:10%;\">\n                  <div class=\"image-overlay-remove\" >\n                  <img loading=\"lazy\" decoding=\"async\" src=\"https:\/\/iber.market\/wp-content\/uploads\/woocommerce-placeholder-300x300.webp\" alt=\"Refrescos y t\u00f3nicas\" width=\"300\" height=\"300\" \/>                  <div class=\"overlay\" style=\"background-color: rgba(0, 201, 2, 0.715)\"><\/div>                                    <\/div>\n                <\/div>\n                <div class=\"box-text text-center is-small\" >\n                  <div class=\"box-text-inner\">\n                      <h5 class=\"uppercase header-title\">\n                              Refrescos y t\u00f3nicas                      <\/h5>\n                                            \n                  <\/div>\n                <\/div>\n                <\/div>\n            <\/a>            <\/div>\n            <\/div><div class=\"product-category col\" >\n            <div class=\"col-inner\">\n              <a aria-label=\"Voir la cat\u00e9gorie de produit Agua y Agua con Gas\" href=\"https:\/\/iber.market\/fr\/product-category\/marche-espagnol\/agua\/\">                <div class=\"box box-category has-hover box-overlay dark box-text-middle \">\n                <div class=\"box-image\" style=\"border-radius:10%;\">\n                  <div class=\"image-overlay-remove\" >\n                  <img loading=\"lazy\" decoding=\"async\" src=\"https:\/\/iber.market\/wp-content\/uploads\/2025\/08\/d57255409ef72ab939301f6af2ee8101-scaled.jpg\" alt=\"Agua y Agua con Gas\" width=\"300\" height=\"300\" \/>                  <div class=\"overlay\" style=\"background-color: rgba(0, 201, 2, 0.715)\"><\/div>                                    <\/div>\n                <\/div>\n                <div class=\"box-text text-center is-small\" >\n                  <div class=\"box-text-inner\">\n                      <h5 class=\"uppercase header-title\">\n                              Agua y Agua con Gas                      <\/h5>\n                                            \n                  <\/div>\n                <\/div>\n                <\/div>\n            <\/a>            <\/div>\n            <\/div><div class=\"product-category col\" >\n            <div class=\"col-inner\">\n              <a aria-label=\"Voir la cat\u00e9gorie de produit Isot\u00f3nicas y energ\u00e9ticas\" href=\"https:\/\/iber.market\/fr\/product-category\/marche-espagnol\/boissons-isotoniques-et-energetiques\/\">                <div class=\"box box-category has-hover box-overlay dark box-text-middle \">\n                <div class=\"box-image\" style=\"border-radius:10%;\">\n                  <div class=\"image-overlay-remove\" >\n                  <img loading=\"lazy\" decoding=\"async\" src=\"https:\/\/iber.market\/wp-content\/uploads\/woocommerce-placeholder-300x300.webp\" alt=\"Isot\u00f3nicas y energ\u00e9ticas\" width=\"300\" height=\"300\" \/>                  <div class=\"overlay\" style=\"background-color: rgba(0, 201, 2, 0.715)\"><\/div>                                    <\/div>\n                <\/div>\n                <div class=\"box-text text-center is-small\" >\n                  <div class=\"box-text-inner\">\n                      <h5 class=\"uppercase header-title\">\n                              Isot\u00f3nicas y energ\u00e9ticas                      <\/h5>\n                                            \n                  <\/div>\n                <\/div>\n                <\/div>\n            <\/a>            <\/div>\n            <\/div><div class=\"product-category col\" >\n            <div class=\"col-inner\">\n              <a aria-label=\"Voir la cat\u00e9gorie de produit Refresco de T\u00e9\" href=\"https:\/\/iber.market\/fr\/product-category\/marche-espagnol\/refresco-de-te\/\">                <div class=\"box box-category has-hover box-overlay dark box-text-middle \">\n                <div class=\"box-image\" style=\"border-radius:10%;\">\n                  <div class=\"image-overlay-remove\" >\n                  <img loading=\"lazy\" decoding=\"async\" src=\"https:\/\/iber.market\/wp-content\/uploads\/woocommerce-placeholder-300x300.webp\" alt=\"Refresco de T\u00e9\" width=\"300\" height=\"300\" \/>                  <div class=\"overlay\" style=\"background-color: rgba(0, 201, 2, 0.715)\"><\/div>                                    <\/div>\n                <\/div>\n                <div class=\"box-text text-center is-small\" >\n                  <div class=\"box-text-inner\">\n                      <h5 class=\"uppercase header-title\">\n                              Refresco de T\u00e9                      <\/h5>\n                                            \n                  <\/div>\n                <\/div>\n                <\/div>\n            <\/a>            <\/div>\n            <\/div><div class=\"product-category col\" >\n            <div class=\"col-inner\">\n              <a aria-label=\"Voir la cat\u00e9gorie de produit Arroz, legumbres y pasta\" href=\"https:\/\/iber.market\/fr\/product-category\/marche-espagnol\/arroz-legumbres-y-pasta\/\">                <div class=\"box box-category has-hover box-overlay dark box-text-middle \">\n                <div class=\"box-image\" style=\"border-radius:10%;\">\n                  <div class=\"image-overlay-remove\" >\n                  <img loading=\"lazy\" decoding=\"async\" src=\"https:\/\/iber.market\/wp-content\/uploads\/2025\/08\/arroz-legumbres-y-pastas-300x300.png\" alt=\"Arroz, legumbres y pasta\" width=\"300\" height=\"300\" \/>                  <div class=\"overlay\" style=\"background-color: rgba(0, 201, 2, 0.715)\"><\/div>                                    <\/div>\n                <\/div>\n                <div class=\"box-text text-center is-small\" >\n                  <div class=\"box-text-inner\">\n                      <h5 class=\"uppercase header-title\">\n                              Arroz, legumbres y pasta                      <\/h5>\n                                            \n                  <\/div>\n                <\/div>\n                <\/div>\n            <\/a>            <\/div>\n            <\/div><div class=\"product-category col\" >\n            <div class=\"col-inner\">\n              <a aria-label=\"Voir la cat\u00e9gorie de produit Mermelada y miel\" href=\"https:\/\/iber.market\/fr\/product-category\/marche-espagnol\/mermelada-y-miel\/\">                <div class=\"box box-category has-hover box-overlay dark box-text-middle \">\n                <div class=\"box-image\" style=\"border-radius:10%;\">\n                  <div class=\"image-overlay-remove\" >\n                  <img loading=\"lazy\" decoding=\"async\" src=\"https:\/\/iber.market\/wp-content\/uploads\/woocommerce-placeholder-300x300.webp\" alt=\"Mermelada y miel\" width=\"300\" height=\"300\" \/>                  <div class=\"overlay\" style=\"background-color: rgba(0, 201, 2, 0.715)\"><\/div>                                    <\/div>\n                <\/div>\n                <div class=\"box-text text-center is-small\" >\n                  <div class=\"box-text-inner\">\n                      <h5 class=\"uppercase header-title\">\n                              Mermelada y miel                      <\/h5>\n                                            \n                  <\/div>\n                <\/div>\n                <\/div>\n            <\/a>            <\/div>\n            <\/div><div class=\"product-category col\" >\n            <div class=\"col-inner\">\n              <a aria-label=\"Voir la cat\u00e9gorie de produit Az\u00facar y caramelos\" href=\"https:\/\/iber.market\/fr\/product-category\/marche-espagnol\/azucar-y-caramelos\/\">                <div class=\"box box-category has-hover box-overlay dark box-text-middle \">\n                <div class=\"box-image\" style=\"border-radius:10%;\">\n                  <div class=\"image-overlay-remove\" >\n                  <img loading=\"lazy\" decoding=\"async\" src=\"https:\/\/iber.market\/wp-content\/uploads\/woocommerce-placeholder-300x300.webp\" alt=\"Az\u00facar y caramelos\" width=\"300\" height=\"300\" \/>                  <div class=\"overlay\" style=\"background-color: rgba(0, 201, 2, 0.715)\"><\/div>                                    <\/div>\n                <\/div>\n                <div class=\"box-text text-center is-small\" >\n                  <div class=\"box-text-inner\">\n                      <h5 class=\"uppercase header-title\">\n                              Az\u00facar y caramelos                      <\/h5>\n                                            \n                  <\/div>\n                <\/div>\n                <\/div>\n            <\/a>            <\/div>\n            <\/div><div class=\"product-category col\" >\n            <div class=\"col-inner\">\n              <a aria-label=\"Voir la cat\u00e9gorie de produit Chocolate\" href=\"https:\/\/iber.market\/fr\/product-category\/marche-espagnol\/chocolate\/\">                <div class=\"box box-category has-hover box-overlay dark box-text-middle \">\n                <div class=\"box-image\" style=\"border-radius:10%;\">\n                  <div class=\"image-overlay-remove\" >\n                  <img loading=\"lazy\" decoding=\"async\" src=\"https:\/\/iber.market\/wp-content\/uploads\/woocommerce-placeholder-300x300.webp\" alt=\"Chocolate\" width=\"300\" height=\"300\" \/>                  <div class=\"overlay\" style=\"background-color: rgba(0, 201, 2, 0.715)\"><\/div>                                    <\/div>\n                <\/div>\n                <div class=\"box-text text-center is-small\" >\n                  <div class=\"box-text-inner\">\n                      <h5 class=\"uppercase header-title\">\n                              Chocolate                      <\/h5>\n                                            \n                  <\/div>\n                <\/div>\n                <\/div>\n            <\/a>            <\/div>\n            <\/div><div class=\"product-category col\" >\n            <div class=\"col-inner\">\n              <a aria-label=\"Voir la cat\u00e9gorie de produit Cacao y chocolate soluble\" href=\"https:\/\/iber.market\/fr\/product-category\/marche-espagnol\/cacao-et-chocolat-soluble\/\">                <div class=\"box box-category has-hover box-overlay dark box-text-middle \">\n                <div class=\"box-image\" style=\"border-radius:10%;\">\n                  <div class=\"image-overlay-remove\" >\n                  <img loading=\"lazy\" decoding=\"async\" src=\"https:\/\/iber.market\/wp-content\/uploads\/2025\/08\/Cacao-y-chocolate-soluble-300x300.png\" alt=\"Cacao y chocolate soluble\" width=\"300\" height=\"300\" \/>                  <div class=\"overlay\" style=\"background-color: rgba(0, 201, 2, 0.715)\"><\/div>                                    <\/div>\n                <\/div>\n                <div class=\"box-text text-center is-small\" >\n                  <div class=\"box-text-inner\">\n                      <h5 class=\"uppercase header-title\">\n                              Cacao y chocolate soluble                      <\/h5>\n                                            \n                  <\/div>\n                <\/div>\n                <\/div>\n            <\/a>            <\/div>\n            <\/div><div class=\"product-category col\" >\n            <div class=\"col-inner\">\n              <a aria-label=\"Voir la cat\u00e9gorie de produit Caf\u00e9s\" href=\"https:\/\/iber.market\/fr\/product-category\/marche-espagnol\/cafes\/\">                <div class=\"box box-category has-hover box-overlay dark box-text-middle \">\n                <div class=\"box-image\" style=\"border-radius:10%;\">\n                  <div class=\"image-overlay-remove\" >\n                  <img loading=\"lazy\" decoding=\"async\" src=\"https:\/\/iber.market\/wp-content\/uploads\/2025\/08\/ChatGPT-Image-19-ago-2025-18_41_34-300x300.png\" alt=\"Caf\u00e9s\" width=\"300\" height=\"300\" \/>                  <div class=\"overlay\" style=\"background-color: rgba(0, 201, 2, 0.715)\"><\/div>                                    <\/div>\n                <\/div>\n                <div class=\"box-text text-center is-small\" >\n                  <div class=\"box-text-inner\">\n                      <h5 class=\"uppercase header-title\">\n                              Caf\u00e9s                      <\/h5>\n                                            \n                  <\/div>\n                <\/div>\n                <\/div>\n            <\/a>            <\/div>\n            <\/div><div class=\"product-category col\" >\n            <div class=\"col-inner\">\n              <a aria-label=\"Voir la cat\u00e9gorie de produit T\u00e9 e infusiones\" href=\"https:\/\/iber.market\/fr\/product-category\/marche-espagnol\/te-e-infusiones\/\">                <div class=\"box box-category has-hover box-overlay dark box-text-middle \">\n                <div class=\"box-image\" style=\"border-radius:10%;\">\n                  <div class=\"image-overlay-remove\" >\n                  <img loading=\"lazy\" decoding=\"async\" src=\"https:\/\/iber.market\/wp-content\/uploads\/2025\/08\/Te-e-infusiones-ibermarket-300x300.png\" alt=\"T\u00e9 e infusiones\" width=\"300\" height=\"300\" \/>                  <div class=\"overlay\" style=\"background-color: rgba(0, 201, 2, 0.715)\"><\/div>                                    <\/div>\n                <\/div>\n                <div class=\"box-text text-center is-small\" >\n                  <div class=\"box-text-inner\">\n                      <h5 class=\"uppercase header-title\">\n                              T\u00e9 e infusiones                      <\/h5>\n                                            \n                  <\/div>\n                <\/div>\n                <\/div>\n            <\/a>            <\/div>\n            <\/div><div class=\"product-category col\" >\n            <div class=\"col-inner\">\n              <a aria-label=\"Voir la cat\u00e9gorie de produit Galletas y tortitas\" href=\"https:\/\/iber.market\/fr\/product-category\/marche-espagnol\/biscuits-et-crepes\/\">                <div class=\"box box-category has-hover box-overlay dark box-text-middle \">\n                <div class=\"box-image\" style=\"border-radius:10%;\">\n                  <div class=\"image-overlay-remove\" >\n                  <img loading=\"lazy\" decoding=\"async\" src=\"https:\/\/iber.market\/wp-content\/uploads\/2025\/08\/galletas-y-tortitas-ibermarket-300x300.png\" alt=\"Galletas y tortitas\" width=\"300\" height=\"300\" \/>                  <div class=\"overlay\" style=\"background-color: rgba(0, 201, 2, 0.715)\"><\/div>                                    <\/div>\n                <\/div>\n                <div class=\"box-text text-center is-small\" >\n                  <div class=\"box-text-inner\">\n                      <h5 class=\"uppercase header-title\">\n                              Galletas y tortitas                      <\/h5>\n                                            \n                  <\/div>\n                <\/div>\n                <\/div>\n            <\/a>            <\/div>\n            <\/div><div class=\"product-category col\" >\n            <div class=\"col-inner\">\n              <a aria-label=\"Voir la cat\u00e9gorie de produit Cereales\" href=\"https:\/\/iber.market\/fr\/product-category\/marche-espagnol\/cereales\/\">                <div class=\"box box-category has-hover box-overlay dark box-text-middle \">\n                <div class=\"box-image\" style=\"border-radius:10%;\">\n                  <div class=\"image-overlay-remove\" >\n                  <img loading=\"lazy\" decoding=\"async\" src=\"https:\/\/iber.market\/wp-content\/uploads\/2025\/08\/cereales-ibermarket-300x300.png\" alt=\"Cereales\" width=\"300\" height=\"300\" \/>                  <div class=\"overlay\" style=\"background-color: rgba(0, 201, 2, 0.715)\"><\/div>                                    <\/div>\n                <\/div>\n                <div class=\"box-text text-center is-small\" >\n                  <div class=\"box-text-inner\">\n                      <h5 class=\"uppercase header-title\">\n                              Cereales                      <\/h5>\n                                            \n                  <\/div>\n                <\/div>\n                <\/div>\n            <\/a>            <\/div>\n            <\/div><div class=\"product-category col\" >\n            <div class=\"col-inner\">\n              <a aria-label=\"Voir la cat\u00e9gorie de produit Caldos y cremas\" href=\"https:\/\/iber.market\/fr\/product-category\/marche-espagnol\/caldos-y-cremas\/\">                <div class=\"box box-category has-hover box-overlay dark box-text-middle \">\n                <div class=\"box-image\" style=\"border-radius:10%;\">\n                  <div class=\"image-overlay-remove\" >\n                  <img loading=\"lazy\" decoding=\"async\" src=\"https:\/\/iber.market\/wp-content\/uploads\/woocommerce-placeholder-300x300.webp\" alt=\"Caldos y cremas\" width=\"300\" height=\"300\" \/>                  <div class=\"overlay\" style=\"background-color: rgba(0, 201, 2, 0.715)\"><\/div>                                    <\/div>\n                <\/div>\n                <div class=\"box-text text-center is-small\" >\n                  <div class=\"box-text-inner\">\n                      <h5 class=\"uppercase header-title\">\n                              Caldos y cremas                      <\/h5>\n                                            \n                  <\/div>\n                <\/div>\n                <\/div>\n            <\/a>            <\/div>\n            <\/div><div class=\"product-category col\" >\n            <div class=\"col-inner\">\n              <a aria-label=\"Voir la cat\u00e9gorie de produit Conservas de pescado y marisco\" href=\"https:\/\/iber.market\/fr\/product-category\/marche-espagnol\/conserves-de-poissons-et-de-crustaces\/\">                <div class=\"box box-category has-hover box-overlay dark box-text-middle \">\n                <div class=\"box-image\" style=\"border-radius:10%;\">\n                  <div class=\"image-overlay-remove\" >\n                  <img loading=\"lazy\" decoding=\"async\" src=\"https:\/\/iber.market\/wp-content\/uploads\/woocommerce-placeholder-300x300.webp\" alt=\"Conservas de pescado y marisco\" width=\"300\" height=\"300\" \/>                  <div class=\"overlay\" style=\"background-color: rgba(0, 201, 2, 0.715)\"><\/div>                                    <\/div>\n                <\/div>\n                <div class=\"box-text text-center is-small\" >\n                  <div class=\"box-text-inner\">\n                      <h5 class=\"uppercase header-title\">\n                              Conservas de pescado y marisco                      <\/h5>\n                                            \n                  <\/div>\n                <\/div>\n                <\/div>\n            <\/a>            <\/div>\n            <\/div><div class=\"product-category col\" >\n            <div class=\"col-inner\">\n              <a aria-label=\"Voir la cat\u00e9gorie de produit Conservas vegetales y tomate\" href=\"https:\/\/iber.market\/fr\/product-category\/marche-espagnol\/legumes-et-tomates-en-conserve\/\">                <div class=\"box box-category has-hover box-overlay dark box-text-middle \">\n                <div class=\"box-image\" style=\"border-radius:10%;\">\n                  <div class=\"image-overlay-remove\" >\n                  <img loading=\"lazy\" decoding=\"async\" src=\"https:\/\/iber.market\/wp-content\/uploads\/2025\/08\/bac47a7f2186be4ef7b42b3fbc3775d6-scaled.jpg\" alt=\"Conservas vegetales y tomate\" width=\"300\" height=\"300\" \/>                  <div class=\"overlay\" style=\"background-color: rgba(0, 201, 2, 0.715)\"><\/div>                                    <\/div>\n                <\/div>\n                <div class=\"box-text text-center is-small\" >\n                  <div class=\"box-text-inner\">\n                      <h5 class=\"uppercase header-title\">\n                              Conservas vegetales y tomate                      <\/h5>\n                                            \n                  <\/div>\n                <\/div>\n                <\/div>\n            <\/a>            <\/div>\n            <\/div><div class=\"product-category col\" >\n            <div class=\"col-inner\">\n              <a aria-label=\"Voir la cat\u00e9gorie de produit Fitoterapia y parafarmacia\" href=\"https:\/\/iber.market\/fr\/product-category\/marche-espagnol\/fitoterapia-y-parafarmacia\/\">                <div class=\"box box-category has-hover box-overlay dark box-text-middle \">\n                <div class=\"box-image\" style=\"border-radius:10%;\">\n                  <div class=\"image-overlay-remove\" >\n                  <img loading=\"lazy\" decoding=\"async\" src=\"https:\/\/iber.market\/wp-content\/uploads\/2025\/08\/ChatGPT-Image-20-ago-2025-02_38_27-300x300.png\" alt=\"Fitoterapia y parafarmacia\" width=\"300\" height=\"300\" \/>                  <div class=\"overlay\" style=\"background-color: rgba(0, 201, 2, 0.715)\"><\/div>                                    <\/div>\n                <\/div>\n                <div class=\"box-text text-center is-small\" >\n                  <div class=\"box-text-inner\">\n                      <h5 class=\"uppercase header-title\">\n                              Fitoterapia y parafarmacia                      <\/h5>\n                                            \n                  <\/div>\n                <\/div>\n                <\/div>\n            <\/a>            <\/div>\n            <\/div><div class=\"product-category col\" >\n            <div class=\"col-inner\">\n              <a aria-label=\"Voir la cat\u00e9gorie de produit Labios\" href=\"https:\/\/iber.market\/fr\/product-category\/maquillage-et-beaute\/levres\/\">                <div class=\"box box-category has-hover box-overlay dark box-text-middle \">\n                <div class=\"box-image\" style=\"border-radius:10%;\">\n                  <div class=\"image-overlay-remove\" >\n                  <img loading=\"lazy\" decoding=\"async\" src=\"https:\/\/iber.market\/wp-content\/uploads\/2025\/08\/labios-ibermarket-300x300.png\" alt=\"Labios\" width=\"300\" height=\"300\" \/>                  <div class=\"overlay\" style=\"background-color: rgba(0, 201, 2, 0.715)\"><\/div>                                    <\/div>\n                <\/div>\n                <div class=\"box-text text-center is-small\" >\n                  <div class=\"box-text-inner\">\n                      <h5 class=\"uppercase header-title\">\n                              Labios                      <\/h5>\n                                            \n                  <\/div>\n                <\/div>\n                <\/div>\n            <\/a>            <\/div>\n            <\/div><div class=\"product-category col\" >\n            <div class=\"col-inner\">\n              <a aria-label=\"Voir la cat\u00e9gorie de produit Pescado en salaz\u00f3n\" href=\"https:\/\/iber.market\/fr\/product-category\/marche-espagnol\/pescado-en-salazon\/\">                <div class=\"box box-category has-hover box-overlay dark box-text-middle \">\n                <div class=\"box-image\" style=\"border-radius:10%;\">\n                  <div class=\"image-overlay-remove\" >\n                  <img loading=\"lazy\" decoding=\"async\" src=\"https:\/\/iber.market\/wp-content\/uploads\/woocommerce-placeholder-300x300.webp\" alt=\"Pescado en salaz\u00f3n\" width=\"300\" height=\"300\" \/>                  <div class=\"overlay\" style=\"background-color: rgba(0, 201, 2, 0.715)\"><\/div>                                    <\/div>\n                <\/div>\n                <div class=\"box-text text-center is-small\" >\n                  <div class=\"box-text-inner\">\n                      <h5 class=\"uppercase header-title\">\n                              Pescado en salaz\u00f3n                      <\/h5>\n                                            \n                  <\/div>\n                <\/div>\n                <\/div>\n            <\/a>            <\/div>\n            <\/div><div class=\"product-category col\" >\n            <div class=\"col-inner\">\n              <a aria-label=\"Voir la cat\u00e9gorie de produit Mascotas\" href=\"https:\/\/iber.market\/fr\/product-category\/marche-espagnol\/animaux-domestiques\/\">                <div class=\"box box-category has-hover box-overlay dark box-text-middle \">\n                <div class=\"box-image\" style=\"border-radius:10%;\">\n                  <div class=\"image-overlay-remove\" >\n                  <img loading=\"lazy\" decoding=\"async\" src=\"https:\/\/iber.market\/wp-content\/uploads\/2025\/08\/comida-mascotas-ibermarket-300x300.png\" alt=\"Mascotas\" width=\"300\" height=\"300\" \/>                  <div class=\"overlay\" style=\"background-color: rgba(0, 201, 2, 0.715)\"><\/div>                                    <\/div>\n                <\/div>\n                <div class=\"box-text text-center is-small\" >\n                  <div class=\"box-text-inner\">\n                      <h5 class=\"uppercase header-title\">\n                              Mascotas                      <\/h5>\n                                            \n                  <\/div>\n                <\/div>\n                <\/div>\n            <\/a>            <\/div>\n            <\/div><div class=\"product-category col\" >\n            <div class=\"col-inner\">\n              <a aria-label=\"Voir la cat\u00e9gorie de produit Harinas y reposter\u00eda\" href=\"https:\/\/iber.market\/fr\/product-category\/marche-espagnol\/boulangerie-et-patisserie\/harinas-y-reposteria\/\">                <div class=\"box box-category has-hover box-overlay dark box-text-middle \">\n                <div class=\"box-image\" style=\"border-radius:10%;\">\n                  <div class=\"image-overlay-remove\" >\n                  <img loading=\"lazy\" decoding=\"async\" src=\"https:\/\/iber.market\/wp-content\/uploads\/2025\/08\/Harinas-y-reposterias-ibermarket-300x300.png\" alt=\"Harinas y reposter\u00eda\" width=\"300\" height=\"300\" \/>                  <div class=\"overlay\" style=\"background-color: rgba(0, 201, 2, 0.715)\"><\/div>                                    <\/div>\n                <\/div>\n                <div class=\"box-text text-center is-small\" >\n                  <div class=\"box-text-inner\">\n                      <h5 class=\"uppercase header-title\">\n                              Harinas y reposter\u00eda                      <\/h5>\n                                            \n                  <\/div>\n                <\/div>\n                <\/div>\n            <\/a>            <\/div>\n            <\/div><div class=\"product-category col\" >\n            <div class=\"col-inner\">\n              <a aria-label=\"Voir la cat\u00e9gorie de produit Picos, rosquilletas y picatostes\" href=\"https:\/\/iber.market\/fr\/product-category\/marche-espagnol\/boulangerie-et-patisserie\/picos-rosquilletas-et-croutons\/\">                <div class=\"box box-category has-hover box-overlay dark box-text-middle \">\n                <div class=\"box-image\" style=\"border-radius:10%;\">\n                  <div class=\"image-overlay-remove\" >\n                  <img loading=\"lazy\" decoding=\"async\" src=\"https:\/\/iber.market\/wp-content\/uploads\/2025\/08\/Picos-rosquilletas-y-picatostes-ibermarket-300x300.png\" alt=\"Picos, rosquilletas y picatostes\" width=\"300\" height=\"300\" \/>                  <div class=\"overlay\" style=\"background-color: rgba(0, 201, 2, 0.715)\"><\/div>                                    <\/div>\n                <\/div>\n                <div class=\"box-text text-center is-small\" >\n                  <div class=\"box-text-inner\">\n                      <h5 class=\"uppercase header-title\">\n                              Picos, rosquilletas y picatostes                      <\/h5>\n                                            \n                  <\/div>\n                <\/div>\n                <\/div>\n            <\/a>            <\/div>\n            <\/div><div class=\"product-category col\" >\n            <div class=\"col-inner\">\n              <a aria-label=\"Voir la cat\u00e9gorie de produit Pan tostado y rallado\" href=\"https:\/\/iber.market\/fr\/product-category\/marche-espagnol\/boulangerie-et-patisserie\/pan-tostado-y-rallado\/\">                <div class=\"box box-category has-hover box-overlay dark box-text-middle \">\n                <div class=\"box-image\" style=\"border-radius:10%;\">\n                  <div class=\"image-overlay-remove\" >\n                  <img loading=\"lazy\" decoding=\"async\" src=\"https:\/\/iber.market\/wp-content\/uploads\/2025\/08\/Pan-tostado-y-rallado-ibermarket-300x300.png\" alt=\"Pan tostado y rallado\" width=\"300\" height=\"300\" \/>                  <div class=\"overlay\" style=\"background-color: rgba(0, 201, 2, 0.715)\"><\/div>                                    <\/div>\n                <\/div>\n                <div class=\"box-text text-center is-small\" >\n                  <div class=\"box-text-inner\">\n                      <h5 class=\"uppercase header-title\">\n                              Pan tostado y rallado                      <\/h5>\n                                            \n                  <\/div>\n                <\/div>\n                <\/div>\n            <\/a>            <\/div>\n            <\/div><div class=\"product-category col\" >\n            <div class=\"col-inner\">\n              <a aria-label=\"Voir la cat\u00e9gorie de produit Zumos\" href=\"https:\/\/iber.market\/fr\/product-category\/marche-espagnol\/zumos\/\">                <div class=\"box box-category has-hover box-overlay dark box-text-middle \">\n                <div class=\"box-image\" style=\"border-radius:10%;\">\n                  <div class=\"image-overlay-remove\" >\n                  <img loading=\"lazy\" decoding=\"async\" src=\"https:\/\/iber.market\/wp-content\/uploads\/2025\/08\/Zumos-ibermarket-300x300.png\" alt=\"Zumos\" width=\"300\" height=\"300\" \/>                  <div class=\"overlay\" style=\"background-color: rgba(0, 201, 2, 0.715)\"><\/div>                                    <\/div>\n                <\/div>\n                <div class=\"box-text text-center is-small\" >\n                  <div class=\"box-text-inner\">\n                      <h5 class=\"uppercase header-title\">\n                              Zumos                      <\/h5>\n                                            \n                  <\/div>\n                <\/div>\n                <\/div>\n            <\/a>            <\/div>\n            <\/div><div class=\"product-category col\" >\n            <div class=\"col-inner\">\n              <a aria-label=\"Voir la cat\u00e9gorie de produit Pizzas y platos preparados\" href=\"https:\/\/iber.market\/fr\/product-category\/marche-espagnol\/pizzas-et-plats-prepares\/\">                <div class=\"box box-category has-hover box-overlay dark box-text-middle \">\n                <div class=\"box-image\" style=\"border-radius:10%;\">\n                  <div class=\"image-overlay-remove\" >\n                  <img loading=\"lazy\" decoding=\"async\" src=\"https:\/\/iber.market\/wp-content\/uploads\/2025\/08\/Pizzas-y-platos-preparados-ibermarket-300x300.png\" alt=\"Pizzas y platos preparados\" width=\"300\" height=\"300\" \/>                  <div class=\"overlay\" style=\"background-color: rgba(0, 201, 2, 0.715)\"><\/div>                                    <\/div>\n                <\/div>\n                <div class=\"box-text text-center is-small\" >\n                  <div class=\"box-text-inner\">\n                      <h5 class=\"uppercase header-title\">\n                              Pizzas y platos preparados                      <\/h5>\n                                            \n                  <\/div>\n                <\/div>\n                <\/div>\n            <\/a>            <\/div>\n            <\/div><\/div>\n\n\t\n  \n    <div class=\"row  equalize-box large-columns-5 medium-columns-3 small-columns-2 row-normal row-full-width slider row-slider slider-nav-reveal slider-nav-push\"  data-flickity-options='{&quot;imagesLoaded&quot;: true, &quot;groupCells&quot;: &quot;100%&quot;, &quot;dragThreshold&quot; : 5, &quot;cellAlign&quot;: &quot;left&quot;,&quot;wrapAround&quot;: true,&quot;prevNextButtons&quot;: true,&quot;percentPosition&quot;: true,&quot;pageDots&quot;: false, &quot;rightToLeft&quot;: false, &quot;autoPlay&quot; : false}' >\n\n  \n\t     <div class=\"product-small col has-hover product type-product post-198514 status-publish first instock product_cat-champus-y-coloraciones has-post-thumbnail taxable shipping-taxable purchasable product-type-simple\">\n\t<div class=\"col-inner\">\n\t\n<div class=\"badge-container absolute left top z-1\">\n\n<\/div>\n\t<div class=\"product-small box \">\n\t\t<div class=\"box-image\">\n\t\t\t<div class=\"image-none\">\n\t\t\t\t<a href=\"https:\/\/iber.market\/fr\/product\/coloracion-permanente-7-rubio-medio-colorcor\/\" aria-label=\"Coloraci\u00f3n permanente 7 rubio medio Colorcor\">\n\t\t\t\t\t<img loading=\"lazy\" decoding=\"async\" width=\"300\" height=\"300\" src=\"https:\/\/hacendado.iber.market\/wp-content\/uploads\/2026\/02\/b7a419a7ed8b85f7891b119a53394f84-scaled.jpg\" class=\"attachment-woocommerce_thumbnail size-woocommerce_thumbnail\" alt=\"Coloraci\u00f3n permanente 7 rubio medio Colorcor\" data-src=\"https:\/\/hacendado.iber.market\/wp-content\/uploads\/2026\/02\/b7a419a7ed8b85f7891b119a53394f84-scaled.jpg\" data-large_image=\"https:\/\/hacendado.iber.market\/wp-content\/uploads\/2026\/02\/b7a419a7ed8b85f7891b119a53394f84-scaled.jpg\" \/>\t\t\t\t<\/a>\n\t\t\t<\/div>\n\t\t\t<div class=\"image-tools is-small top right show-on-hover\">\n\t\t\t\t\t\t\t<\/div>\n\t\t\t<div class=\"image-tools is-small hide-for-small bottom left show-on-hover\">\n\t\t\t\t\t\t\t<\/div>\n\t\t\t<div class=\"image-tools grid-tools text-center hide-for-small bottom hover-slide-in show-on-hover\">\n\t\t\t\t\t\t\t<\/div>\n\t\t\t\t\t<\/div>\n\n\t\t<div class=\"box-text box-text-products\">\n\t\t\t<div class=\"title-wrapper\">\t\t<p class=\"category uppercase is-smaller no-text-overflow product-cat op-7\">\n\t\t\tChamp\u00fas y Coloraciones\t\t<\/p>\n\t<p class=\"name product-title woocommerce-loop-product__title\"><a href=\"https:\/\/iber.market\/fr\/product\/coloracion-permanente-7-rubio-medio-colorcor\/\" class=\"woocommerce-LoopProduct-link woocommerce-loop-product__link\">Coloraci\u00f3n permanente 7 rubio medio Colorcor<\/a><\/p><\/div><div class=\"price-wrapper\">\n\t<span class=\"price\"><span class=\"woocommerce-Price-amount amount\"><bdi>8,58&nbsp;<span class=\"woocommerce-Price-currencySymbol\">&euro;<\/span><\/bdi><\/span> <small class=\"woocommerce-price-suffix\">Precio final<\/small><\/span>\n<\/div><div class=\"add-to-cart-button\"><a href=\"\/fr\/wp-json\/wp\/v2\/pages\/369?add-to-cart=198514\" aria-describedby=\"woocommerce_loop_add_to_cart_link_describedby_198514\" data-quantity=\"1\" class=\"primary is-small mb-0 button product_type_simple add_to_cart_button ajax_add_to_cart is-outline\" data-product_id=\"198514\" data-product_sku=\"73168\" aria-label=\"Ajouter au panier : &quot;Coloraci\u00f3n permanente 7 rubio medio Colorcor&quot;\" rel=\"nofollow\" data-success_message=\"&quot;Coloraci\u00f3n permanente 7 rubio medio Colorcor&quot; a \u00e9t\u00e9 ajout\u00e9 \u00e0 votre panier\" role=\"button\">Ajouter au panier<\/a><\/div>\t<span id=\"woocommerce_loop_add_to_cart_link_describedby_198514\" class=\"screen-reader-text\">\n\t\t\t<\/span>\n\t\t<\/div>\n\t<\/div>\n\t\t<\/div>\n<\/div><div class=\"product-small col has-hover product type-product post-197960 status-publish instock product_cat-cuidado-corporal-y-facial has-post-thumbnail taxable shipping-taxable purchasable product-type-simple\">\n\t<div class=\"col-inner\">\n\t\n<div class=\"badge-container absolute left top z-1\">\n\n<\/div>\n\t<div class=\"product-small box \">\n\t\t<div class=\"box-image\">\n\t\t\t<div class=\"image-none\">\n\t\t\t\t<a href=\"https:\/\/iber.market\/fr\/product\/agua-facial-de-avena-deliplus\/\" aria-label=\"Agua facial de avena Deliplus\">\n\t\t\t\t\t<img loading=\"lazy\" decoding=\"async\" width=\"300\" height=\"300\" src=\"https:\/\/hacendado.iber.market\/wp-content\/uploads\/2026\/02\/a21d1b9ceb7c2d8a2e0a8eaa15ce7d7a-scaled.jpg\" class=\"attachment-woocommerce_thumbnail size-woocommerce_thumbnail\" alt=\"Agua facial de avena Deliplus\" data-src=\"https:\/\/hacendado.iber.market\/wp-content\/uploads\/2026\/02\/a21d1b9ceb7c2d8a2e0a8eaa15ce7d7a-scaled.jpg\" data-large_image=\"https:\/\/hacendado.iber.market\/wp-content\/uploads\/2026\/02\/a21d1b9ceb7c2d8a2e0a8eaa15ce7d7a-scaled.jpg\" \/>\t\t\t\t<\/a>\n\t\t\t<\/div>\n\t\t\t<div class=\"image-tools is-small top right show-on-hover\">\n\t\t\t\t\t\t\t<\/div>\n\t\t\t<div class=\"image-tools is-small hide-for-small bottom left show-on-hover\">\n\t\t\t\t\t\t\t<\/div>\n\t\t\t<div class=\"image-tools grid-tools text-center hide-for-small bottom hover-slide-in show-on-hover\">\n\t\t\t\t\t\t\t<\/div>\n\t\t\t\t\t<\/div>\n\n\t\t<div class=\"box-text box-text-products\">\n\t\t\t<div class=\"title-wrapper\">\t\t<p class=\"category uppercase is-smaller no-text-overflow product-cat op-7\">\n\t\t\tCuidado corporal y facial\t\t<\/p>\n\t<p class=\"name product-title woocommerce-loop-product__title\"><a href=\"https:\/\/iber.market\/fr\/product\/agua-facial-de-avena-deliplus\/\" class=\"woocommerce-LoopProduct-link woocommerce-loop-product__link\">Agua facial de avena Deliplus<\/a><\/p><\/div><div class=\"price-wrapper\">\n\t<span class=\"price\"><span class=\"woocommerce-Price-amount amount\"><bdi>6,38&nbsp;<span class=\"woocommerce-Price-currencySymbol\">&euro;<\/span><\/bdi><\/span> <small class=\"woocommerce-price-suffix\">Precio final<\/small><\/span>\n<\/div><div class=\"add-to-cart-button\"><a href=\"\/fr\/wp-json\/wp\/v2\/pages\/369?add-to-cart=197960\" aria-describedby=\"woocommerce_loop_add_to_cart_link_describedby_197960\" data-quantity=\"1\" class=\"primary is-small mb-0 button product_type_simple add_to_cart_button ajax_add_to_cart is-outline\" data-product_id=\"197960\" data-product_sku=\"76465\" aria-label=\"Ajouter au panier : &quot;Agua facial de avena Deliplus&quot;\" rel=\"nofollow\" data-success_message=\"&quot;Agua facial de avena Deliplus&quot; a \u00e9t\u00e9 ajout\u00e9 \u00e0 votre panier\" role=\"button\">Ajouter au panier<\/a><\/div>\t<span id=\"woocommerce_loop_add_to_cart_link_describedby_197960\" class=\"screen-reader-text\">\n\t\t\t<\/span>\n\t\t<\/div>\n\t<\/div>\n\t\t<\/div>\n<\/div><div class=\"product-small col has-hover product type-product post-193466 status-publish instock product_cat-bases-y-correctores has-post-thumbnail taxable shipping-taxable purchasable product-type-simple\">\n\t<div class=\"col-inner\">\n\t\n<div class=\"badge-container absolute left top z-1\">\n\n<\/div>\n\t<div class=\"product-small box \">\n\t\t<div class=\"box-image\">\n\t\t\t<div class=\"image-none\">\n\t\t\t\t<a href=\"https:\/\/iber.market\/fr\/product\/corrector-fluido-hydra-deliplus-200-vainilla\/\" aria-label=\"Corrector fluido Hydra Deliplus 200 vainilla\">\n\t\t\t\t\t<img loading=\"lazy\" decoding=\"async\" width=\"300\" height=\"300\" src=\"https:\/\/hacendado.iber.market\/wp-content\/uploads\/2026\/02\/20de7c66ab3f6d376faf0238ed73d883-scaled.jpg\" class=\"attachment-woocommerce_thumbnail size-woocommerce_thumbnail\" alt=\"Corrector fluido Hydra Deliplus 200 vainilla\" data-src=\"https:\/\/hacendado.iber.market\/wp-content\/uploads\/2026\/02\/20de7c66ab3f6d376faf0238ed73d883-scaled.jpg\" data-large_image=\"https:\/\/hacendado.iber.market\/wp-content\/uploads\/2026\/02\/20de7c66ab3f6d376faf0238ed73d883-scaled.jpg\" \/>\t\t\t\t<\/a>\n\t\t\t<\/div>\n\t\t\t<div class=\"image-tools is-small top right show-on-hover\">\n\t\t\t\t\t\t\t<\/div>\n\t\t\t<div class=\"image-tools is-small hide-for-small bottom left show-on-hover\">\n\t\t\t\t\t\t\t<\/div>\n\t\t\t<div class=\"image-tools grid-tools text-center hide-for-small bottom hover-slide-in show-on-hover\">\n\t\t\t\t\t\t\t<\/div>\n\t\t\t\t\t<\/div>\n\n\t\t<div class=\"box-text box-text-products\">\n\t\t\t<div class=\"title-wrapper\">\t\t<p class=\"category uppercase is-smaller no-text-overflow product-cat op-7\">\n\t\t\tBases y Correctores\t\t<\/p>\n\t<p class=\"name product-title woocommerce-loop-product__title\"><a href=\"https:\/\/iber.market\/fr\/product\/corrector-fluido-hydra-deliplus-200-vainilla\/\" class=\"woocommerce-LoopProduct-link woocommerce-loop-product__link\">Corrector fluido Hydra Deliplus 200 vainilla<\/a><\/p><\/div><div class=\"price-wrapper\">\n\t<span class=\"price\"><span class=\"woocommerce-Price-amount amount\"><bdi>10,50&nbsp;<span class=\"woocommerce-Price-currencySymbol\">&euro;<\/span><\/bdi><\/span> <small class=\"woocommerce-price-suffix\">Precio final<\/small><\/span>\n<\/div><div class=\"add-to-cart-button\"><a href=\"\/fr\/wp-json\/wp\/v2\/pages\/369?add-to-cart=193466\" aria-describedby=\"woocommerce_loop_add_to_cart_link_describedby_193466\" data-quantity=\"1\" class=\"primary is-small mb-0 button product_type_simple add_to_cart_button ajax_add_to_cart is-outline\" data-product_id=\"193466\" data-product_sku=\"15273\" aria-label=\"Ajouter au panier : &quot;Corrector fluido Hydra Deliplus 200 vainilla&quot;\" rel=\"nofollow\" data-success_message=\"&quot;Corrector fluido Hydra Deliplus 200 vainilla&quot; a \u00e9t\u00e9 ajout\u00e9 \u00e0 votre panier\" role=\"button\">Ajouter au panier<\/a><\/div>\t<span id=\"woocommerce_loop_add_to_cart_link_describedby_193466\" class=\"screen-reader-text\">\n\t\t\t<\/span>\n\t\t<\/div>\n\t<\/div>\n\t\t<\/div>\n<\/div><div class=\"product-small col has-hover product type-product post-195887 status-publish last instock product_cat-conservas-vegetales-y-tomate has-post-thumbnail taxable shipping-taxable purchasable product-type-simple\">\n\t<div class=\"col-inner\">\n\t\n<div class=\"badge-container absolute left top z-1\">\n\n<\/div>\n\t<div class=\"product-small box \">\n\t\t<div class=\"box-image\">\n\t\t\t<div class=\"image-none\">\n\t\t\t\t<a href=\"https:\/\/iber.market\/fr\/product\/macedonia-de-verduras-hacendado-2\/\" aria-label=\"Macedonia de verduras Hacendado\">\n\t\t\t\t\t<img loading=\"lazy\" decoding=\"async\" width=\"300\" height=\"300\" src=\"https:\/\/hacendado.iber.market\/wp-content\/uploads\/2026\/02\/b02bc731543db2034220551bc2b095d2-scaled.jpg\" class=\"attachment-woocommerce_thumbnail size-woocommerce_thumbnail\" alt=\"Macedonia de verduras Hacendado\" data-src=\"https:\/\/hacendado.iber.market\/wp-content\/uploads\/2026\/02\/b02bc731543db2034220551bc2b095d2-scaled.jpg\" data-large_image=\"https:\/\/hacendado.iber.market\/wp-content\/uploads\/2026\/02\/b02bc731543db2034220551bc2b095d2-scaled.jpg\" \/>\t\t\t\t<\/a>\n\t\t\t<\/div>\n\t\t\t<div class=\"image-tools is-small top right show-on-hover\">\n\t\t\t\t\t\t\t<\/div>\n\t\t\t<div class=\"image-tools is-small hide-for-small bottom left show-on-hover\">\n\t\t\t\t\t\t\t<\/div>\n\t\t\t<div class=\"image-tools grid-tools text-center hide-for-small bottom hover-slide-in show-on-hover\">\n\t\t\t\t\t\t\t<\/div>\n\t\t\t\t\t<\/div>\n\n\t\t<div class=\"box-text box-text-products\">\n\t\t\t<div class=\"title-wrapper\">\t\t<p class=\"category uppercase is-smaller no-text-overflow product-cat op-7\">\n\t\t\tConservas vegetales y tomate\t\t<\/p>\n\t<p class=\"name product-title woocommerce-loop-product__title\"><a href=\"https:\/\/iber.market\/fr\/product\/macedonia-de-verduras-hacendado-2\/\" class=\"woocommerce-LoopProduct-link woocommerce-loop-product__link\">Macedonia de verduras Hacendado<\/a><\/p><\/div><div class=\"price-wrapper\">\n\t<span class=\"price\"><span class=\"woocommerce-Price-amount amount\"><bdi>1,98&nbsp;<span class=\"woocommerce-Price-currencySymbol\">&euro;<\/span><\/bdi><\/span> <small class=\"woocommerce-price-suffix\">Precio final<\/small><\/span>\n<\/div><div class=\"add-to-cart-button\"><a href=\"\/fr\/wp-json\/wp\/v2\/pages\/369?add-to-cart=195887\" aria-describedby=\"woocommerce_loop_add_to_cart_link_describedby_195887\" data-quantity=\"1\" class=\"primary is-small mb-0 button product_type_simple add_to_cart_button ajax_add_to_cart is-outline\" data-product_id=\"195887\" data-product_sku=\"16737\" aria-label=\"Ajouter au panier : &quot;Macedonia de verduras Hacendado&quot;\" rel=\"nofollow\" data-success_message=\"&quot;Macedonia de verduras Hacendado&quot; a \u00e9t\u00e9 ajout\u00e9 \u00e0 votre panier\" role=\"button\">Ajouter au panier<\/a><\/div>\t<span id=\"woocommerce_loop_add_to_cart_link_describedby_195887\" class=\"screen-reader-text\">\n\t\t\t<\/span>\n\t\t<\/div>\n\t<\/div>\n\t\t<\/div>\n<\/div><div class=\"product-small col has-hover product type-product post-196417 status-publish first instock product_cat-te-e-infusiones has-post-thumbnail taxable shipping-taxable purchasable product-type-simple\">\n\t<div class=\"col-inner\">\n\t\n<div class=\"badge-container absolute left top z-1\">\n\n<\/div>\n\t<div class=\"product-small box \">\n\t\t<div class=\"box-image\">\n\t\t\t<div class=\"image-none\">\n\t\t\t\t<a href=\"https:\/\/iber.market\/fr\/product\/infusion-laxsen-sabor-menta-hacendado\/\" aria-label=\"Infusi\u00f3n Laxsen sabor menta Hacendado\">\n\t\t\t\t\t<img loading=\"lazy\" decoding=\"async\" width=\"300\" height=\"300\" src=\"https:\/\/hacendado.iber.market\/wp-content\/uploads\/2026\/02\/f98929d515ff98881c54675f7bf6a42e-scaled.jpg\" class=\"attachment-woocommerce_thumbnail size-woocommerce_thumbnail\" alt=\"Infusi\u00f3n Laxsen sabor menta Hacendado\" data-src=\"https:\/\/hacendado.iber.market\/wp-content\/uploads\/2026\/02\/f98929d515ff98881c54675f7bf6a42e-scaled.jpg\" data-large_image=\"https:\/\/hacendado.iber.market\/wp-content\/uploads\/2026\/02\/f98929d515ff98881c54675f7bf6a42e-scaled.jpg\" \/>\t\t\t\t<\/a>\n\t\t\t<\/div>\n\t\t\t<div class=\"image-tools is-small top right show-on-hover\">\n\t\t\t\t\t\t\t<\/div>\n\t\t\t<div class=\"image-tools is-small hide-for-small bottom left show-on-hover\">\n\t\t\t\t\t\t\t<\/div>\n\t\t\t<div class=\"image-tools grid-tools text-center hide-for-small bottom hover-slide-in show-on-hover\">\n\t\t\t\t\t\t\t<\/div>\n\t\t\t\t\t<\/div>\n\n\t\t<div class=\"box-text box-text-products\">\n\t\t\t<div class=\"title-wrapper\">\t\t<p class=\"category uppercase is-smaller no-text-overflow product-cat op-7\">\n\t\t\tT\u00e9 e infusiones\t\t<\/p>\n\t<p class=\"name product-title woocommerce-loop-product__title\"><a href=\"https:\/\/iber.market\/fr\/product\/infusion-laxsen-sabor-menta-hacendado\/\" class=\"woocommerce-LoopProduct-link woocommerce-loop-product__link\">Infusi\u00f3n Laxsen sabor menta Hacendado<\/a><\/p><\/div><div class=\"price-wrapper\">\n\t<span class=\"price\"><span class=\"woocommerce-Price-amount amount\"><bdi>2,31&nbsp;<span class=\"woocommerce-Price-currencySymbol\">&euro;<\/span><\/bdi><\/span> <small class=\"woocommerce-price-suffix\">Precio final<\/small><\/span>\n<\/div><div class=\"add-to-cart-button\"><a href=\"\/fr\/wp-json\/wp\/v2\/pages\/369?add-to-cart=196417\" aria-describedby=\"woocommerce_loop_add_to_cart_link_describedby_196417\" data-quantity=\"1\" class=\"primary is-small mb-0 button product_type_simple add_to_cart_button ajax_add_to_cart is-outline\" data-product_id=\"196417\" data-product_sku=\"11470\" aria-label=\"Ajouter au panier : &quot;Infusi\u00f3n Laxsen sabor menta Hacendado&quot;\" rel=\"nofollow\" data-success_message=\"&quot;Infusi\u00f3n Laxsen sabor menta Hacendado&quot; a \u00e9t\u00e9 ajout\u00e9 \u00e0 votre panier\" role=\"button\">Ajouter au panier<\/a><\/div>\t<span id=\"woocommerce_loop_add_to_cart_link_describedby_196417\" class=\"screen-reader-text\">\n\t\t\t<\/span>\n\t\t<\/div>\n\t<\/div>\n\t\t<\/div>\n<\/div><div class=\"product-small col has-hover product type-product post-195529 status-publish instock product_cat-agua has-post-thumbnail taxable shipping-taxable purchasable product-type-simple\">\n\t<div class=\"col-inner\">\n\t\n<div class=\"badge-container absolute left top z-1\">\n\n<\/div>\n\t<div class=\"product-small box \">\n\t\t<div class=\"box-image\">\n\t\t\t<div class=\"image-none\">\n\t\t\t\t<a href=\"https:\/\/iber.market\/fr\/product\/agua-mineral-grande-solan-de-cabras-2\/\" aria-label=\"Agua mineral grande Sol\u00e1n de Cabras\">\n\t\t\t\t\t<img loading=\"lazy\" decoding=\"async\" width=\"300\" height=\"300\" src=\"https:\/\/hacendado.iber.market\/wp-content\/uploads\/2026\/02\/f4fec39a0a59025b5b6713eeb2f248a2-scaled.jpg\" class=\"attachment-woocommerce_thumbnail size-woocommerce_thumbnail\" alt=\"Agua mineral grande Sol\u00e1n de Cabras\" data-src=\"https:\/\/hacendado.iber.market\/wp-content\/uploads\/2026\/02\/f4fec39a0a59025b5b6713eeb2f248a2-scaled.jpg\" data-large_image=\"https:\/\/hacendado.iber.market\/wp-content\/uploads\/2026\/02\/f4fec39a0a59025b5b6713eeb2f248a2-scaled.jpg\" \/>\t\t\t\t<\/a>\n\t\t\t<\/div>\n\t\t\t<div class=\"image-tools is-small top right show-on-hover\">\n\t\t\t\t\t\t\t<\/div>\n\t\t\t<div class=\"image-tools is-small hide-for-small bottom left show-on-hover\">\n\t\t\t\t\t\t\t<\/div>\n\t\t\t<div class=\"image-tools grid-tools text-center hide-for-small bottom hover-slide-in show-on-hover\">\n\t\t\t\t\t\t\t<\/div>\n\t\t\t\t\t<\/div>\n\n\t\t<div class=\"box-text box-text-products\">\n\t\t\t<div class=\"title-wrapper\">\t\t<p class=\"category uppercase is-smaller no-text-overflow product-cat op-7\">\n\t\t\tAgua y Agua con Gas\t\t<\/p>\n\t<p class=\"name product-title woocommerce-loop-product__title\"><a href=\"https:\/\/iber.market\/fr\/product\/agua-mineral-grande-solan-de-cabras-2\/\" class=\"woocommerce-LoopProduct-link woocommerce-loop-product__link\">Agua mineral grande Sol\u00e1n de Cabras<\/a><\/p><\/div><div class=\"price-wrapper\">\n\t<span class=\"price\"><span class=\"woocommerce-Price-amount amount\"><bdi>11,21&nbsp;<span class=\"woocommerce-Price-currencySymbol\">&euro;<\/span><\/bdi><\/span> <small class=\"woocommerce-price-suffix\">Precio final<\/small><\/span>\n<\/div><div class=\"add-to-cart-button\"><a href=\"\/fr\/wp-json\/wp\/v2\/pages\/369?add-to-cart=195529\" aria-describedby=\"woocommerce_loop_add_to_cart_link_describedby_195529\" data-quantity=\"1\" class=\"primary is-small mb-0 button product_type_simple add_to_cart_button ajax_add_to_cart is-outline\" data-product_id=\"195529\" data-product_sku=\"27327\" aria-label=\"Ajouter au panier : &quot;Agua mineral grande Sol\u00e1n de Cabras&quot;\" rel=\"nofollow\" data-success_message=\"&quot;Agua mineral grande Sol\u00e1n de Cabras&quot; a \u00e9t\u00e9 ajout\u00e9 \u00e0 votre panier\" role=\"button\">Ajouter au panier<\/a><\/div>\t<span id=\"woocommerce_loop_add_to_cart_link_describedby_195529\" class=\"screen-reader-text\">\n\t\t\t<\/span>\n\t\t<\/div>\n\t<\/div>\n\t\t<\/div>\n<\/div><div class=\"product-small col has-hover product type-product post-191644 status-publish instock product_cat-limpieza-del-hogar has-post-thumbnail taxable shipping-taxable purchasable product-type-simple\">\n\t<div class=\"col-inner\">\n\t\n<div class=\"badge-container absolute left top z-1\">\n\n<\/div>\n\t<div class=\"product-small box \">\n\t\t<div class=\"box-image\">\n\t\t\t<div class=\"image-none\">\n\t\t\t\t<a href=\"https:\/\/iber.market\/fr\/product\/estropajo-suciedad-resistente-bosque-verde\/\" aria-label=\"Estropajo suciedad resistente Bosque Verde\">\n\t\t\t\t\t<img loading=\"lazy\" decoding=\"async\" width=\"300\" height=\"300\" src=\"https:\/\/hacendado.iber.market\/wp-content\/uploads\/2026\/02\/b1600599959f0d79d9d240be9033e748-scaled.jpg\" class=\"attachment-woocommerce_thumbnail size-woocommerce_thumbnail\" alt=\"Estropajo suciedad resistente Bosque Verde\" data-src=\"https:\/\/hacendado.iber.market\/wp-content\/uploads\/2026\/02\/b1600599959f0d79d9d240be9033e748-scaled.jpg\" data-large_image=\"https:\/\/hacendado.iber.market\/wp-content\/uploads\/2026\/02\/b1600599959f0d79d9d240be9033e748-scaled.jpg\" \/>\t\t\t\t<\/a>\n\t\t\t<\/div>\n\t\t\t<div class=\"image-tools is-small top right show-on-hover\">\n\t\t\t\t\t\t\t<\/div>\n\t\t\t<div class=\"image-tools is-small hide-for-small bottom left show-on-hover\">\n\t\t\t\t\t\t\t<\/div>\n\t\t\t<div class=\"image-tools grid-tools text-center hide-for-small bottom hover-slide-in show-on-hover\">\n\t\t\t\t\t\t\t<\/div>\n\t\t\t\t\t<\/div>\n\n\t\t<div class=\"box-text box-text-products\">\n\t\t\t<div class=\"title-wrapper\">\t\t<p class=\"category uppercase is-smaller no-text-overflow product-cat op-7\">\n\t\t\tLimpieza del hogar\t\t<\/p>\n\t<p class=\"name product-title woocommerce-loop-product__title\"><a href=\"https:\/\/iber.market\/fr\/product\/estropajo-suciedad-resistente-bosque-verde\/\" class=\"woocommerce-LoopProduct-link woocommerce-loop-product__link\">Estropajo suciedad resistente Bosque Verde<\/a><\/p><\/div><div class=\"price-wrapper\">\n\t<span class=\"price\"><span class=\"woocommerce-Price-amount amount\"><bdi>2,25&nbsp;<span class=\"woocommerce-Price-currencySymbol\">&euro;<\/span><\/bdi><\/span> <small class=\"woocommerce-price-suffix\">Precio final<\/small><\/span>\n<\/div><div class=\"add-to-cart-button\"><a href=\"\/fr\/wp-json\/wp\/v2\/pages\/369?add-to-cart=191644\" aria-describedby=\"woocommerce_loop_add_to_cart_link_describedby_191644\" data-quantity=\"1\" class=\"primary is-small mb-0 button product_type_simple add_to_cart_button ajax_add_to_cart is-outline\" data-product_id=\"191644\" data-product_sku=\"71342\" aria-label=\"Ajouter au panier : &quot;Estropajo suciedad resistente Bosque Verde&quot;\" rel=\"nofollow\" data-success_message=\"&quot;Estropajo suciedad resistente Bosque Verde&quot; a \u00e9t\u00e9 ajout\u00e9 \u00e0 votre panier\" role=\"button\">Ajouter au panier<\/a><\/div>\t<span id=\"woocommerce_loop_add_to_cart_link_describedby_191644\" class=\"screen-reader-text\">\n\t\t\t<\/span>\n\t\t<\/div>\n\t<\/div>\n\t\t<\/div>\n<\/div><div class=\"product-small col has-hover product type-product post-13160 status-publish last instock product_cat-snacks-perros has-post-thumbnail taxable shipping-taxable purchasable product-type-simple\">\n\t<div class=\"col-inner\">\n\t\n<div class=\"badge-container absolute left top z-1\">\n\n<\/div>\n\t<div class=\"product-small box \">\n\t\t<div class=\"box-image\">\n\t\t\t<div class=\"image-none\">\n\t\t\t\t<a href=\"https:\/\/iber.market\/fr\/product\/snack-barritas-perro-adulto-de-pollo-e-higado-compy\/\" aria-label=\"Snack barritas perro adulto de pollo e h\u00edgado Compy\">\n\t\t\t\t\t<img loading=\"lazy\" decoding=\"async\" width=\"300\" height=\"300\" src=\"https:\/\/iber.market\/wp-content\/uploads\/2025\/08\/17de9c32ee10ae75f0251d075d4993da-scaled.jpg\" class=\"attachment-woocommerce_thumbnail size-woocommerce_thumbnail\" alt=\"Snack barritas perro adulto de pollo e h\u00edgado Compy\" \/>\t\t\t\t<\/a>\n\t\t\t<\/div>\n\t\t\t<div class=\"image-tools is-small top right show-on-hover\">\n\t\t\t\t\t\t\t<\/div>\n\t\t\t<div class=\"image-tools is-small hide-for-small bottom left show-on-hover\">\n\t\t\t\t\t\t\t<\/div>\n\t\t\t<div class=\"image-tools grid-tools text-center hide-for-small bottom hover-slide-in show-on-hover\">\n\t\t\t\t\t\t\t<\/div>\n\t\t\t\t\t<\/div>\n\n\t\t<div class=\"box-text box-text-products\">\n\t\t\t<div class=\"title-wrapper\">\t\t<p class=\"category uppercase is-smaller no-text-overflow product-cat op-7\">\n\t\t\tSnacks Perros\t\t<\/p>\n\t<p class=\"name product-title woocommerce-loop-product__title\"><a href=\"https:\/\/iber.market\/fr\/product\/snack-barritas-perro-adulto-de-pollo-e-higado-compy\/\" class=\"woocommerce-LoopProduct-link woocommerce-loop-product__link\">Snack barritas perro adulto de pollo e h\u00edgado Compy<\/a><\/p><\/div><div class=\"price-wrapper\">\n\t<span class=\"price\"><span class=\"woocommerce-Price-amount amount\"><bdi>2,35&nbsp;<span class=\"woocommerce-Price-currencySymbol\">&euro;<\/span><\/bdi><\/span> <small class=\"woocommerce-price-suffix\">Precio final<\/small><\/span>\n<\/div><div class=\"add-to-cart-button\"><a href=\"\/fr\/wp-json\/wp\/v2\/pages\/369?add-to-cart=13160\" aria-describedby=\"woocommerce_loop_add_to_cart_link_describedby_13160\" data-quantity=\"1\" class=\"primary is-small mb-0 button product_type_simple add_to_cart_button ajax_add_to_cart is-outline\" data-product_id=\"13160\" data-product_sku=\"8480000220097\" aria-label=\"Ajouter au panier : &quot;Snack barritas perro adulto de pollo e h\u00edgado Compy&quot;\" rel=\"nofollow\" data-success_message=\"&quot;Snack barritas perro adulto de pollo e h\u00edgado Compy&quot; a \u00e9t\u00e9 ajout\u00e9 \u00e0 votre panier\" role=\"button\">Ajouter au panier<\/a><\/div>\t<span id=\"woocommerce_loop_add_to_cart_link_describedby_13160\" class=\"screen-reader-text\">\n\t\t\t<\/span>\n\t\t<\/div>\n\t<\/div>\n\t\t<\/div>\n<\/div><\/div>\n\n<div class=\"container section-title-container\" style=\"margin-bottom:10px;\"><h3 class=\"section-title section-title-center\"><b><\/b><span class=\"section-title-main\" >CLUB GOURMET  DE ESPA\u00d1A<\/span><b><\/b><\/h3><\/div>\n\n\t<div id=\"text-2953593410\" class=\"text\">\n\t\t\n\n<p>Descubre <strong>nuestra selecci\u00f3n Groumet<\/strong> en nuestra tienda online de productos espa\u00f1oles. <strong>Aceite de oliva, jamones, quesos, embutidos<\/strong> y mucho m\u00e1s<b>.<\/b><\/p>\n\t\t\n<style>\n#text-2953593410 {\n  text-align: center;\n}\n<\/style>\n\t<\/div>\n\t\n\n  \n    <div class=\"row large-columns-5 medium-columns-3 small-columns-2 row-normal row-full-width has-shadow row-box-shadow-3-hover slider row-slider slider-nav-simple\"  data-flickity-options='{&quot;imagesLoaded&quot;: true, &quot;groupCells&quot;: &quot;100%&quot;, &quot;dragThreshold&quot; : 5, &quot;cellAlign&quot;: &quot;left&quot;,&quot;wrapAround&quot;: true,&quot;prevNextButtons&quot;: true,&quot;percentPosition&quot;: true,&quot;pageDots&quot;: false, &quot;rightToLeft&quot;: false, &quot;autoPlay&quot; : 3000}' >\n\n  <div class=\"product-category col\" >\n            <div class=\"col-inner\">\n              <a aria-label=\"Voir la cat\u00e9gorie de produit Quesos curados y de autor\" href=\"https:\/\/iber.market\/fr\/product-category\/gourmet-despagne\/quesos-curados-y-de-autor\/\">                <div class=\"box box-category has-hover box-badge hover-dark \">\n                <div class=\"box-image\" style=\"border-radius:10%;\">\n                  <div class=\"\" >\n                  <img loading=\"lazy\" decoding=\"async\" src=\"https:\/\/iber.market\/wp-content\/uploads\/2025\/08\/ChatGPT-Image-18-ago-2025-03_08_44-300x300.png\" alt=\"Quesos curados y de autor\" width=\"300\" height=\"300\" \/>                  <div class=\"overlay\" style=\"background-color: rgba(229, 229, 229, 0)\"><\/div>                                    <\/div>\n                <\/div>\n                <div class=\"box-text text-center\" style=\"background-color:rgba(250, 197, 0, 0.878);\">\n                  <div class=\"box-text-inner\">\n                      <h5 class=\"uppercase header-title\">\n                              Quesos curados y de autor                      <\/h5>\n                                            <p class=\"is-xsmall uppercase count \">\n\t                      31 Produits                      <\/p>\n                                            \n                  <\/div>\n                <\/div>\n                <\/div>\n            <\/a>            <\/div>\n            <\/div><div class=\"product-category col\" >\n            <div class=\"col-inner\">\n              <a aria-label=\"Voir la cat\u00e9gorie de produit Jam\u00f3n y embutidos selectos\" href=\"https:\/\/iber.market\/fr\/product-category\/gourmet-despagne\/jambon-et-saucisses-selectionnees\/\">                <div class=\"box box-category has-hover box-badge hover-dark \">\n                <div class=\"box-image\" style=\"border-radius:10%;\">\n                  <div class=\"\" >\n                  <img loading=\"lazy\" decoding=\"async\" src=\"https:\/\/iber.market\/wp-content\/uploads\/2025\/08\/ChatGPT-Image-18-ago-2025-02_49_50-300x300.png\" alt=\"Jam\u00f3n y embutidos selectos\" width=\"300\" height=\"300\" \/>                  <div class=\"overlay\" style=\"background-color: rgba(229, 229, 229, 0)\"><\/div>                                    <\/div>\n                <\/div>\n                <div class=\"box-text text-center\" style=\"background-color:rgba(250, 197, 0, 0.878);\">\n                  <div class=\"box-text-inner\">\n                      <h5 class=\"uppercase header-title\">\n                              Jam\u00f3n y embutidos selectos                      <\/h5>\n                                            <p class=\"is-xsmall uppercase count \">\n\t                      88 Produits                      <\/p>\n                                            \n                  <\/div>\n                <\/div>\n                <\/div>\n            <\/a>            <\/div>\n            <\/div><div class=\"product-category col\" >\n            <div class=\"col-inner\">\n              <a aria-label=\"Voir la cat\u00e9gorie de produit Aceites de oliva premium\" href=\"https:\/\/iber.market\/fr\/product-category\/gourmet-despagne\/aceites-de-oliva-premium\/\">                <div class=\"box box-category has-hover box-badge hover-dark \">\n                <div class=\"box-image\" style=\"border-radius:10%;\">\n                  <div class=\"\" >\n                  <img loading=\"lazy\" decoding=\"async\" src=\"https:\/\/iber.market\/wp-content\/uploads\/2025\/08\/ChatGPT-Image-18-ago-2025-03_13_17-300x300.png\" alt=\"Aceites de oliva premium\" width=\"300\" height=\"300\" \/>                  <div class=\"overlay\" style=\"background-color: rgba(229, 229, 229, 0)\"><\/div>                                    <\/div>\n                <\/div>\n                <div class=\"box-text text-center\" style=\"background-color:rgba(250, 197, 0, 0.878);\">\n                  <div class=\"box-text-inner\">\n                      <h5 class=\"uppercase header-title\">\n                              Aceites de oliva premium                      <\/h5>\n                                            <p class=\"is-xsmall uppercase count \">\n\t                      11 Produits                      <\/p>\n                                            \n                  <\/div>\n                <\/div>\n                <\/div>\n            <\/a>            <\/div>\n            <\/div><div class=\"product-category col\" >\n            <div class=\"col-inner\">\n              <a aria-label=\"Voir la cat\u00e9gorie de produit Vinos\" href=\"https:\/\/iber.market\/fr\/product-category\/bodega-y-licores\/vinos\/\">                <div class=\"box box-category has-hover box-badge hover-dark \">\n                <div class=\"box-image\" style=\"border-radius:10%;\">\n                  <div class=\"\" >\n                  <img loading=\"lazy\" decoding=\"async\" src=\"https:\/\/iber.market\/wp-content\/uploads\/2025\/08\/ChatGPT-Image-18-ago-2025-02_52_04-300x300.png\" alt=\"Vinos\" width=\"300\" height=\"300\" \/>                  <div class=\"overlay\" style=\"background-color: rgba(229, 229, 229, 0)\"><\/div>                                    <\/div>\n                <\/div>\n                <div class=\"box-text text-center\" style=\"background-color:rgba(250, 197, 0, 0.878);\">\n                  <div class=\"box-text-inner\">\n                      <h5 class=\"uppercase header-title\">\n                              Vinos                      <\/h5>\n                                            <p class=\"is-xsmall uppercase count \">\n\t                      61 Produits                      <\/p>\n                                            \n                  <\/div>\n                <\/div>\n                <\/div>\n            <\/a>            <\/div>\n            <\/div><div class=\"product-category col\" >\n            <div class=\"col-inner\">\n              <a aria-label=\"Voir la cat\u00e9gorie de produit Licores Espa\u00f1oles\" href=\"https:\/\/iber.market\/fr\/product-category\/bodega-y-licores\/liqueurs-espagnoles-en-europe\/\">                <div class=\"box box-category has-hover box-badge hover-dark \">\n                <div class=\"box-image\" style=\"border-radius:10%;\">\n                  <div class=\"\" >\n                  <img loading=\"lazy\" decoding=\"async\" src=\"https:\/\/iber.market\/wp-content\/uploads\/2025\/10\/ChatGPT-Image-20-oct-2025-21_43_41-300x300.png\" alt=\"Licores Espa\u00f1oles\" width=\"300\" height=\"300\" \/>                  <div class=\"overlay\" style=\"background-color: rgba(229, 229, 229, 0)\"><\/div>                                    <\/div>\n                <\/div>\n                <div class=\"box-text text-center\" style=\"background-color:rgba(250, 197, 0, 0.878);\">\n                  <div class=\"box-text-inner\">\n                      <h5 class=\"uppercase header-title\">\n                              Licores Espa\u00f1oles                      <\/h5>\n                                            <p class=\"is-xsmall uppercase count \">\n\t                      47 Produits                      <\/p>\n                                            \n                  <\/div>\n                <\/div>\n                <\/div>\n            <\/a>            <\/div>\n            <\/div><\/div>\n\n\t\n  \n    <div class=\"row  equalize-box large-columns-5 medium-columns-3 small-columns-2 row-small row-full-width slider row-slider slider-nav-reveal slider-nav-push\"  data-flickity-options='{&quot;imagesLoaded&quot;: true, &quot;groupCells&quot;: &quot;100%&quot;, &quot;dragThreshold&quot; : 5, &quot;cellAlign&quot;: &quot;left&quot;,&quot;wrapAround&quot;: true,&quot;prevNextButtons&quot;: true,&quot;percentPosition&quot;: true,&quot;pageDots&quot;: false, &quot;rightToLeft&quot;: false, &quot;autoPlay&quot; : 3000}' >\n\n  \n\t     <div class=\"product-small col has-hover product type-product post-193709 status-publish first instock product_cat-jamon-y-embutidos-selectos has-post-thumbnail taxable shipping-taxable purchasable product-type-simple\">\n\t<div class=\"col-inner\">\n\t\n<div class=\"badge-container absolute left top z-1\">\n\n<\/div>\n\t<div class=\"product-small box \">\n\t\t<div class=\"box-image\">\n\t\t\t<div class=\"image-none\">\n\t\t\t\t<a href=\"https:\/\/iber.market\/fr\/product\/jamon-de-bellota-iberico-50-la-hacienda-del-iberico\/\" aria-label=\"Jam\u00f3n de bellota ib\u00e9rico 50% La Hacienda del Ib\u00e9rico\">\n\t\t\t\t\t<img loading=\"lazy\" decoding=\"async\" width=\"300\" height=\"300\" src=\"https:\/\/hacendado.iber.market\/wp-content\/uploads\/2026\/02\/d594adf3a666ff29df9e1d3e5e4bad8d-scaled.jpg\" class=\"attachment-woocommerce_thumbnail size-woocommerce_thumbnail\" alt=\"Jam\u00f3n de bellota ib\u00e9rico 50% La Hacienda del Ib\u00e9rico\" data-src=\"https:\/\/hacendado.iber.market\/wp-content\/uploads\/2026\/02\/d594adf3a666ff29df9e1d3e5e4bad8d-scaled.jpg\" data-large_image=\"https:\/\/hacendado.iber.market\/wp-content\/uploads\/2026\/02\/d594adf3a666ff29df9e1d3e5e4bad8d-scaled.jpg\" \/>\t\t\t\t<\/a>\n\t\t\t<\/div>\n\t\t\t<div class=\"image-tools is-small top right show-on-hover\">\n\t\t\t\t\t\t\t<\/div>\n\t\t\t<div class=\"image-tools is-small hide-for-small bottom left show-on-hover\">\n\t\t\t\t\t\t\t<\/div>\n\t\t\t<div class=\"image-tools grid-tools text-center hide-for-small bottom hover-slide-in show-on-hover\">\n\t\t\t\t\t\t\t<\/div>\n\t\t\t\t\t<\/div>\n\n\t\t<div class=\"box-text box-text-products\">\n\t\t\t<div class=\"title-wrapper\">\t\t<p class=\"category uppercase is-smaller no-text-overflow product-cat op-7\">\n\t\t\tJam\u00f3n y embutidos selectos\t\t<\/p>\n\t<p class=\"name product-title woocommerce-loop-product__title\"><a href=\"https:\/\/iber.market\/fr\/product\/jamon-de-bellota-iberico-50-la-hacienda-del-iberico\/\" class=\"woocommerce-LoopProduct-link woocommerce-loop-product__link\">Jam\u00f3n de bellota ib\u00e9rico 50% La Hacienda del Ib\u00e9rico<\/a><\/p><\/div><div class=\"price-wrapper\">\n\t<span class=\"price\"><span class=\"woocommerce-Price-amount amount\"><bdi>538,20&nbsp;<span class=\"woocommerce-Price-currencySymbol\">&euro;<\/span><\/bdi><\/span> <small class=\"woocommerce-price-suffix\">Precio final<\/small><\/span>\n<\/div><div class=\"add-to-cart-button\"><a href=\"\/fr\/wp-json\/wp\/v2\/pages\/369?add-to-cart=193709\" aria-describedby=\"woocommerce_loop_add_to_cart_link_describedby_193709\" data-quantity=\"1\" class=\"primary is-small mb-0 button product_type_simple add_to_cart_button ajax_add_to_cart is-outline\" data-product_id=\"193709\" data-product_sku=\"58286\" aria-label=\"Ajouter au panier : &quot;Jam\u00f3n de bellota ib\u00e9rico 50% La Hacienda del Ib\u00e9rico&quot;\" rel=\"nofollow\" data-success_message=\"&quot;Jam\u00f3n de bellota ib\u00e9rico 50% La Hacienda del Ib\u00e9rico&quot; a \u00e9t\u00e9 ajout\u00e9 \u00e0 votre panier\" role=\"button\">Ajouter au panier<\/a><\/div>\t<span id=\"woocommerce_loop_add_to_cart_link_describedby_193709\" class=\"screen-reader-text\">\n\t\t\t<\/span>\n\t\t<\/div>\n\t<\/div>\n\t\t<\/div>\n<\/div><div class=\"product-small col has-hover product type-product post-193900 status-publish instock product_cat-quesos-curados-y-de-autor has-post-thumbnail taxable shipping-taxable purchasable product-type-simple\">\n\t<div class=\"col-inner\">\n\t\n<div class=\"badge-container absolute left top z-1\">\n\n<\/div>\n\t<div class=\"product-small box \">\n\t\t<div class=\"box-image\">\n\t\t\t<div class=\"image-none\">\n\t\t\t\t<a href=\"https:\/\/iber.market\/fr\/product\/queso-semicurado-mezcla-hacendado\/\" aria-label=\"Queso semicurado mezcla Hacendado\">\n\t\t\t\t\t<img loading=\"lazy\" decoding=\"async\" width=\"300\" height=\"300\" src=\"https:\/\/hacendado.iber.market\/wp-content\/uploads\/2026\/02\/15998e3937eafce26125047dde97e3ad-scaled.jpg\" class=\"attachment-woocommerce_thumbnail size-woocommerce_thumbnail\" alt=\"Queso semicurado mezcla Hacendado\" data-src=\"https:\/\/hacendado.iber.market\/wp-content\/uploads\/2026\/02\/15998e3937eafce26125047dde97e3ad-scaled.jpg\" data-large_image=\"https:\/\/hacendado.iber.market\/wp-content\/uploads\/2026\/02\/15998e3937eafce26125047dde97e3ad-scaled.jpg\" \/>\t\t\t\t<\/a>\n\t\t\t<\/div>\n\t\t\t<div class=\"image-tools is-small top right show-on-hover\">\n\t\t\t\t\t\t\t<\/div>\n\t\t\t<div class=\"image-tools is-small hide-for-small bottom left show-on-hover\">\n\t\t\t\t\t\t\t<\/div>\n\t\t\t<div class=\"image-tools grid-tools text-center hide-for-small bottom hover-slide-in show-on-hover\">\n\t\t\t\t\t\t\t<\/div>\n\t\t\t\t\t<\/div>\n\n\t\t<div class=\"box-text box-text-products\">\n\t\t\t<div class=\"title-wrapper\">\t\t<p class=\"category uppercase is-smaller no-text-overflow product-cat op-7\">\n\t\t\tQuesos curados y de autor\t\t<\/p>\n\t<p class=\"name product-title woocommerce-loop-product__title\"><a href=\"https:\/\/iber.market\/fr\/product\/queso-semicurado-mezcla-hacendado\/\" class=\"woocommerce-LoopProduct-link woocommerce-loop-product__link\">Queso semicurado mezcla Hacendado<\/a><\/p><\/div><div class=\"price-wrapper\">\n\t<span class=\"price\"><span class=\"woocommerce-Price-amount amount\"><bdi>9,11&nbsp;<span class=\"woocommerce-Price-currencySymbol\">&euro;<\/span><\/bdi><\/span> <small class=\"woocommerce-price-suffix\">Precio final<\/small><\/span>\n<\/div><div class=\"add-to-cart-button\"><a href=\"\/fr\/wp-json\/wp\/v2\/pages\/369?add-to-cart=193900\" aria-describedby=\"woocommerce_loop_add_to_cart_link_describedby_193900\" data-quantity=\"1\" class=\"primary is-small mb-0 button product_type_simple add_to_cart_button ajax_add_to_cart is-outline\" data-product_id=\"193900\" data-product_sku=\"50943\" aria-label=\"Ajouter au panier : &quot;Queso semicurado mezcla Hacendado&quot;\" rel=\"nofollow\" data-success_message=\"&quot;Queso semicurado mezcla Hacendado&quot; a \u00e9t\u00e9 ajout\u00e9 \u00e0 votre panier\" role=\"button\">Ajouter au panier<\/a><\/div>\t<span id=\"woocommerce_loop_add_to_cart_link_describedby_193900\" class=\"screen-reader-text\">\n\t\t\t<\/span>\n\t\t<\/div>\n\t<\/div>\n\t\t<\/div>\n<\/div><div class=\"product-small col has-hover product type-product post-193702 status-publish instock product_cat-jamon-y-embutidos-selectos has-post-thumbnail taxable shipping-taxable purchasable product-type-simple\">\n\t<div class=\"col-inner\">\n\t\n<div class=\"badge-container absolute left top z-1\">\n\n<\/div>\n\t<div class=\"product-small box \">\n\t\t<div class=\"box-image\">\n\t\t\t<div class=\"image-none\">\n\t\t\t\t<a href=\"https:\/\/iber.market\/fr\/product\/paleta-de-cerdo-curada-incarlopsa\/\" aria-label=\"Paleta de cerdo curada Incarlopsa\">\n\t\t\t\t\t<img loading=\"lazy\" decoding=\"async\" width=\"300\" height=\"300\" src=\"https:\/\/hacendado.iber.market\/wp-content\/uploads\/2026\/02\/59521cd2b7bc79c720a50b0990ee5eb4-scaled.jpg\" class=\"attachment-woocommerce_thumbnail size-woocommerce_thumbnail\" alt=\"Paleta de cerdo curada Incarlopsa\" data-src=\"https:\/\/hacendado.iber.market\/wp-content\/uploads\/2026\/02\/59521cd2b7bc79c720a50b0990ee5eb4-scaled.jpg\" data-large_image=\"https:\/\/hacendado.iber.market\/wp-content\/uploads\/2026\/02\/59521cd2b7bc79c720a50b0990ee5eb4-scaled.jpg\" \/>\t\t\t\t<\/a>\n\t\t\t<\/div>\n\t\t\t<div class=\"image-tools is-small top right show-on-hover\">\n\t\t\t\t\t\t\t<\/div>\n\t\t\t<div class=\"image-tools is-small hide-for-small bottom left show-on-hover\">\n\t\t\t\t\t\t\t<\/div>\n\t\t\t<div class=\"image-tools grid-tools text-center hide-for-small bottom hover-slide-in show-on-hover\">\n\t\t\t\t\t\t\t<\/div>\n\t\t\t\t\t<\/div>\n\n\t\t<div class=\"box-text box-text-products\">\n\t\t\t<div class=\"title-wrapper\">\t\t<p class=\"category uppercase is-smaller no-text-overflow product-cat op-7\">\n\t\t\tJam\u00f3n y embutidos selectos\t\t<\/p>\n\t<p class=\"name product-title woocommerce-loop-product__title\"><a href=\"https:\/\/iber.market\/fr\/product\/paleta-de-cerdo-curada-incarlopsa\/\" class=\"woocommerce-LoopProduct-link woocommerce-loop-product__link\">Paleta de cerdo curada Incarlopsa<\/a><\/p><\/div><div class=\"price-wrapper\">\n\t<span class=\"price\"><span class=\"woocommerce-Price-amount amount\"><bdi>63,00&nbsp;<span class=\"woocommerce-Price-currencySymbol\">&euro;<\/span><\/bdi><\/span> <small class=\"woocommerce-price-suffix\">Precio final<\/small><\/span>\n<\/div><div class=\"add-to-cart-button\"><a href=\"\/fr\/wp-json\/wp\/v2\/pages\/369?add-to-cart=193702\" aria-describedby=\"woocommerce_loop_add_to_cart_link_describedby_193702\" data-quantity=\"1\" class=\"primary is-small mb-0 button product_type_simple add_to_cart_button ajax_add_to_cart is-outline\" data-product_id=\"193702\" data-product_sku=\"58712\" aria-label=\"Ajouter au panier : &quot;Paleta de cerdo curada Incarlopsa&quot;\" rel=\"nofollow\" data-success_message=\"&quot;Paleta de cerdo curada Incarlopsa&quot; a \u00e9t\u00e9 ajout\u00e9 \u00e0 votre panier\" role=\"button\">Ajouter au panier<\/a><\/div>\t<span id=\"woocommerce_loop_add_to_cart_link_describedby_193702\" class=\"screen-reader-text\">\n\t\t\t<\/span>\n\t\t<\/div>\n\t<\/div>\n\t\t<\/div>\n<\/div><div class=\"product-small col has-hover product type-product post-193792 status-publish last instock product_cat-jamon-y-embutidos-selectos has-post-thumbnail taxable shipping-taxable purchasable product-type-simple\">\n\t<div class=\"col-inner\">\n\t\n<div class=\"badge-container absolute left top z-1\">\n\n<\/div>\n\t<div class=\"product-small box \">\n\t\t<div class=\"box-image\">\n\t\t\t<div class=\"image-none\">\n\t\t\t\t<a href=\"https:\/\/iber.market\/fr\/product\/butifarra-negra-hacendado\/\" aria-label=\"Butifarra negra Hacendado\">\n\t\t\t\t\t<img loading=\"lazy\" decoding=\"async\" width=\"300\" height=\"300\" src=\"https:\/\/hacendado.iber.market\/wp-content\/uploads\/2026\/02\/6afe88ab83a9422174b7d0e5232ce66d-scaled.jpg\" class=\"attachment-woocommerce_thumbnail size-woocommerce_thumbnail\" alt=\"Butifarra negra Hacendado\" data-src=\"https:\/\/hacendado.iber.market\/wp-content\/uploads\/2026\/02\/6afe88ab83a9422174b7d0e5232ce66d-scaled.jpg\" data-large_image=\"https:\/\/hacendado.iber.market\/wp-content\/uploads\/2026\/02\/6afe88ab83a9422174b7d0e5232ce66d-scaled.jpg\" \/>\t\t\t\t<\/a>\n\t\t\t<\/div>\n\t\t\t<div class=\"image-tools is-small top right show-on-hover\">\n\t\t\t\t\t\t\t<\/div>\n\t\t\t<div class=\"image-tools is-small hide-for-small bottom left show-on-hover\">\n\t\t\t\t\t\t\t<\/div>\n\t\t\t<div class=\"image-tools grid-tools text-center hide-for-small bottom hover-slide-in show-on-hover\">\n\t\t\t\t\t\t\t<\/div>\n\t\t\t\t\t<\/div>\n\n\t\t<div class=\"box-text box-text-products\">\n\t\t\t<div class=\"title-wrapper\">\t\t<p class=\"category uppercase is-smaller no-text-overflow product-cat op-7\">\n\t\t\tJam\u00f3n y embutidos selectos\t\t<\/p>\n\t<p class=\"name product-title woocommerce-loop-product__title\"><a href=\"https:\/\/iber.market\/fr\/product\/butifarra-negra-hacendado\/\" class=\"woocommerce-LoopProduct-link woocommerce-loop-product__link\">Butifarra negra Hacendado<\/a><\/p><\/div><div class=\"price-wrapper\">\n\t<span class=\"price\"><span class=\"woocommerce-Price-amount amount\"><bdi>5,19&nbsp;<span class=\"woocommerce-Price-currencySymbol\">&euro;<\/span><\/bdi><\/span> <small class=\"woocommerce-price-suffix\">Precio final<\/small><\/span>\n<\/div><div class=\"add-to-cart-button\"><a href=\"\/fr\/wp-json\/wp\/v2\/pages\/369?add-to-cart=193792\" aria-describedby=\"woocommerce_loop_add_to_cart_link_describedby_193792\" data-quantity=\"1\" class=\"primary is-small mb-0 button product_type_simple add_to_cart_button ajax_add_to_cart is-outline\" data-product_id=\"193792\" data-product_sku=\"56032\" aria-label=\"Ajouter au panier : &quot;Butifarra negra Hacendado&quot;\" rel=\"nofollow\" data-success_message=\"&quot;Butifarra negra Hacendado&quot; a \u00e9t\u00e9 ajout\u00e9 \u00e0 votre panier\" role=\"button\">Ajouter au panier<\/a><\/div>\t<span id=\"woocommerce_loop_add_to_cart_link_describedby_193792\" class=\"screen-reader-text\">\n\t\t\t<\/span>\n\t\t<\/div>\n\t<\/div>\n\t\t<\/div>\n<\/div><div class=\"product-small col has-hover product type-product post-193956 status-publish first instock product_cat-quesos-curados-y-de-autor has-post-thumbnail taxable shipping-taxable purchasable product-type-simple\">\n\t<div class=\"col-inner\">\n\t\n<div class=\"badge-container absolute left top z-1\">\n\n<\/div>\n\t<div class=\"product-small box \">\n\t\t<div class=\"box-image\">\n\t\t\t<div class=\"image-none\">\n\t\t\t\t<a href=\"https:\/\/iber.market\/fr\/product\/queso-curado-y-cheddar-hacendado-en-dados\/\" aria-label=\"Queso curado y cheddar Hacendado en dados\">\n\t\t\t\t\t<img loading=\"lazy\" decoding=\"async\" width=\"300\" height=\"300\" src=\"https:\/\/hacendado.iber.market\/wp-content\/uploads\/2026\/02\/7219aeaaf255a484b871a06e9bbe1f85-scaled.jpg\" class=\"attachment-woocommerce_thumbnail size-woocommerce_thumbnail\" alt=\"Queso curado y cheddar Hacendado en dados\" data-src=\"https:\/\/hacendado.iber.market\/wp-content\/uploads\/2026\/02\/7219aeaaf255a484b871a06e9bbe1f85-scaled.jpg\" data-large_image=\"https:\/\/hacendado.iber.market\/wp-content\/uploads\/2026\/02\/7219aeaaf255a484b871a06e9bbe1f85-scaled.jpg\" \/>\t\t\t\t<\/a>\n\t\t\t<\/div>\n\t\t\t<div class=\"image-tools is-small top right show-on-hover\">\n\t\t\t\t\t\t\t<\/div>\n\t\t\t<div class=\"image-tools is-small hide-for-small bottom left show-on-hover\">\n\t\t\t\t\t\t\t<\/div>\n\t\t\t<div class=\"image-tools grid-tools text-center hide-for-small bottom hover-slide-in show-on-hover\">\n\t\t\t\t\t\t\t<\/div>\n\t\t\t\t\t<\/div>\n\n\t\t<div class=\"box-text box-text-products\">\n\t\t\t<div class=\"title-wrapper\">\t\t<p class=\"category uppercase is-smaller no-text-overflow product-cat op-7\">\n\t\t\tQuesos curados y de autor\t\t<\/p>\n\t<p class=\"name product-title woocommerce-loop-product__title\"><a href=\"https:\/\/iber.market\/fr\/product\/queso-curado-y-cheddar-hacendado-en-dados\/\" class=\"woocommerce-LoopProduct-link woocommerce-loop-product__link\">Queso curado y cheddar Hacendado en dados<\/a><\/p><\/div><div class=\"price-wrapper\">\n\t<span class=\"price\"><span class=\"woocommerce-Price-amount amount\"><bdi>2,53&nbsp;<span class=\"woocommerce-Price-currencySymbol\">&euro;<\/span><\/bdi><\/span> <small class=\"woocommerce-price-suffix\">Precio final<\/small><\/span>\n<\/div><div class=\"add-to-cart-button\"><a href=\"\/fr\/wp-json\/wp\/v2\/pages\/369?add-to-cart=193956\" aria-describedby=\"woocommerce_loop_add_to_cart_link_describedby_193956\" data-quantity=\"1\" class=\"primary is-small mb-0 button product_type_simple add_to_cart_button ajax_add_to_cart is-outline\" data-product_id=\"193956\" data-product_sku=\"51111\" aria-label=\"Ajouter au panier : &quot;Queso curado y cheddar Hacendado en dados&quot;\" rel=\"nofollow\" data-success_message=\"&quot;Queso curado y cheddar Hacendado en dados&quot; a \u00e9t\u00e9 ajout\u00e9 \u00e0 votre panier\" role=\"button\">Ajouter au panier<\/a><\/div>\t<span id=\"woocommerce_loop_add_to_cart_link_describedby_193956\" class=\"screen-reader-text\">\n\t\t\t<\/span>\n\t\t<\/div>\n\t<\/div>\n\t\t<\/div>\n<\/div><div class=\"product-small col has-hover product type-product post-193864 status-publish instock product_cat-jamon-y-embutidos-selectos has-post-thumbnail taxable shipping-taxable purchasable product-type-simple\">\n\t<div class=\"col-inner\">\n\t\n<div class=\"badge-container absolute left top z-1\">\n\n<\/div>\n\t<div class=\"product-small box \">\n\t\t<div class=\"box-image\">\n\t\t\t<div class=\"image-none\">\n\t\t\t\t<a href=\"https:\/\/iber.market\/fr\/product\/chorizo-picante-extra-hacendado\/\" aria-label=\"Chorizo picante extra Hacendado\">\n\t\t\t\t\t<img loading=\"lazy\" decoding=\"async\" width=\"300\" height=\"300\" src=\"https:\/\/hacendado.iber.market\/wp-content\/uploads\/2026\/02\/cad7876f3efdee02d2a54ff0e5eea423-scaled.jpg\" class=\"attachment-woocommerce_thumbnail size-woocommerce_thumbnail\" alt=\"Chorizo picante extra Hacendado\" data-src=\"https:\/\/hacendado.iber.market\/wp-content\/uploads\/2026\/02\/cad7876f3efdee02d2a54ff0e5eea423-scaled.jpg\" data-large_image=\"https:\/\/hacendado.iber.market\/wp-content\/uploads\/2026\/02\/cad7876f3efdee02d2a54ff0e5eea423-scaled.jpg\" \/>\t\t\t\t<\/a>\n\t\t\t<\/div>\n\t\t\t<div class=\"image-tools is-small top right show-on-hover\">\n\t\t\t\t\t\t\t<\/div>\n\t\t\t<div class=\"image-tools is-small hide-for-small bottom left show-on-hover\">\n\t\t\t\t\t\t\t<\/div>\n\t\t\t<div class=\"image-tools grid-tools text-center hide-for-small bottom hover-slide-in show-on-hover\">\n\t\t\t\t\t\t\t<\/div>\n\t\t\t\t\t<\/div>\n\n\t\t<div class=\"box-text box-text-products\">\n\t\t\t<div class=\"title-wrapper\">\t\t<p class=\"category uppercase is-smaller no-text-overflow product-cat op-7\">\n\t\t\tJam\u00f3n y embutidos selectos\t\t<\/p>\n\t<p class=\"name product-title woocommerce-loop-product__title\"><a href=\"https:\/\/iber.market\/fr\/product\/chorizo-picante-extra-hacendado\/\" class=\"woocommerce-LoopProduct-link woocommerce-loop-product__link\">Chorizo picante extra Hacendado<\/a><\/p><\/div><div class=\"price-wrapper\">\n\t<span class=\"price\"><span class=\"woocommerce-Price-amount amount\"><bdi>5,48&nbsp;<span class=\"woocommerce-Price-currencySymbol\">&euro;<\/span><\/bdi><\/span> <small class=\"woocommerce-price-suffix\">Precio final<\/small><\/span>\n<\/div><div class=\"add-to-cart-button\"><a href=\"\/fr\/wp-json\/wp\/v2\/pages\/369?add-to-cart=193864\" aria-describedby=\"woocommerce_loop_add_to_cart_link_describedby_193864\" data-quantity=\"1\" class=\"primary is-small mb-0 button product_type_simple add_to_cart_button ajax_add_to_cart is-outline\" data-product_id=\"193864\" data-product_sku=\"54210\" aria-label=\"Ajouter au panier : &quot;Chorizo picante extra Hacendado&quot;\" rel=\"nofollow\" data-success_message=\"&quot;Chorizo picante extra Hacendado&quot; a \u00e9t\u00e9 ajout\u00e9 \u00e0 votre panier\" role=\"button\">Ajouter au panier<\/a><\/div>\t<span id=\"woocommerce_loop_add_to_cart_link_describedby_193864\" class=\"screen-reader-text\">\n\t\t\t<\/span>\n\t\t<\/div>\n\t<\/div>\n\t\t<\/div>\n<\/div><div class=\"product-small col has-hover product type-product post-193732 status-publish instock product_cat-jamon-y-embutidos-selectos has-post-thumbnail taxable shipping-taxable purchasable product-type-simple\">\n\t<div class=\"col-inner\">\n\t\n<div class=\"badge-container absolute left top z-1\">\n\n<\/div>\n\t<div class=\"product-small box \">\n\t\t<div class=\"box-image\">\n\t\t\t<div class=\"image-none\">\n\t\t\t\t<a href=\"https:\/\/iber.market\/fr\/product\/cecina-ahumada-natural-embutidos-pajariel-lonchas-2\/\" aria-label=\"Cecina ahumada natural Embutidos Pajariel lonchas\">\n\t\t\t\t\t<img loading=\"lazy\" decoding=\"async\" width=\"300\" height=\"300\" src=\"https:\/\/hacendado.iber.market\/wp-content\/uploads\/2026\/02\/9fafaca032855566b0a01a80b88fba09-scaled.jpg\" class=\"attachment-woocommerce_thumbnail size-woocommerce_thumbnail\" alt=\"Cecina ahumada natural Embutidos Pajariel lonchas\" data-src=\"https:\/\/hacendado.iber.market\/wp-content\/uploads\/2026\/02\/9fafaca032855566b0a01a80b88fba09-scaled.jpg\" data-large_image=\"https:\/\/hacendado.iber.market\/wp-content\/uploads\/2026\/02\/9fafaca032855566b0a01a80b88fba09-scaled.jpg\" \/>\t\t\t\t<\/a>\n\t\t\t<\/div>\n\t\t\t<div class=\"image-tools is-small top right show-on-hover\">\n\t\t\t\t\t\t\t<\/div>\n\t\t\t<div class=\"image-tools is-small hide-for-small bottom left show-on-hover\">\n\t\t\t\t\t\t\t<\/div>\n\t\t\t<div class=\"image-tools grid-tools text-center hide-for-small bottom hover-slide-in show-on-hover\">\n\t\t\t\t\t\t\t<\/div>\n\t\t\t\t\t<\/div>\n\n\t\t<div class=\"box-text box-text-products\">\n\t\t\t<div class=\"title-wrapper\">\t\t<p class=\"category uppercase is-smaller no-text-overflow product-cat op-7\">\n\t\t\tJam\u00f3n y embutidos selectos\t\t<\/p>\n\t<p class=\"name product-title woocommerce-loop-product__title\"><a href=\"https:\/\/iber.market\/fr\/product\/cecina-ahumada-natural-embutidos-pajariel-lonchas-2\/\" class=\"woocommerce-LoopProduct-link woocommerce-loop-product__link\">Cecina ahumada natural Embutidos Pajariel lonchas<\/a><\/p><\/div><div class=\"price-wrapper\">\n\t<span class=\"price\"><span class=\"woocommerce-Price-amount amount\"><bdi>9,24&nbsp;<span class=\"woocommerce-Price-currencySymbol\">&euro;<\/span><\/bdi><\/span> <small class=\"woocommerce-price-suffix\">Precio final<\/small><\/span>\n<\/div><div class=\"add-to-cart-button\"><a href=\"\/fr\/wp-json\/wp\/v2\/pages\/369?add-to-cart=193732\" aria-describedby=\"woocommerce_loop_add_to_cart_link_describedby_193732\" data-quantity=\"1\" class=\"primary is-small mb-0 button product_type_simple add_to_cart_button ajax_add_to_cart is-outline\" data-product_id=\"193732\" data-product_sku=\"59101\" aria-label=\"Ajouter au panier : &quot;Cecina ahumada natural Embutidos Pajariel lonchas&quot;\" rel=\"nofollow\" data-success_message=\"&quot;Cecina ahumada natural Embutidos Pajariel lonchas&quot; a \u00e9t\u00e9 ajout\u00e9 \u00e0 votre panier\" role=\"button\">Ajouter au panier<\/a><\/div>\t<span id=\"woocommerce_loop_add_to_cart_link_describedby_193732\" class=\"screen-reader-text\">\n\t\t\t<\/span>\n\t\t<\/div>\n\t<\/div>\n\t\t<\/div>\n<\/div><div class=\"product-small col has-hover product type-product post-193663 status-publish last instock product_cat-jamon-y-embutidos-selectos has-post-thumbnail taxable shipping-taxable purchasable product-type-simple\">\n\t<div class=\"col-inner\">\n\t\n<div class=\"badge-container absolute left top z-1\">\n\n<\/div>\n\t<div class=\"product-small box \">\n\t\t<div class=\"box-image\">\n\t\t\t<div class=\"image-none\">\n\t\t\t\t<a href=\"https:\/\/iber.market\/fr\/product\/pate-de-cerdo-y-pollo-con-trufa-y-arandanos-hacendado\/\" aria-label=\"Pat\u00e9 de cerdo y pollo con trufa y ar\u00e1ndanos Hacendado\">\n\t\t\t\t\t<img loading=\"lazy\" decoding=\"async\" width=\"300\" height=\"300\" src=\"https:\/\/hacendado.iber.market\/wp-content\/uploads\/2026\/02\/a934d649a0d255eed26810f4804eb6d9-scaled.jpg\" class=\"attachment-woocommerce_thumbnail size-woocommerce_thumbnail\" alt=\"Pat\u00e9 de cerdo y pollo con trufa y ar\u00e1ndanos Hacendado\" data-src=\"https:\/\/hacendado.iber.market\/wp-content\/uploads\/2026\/02\/a934d649a0d255eed26810f4804eb6d9-scaled.jpg\" data-large_image=\"https:\/\/hacendado.iber.market\/wp-content\/uploads\/2026\/02\/a934d649a0d255eed26810f4804eb6d9-scaled.jpg\" \/>\t\t\t\t<\/a>\n\t\t\t<\/div>\n\t\t\t<div class=\"image-tools is-small top right show-on-hover\">\n\t\t\t\t\t\t\t<\/div>\n\t\t\t<div class=\"image-tools is-small hide-for-small bottom left show-on-hover\">\n\t\t\t\t\t\t\t<\/div>\n\t\t\t<div class=\"image-tools grid-tools text-center hide-for-small bottom hover-slide-in show-on-hover\">\n\t\t\t\t\t\t\t<\/div>\n\t\t\t\t\t<\/div>\n\n\t\t<div class=\"box-text box-text-products\">\n\t\t\t<div class=\"title-wrapper\">\t\t<p class=\"category uppercase is-smaller no-text-overflow product-cat op-7\">\n\t\t\tJam\u00f3n y embutidos selectos\t\t<\/p>\n\t<p class=\"name product-title woocommerce-loop-product__title\"><a href=\"https:\/\/iber.market\/fr\/product\/pate-de-cerdo-y-pollo-con-trufa-y-arandanos-hacendado\/\" class=\"woocommerce-LoopProduct-link woocommerce-loop-product__link\">Pat\u00e9 de cerdo y pollo con trufa y ar\u00e1ndanos Hacendado<\/a><\/p><\/div><div class=\"price-wrapper\">\n\t<span class=\"price\"><span class=\"woocommerce-Price-amount amount\"><bdi>4,07&nbsp;<span class=\"woocommerce-Price-currencySymbol\">&euro;<\/span><\/bdi><\/span> <small class=\"woocommerce-price-suffix\">Precio final<\/small><\/span>\n<\/div><div class=\"add-to-cart-button\"><a href=\"\/fr\/wp-json\/wp\/v2\/pages\/369?add-to-cart=193663\" aria-describedby=\"woocommerce_loop_add_to_cart_link_describedby_193663\" data-quantity=\"1\" class=\"primary is-small mb-0 button product_type_simple add_to_cart_button ajax_add_to_cart is-outline\" data-product_id=\"193663\" data-product_sku=\"52157\" aria-label=\"Ajouter au panier : &quot;Pat\u00e9 de cerdo y pollo con trufa y ar\u00e1ndanos Hacendado&quot;\" rel=\"nofollow\" data-success_message=\"&quot;Pat\u00e9 de cerdo y pollo con trufa y ar\u00e1ndanos Hacendado&quot; a \u00e9t\u00e9 ajout\u00e9 \u00e0 votre panier\" role=\"button\">Ajouter au panier<\/a><\/div>\t<span id=\"woocommerce_loop_add_to_cart_link_describedby_193663\" class=\"screen-reader-text\">\n\t\t\t<\/span>\n\t\t<\/div>\n\t<\/div>\n\t\t<\/div>\n<\/div><\/div>\n\n<div class=\"container section-title-container\" style=\"margin-bottom:10px;\"><h4 class=\"section-title section-title-center\"><b><\/b><span class=\"section-title-main\" >productos ecologicos espa\u00f1a<\/span><b><\/b><\/h4><\/div>\n\n<div class=\"row row-full-width align-middle align-center\"  id=\"row-2055518132\">\n\n\n\t<div id=\"col-1646965046\" class=\"col medium-4 small-12 large-4\"  >\n\t\t\t\t<div class=\"col-inner text-center\"  >\n\t\t\t\n\t\t\t\n\n\t<div id=\"gap-1763572241\" class=\"gap-element clearfix\" style=\"display:block; height:auto;\">\n\t\t\n<style>\n#gap-1763572241 {\n  padding-top: 30px;\n}\n<\/style>\n\t<\/div>\n\t\n\n\t<div class=\"img has-hover x md-x lg-x y md-y lg-y\" id=\"image_1962105211\">\n\t\t\t\t\t\t\t\t<div class=\"img-inner dark\" >\n\t\t\t<img loading=\"lazy\" decoding=\"async\" width=\"941\" height=\"747\" src=\"https:\/\/iber.market\/wp-content\/uploads\/2026\/01\/supermercado-ecologico-iber.market.png\" class=\"attachment-large size-large\" alt=\"\" srcset=\"https:\/\/iber.market\/wp-content\/uploads\/2026\/01\/supermercado-ecologico-iber.market.png 941w, https:\/\/iber.market\/wp-content\/uploads\/2026\/01\/supermercado-ecologico-iber.market-300x238.png 300w, https:\/\/iber.market\/wp-content\/uploads\/2026\/01\/supermercado-ecologico-iber.market-768x610.png 768w, https:\/\/iber.market\/wp-content\/uploads\/2026\/01\/supermercado-ecologico-iber.market-15x12.png 15w, https:\/\/iber.market\/wp-content\/uploads\/2026\/01\/supermercado-ecologico-iber.market-600x476.png 600w\" sizes=\"auto, (max-width: 941px) 100vw, 941px\" \/>\t\t\t\t\t\t\n\t\t\t\t\t<\/div>\n\t\t\t\t\t\t\t\t\n<style>\n#image_1962105211 {\n  width: 80%;\n}\n<\/style>\n\t<\/div>\n\t\n\n<p>Descubre nuestros productos Ecol\u00f3gicos y Veganos espa\u00f1oles y disfr\u00fatalos en todo Europa.<\/p>\n\t\n  \n    <div class=\"row large-columns-2 medium-columns- small-columns-2 row-small slider row-slider slider-nav-reveal slider-nav-push\"  data-flickity-options='{&quot;imagesLoaded&quot;: true, &quot;groupCells&quot;: &quot;100%&quot;, &quot;dragThreshold&quot; : 5, &quot;cellAlign&quot;: &quot;left&quot;,&quot;wrapAround&quot;: true,&quot;prevNextButtons&quot;: true,&quot;percentPosition&quot;: true,&quot;pageDots&quot;: false, &quot;rightToLeft&quot;: false, &quot;autoPlay&quot; : 4000}' >\n\n  <\/div>\n\n\n\t\t<\/div>\n\t\t\t\t\t<\/div>\n\n\t\n\n\t<div id=\"col-650504668\" class=\"col medium-8 small-12 large-8\"  >\n\t\t\t\t<div class=\"col-inner text-center\"  >\n\t\t\t\n\t\t\t\n\n\t\n  \n    <div class=\"row  equalize-box large-columns-4 medium-columns-3 small-columns-2 row-small slider row-slider slider-nav-reveal slider-nav-push\"  data-flickity-options='{&quot;imagesLoaded&quot;: true, &quot;groupCells&quot;: &quot;100%&quot;, &quot;dragThreshold&quot; : 5, &quot;cellAlign&quot;: &quot;left&quot;,&quot;wrapAround&quot;: true,&quot;prevNextButtons&quot;: true,&quot;percentPosition&quot;: true,&quot;pageDots&quot;: false, &quot;rightToLeft&quot;: false, &quot;autoPlay&quot; : 4000}' >\n\n  \n\t     <div class=\"product-small col has-hover product type-product post-195023 status-publish first instock product_cat-bebidas-ecologicas has-post-thumbnail taxable shipping-taxable purchasable product-type-simple\">\n\t<div class=\"col-inner\">\n\t\n<div class=\"badge-container absolute left top z-1\">\n\n<\/div>\n\t<div class=\"product-small box \">\n\t\t<div class=\"box-image\">\n\t\t\t<div class=\"image-none\">\n\t\t\t\t<a href=\"https:\/\/iber.market\/fr\/product\/bebida-de-avena-alitey-3\/\" aria-label=\"Bebida de avena Alitey\">\n\t\t\t\t\t<img loading=\"lazy\" decoding=\"async\" width=\"300\" height=\"300\" src=\"https:\/\/hacendado.iber.market\/wp-content\/uploads\/2026\/02\/32186ccca22c37aad2a1bab07664e7a5-scaled.jpg\" class=\"attachment-woocommerce_thumbnail size-woocommerce_thumbnail\" alt=\"Bebida de avena Alitey\" data-src=\"https:\/\/hacendado.iber.market\/wp-content\/uploads\/2026\/02\/32186ccca22c37aad2a1bab07664e7a5-scaled.jpg\" data-large_image=\"https:\/\/hacendado.iber.market\/wp-content\/uploads\/2026\/02\/32186ccca22c37aad2a1bab07664e7a5-scaled.jpg\" \/>\t\t\t\t<\/a>\n\t\t\t<\/div>\n\t\t\t<div class=\"image-tools is-small top right show-on-hover\">\n\t\t\t\t\t\t\t<\/div>\n\t\t\t<div class=\"image-tools is-small hide-for-small bottom left show-on-hover\">\n\t\t\t\t\t\t\t<\/div>\n\t\t\t<div class=\"image-tools grid-tools text-center hide-for-small bottom hover-slide-in show-on-hover\">\n\t\t\t\t\t\t\t<\/div>\n\t\t\t\t\t<\/div>\n\n\t\t<div class=\"box-text box-text-products\">\n\t\t\t<div class=\"title-wrapper\"><p class=\"name product-title woocommerce-loop-product__title\"><a href=\"https:\/\/iber.market\/fr\/product\/bebida-de-avena-alitey-3\/\" class=\"woocommerce-LoopProduct-link woocommerce-loop-product__link\">Bebida de avena Alitey<\/a><\/p><\/div><div class=\"price-wrapper\">\n\t<span class=\"price\"><span class=\"woocommerce-Price-amount amount\"><bdi>11,97&nbsp;<span class=\"woocommerce-Price-currencySymbol\">&euro;<\/span><\/bdi><\/span> <small class=\"woocommerce-price-suffix\">Precio final<\/small><\/span>\n<\/div><div class=\"add-to-cart-button\"><a href=\"\/fr\/wp-json\/wp\/v2\/pages\/369?add-to-cart=195023\" aria-describedby=\"woocommerce_loop_add_to_cart_link_describedby_195023\" data-quantity=\"1\" class=\"primary is-small mb-0 button product_type_simple add_to_cart_button ajax_add_to_cart is-outline\" data-product_id=\"195023\" data-product_sku=\"23908\" aria-label=\"Ajouter au panier : &quot;Bebida de avena Alitey&quot;\" rel=\"nofollow\" data-success_message=\"&quot;Bebida de avena Alitey&quot; a \u00e9t\u00e9 ajout\u00e9 \u00e0 votre panier\" role=\"button\">Ajouter au panier<\/a><\/div>\t<span id=\"woocommerce_loop_add_to_cart_link_describedby_195023\" class=\"screen-reader-text\">\n\t\t\t<\/span>\n\t\t<\/div>\n\t<\/div>\n\t\t<\/div>\n<\/div><div class=\"product-small col has-hover product type-product post-195020 status-publish instock product_cat-bebidas-ecologicas has-post-thumbnail taxable shipping-taxable purchasable product-type-simple\">\n\t<div class=\"col-inner\">\n\t\n<div class=\"badge-container absolute left top z-1\">\n\n<\/div>\n\t<div class=\"product-small box \">\n\t\t<div class=\"box-image\">\n\t\t\t<div class=\"image-none\">\n\t\t\t\t<a href=\"https:\/\/iber.market\/fr\/product\/bebida-de-avena-alitey-2\/\" aria-label=\"Bebida de avena Alitey\">\n\t\t\t\t\t<img loading=\"lazy\" decoding=\"async\" width=\"300\" height=\"300\" src=\"https:\/\/hacendado.iber.market\/wp-content\/uploads\/2026\/02\/e252b6be7d9649959660907f85a91be8-scaled.jpg\" class=\"attachment-woocommerce_thumbnail size-woocommerce_thumbnail\" alt=\"Bebida de avena Alitey\" data-src=\"https:\/\/hacendado.iber.market\/wp-content\/uploads\/2026\/02\/e252b6be7d9649959660907f85a91be8-scaled.jpg\" data-large_image=\"https:\/\/hacendado.iber.market\/wp-content\/uploads\/2026\/02\/e252b6be7d9649959660907f85a91be8-scaled.jpg\" \/>\t\t\t\t<\/a>\n\t\t\t<\/div>\n\t\t\t<div class=\"image-tools is-small top right show-on-hover\">\n\t\t\t\t\t\t\t<\/div>\n\t\t\t<div class=\"image-tools is-small hide-for-small bottom left show-on-hover\">\n\t\t\t\t\t\t\t<\/div>\n\t\t\t<div class=\"image-tools grid-tools text-center hide-for-small bottom hover-slide-in show-on-hover\">\n\t\t\t\t\t\t\t<\/div>\n\t\t\t\t\t<\/div>\n\n\t\t<div class=\"box-text box-text-products\">\n\t\t\t<div class=\"title-wrapper\"><p class=\"name product-title woocommerce-loop-product__title\"><a href=\"https:\/\/iber.market\/fr\/product\/bebida-de-avena-alitey-2\/\" class=\"woocommerce-LoopProduct-link woocommerce-loop-product__link\">Bebida de avena Alitey<\/a><\/p><\/div><div class=\"price-wrapper\">\n\t<span class=\"price\"><span class=\"woocommerce-Price-amount amount\"><bdi>2,09&nbsp;<span class=\"woocommerce-Price-currencySymbol\">&euro;<\/span><\/bdi><\/span> <small class=\"woocommerce-price-suffix\">Precio final<\/small><\/span>\n<\/div><div class=\"add-to-cart-button\"><a href=\"\/fr\/wp-json\/wp\/v2\/pages\/369?add-to-cart=195020\" aria-describedby=\"woocommerce_loop_add_to_cart_link_describedby_195020\" data-quantity=\"1\" class=\"primary is-small mb-0 button product_type_simple add_to_cart_button ajax_add_to_cart is-outline\" data-product_id=\"195020\" data-product_sku=\"23912\" aria-label=\"Ajouter au panier : &quot;Bebida de avena Alitey&quot;\" rel=\"nofollow\" data-success_message=\"&quot;Bebida de avena Alitey&quot; a \u00e9t\u00e9 ajout\u00e9 \u00e0 votre panier\" role=\"button\">Ajouter au panier<\/a><\/div>\t<span id=\"woocommerce_loop_add_to_cart_link_describedby_195020\" class=\"screen-reader-text\">\n\t\t\t<\/span>\n\t\t<\/div>\n\t<\/div>\n\t\t<\/div>\n<\/div><div class=\"product-small col has-hover product type-product post-195017 status-publish instock product_cat-bebidas-ecologicas has-post-thumbnail taxable shipping-taxable purchasable product-type-simple\">\n\t<div class=\"col-inner\">\n\t\n<div class=\"badge-container absolute left top z-1\">\n\n<\/div>\n\t<div class=\"product-small box \">\n\t\t<div class=\"box-image\">\n\t\t\t<div class=\"image-none\">\n\t\t\t\t<a href=\"https:\/\/iber.market\/fr\/product\/bebida-de-avena-alitey\/\" aria-label=\"Bebida de avena Alitey\">\n\t\t\t\t\t<img loading=\"lazy\" decoding=\"async\" width=\"300\" height=\"300\" src=\"https:\/\/hacendado.iber.market\/wp-content\/uploads\/2026\/02\/0d7db282be8083e76a5d579dec6c9ade-scaled.jpg\" class=\"attachment-woocommerce_thumbnail size-woocommerce_thumbnail\" alt=\"Bebida de avena Alitey\" data-src=\"https:\/\/hacendado.iber.market\/wp-content\/uploads\/2026\/02\/0d7db282be8083e76a5d579dec6c9ade-scaled.jpg\" data-large_image=\"https:\/\/hacendado.iber.market\/wp-content\/uploads\/2026\/02\/0d7db282be8083e76a5d579dec6c9ade-scaled.jpg\" \/>\t\t\t\t<\/a>\n\t\t\t<\/div>\n\t\t\t<div class=\"image-tools is-small top right show-on-hover\">\n\t\t\t\t\t\t\t<\/div>\n\t\t\t<div class=\"image-tools is-small hide-for-small bottom left show-on-hover\">\n\t\t\t\t\t\t\t<\/div>\n\t\t\t<div class=\"image-tools grid-tools text-center hide-for-small bottom hover-slide-in show-on-hover\">\n\t\t\t\t\t\t\t<\/div>\n\t\t\t\t\t<\/div>\n\n\t\t<div class=\"box-text box-text-products\">\n\t\t\t<div class=\"title-wrapper\"><p class=\"name product-title woocommerce-loop-product__title\"><a href=\"https:\/\/iber.market\/fr\/product\/bebida-de-avena-alitey\/\" class=\"woocommerce-LoopProduct-link woocommerce-loop-product__link\">Bebida de avena Alitey<\/a><\/p><\/div><div class=\"price-wrapper\">\n\t<span class=\"price\"><span class=\"woocommerce-Price-amount amount\"><bdi>3,30&nbsp;<span class=\"woocommerce-Price-currencySymbol\">&euro;<\/span><\/bdi><\/span> <small class=\"woocommerce-price-suffix\">Precio final<\/small><\/span>\n<\/div><div class=\"add-to-cart-button\"><a href=\"\/fr\/wp-json\/wp\/v2\/pages\/369?add-to-cart=195017\" aria-describedby=\"woocommerce_loop_add_to_cart_link_describedby_195017\" data-quantity=\"1\" class=\"primary is-small mb-0 button product_type_simple add_to_cart_button ajax_add_to_cart is-outline\" data-product_id=\"195017\" data-product_sku=\"23046\" aria-label=\"Ajouter au panier : &quot;Bebida de avena Alitey&quot;\" rel=\"nofollow\" data-success_message=\"&quot;Bebida de avena Alitey&quot; a \u00e9t\u00e9 ajout\u00e9 \u00e0 votre panier\" role=\"button\">Ajouter au panier<\/a><\/div>\t<span id=\"woocommerce_loop_add_to_cart_link_describedby_195017\" class=\"screen-reader-text\">\n\t\t\t<\/span>\n\t\t<\/div>\n\t<\/div>\n\t\t<\/div>\n<\/div><div class=\"product-small col has-hover product type-product post-195013 status-publish last instock product_cat-bebidas-ecologicas has-post-thumbnail taxable shipping-taxable purchasable product-type-simple\">\n\t<div class=\"col-inner\">\n\t\n<div class=\"badge-container absolute left top z-1\">\n\n<\/div>\n\t<div class=\"product-small box \">\n\t\t<div class=\"box-image\">\n\t\t\t<div class=\"image-none\">\n\t\t\t\t<a href=\"https:\/\/iber.market\/fr\/product\/bebida-de-avena-con-calcio-sin-azucares-anadidos-hacendado-2\/\" aria-label=\"Bebida de avena con calcio sin az\u00facares a\u00f1adidos Hacendado\">\n\t\t\t\t\t<img loading=\"lazy\" decoding=\"async\" width=\"300\" height=\"300\" src=\"https:\/\/hacendado.iber.market\/wp-content\/uploads\/2026\/02\/83b530034c84f1327f738eee7a20e584-scaled.jpg\" class=\"attachment-woocommerce_thumbnail size-woocommerce_thumbnail\" alt=\"Bebida de avena con calcio sin az\u00facares a\u00f1adidos Hacendado\" data-src=\"https:\/\/hacendado.iber.market\/wp-content\/uploads\/2026\/02\/83b530034c84f1327f738eee7a20e584-scaled.jpg\" data-large_image=\"https:\/\/hacendado.iber.market\/wp-content\/uploads\/2026\/02\/83b530034c84f1327f738eee7a20e584-scaled.jpg\" \/>\t\t\t\t<\/a>\n\t\t\t<\/div>\n\t\t\t<div class=\"image-tools is-small top right show-on-hover\">\n\t\t\t\t\t\t\t<\/div>\n\t\t\t<div class=\"image-tools is-small hide-for-small bottom left show-on-hover\">\n\t\t\t\t\t\t\t<\/div>\n\t\t\t<div class=\"image-tools grid-tools text-center hide-for-small bottom hover-slide-in show-on-hover\">\n\t\t\t\t\t\t\t<\/div>\n\t\t\t\t\t<\/div>\n\n\t\t<div class=\"box-text box-text-products\">\n\t\t\t<div class=\"title-wrapper\"><p class=\"name product-title woocommerce-loop-product__title\"><a href=\"https:\/\/iber.market\/fr\/product\/bebida-de-avena-con-calcio-sin-azucares-anadidos-hacendado-2\/\" class=\"woocommerce-LoopProduct-link woocommerce-loop-product__link\">Bebida de avena con calcio sin az\u00facares a\u00f1adidos Hacendado<\/a><\/p><\/div><div class=\"price-wrapper\">\n\t<span class=\"price\"><span class=\"woocommerce-Price-amount amount\"><bdi>15,12&nbsp;<span class=\"woocommerce-Price-currencySymbol\">&euro;<\/span><\/bdi><\/span> <small class=\"woocommerce-price-suffix\">Precio final<\/small><\/span>\n<\/div><div class=\"add-to-cart-button\"><a href=\"\/fr\/wp-json\/wp\/v2\/pages\/369?add-to-cart=195013\" aria-describedby=\"woocommerce_loop_add_to_cart_link_describedby_195013\" data-quantity=\"1\" class=\"primary is-small mb-0 button product_type_simple add_to_cart_button ajax_add_to_cart is-outline\" data-product_id=\"195013\" data-product_sku=\"86168\" aria-label=\"Ajouter au panier : &quot;Bebida de avena con calcio sin az\u00facares a\u00f1adidos Hacendado&quot;\" rel=\"nofollow\" data-success_message=\"&quot;Bebida de avena con calcio sin az\u00facares a\u00f1adidos Hacendado&quot; a \u00e9t\u00e9 ajout\u00e9 \u00e0 votre panier\" role=\"button\">Ajouter au panier<\/a><\/div>\t<span id=\"woocommerce_loop_add_to_cart_link_describedby_195013\" class=\"screen-reader-text\">\n\t\t\t<\/span>\n\t\t<\/div>\n\t<\/div>\n\t\t<\/div>\n<\/div><div class=\"product-small col has-hover product type-product post-195010 status-publish first instock product_cat-bebidas-ecologicas has-post-thumbnail taxable shipping-taxable purchasable product-type-simple\">\n\t<div class=\"col-inner\">\n\t\n<div class=\"badge-container absolute left top z-1\">\n\n<\/div>\n\t<div class=\"product-small box \">\n\t\t<div class=\"box-image\">\n\t\t\t<div class=\"image-none\">\n\t\t\t\t<a href=\"https:\/\/iber.market\/fr\/product\/bebida-de-avena-con-calcio-sin-azucares-anadidos-hacendado\/\" aria-label=\"Bebida de avena con calcio sin az\u00facares a\u00f1adidos Hacendado\">\n\t\t\t\t\t<img loading=\"lazy\" decoding=\"async\" width=\"300\" height=\"300\" src=\"https:\/\/hacendado.iber.market\/wp-content\/uploads\/2026\/02\/6418531f9054c82e7084945ad9febc23-scaled.jpg\" class=\"attachment-woocommerce_thumbnail size-woocommerce_thumbnail\" alt=\"Bebida de avena con calcio sin az\u00facares a\u00f1adidos Hacendado\" data-src=\"https:\/\/hacendado.iber.market\/wp-content\/uploads\/2026\/02\/6418531f9054c82e7084945ad9febc23-scaled.jpg\" data-large_image=\"https:\/\/hacendado.iber.market\/wp-content\/uploads\/2026\/02\/6418531f9054c82e7084945ad9febc23-scaled.jpg\" \/>\t\t\t\t<\/a>\n\t\t\t<\/div>\n\t\t\t<div class=\"image-tools is-small top right show-on-hover\">\n\t\t\t\t\t\t\t<\/div>\n\t\t\t<div class=\"image-tools is-small hide-for-small bottom left show-on-hover\">\n\t\t\t\t\t\t\t<\/div>\n\t\t\t<div class=\"image-tools grid-tools text-center hide-for-small bottom hover-slide-in show-on-hover\">\n\t\t\t\t\t\t\t<\/div>\n\t\t\t\t\t<\/div>\n\n\t\t<div class=\"box-text box-text-products\">\n\t\t\t<div class=\"title-wrapper\"><p class=\"name product-title woocommerce-loop-product__title\"><a href=\"https:\/\/iber.market\/fr\/product\/bebida-de-avena-con-calcio-sin-azucares-anadidos-hacendado\/\" class=\"woocommerce-LoopProduct-link woocommerce-loop-product__link\">Bebida de avena con calcio sin az\u00facares a\u00f1adidos Hacendado<\/a><\/p><\/div><div class=\"price-wrapper\">\n\t<span class=\"price\"><span class=\"woocommerce-Price-amount amount\"><bdi>2,64&nbsp;<span class=\"woocommerce-Price-currencySymbol\">&euro;<\/span><\/bdi><\/span> <small class=\"woocommerce-price-suffix\">Precio final<\/small><\/span>\n<\/div><div class=\"add-to-cart-button\"><a href=\"\/fr\/wp-json\/wp\/v2\/pages\/369?add-to-cart=195010\" aria-describedby=\"woocommerce_loop_add_to_cart_link_describedby_195010\" data-quantity=\"1\" class=\"primary is-small mb-0 button product_type_simple add_to_cart_button ajax_add_to_cart is-outline\" data-product_id=\"195010\" data-product_sku=\"86167\" aria-label=\"Ajouter au panier : &quot;Bebida de avena con calcio sin az\u00facares a\u00f1adidos Hacendado&quot;\" rel=\"nofollow\" data-success_message=\"&quot;Bebida de avena con calcio sin az\u00facares a\u00f1adidos Hacendado&quot; a \u00e9t\u00e9 ajout\u00e9 \u00e0 votre panier\" role=\"button\">Ajouter au panier<\/a><\/div>\t<span id=\"woocommerce_loop_add_to_cart_link_describedby_195010\" class=\"screen-reader-text\">\n\t\t\t<\/span>\n\t\t<\/div>\n\t<\/div>\n\t\t<\/div>\n<\/div><div class=\"product-small col has-hover product type-product post-195006 status-publish instock product_cat-bebidas-ecologicas has-post-thumbnail taxable shipping-taxable purchasable product-type-simple\">\n\t<div class=\"col-inner\">\n\t\n<div class=\"badge-container absolute left top z-1\">\n\n<\/div>\n\t<div class=\"product-small box \">\n\t\t<div class=\"box-image\">\n\t\t\t<div class=\"image-none\">\n\t\t\t\t<a href=\"https:\/\/iber.market\/fr\/product\/bebida-de-soja-con-calcio-y-vitaminas-sin-azucares-anadidos-hacendado-2\/\" aria-label=\"Bebida de soja con calcio y vitaminas sin az\u00facares a\u00f1adidos Hacendado\">\n\t\t\t\t\t<img loading=\"lazy\" decoding=\"async\" width=\"300\" height=\"300\" src=\"https:\/\/hacendado.iber.market\/wp-content\/uploads\/2026\/02\/35c4dba47482ff8310d7ea1b811a7d53-scaled.jpg\" class=\"attachment-woocommerce_thumbnail size-woocommerce_thumbnail\" alt=\"Bebida de soja con calcio y vitaminas sin az\u00facares a\u00f1adidos Hacendado\" data-src=\"https:\/\/hacendado.iber.market\/wp-content\/uploads\/2026\/02\/35c4dba47482ff8310d7ea1b811a7d53-scaled.jpg\" data-large_image=\"https:\/\/hacendado.iber.market\/wp-content\/uploads\/2026\/02\/35c4dba47482ff8310d7ea1b811a7d53-scaled.jpg\" \/>\t\t\t\t<\/a>\n\t\t\t<\/div>\n\t\t\t<div class=\"image-tools is-small top right show-on-hover\">\n\t\t\t\t\t\t\t<\/div>\n\t\t\t<div class=\"image-tools is-small hide-for-small bottom left show-on-hover\">\n\t\t\t\t\t\t\t<\/div>\n\t\t\t<div class=\"image-tools grid-tools text-center hide-for-small bottom hover-slide-in show-on-hover\">\n\t\t\t\t\t\t\t<\/div>\n\t\t\t\t\t<\/div>\n\n\t\t<div class=\"box-text box-text-products\">\n\t\t\t<div class=\"title-wrapper\"><p class=\"name product-title woocommerce-loop-product__title\"><a href=\"https:\/\/iber.market\/fr\/product\/bebida-de-soja-con-calcio-y-vitaminas-sin-azucares-anadidos-hacendado-2\/\" class=\"woocommerce-LoopProduct-link woocommerce-loop-product__link\">Bebida de soja con calcio y vitaminas sin az\u00facares a\u00f1adidos Hacendado<\/a><\/p><\/div><div class=\"price-wrapper\">\n\t<span class=\"price\"><span class=\"woocommerce-Price-amount amount\"><bdi>8,58&nbsp;<span class=\"woocommerce-Price-currencySymbol\">&euro;<\/span><\/bdi><\/span> <small class=\"woocommerce-price-suffix\">Precio final<\/small><\/span>\n<\/div><div class=\"add-to-cart-button\"><a href=\"\/fr\/wp-json\/wp\/v2\/pages\/369?add-to-cart=195006\" aria-describedby=\"woocommerce_loop_add_to_cart_link_describedby_195006\" data-quantity=\"1\" class=\"primary is-small mb-0 button product_type_simple add_to_cart_button ajax_add_to_cart is-outline\" data-product_id=\"195006\" data-product_sku=\"14706\" aria-label=\"Ajouter au panier : &quot;Bebida de soja con calcio y vitaminas sin az\u00facares a\u00f1adidos Hacendado&quot;\" rel=\"nofollow\" data-success_message=\"&quot;Bebida de soja con calcio y vitaminas sin az\u00facares a\u00f1adidos Hacendado&quot; a \u00e9t\u00e9 ajout\u00e9 \u00e0 votre panier\" role=\"button\">Ajouter au panier<\/a><\/div>\t<span id=\"woocommerce_loop_add_to_cart_link_describedby_195006\" class=\"screen-reader-text\">\n\t\t\t<\/span>\n\t\t<\/div>\n\t<\/div>\n\t\t<\/div>\n<\/div><\/div>\n\n\n\t\t<\/div>\n\t\t\t\t\t<\/div>\n\n\t\n\n<\/div>\n\n\t\t<\/div>\n\n\t\t\n<style>\n#section_394354883 {\n  padding-top: 35px;\n  padding-bottom: 35px;\n  margin-bottom: -20px;\n}\n<\/style>\n\t<\/section>\n\t\n<div class=\"row row-full-width\"  id=\"row-1443819349\">\n\n\n\t<div id=\"col-1062694043\" class=\"col small-12 large-12\"  >\n\t\t\t\t<div class=\"col-inner text-center\"  >\n\t\t\t\n\t\t\t\n\n<ul class=\"sidebar-wrapper ul-reset widgets-boxed\"><\/ul>\n\n\n\t\t<\/div>\n\t\t\t\t\t<\/div>\n\n\t\n\n<\/div>\n\t<div id=\"gap-1072679702\" class=\"gap-element clearfix\" style=\"display:block; height:auto;\">\n\t\t\n<style>\n#gap-1072679702 {\n  padding-top: 30px;\n}\n<\/style>\n\t<\/div>\n\t\n\n<div class=\"accordion\">\n\n\t<div id=\"accordion-1333777839\" class=\"accordion-item\">\n\t\t<a id=\"accordion-1333777839-label\" class=\"accordion-title plain\" href=\"#accordion-item-\ud83d\udcb0-ahorra-con-ibercoins-consigue-descuentos-en-cada-compra-y-acumula-saldo-f\u00e1cilmente.\" aria-expanded=\"false\" aria-controls=\"accordion-1333777839-content\" >\n\t\t\t<button class=\"toggle\" aria-label=\"Basculer\"><i class=\"icon-angle-down\"><\/i><\/button>\n\t\t\t<span>\ud83d\udcb0 Ahorra con IberCoins Consigue descuentos en cada compra y acumula saldo f\u00e1cilmente.<\/span>\n\t\t<\/a>\n\t\t<div id=\"accordion-1333777839-content\" class=\"accordion-inner\" aria-labelledby=\"accordion-1333777839-label\" >\n\t\t\t\n\n<p>Los IberCoins son nuestro sistema de ahorro para clientes de Iber.market. Cada vez que compras o interact\u00faas con la tienda, acumulas saldo que podr\u00e1s convertir en descuentos reales en tus pedidos.<\/p>\n<p>Cuantos m\u00e1s IberCoins consigas, m\u00e1s ahorras en tus compras de productos espa\u00f1oles en Europa.<\/p>\n\n\t\t<\/div>\n\t<\/div>\n\t\n\t<div id=\"accordion-665454940\" class=\"accordion-item\">\n\t\t<a id=\"accordion-665454940-label\" class=\"accordion-title plain\" href=\"#accordion-item-\u00bfc\u00f3mo-consigo-ibercoins?\" aria-expanded=\"false\" aria-controls=\"accordion-665454940-content\" >\n\t\t\t<button class=\"toggle\" aria-label=\"Basculer\"><i class=\"icon-angle-down\"><\/i><\/button>\n\t\t\t<span>\u00bfC\u00f3mo consigo IberCoins?<\/span>\n\t\t<\/a>\n\t\t<div id=\"accordion-665454940-content\" class=\"accordion-inner\" aria-labelledby=\"accordion-665454940-label\" >\n\t\t\t\n\n<ul>\n<li>\ud83c\udf81 +15 IberCoins al registrarte<\/li>\n<li>\ud83d\udd11 +10 IberCoins por iniciar sesi\u00f3n diariamente<\/li>\n<li>\ud83d\udc65 +20 IberCoins por cada compra referida<\/li>\n<li>\ud83d\uded2 1 IberCoin por cada 1 \u20ac gastado<\/li>\n<\/ul>\n\n\t\t<\/div>\n\t<\/div>\n\t\n\t<div id=\"accordion-257621385\" class=\"accordion-item\">\n\t\t<a id=\"accordion-257621385-label\" class=\"accordion-title plain\" href=\"#accordion-item-\u00bfc\u00f3mo-los-uso?\" aria-expanded=\"false\" aria-controls=\"accordion-257621385-content\" >\n\t\t\t<button class=\"toggle\" aria-label=\"Basculer\"><i class=\"icon-angle-down\"><\/i><\/button>\n\t\t\t<span>\u00bfC\u00f3mo los uso?<\/span>\n\t\t<\/a>\n\t\t<div id=\"accordion-257621385-content\" class=\"accordion-inner\" aria-labelledby=\"accordion-257621385-label\" >\n\t\t\t\n\n<p>Puedes canjear tus IberCoins por descuentos directos en tus pedidos:<\/p>\n<ul>\n<li>\ud83d\udcb8 150 IberCoins = 10% de descuento<\/li>\n<li>\ud83d\udecd V\u00e1lido en pedidos a partir de 80 \u20ac<\/li>\n<\/ul>\n<p>Cuantos m\u00e1s acumules, mayor ser\u00e1 tu ahorro en cada compra.<\/p>\n\n\t\t<\/div>\n\t<\/div>\n\t\n\n<\/div>\n\n","protected":false},"excerpt":{"rendered":"","protected":false},"author":1,"featured_media":0,"parent":0,"menu_order":0,"comment_status":"closed","ping_status":"closed","template":"page-blank.php","meta":{"footnotes":""},"class_list":["post-369","page","type-page","status-publish","hentry"],"_links":{"self":[{"href":"https:\/\/iber.market\/fr\/wp-json\/wp\/v2\/pages\/369","targetHints":{"allow":["GET"]}}],"collection":[{"href":"https:\/\/iber.market\/fr\/wp-json\/wp\/v2\/pages"}],"about":[{"href":"https:\/\/iber.market\/fr\/wp-json\/wp\/v2\/types\/page"}],"author":[{"embeddable":true,"href":"https:\/\/iber.market\/fr\/wp-json\/wp\/v2\/users\/1"}],"replies":[{"embeddable":true,"href":"https:\/\/iber.market\/fr\/wp-json\/wp\/v2\/comments?post=369"}],"version-history":[{"count":252,"href":"https:\/\/iber.market\/fr\/wp-json\/wp\/v2\/pages\/369\/revisions"}],"predecessor-version":[{"id":201357,"href":"https:\/\/iber.market\/fr\/wp-json\/wp\/v2\/pages\/369\/revisions\/201357"}],"wp:attachment":[{"href":"https:\/\/iber.market\/fr\/wp-json\/wp\/v2\/media?parent=369"}],"curies":[{"name":"wp","href":"https:\/\/api.w.org\/{rel}","templated":true}]}}