{"id":369,"date":"2025-08-05T00:06:01","date_gmt":"2025-08-05T00:06:01","guid":{"rendered":"https:\/\/lightgreen-hyena-937059.hostingersite.com\/?page_id=369"},"modified":"2026-04-26T13:20:02","modified_gmt":"2026-04-26T13:20:02","slug":"home","status":"publish","type":"page","link":"https:\/\/iber.market\/de\/","title":{"rendered":"HOME"},"content":{"rendered":"<div class=\"banner has-hover\" id=\"banner-1913997594\">\n          <div class=\"banner-inner fill\">\n        <div class=\"banner-bg fill\" >\n            <img loading=\"lazy\" decoding=\"async\" width=\"1680\" height=\"640\" src=\"https:\/\/iber.market\/wp-content\/uploads\/2026\/03\/IMG-20260316-WA0001.jpg\" class=\"bg attachment-original size-original\" alt=\"Spanischer Lebensmittel-Supermarkt f\u00fcr den europ\u00e4ischen Online-Iber-Markt\" \/>                        <div class=\"overlay\"><\/div>            \n                    <\/div>\n\t\t\n        <div class=\"banner-layers container\">\n            <div class=\"fill banner-link\"><\/div>            \n\n   <div id=\"text-box-808753017\" class=\"text-box banner-layer x50 md-x50 lg-x50 y50 md-y50 lg-y50 res-text\">\n                                <div class=\"text-box-content text dark\">\n              \n              <div class=\"text-inner text-center\">\n                  \n\n\t<div class=\"img has-hover x md-x lg-x y md-y lg-y\" id=\"image_182920628\">\n\t\t\t\t\t\t\t\t<div class=\"img-inner dark\" >\n\t\t\t<img loading=\"lazy\" decoding=\"async\" width=\"1020\" height=\"298\" src=\"https:\/\/iber.market\/wp-content\/uploads\/2025\/09\/logo-iber-market-bandera-de-espanaa-1024x299.png\" class=\"attachment-large size-large\" alt=\"Online Shop f\u00fcr spanische Produkte\" srcset=\"https:\/\/iber.market\/wp-content\/uploads\/2025\/09\/logo-iber-market-bandera-de-espanaa-1024x299.png 1024w, https:\/\/iber.market\/wp-content\/uploads\/2025\/09\/logo-iber-market-bandera-de-espanaa-300x88.png 300w, https:\/\/iber.market\/wp-content\/uploads\/2025\/09\/logo-iber-market-bandera-de-espanaa-768x224.png 768w, https:\/\/iber.market\/wp-content\/uploads\/2025\/09\/logo-iber-market-bandera-de-espanaa-1536x449.png 1536w, https:\/\/iber.market\/wp-content\/uploads\/2025\/09\/logo-iber-market-bandera-de-espanaa-2048x598.png 2048w, https:\/\/iber.market\/wp-content\/uploads\/2025\/09\/logo-iber-market-bandera-de-espanaa-600x175.png 600w\" sizes=\"auto, (max-width: 1020px) 100vw, 1020px\" \/>\t\t\t\t\t\t\n\t\t\t\t\t<\/div>\n\t\t\t\t\t\t\t\t\n<style>\n#image_182920628 {\n  width: 80%;\n}\n@media (min-width:550px) {\n  #image_182920628 {\n    width: 60%;\n  }\n}\n<\/style>\n\t<\/div>\n\t\n\n\t<div id=\"gap-1583335798\" class=\"gap-element clearfix\" style=\"display:block; height:auto;\">\n\t\t\n<style>\n#gap-1583335798 {\n  padding-top: 15px;\n}\n@media (min-width:550px) {\n  #gap-1583335798 {\n    padding-top: 30px;\n  }\n}\n<\/style>\n\t<\/div>\n\t\n\n<h4>IHR SPANISCHER SUPERMARKT IN EUROPA<\/h4>\n<p><strong>Aromen aus Spanien direkt nach Europa<\/strong><\/p>\n<p>Wir bereiten Ihre Bestellung innerhalb von 24 Stunden vor. Sie erhalten sie zwischen 3 und 5 Werktagen.<\/p>\n<h5>Kostenfrei ab 120 \u20ac und mehr<\/h5>\n\n              <\/div>\n           <\/div>\n                            \n<style>\n#text-box-808753017 .text-box-content {\n  background-color: rgba(0, 0, 0, 0.587);\n  border-radius: 10px;\n  font-size: 100%;\n}\n#text-box-808753017 .text-inner {\n  padding: 10px 0px 10px 0px;\n}\n#text-box-808753017 {\n  width: 94%;\n}\n@media (min-width:550px) {\n  #text-box-808753017 {\n    width: 66%;\n  }\n}\n<\/style>\n    <\/div>\n \n\n        <\/div>\n      <\/div>\n\n            \n<style>\n#banner-1913997594 {\n  padding-top: 400px;\n}\n#banner-1913997594 .overlay {\n  background-color: rgba(0, 0, 0, 0.163);\n}\n#banner-1913997594 .banner-bg img {\n  object-position: 100% 71%;\n}\n@media (min-width:550px) {\n  #banner-1913997594 {\n    padding-top: 500px;\n  }\n  #banner-1913997594 .overlay {\n    background-color: rgba(0, 0, 0, 0.221);\n  }\n}\n<\/style>\n  <\/div>\n\n\n\n\t<section class=\"section\" id=\"section_1475287837\">\n\t\t<div class=\"section-bg fill\" >\n\t\t\t\t\t\t\t\t\t<div class=\"effect-snow bg-effect fill no-click\"><\/div>\n\t\t\t\n\n\t\t<\/div>\n\n\t\t\n\n\t\t<div class=\"section-content relative\">\n\t\t\t\n\n\t<div id=\"text-607231722\" class=\"text\">\n\t\t\n\n<blockquote><strong data-start=\"470\" data-end=\"498\">Willkommen bei iber.market<\/strong><br data-start=\"498\" data-end=\"501\">Mehr von <strong data-start=\"510\" data-end=\"539\">3.000 spanische Produkte<\/strong> sicher in ganz Europa versandt.<\/blockquote>\n<p style=\"text-align: center;\">Alle unsere Preise sind <strong data-start=\"1006\" data-end=\"1017\">Endrunde<\/strong>, inklusive Steuer. Kaufen Sie spanische Produkte, <strong data-start=\"863\" data-end=\"897\">einschlie\u00dflich Bio und vegan<\/strong>, und erhalten sie in Ihrem Land <strong data-start=\"922\" data-end=\"939\">keine \u00dcberraschungen<\/strong>.<\/p>\n\t\t\n<style>\n#text-607231722 {\n  text-align: center;\n}\n<\/style>\n\t<\/div>\n\t\n<div class=\"row row-full-width align-equal align-center\"  id=\"row-1541507905\">\n\n\n\t<div id=\"col-430048824\" class=\"col small-12 large-12\"  >\n\t\t\t\t<div class=\"col-inner text-center\"  >\n\t\t\t\n\t\t\t\n\n<div class=\"container section-title-container\" style=\"margin-bottom:10px;max-width:100%;\"><h3 class=\"section-title section-title-center\"><b><\/b><span class=\"section-title-main\" >Meistverkaufte Produkte<\/span><b><\/b><\/h3><\/div>\n\n\t\n  \n    <div class=\"row  equalize-box large-columns-5 medium-columns-3 small-columns-2 row-small row-full-width slider row-slider slider-nav-reveal slider-nav-push\"  data-flickity-options='{&quot;imagesLoaded&quot;: true, &quot;groupCells&quot;: &quot;100%&quot;, &quot;dragThreshold&quot; : 5, &quot;cellAlign&quot;: &quot;left&quot;,&quot;wrapAround&quot;: true,&quot;prevNextButtons&quot;: true,&quot;percentPosition&quot;: true,&quot;pageDots&quot;: false, &quot;rightToLeft&quot;: false, &quot;autoPlay&quot; : 7000}' >\n\n  \n\t     <div class=\"product-small col has-hover product type-product post-200309 status-publish first instock product_cat-frutos-secos-y-snacks has-post-thumbnail taxable shipping-taxable purchasable product-type-simple\">\n\t<div class=\"col-inner\">\n\t\n<div class=\"badge-container absolute left top z-1\">\n\n<\/div>\n\t<div class=\"product-small box\">\n\t\t<div class=\"box-image\">\n\t\t\t<div class=\"image-none\">\n\t\t\t\t<a href=\"https:\/\/iber.market\/de\/product\/semillas-lino-dorado-hacendado\/\" aria-label=\"Semillas lino dorado Hacendado\">\n\t\t\t\t\t<img loading=\"lazy\" decoding=\"async\" width=\"300\" height=\"300\" src=\"https:\/\/hacendado.iber.market\/wp-content\/uploads\/2026\/03\/b2d40e1f73346582e77d712cd0daba3a-scaled.jpg\" class=\"attachment-woocommerce_thumbnail size-woocommerce_thumbnail\" alt=\"Semillas lino dorado Hacendado\" data-src=\"https:\/\/hacendado.iber.market\/wp-content\/uploads\/2026\/03\/b2d40e1f73346582e77d712cd0daba3a-scaled.jpg\" data-large_image=\"https:\/\/hacendado.iber.market\/wp-content\/uploads\/2026\/03\/b2d40e1f73346582e77d712cd0daba3a-scaled.jpg\" \/>\t\t\t\t<\/a>\n\t\t\t<\/div>\n\t\t\t<div class=\"image-tools is-small top right show-on-hover\">\n\t\t\t\t\t\t\t<\/div>\n\t\t\t<div class=\"image-tools is-small hide-for-small bottom left show-on-hover\">\n\t\t\t\t\t\t\t<\/div>\n\t\t\t<div class=\"image-tools grid-tools text-center hide-for-small bottom hover-slide-in show-on-hover\">\n\t\t\t\t\t\t\t<\/div>\n\t\t\t\t\t<\/div>\n\n\t\t<div class=\"box-text box-text-products\">\n\t\t\t<div class=\"title-wrapper\">\t\t<p class=\"category uppercase is-smaller no-text-overflow product-cat op-7\">\n\t\t\tN\u00fcsse und Snacks\t\t<\/p>\n\t<p class=\"name product-title woocommerce-loop-product__title\"><a href=\"https:\/\/iber.market\/de\/product\/semillas-lino-dorado-hacendado\/\" class=\"woocommerce-LoopProduct-link woocommerce-loop-product__link\">Semillas lino dorado Hacendado<\/a><\/p><\/div><div class=\"price-wrapper\">\n\t<span class=\"price\"><span class=\"woocommerce-Price-amount amount\"><bdi>2,62&nbsp;<span class=\"woocommerce-Price-currencySymbol\">\u20ac<\/span><\/bdi><\/span> <small class=\"woocommerce-price-suffix\">Endpreis<\/small><\/span>\n<\/div><div class=\"add-to-cart-button\"><a href=\"\/de\/wp-json\/wp\/v2\/pages\/369?add-to-cart=200309\" aria-describedby=\"woocommerce_loop_add_to_cart_link_describedby_200309\" data-quantity=\"1\" class=\"primary is-small mb-0 button product_type_simple add_to_cart_button ajax_add_to_cart is-outline\" data-product_id=\"200309\" data-product_sku=\"34962\" aria-label=\"In den Warenkorb legen: &quot;Semillas lino dorado Hacendado&quot;\" rel=\"nofollow\" data-success_message=\"&quot;Semillas lino dorado Hacendado&quot; wurde zu Ihrem Warenkorb hinzugef\u00fcgt.\" role=\"button\" data-no-translation=\"\" data-trp-gettext=\"\" data-no-translation-aria-label=\"\" data-no-translation-data-success_message=\"\">In den Warenkorb legen<\/a><\/div>\t<span id=\"woocommerce_loop_add_to_cart_link_describedby_200309\" class=\"screen-reader-text\">\n\t\t\t<\/span>\n\t\t<\/div>\n\t<\/div>\n\t<span class=\"gtm4wp_productdata\" style=\"display:none; visibility:hidden;\" data-gtm4wp_product_data=\"{&quot;internal_id&quot;:200309,&quot;item_id&quot;:200309,&quot;item_name&quot;:&quot;Semillas lino dorado Hacendado&quot;,&quot;sku&quot;:&quot;34962&quot;,&quot;price&quot;:2.62,&quot;stocklevel&quot;:null,&quot;stockstatus&quot;:&quot;instock&quot;,&quot;google_business_vertical&quot;:&quot;retail&quot;,&quot;item_category&quot;:&quot;Frutos secos y snacks&quot;,&quot;id&quot;:200309,&quot;productlink&quot;:&quot;https:\\\/\\\/iber.market\\\/de\\\/product\\\/semillas-lino-dorado-hacendado\\\/&quot;,&quot;item_list_name&quot;:&quot;General Product List&quot;,&quot;index&quot;:1,&quot;product_type&quot;:&quot;simple&quot;,&quot;item_brand&quot;:&quot;&quot;}\"><\/span>\t<\/div>\n<\/div><div class=\"product-small col has-hover product type-product post-200799 status-publish instock product_cat-azucar-y-caramelos has-post-thumbnail taxable shipping-taxable purchasable product-type-simple\">\n\t<div class=\"col-inner\">\n\t\n<div class=\"badge-container absolute left top z-1\">\n\n<\/div>\n\t<div class=\"product-small box\">\n\t\t<div class=\"box-image\">\n\t\t\t<div class=\"image-none\">\n\t\t\t\t<a href=\"https:\/\/iber.market\/de\/product\/golosinas-rega-relli-hacendado-rellena-con-zumo-de-fruta\/\" aria-label=\"Rega Relli Hacendado Bonbons gef\u00fcllt mit Fruchtsaft\">\n\t\t\t\t\t<img loading=\"lazy\" decoding=\"async\" width=\"300\" height=\"300\" src=\"https:\/\/hacendado.iber.market\/wp-content\/uploads\/2026\/03\/a37b6faf18843776f449cedb50181b7c-scaled.jpg\" class=\"attachment-woocommerce_thumbnail size-woocommerce_thumbnail\" alt=\"Rega Relli Hacendado Bonbons gef\u00fcllt mit Fruchtsaft\" data-src=\"https:\/\/hacendado.iber.market\/wp-content\/uploads\/2026\/03\/a37b6faf18843776f449cedb50181b7c-scaled.jpg\" data-large_image=\"https:\/\/hacendado.iber.market\/wp-content\/uploads\/2026\/03\/a37b6faf18843776f449cedb50181b7c-scaled.jpg\" \/>\t\t\t\t<\/a>\n\t\t\t<\/div>\n\t\t\t<div class=\"image-tools is-small top right show-on-hover\">\n\t\t\t\t\t\t\t<\/div>\n\t\t\t<div class=\"image-tools is-small hide-for-small bottom left show-on-hover\">\n\t\t\t\t\t\t\t<\/div>\n\t\t\t<div class=\"image-tools grid-tools text-center hide-for-small bottom hover-slide-in show-on-hover\">\n\t\t\t\t\t\t\t<\/div>\n\t\t\t\t\t<\/div>\n\n\t\t<div class=\"box-text box-text-products\">\n\t\t\t<div class=\"title-wrapper\">\t\t<p class=\"category uppercase is-smaller no-text-overflow product-cat op-7\">\n\t\t\tZucker und S\u00fc\u00dfigkeiten\t\t<\/p>\n\t<p class=\"name product-title woocommerce-loop-product__title\"><a href=\"https:\/\/iber.market\/de\/product\/golosinas-rega-relli-hacendado-rellena-con-zumo-de-fruta\/\" class=\"woocommerce-LoopProduct-link woocommerce-loop-product__link\">Rega Relli Hacendado Bonbons gef\u00fcllt mit Fruchtsaft<\/a><\/p><\/div><div class=\"price-wrapper\">\n\t<span class=\"price\"><span class=\"woocommerce-Price-amount amount\"><bdi>2,20&nbsp;<span class=\"woocommerce-Price-currencySymbol\">\u20ac<\/span><\/bdi><\/span> <small class=\"woocommerce-price-suffix\">Endpreis<\/small><\/span>\n<\/div><div class=\"add-to-cart-button\"><a href=\"\/de\/wp-json\/wp\/v2\/pages\/369?add-to-cart=200799\" aria-describedby=\"woocommerce_loop_add_to_cart_link_describedby_200799\" data-quantity=\"1\" class=\"primary is-small mb-0 button product_type_simple add_to_cart_button ajax_add_to_cart is-outline\" data-product_id=\"200799\" data-product_sku=\"65055\" aria-label=\"In den Warenkorb legen: &quot;Golosinas Rega Relli Hacendado rellena con zumo de fruta&quot;\" rel=\"nofollow\" data-success_message=\"&quot;Golosinas Rega Relli Hacendado rellena con zumo de fruta&quot; wurde zu Ihrem Warenkorb hinzugef\u00fcgt.\" role=\"button\" data-no-translation=\"\" data-trp-gettext=\"\" data-no-translation-aria-label=\"\" data-no-translation-data-success_message=\"\">In den Warenkorb legen<\/a><\/div>\t<span id=\"woocommerce_loop_add_to_cart_link_describedby_200799\" class=\"screen-reader-text\">\n\t\t\t<\/span>\n\t\t<\/div>\n\t<\/div>\n\t<span class=\"gtm4wp_productdata\" style=\"display:none; visibility:hidden;\" data-gtm4wp_product_data=\"{&quot;internal_id&quot;:200799,&quot;item_id&quot;:200799,&quot;item_name&quot;:&quot;Golosinas Rega Relli Hacendado rellena con zumo de fruta&quot;,&quot;sku&quot;:&quot;65055&quot;,&quot;price&quot;:2.2,&quot;stocklevel&quot;:null,&quot;stockstatus&quot;:&quot;instock&quot;,&quot;google_business_vertical&quot;:&quot;retail&quot;,&quot;item_category&quot;:&quot;Az\\u00facar y caramelos&quot;,&quot;id&quot;:200799,&quot;productlink&quot;:&quot;https:\\\/\\\/iber.market\\\/de\\\/product\\\/golosinas-rega-relli-hacendado-rellena-con-zumo-de-fruta\\\/&quot;,&quot;item_list_name&quot;:&quot;General Product List&quot;,&quot;index&quot;:2,&quot;product_type&quot;:&quot;simple&quot;,&quot;item_brand&quot;:&quot;&quot;}\"><\/span>\t<\/div>\n<\/div><div class=\"product-small col has-hover product type-product post-196819 status-publish instock product_cat-perfumes-y-colonias has-post-thumbnail taxable shipping-taxable purchasable product-type-simple\">\n\t<div class=\"col-inner\">\n\t\n<div class=\"badge-container absolute left top z-1\">\n\n<\/div>\n\t<div class=\"product-small box\">\n\t\t<div class=\"box-image\">\n\t\t\t<div class=\"image-none\">\n\t\t\t\t<a href=\"https:\/\/iber.market\/de\/product\/my-soul-enchanted-eau-de-parfum-fur-manner\/\" aria-label=\"My Soul Enchanted Eau de Parfum f\u00fcr M\u00e4nner\">\n\t\t\t\t\t<img loading=\"lazy\" decoding=\"async\" width=\"300\" height=\"300\" src=\"https:\/\/hacendado.iber.market\/wp-content\/uploads\/2026\/02\/0c8ec4cc224bdc1de13dacafa0600f46-scaled.jpg\" class=\"attachment-woocommerce_thumbnail size-woocommerce_thumbnail\" alt=\"My Soul Enchanted Eau de Parfum f\u00fcr M\u00e4nner\" data-src=\"https:\/\/hacendado.iber.market\/wp-content\/uploads\/2026\/02\/0c8ec4cc224bdc1de13dacafa0600f46-scaled.jpg\" data-large_image=\"https:\/\/hacendado.iber.market\/wp-content\/uploads\/2026\/02\/0c8ec4cc224bdc1de13dacafa0600f46-scaled.jpg\" \/>\t\t\t\t<\/a>\n\t\t\t<\/div>\n\t\t\t<div class=\"image-tools is-small top right show-on-hover\">\n\t\t\t\t\t\t\t<\/div>\n\t\t\t<div class=\"image-tools is-small hide-for-small bottom left show-on-hover\">\n\t\t\t\t\t\t\t<\/div>\n\t\t\t<div class=\"image-tools grid-tools text-center hide-for-small bottom hover-slide-in show-on-hover\">\n\t\t\t\t\t\t\t<\/div>\n\t\t\t\t\t<\/div>\n\n\t\t<div class=\"box-text box-text-products\">\n\t\t\t<div class=\"title-wrapper\">\t\t<p class=\"category uppercase is-smaller no-text-overflow product-cat op-7\">\n\t\t\tParfums und Eau de Cologne\t\t<\/p>\n\t<p class=\"name product-title woocommerce-loop-product__title\"><a href=\"https:\/\/iber.market\/de\/product\/my-soul-enchanted-eau-de-parfum-fur-manner\/\" class=\"woocommerce-LoopProduct-link woocommerce-loop-product__link\">My Soul Enchanted Eau de Parfum f\u00fcr M\u00e4nner<\/a><\/p><\/div><div class=\"price-wrapper\">\n\t<span class=\"price\"><span class=\"woocommerce-Price-amount amount\"><bdi>25,20&nbsp;<span class=\"woocommerce-Price-currencySymbol\">\u20ac<\/span><\/bdi><\/span> <small class=\"woocommerce-price-suffix\">Endpreis<\/small><\/span>\n<\/div><div class=\"add-to-cart-button\"><a href=\"\/de\/wp-json\/wp\/v2\/pages\/369?add-to-cart=196819\" aria-describedby=\"woocommerce_loop_add_to_cart_link_describedby_196819\" data-quantity=\"1\" class=\"primary is-small mb-0 button product_type_simple add_to_cart_button ajax_add_to_cart is-outline\" data-product_id=\"196819\" data-product_sku=\"35216\" aria-label=\"In den Warenkorb legen: &quot;Eau de parfum hombre My Soul Enchanted&quot;\" rel=\"nofollow\" data-success_message=\"&quot;Eau de parfum hombre My Soul Enchanted&quot; wurde zu Ihrem Warenkorb hinzugef\u00fcgt.\" role=\"button\" data-no-translation=\"\" data-trp-gettext=\"\" data-no-translation-aria-label=\"\" data-no-translation-data-success_message=\"\">In den Warenkorb legen<\/a><\/div>\t<span id=\"woocommerce_loop_add_to_cart_link_describedby_196819\" class=\"screen-reader-text\">\n\t\t\t<\/span>\n\t\t<\/div>\n\t<\/div>\n\t<span class=\"gtm4wp_productdata\" style=\"display:none; visibility:hidden;\" data-gtm4wp_product_data=\"{&quot;internal_id&quot;:196819,&quot;item_id&quot;:196819,&quot;item_name&quot;:&quot;Eau de parfum hombre My Soul Enchanted&quot;,&quot;sku&quot;:&quot;35216&quot;,&quot;price&quot;:25.2,&quot;stocklevel&quot;:null,&quot;stockstatus&quot;:&quot;instock&quot;,&quot;google_business_vertical&quot;:&quot;retail&quot;,&quot;item_category&quot;:&quot;Perfumes y colonias&quot;,&quot;id&quot;:196819,&quot;productlink&quot;:&quot;https:\\\/\\\/iber.market\\\/de\\\/product\\\/my-soul-enchanted-eau-de-parfum-fur-manner\\\/&quot;,&quot;item_list_name&quot;:&quot;General Product List&quot;,&quot;index&quot;:3,&quot;product_type&quot;:&quot;simple&quot;,&quot;item_brand&quot;:&quot;&quot;}\"><\/span>\t<\/div>\n<\/div><div class=\"product-small col has-hover product type-product post-192354 status-publish last instock product_cat-sidra-espanola has-post-thumbnail taxable shipping-taxable purchasable product-type-simple\">\n\t<div class=\"col-inner\">\n\t\n<div class=\"badge-container absolute left top z-1\">\n\n<\/div>\n\t<div class=\"product-small box\">\n\t\t<div class=\"box-image\">\n\t\t\t<div class=\"image-none\">\n\t\t\t\t<a href=\"https:\/\/iber.market\/de\/product\/sidra-asturiana-el-mayu-2\/\" aria-label=\"Asturischer Apfelwein El Mayu\">\n\t\t\t\t\t<img loading=\"lazy\" decoding=\"async\" width=\"300\" height=\"300\" src=\"https:\/\/hacendado.iber.market\/wp-content\/uploads\/2026\/02\/95a9b59aacee76b1f1ed623a361c6abe-scaled.jpg\" class=\"attachment-woocommerce_thumbnail size-woocommerce_thumbnail\" alt=\"Asturischer Apfelwein El Mayu\" data-src=\"https:\/\/hacendado.iber.market\/wp-content\/uploads\/2026\/02\/95a9b59aacee76b1f1ed623a361c6abe-scaled.jpg\" data-large_image=\"https:\/\/hacendado.iber.market\/wp-content\/uploads\/2026\/02\/95a9b59aacee76b1f1ed623a361c6abe-scaled.jpg\" \/>\t\t\t\t<\/a>\n\t\t\t<\/div>\n\t\t\t<div class=\"image-tools is-small top right show-on-hover\">\n\t\t\t\t\t\t\t<\/div>\n\t\t\t<div class=\"image-tools is-small hide-for-small bottom left show-on-hover\">\n\t\t\t\t\t\t\t<\/div>\n\t\t\t<div class=\"image-tools grid-tools text-center hide-for-small bottom hover-slide-in show-on-hover\">\n\t\t\t\t\t\t\t<\/div>\n\t\t\t\t\t<\/div>\n\n\t\t<div class=\"box-text box-text-products\">\n\t\t\t<div class=\"title-wrapper\">\t\t<p class=\"category uppercase is-smaller no-text-overflow product-cat op-7\">\n\t\t\tSpanischer Apfelwein\t\t<\/p>\n\t<p class=\"name product-title woocommerce-loop-product__title\"><a href=\"https:\/\/iber.market\/de\/product\/sidra-asturiana-el-mayu-2\/\" class=\"woocommerce-LoopProduct-link woocommerce-loop-product__link\">Asturischer Apfelwein El Mayu<\/a><\/p><\/div><div class=\"price-wrapper\">\n\t<span class=\"price\"><span class=\"woocommerce-Price-amount amount\"><bdi>22,68&nbsp;<span class=\"woocommerce-Price-currencySymbol\">\u20ac<\/span><\/bdi><\/span> <small class=\"woocommerce-price-suffix\">Endpreis<\/small><\/span>\n<\/div><div class=\"add-to-cart-button\"><a href=\"\/de\/wp-json\/wp\/v2\/pages\/369?add-to-cart=192354\" aria-describedby=\"woocommerce_loop_add_to_cart_link_describedby_192354\" data-quantity=\"1\" class=\"primary is-small mb-0 button product_type_simple add_to_cart_button ajax_add_to_cart is-outline\" data-product_id=\"192354\" data-product_sku=\"23863\" aria-label=\"In den Warenkorb legen: &quot;Sidra asturiana El Mayu&quot;\" rel=\"nofollow\" data-success_message=\"&quot;Sidra asturiana El Mayu&quot; wurde zu Ihrem Warenkorb hinzugef\u00fcgt.\" role=\"button\" data-no-translation=\"\" data-trp-gettext=\"\" data-no-translation-aria-label=\"\" data-no-translation-data-success_message=\"\">In den Warenkorb legen<\/a><\/div>\t<span id=\"woocommerce_loop_add_to_cart_link_describedby_192354\" class=\"screen-reader-text\">\n\t\t\t<\/span>\n\t\t<\/div>\n\t<\/div>\n\t<span class=\"gtm4wp_productdata\" style=\"display:none; visibility:hidden;\" data-gtm4wp_product_data=\"{&quot;internal_id&quot;:192354,&quot;item_id&quot;:192354,&quot;item_name&quot;:&quot;Sidra asturiana El Mayu&quot;,&quot;sku&quot;:&quot;23863&quot;,&quot;price&quot;:22.68,&quot;stocklevel&quot;:null,&quot;stockstatus&quot;:&quot;instock&quot;,&quot;google_business_vertical&quot;:&quot;retail&quot;,&quot;item_category&quot;:&quot;Sidra Espa\\u00f1ola&quot;,&quot;id&quot;:192354,&quot;productlink&quot;:&quot;https:\\\/\\\/iber.market\\\/de\\\/product\\\/sidra-asturiana-el-mayu-2\\\/&quot;,&quot;item_list_name&quot;:&quot;General Product List&quot;,&quot;index&quot;:4,&quot;product_type&quot;:&quot;simple&quot;,&quot;item_brand&quot;:&quot;&quot;}\"><\/span>\t<\/div>\n<\/div><div class=\"product-small col has-hover product type-product post-192397 status-publish first instock product_cat-licores-espanoles-en-europa has-post-thumbnail taxable shipping-taxable purchasable product-type-simple\">\n\t<div class=\"col-inner\">\n\t\n<div class=\"badge-container absolute left top z-1\">\n\n<\/div>\n\t<div class=\"product-small box\">\n\t\t<div class=\"box-image\">\n\t\t\t<div class=\"image-none\">\n\t\t\t\t<a href=\"https:\/\/iber.market\/de\/product\/koniglicher-schwan-pistazien-sahne-likor\/\" aria-label=\"Royal Swan Pistazien-Sahne-Lik\u00f6r\">\n\t\t\t\t\t<img loading=\"lazy\" decoding=\"async\" width=\"300\" height=\"300\" src=\"https:\/\/hacendado.iber.market\/wp-content\/uploads\/2026\/02\/2385a70bc8a257db6be4df31e1dad5a6-scaled.jpg\" class=\"attachment-woocommerce_thumbnail size-woocommerce_thumbnail\" alt=\"Royal Swan Pistazien-Sahne-Lik\u00f6r\" data-src=\"https:\/\/hacendado.iber.market\/wp-content\/uploads\/2026\/02\/2385a70bc8a257db6be4df31e1dad5a6-scaled.jpg\" data-large_image=\"https:\/\/hacendado.iber.market\/wp-content\/uploads\/2026\/02\/2385a70bc8a257db6be4df31e1dad5a6-scaled.jpg\" \/>\t\t\t\t<\/a>\n\t\t\t<\/div>\n\t\t\t<div class=\"image-tools is-small top right show-on-hover\">\n\t\t\t\t\t\t\t<\/div>\n\t\t\t<div class=\"image-tools is-small hide-for-small bottom left show-on-hover\">\n\t\t\t\t\t\t\t<\/div>\n\t\t\t<div class=\"image-tools grid-tools text-center hide-for-small bottom hover-slide-in show-on-hover\">\n\t\t\t\t\t\t\t<\/div>\n\t\t\t\t\t<\/div>\n\n\t\t<div class=\"box-text box-text-products\">\n\t\t\t<div class=\"title-wrapper\">\t\t<p class=\"category uppercase is-smaller no-text-overflow product-cat op-7\">\n\t\t\tSpanische Lik\u00f6re\t\t<\/p>\n\t<p class=\"name product-title woocommerce-loop-product__title\"><a href=\"https:\/\/iber.market\/de\/product\/koniglicher-schwan-pistazien-sahne-likor\/\" class=\"woocommerce-LoopProduct-link woocommerce-loop-product__link\">Royal Swan Pistazien-Sahne-Lik\u00f6r<\/a><\/p><\/div><div class=\"price-wrapper\">\n\t<span class=\"price\"><span class=\"woocommerce-Price-amount amount\"><bdi>13,34&nbsp;<span class=\"woocommerce-Price-currencySymbol\">\u20ac<\/span><\/bdi><\/span> <small class=\"woocommerce-price-suffix\">Endpreis<\/small><\/span>\n<\/div><div class=\"add-to-cart-button\"><a href=\"\/de\/wp-json\/wp\/v2\/pages\/369?add-to-cart=192397\" aria-describedby=\"woocommerce_loop_add_to_cart_link_describedby_192397\" data-quantity=\"1\" class=\"primary is-small mb-0 button product_type_simple add_to_cart_button ajax_add_to_cart is-outline\" data-product_id=\"192397\" data-product_sku=\"19881\" aria-label=\"In den Warenkorb legen: &quot;Licor crema de pistacho Royal Swan&quot;\" rel=\"nofollow\" data-success_message=\"&quot;Licor crema de pistacho Royal Swan&quot; wurde zu Ihrem Warenkorb hinzugef\u00fcgt.\" role=\"button\" data-no-translation=\"\" data-trp-gettext=\"\" data-no-translation-aria-label=\"\" data-no-translation-data-success_message=\"\">In den Warenkorb legen<\/a><\/div>\t<span id=\"woocommerce_loop_add_to_cart_link_describedby_192397\" class=\"screen-reader-text\">\n\t\t\t<\/span>\n\t\t<\/div>\n\t<\/div>\n\t<span class=\"gtm4wp_productdata\" style=\"display:none; visibility:hidden;\" data-gtm4wp_product_data=\"{&quot;internal_id&quot;:192397,&quot;item_id&quot;:192397,&quot;item_name&quot;:&quot;Licor crema de pistacho Royal Swan&quot;,&quot;sku&quot;:&quot;19881&quot;,&quot;price&quot;:13.34,&quot;stocklevel&quot;:null,&quot;stockstatus&quot;:&quot;instock&quot;,&quot;google_business_vertical&quot;:&quot;retail&quot;,&quot;item_category&quot;:&quot;Licores Espa\\u00f1oles&quot;,&quot;id&quot;:192397,&quot;productlink&quot;:&quot;https:\\\/\\\/iber.market\\\/de\\\/product\\\/koniglicher-schwan-pistazien-sahne-likor\\\/&quot;,&quot;item_list_name&quot;:&quot;General Product List&quot;,&quot;index&quot;:5,&quot;product_type&quot;:&quot;simple&quot;,&quot;item_brand&quot;:&quot;&quot;}\"><\/span>\t<\/div>\n<\/div><div class=\"product-small col has-hover product type-product post-191095 status-publish instock product_cat-limpieza-del-hogar has-post-thumbnail taxable shipping-taxable purchasable product-type-simple\">\n\t<div class=\"col-inner\">\n\t\n<div class=\"badge-container absolute left top z-1\">\n\n<\/div>\n\t<div class=\"product-small box\">\n\t\t<div class=\"box-image\">\n\t\t\t<div class=\"image-none\">\n\t\t\t\t<a href=\"https:\/\/iber.market\/de\/product\/carbon-vegetal-bosque-verde\/\" aria-label=\"Holzkohle Bosque Verde\">\n\t\t\t\t\t<img loading=\"lazy\" decoding=\"async\" width=\"300\" height=\"300\" src=\"https:\/\/hacendado.iber.market\/wp-content\/uploads\/2026\/02\/aed633656426063edf7c348e555af792-scaled.jpg\" class=\"attachment-woocommerce_thumbnail size-woocommerce_thumbnail\" alt=\"Holzkohle Bosque Verde\" data-src=\"https:\/\/hacendado.iber.market\/wp-content\/uploads\/2026\/02\/aed633656426063edf7c348e555af792-scaled.jpg\" data-large_image=\"https:\/\/hacendado.iber.market\/wp-content\/uploads\/2026\/02\/aed633656426063edf7c348e555af792-scaled.jpg\" \/>\t\t\t\t<\/a>\n\t\t\t<\/div>\n\t\t\t<div class=\"image-tools is-small top right show-on-hover\">\n\t\t\t\t\t\t\t<\/div>\n\t\t\t<div class=\"image-tools is-small hide-for-small bottom left show-on-hover\">\n\t\t\t\t\t\t\t<\/div>\n\t\t\t<div class=\"image-tools grid-tools text-center hide-for-small bottom hover-slide-in show-on-hover\">\n\t\t\t\t\t\t\t<\/div>\n\t\t\t\t\t<\/div>\n\n\t\t<div class=\"box-text box-text-products\">\n\t\t\t<div class=\"title-wrapper\">\t\t<p class=\"category uppercase is-smaller no-text-overflow product-cat op-7\">\n\t\t\tReinigung des Haushalts\t\t<\/p>\n\t<p class=\"name product-title woocommerce-loop-product__title\"><a href=\"https:\/\/iber.market\/de\/product\/carbon-vegetal-bosque-verde\/\" class=\"woocommerce-LoopProduct-link woocommerce-loop-product__link\">Holzkohle Bosque Verde<\/a><\/p><\/div><div class=\"price-wrapper\">\n\t<span class=\"price\"><span class=\"woocommerce-Price-amount amount\"><bdi>10,13&nbsp;<span class=\"woocommerce-Price-currencySymbol\">\u20ac<\/span><\/bdi><\/span> <small class=\"woocommerce-price-suffix\">Endpreis<\/small><\/span>\n<\/div><div class=\"add-to-cart-button\"><a href=\"\/de\/wp-json\/wp\/v2\/pages\/369?add-to-cart=191095\" aria-describedby=\"woocommerce_loop_add_to_cart_link_describedby_191095\" data-quantity=\"1\" class=\"primary is-small mb-0 button product_type_simple add_to_cart_button ajax_add_to_cart is-outline\" data-product_id=\"191095\" data-product_sku=\"12056\" aria-label=\"In den Warenkorb legen: &quot;Carb\u00f3n vegetal Bosque Verde&quot;\" rel=\"nofollow\" data-success_message=\"&quot;Carb\u00f3n vegetal Bosque Verde&quot; wurde zu Ihrem Warenkorb hinzugef\u00fcgt.\" role=\"button\" data-no-translation=\"\" data-trp-gettext=\"\" data-no-translation-aria-label=\"\" data-no-translation-data-success_message=\"\">In den Warenkorb legen<\/a><\/div>\t<span id=\"woocommerce_loop_add_to_cart_link_describedby_191095\" class=\"screen-reader-text\">\n\t\t\t<\/span>\n\t\t<\/div>\n\t<\/div>\n\t<span class=\"gtm4wp_productdata\" style=\"display:none; visibility:hidden;\" data-gtm4wp_product_data=\"{&quot;internal_id&quot;:191095,&quot;item_id&quot;:191095,&quot;item_name&quot;:&quot;Carb\\u00f3n vegetal Bosque Verde&quot;,&quot;sku&quot;:&quot;12056&quot;,&quot;price&quot;:10.13,&quot;stocklevel&quot;:null,&quot;stockstatus&quot;:&quot;instock&quot;,&quot;google_business_vertical&quot;:&quot;retail&quot;,&quot;item_category&quot;:&quot;Limpieza del hogar&quot;,&quot;id&quot;:191095,&quot;productlink&quot;:&quot;https:\\\/\\\/iber.market\\\/de\\\/product\\\/carbon-vegetal-bosque-verde\\\/&quot;,&quot;item_list_name&quot;:&quot;General Product List&quot;,&quot;index&quot;:6,&quot;product_type&quot;:&quot;simple&quot;,&quot;item_brand&quot;:&quot;&quot;}\"><\/span>\t<\/div>\n<\/div><div class=\"product-small col has-hover product type-product post-199274 status-publish instock product_cat-cereales has-post-thumbnail taxable shipping-taxable purchasable product-type-simple\">\n\t<div class=\"col-inner\">\n\t\n<div class=\"badge-container absolute left top z-1\">\n\n<\/div>\n\t<div class=\"product-small box\">\n\t\t<div class=\"box-image\">\n\t\t\t<div class=\"image-none\">\n\t\t\t\t<a href=\"https:\/\/iber.market\/de\/product\/getreideflocken-corn-flakes-corn-flakes-hacendado-0-zuckerzusatz\/\" aria-label=\"Corn Flakes Corn Flakes Hacendado 0% Cerealien mit Zuckerzusatz\">\n\t\t\t\t\t<img loading=\"lazy\" decoding=\"async\" width=\"300\" height=\"300\" src=\"https:\/\/hacendado.iber.market\/wp-content\/uploads\/2026\/02\/413f941aa57b4903cc693d93171b87f7-scaled.jpg\" class=\"attachment-woocommerce_thumbnail size-woocommerce_thumbnail\" alt=\"Corn Flakes Corn Flakes Hacendado 0% Cerealien mit Zuckerzusatz\" data-src=\"https:\/\/hacendado.iber.market\/wp-content\/uploads\/2026\/02\/413f941aa57b4903cc693d93171b87f7-scaled.jpg\" data-large_image=\"https:\/\/hacendado.iber.market\/wp-content\/uploads\/2026\/02\/413f941aa57b4903cc693d93171b87f7-scaled.jpg\" \/>\t\t\t\t<\/a>\n\t\t\t<\/div>\n\t\t\t<div class=\"image-tools is-small top right show-on-hover\">\n\t\t\t\t\t\t\t<\/div>\n\t\t\t<div class=\"image-tools is-small hide-for-small bottom left show-on-hover\">\n\t\t\t\t\t\t\t<\/div>\n\t\t\t<div class=\"image-tools grid-tools text-center hide-for-small bottom hover-slide-in show-on-hover\">\n\t\t\t\t\t\t\t<\/div>\n\t\t\t\t\t<\/div>\n\n\t\t<div class=\"box-text box-text-products\">\n\t\t\t<div class=\"title-wrapper\">\t\t<p class=\"category uppercase is-smaller no-text-overflow product-cat op-7\">\n\t\t\tGetreide\t\t<\/p>\n\t<p class=\"name product-title woocommerce-loop-product__title\"><a href=\"https:\/\/iber.market\/de\/product\/getreideflocken-corn-flakes-corn-flakes-hacendado-0-zuckerzusatz\/\" class=\"woocommerce-LoopProduct-link woocommerce-loop-product__link\">Corn Flakes Corn Flakes Hacendado 0% Cerealien mit Zuckerzusatz<\/a><\/p><\/div><div class=\"price-wrapper\">\n\t<span class=\"price\"><span class=\"woocommerce-Price-amount amount\"><bdi>3,30&nbsp;<span class=\"woocommerce-Price-currencySymbol\">\u20ac<\/span><\/bdi><\/span> <small class=\"woocommerce-price-suffix\">Endpreis<\/small><\/span>\n<\/div><div class=\"add-to-cart-button\"><a href=\"\/de\/wp-json\/wp\/v2\/pages\/369?add-to-cart=199274\" aria-describedby=\"woocommerce_loop_add_to_cart_link_describedby_199274\" data-quantity=\"1\" class=\"primary is-small mb-0 button product_type_simple add_to_cart_button ajax_add_to_cart is-outline\" data-product_id=\"199274\" data-product_sku=\"22966\" aria-label=\"In den Warenkorb legen: &quot;Cereales copos de ma\u00edz Corn Flakes Hacendado 0% az\u00facares a\u00f1adidos&quot;\" rel=\"nofollow\" data-success_message=\"&quot;Cereales copos de ma\u00edz Corn Flakes Hacendado 0% az\u00facares a\u00f1adidos&quot; wurde zu Ihrem Warenkorb hinzugef\u00fcgt.\" role=\"button\" data-no-translation=\"\" data-trp-gettext=\"\" data-no-translation-aria-label=\"\" data-no-translation-data-success_message=\"\">In den Warenkorb legen<\/a><\/div>\t<span id=\"woocommerce_loop_add_to_cart_link_describedby_199274\" class=\"screen-reader-text\">\n\t\t\t<\/span>\n\t\t<\/div>\n\t<\/div>\n\t<span class=\"gtm4wp_productdata\" style=\"display:none; visibility:hidden;\" data-gtm4wp_product_data=\"{&quot;internal_id&quot;:199274,&quot;item_id&quot;:199274,&quot;item_name&quot;:&quot;Cereales copos de ma\\u00edz Corn Flakes Hacendado 0% az\\u00facares a\\u00f1adidos&quot;,&quot;sku&quot;:&quot;22966&quot;,&quot;price&quot;:3.3,&quot;stocklevel&quot;:null,&quot;stockstatus&quot;:&quot;instock&quot;,&quot;google_business_vertical&quot;:&quot;retail&quot;,&quot;item_category&quot;:&quot;Cereales&quot;,&quot;id&quot;:199274,&quot;productlink&quot;:&quot;https:\\\/\\\/iber.market\\\/de\\\/product\\\/getreideflocken-corn-flakes-corn-flakes-hacendado-0-zuckerzusatz\\\/&quot;,&quot;item_list_name&quot;:&quot;General Product List&quot;,&quot;index&quot;:7,&quot;product_type&quot;:&quot;simple&quot;,&quot;item_brand&quot;:&quot;&quot;}\"><\/span>\t<\/div>\n<\/div><div class=\"product-small col has-hover product type-product post-199146 status-publish last instock product_cat-galletas-y-tortitas has-post-thumbnail taxable shipping-taxable purchasable product-type-simple\">\n\t<div class=\"col-inner\">\n\t\n<div class=\"badge-container absolute left top z-1\">\n\n<\/div>\n\t<div class=\"product-small box\">\n\t\t<div class=\"box-image\">\n\t\t\t<div class=\"image-none\">\n\t\t\t\t<a href=\"https:\/\/iber.market\/de\/product\/galletas-relieve-hacendado\/\" aria-label=\"Relief Hacendado-Kekse\">\n\t\t\t\t\t<img loading=\"lazy\" decoding=\"async\" width=\"300\" height=\"300\" src=\"https:\/\/hacendado.iber.market\/wp-content\/uploads\/2026\/02\/b01e6fe794c95678d2e5605dbb929e1c-scaled.jpg\" class=\"attachment-woocommerce_thumbnail size-woocommerce_thumbnail\" alt=\"Relief Hacendado-Kekse\" data-src=\"https:\/\/hacendado.iber.market\/wp-content\/uploads\/2026\/02\/b01e6fe794c95678d2e5605dbb929e1c-scaled.jpg\" data-large_image=\"https:\/\/hacendado.iber.market\/wp-content\/uploads\/2026\/02\/b01e6fe794c95678d2e5605dbb929e1c-scaled.jpg\" \/>\t\t\t\t<\/a>\n\t\t\t<\/div>\n\t\t\t<div class=\"image-tools is-small top right show-on-hover\">\n\t\t\t\t\t\t\t<\/div>\n\t\t\t<div class=\"image-tools is-small hide-for-small bottom left show-on-hover\">\n\t\t\t\t\t\t\t<\/div>\n\t\t\t<div class=\"image-tools grid-tools text-center hide-for-small bottom hover-slide-in show-on-hover\">\n\t\t\t\t\t\t\t<\/div>\n\t\t\t\t\t<\/div>\n\n\t\t<div class=\"box-text box-text-products\">\n\t\t\t<div class=\"title-wrapper\">\t\t<p class=\"category uppercase is-smaller no-text-overflow product-cat op-7\">\n\t\t\tKekse und Pfannkuchen\t\t<\/p>\n\t<p class=\"name product-title woocommerce-loop-product__title\"><a href=\"https:\/\/iber.market\/de\/product\/galletas-relieve-hacendado\/\" class=\"woocommerce-LoopProduct-link woocommerce-loop-product__link\">Relief Hacendado-Kekse<\/a><\/p><\/div><div class=\"price-wrapper\">\n\t<span class=\"price\"><span class=\"woocommerce-Price-amount amount\"><bdi>3,08&nbsp;<span class=\"woocommerce-Price-currencySymbol\">\u20ac<\/span><\/bdi><\/span> <small class=\"woocommerce-price-suffix\">Endpreis<\/small><\/span>\n<\/div><div class=\"add-to-cart-button\"><a href=\"\/de\/wp-json\/wp\/v2\/pages\/369?add-to-cart=199146\" aria-describedby=\"woocommerce_loop_add_to_cart_link_describedby_199146\" data-quantity=\"1\" class=\"primary is-small mb-0 button product_type_simple add_to_cart_button ajax_add_to_cart is-outline\" data-product_id=\"199146\" data-product_sku=\"14197\" aria-label=\"In den Warenkorb legen: &quot;Galletas Relieve Hacendado&quot;\" rel=\"nofollow\" data-success_message=\"&quot;Galletas Relieve Hacendado&quot; wurde zu Ihrem Warenkorb hinzugef\u00fcgt.\" role=\"button\" data-no-translation=\"\" data-trp-gettext=\"\" data-no-translation-aria-label=\"\" data-no-translation-data-success_message=\"\">In den Warenkorb legen<\/a><\/div>\t<span id=\"woocommerce_loop_add_to_cart_link_describedby_199146\" class=\"screen-reader-text\">\n\t\t\t<\/span>\n\t\t<\/div>\n\t<\/div>\n\t<span class=\"gtm4wp_productdata\" style=\"display:none; visibility:hidden;\" data-gtm4wp_product_data=\"{&quot;internal_id&quot;:199146,&quot;item_id&quot;:199146,&quot;item_name&quot;:&quot;Galletas Relieve Hacendado&quot;,&quot;sku&quot;:&quot;14197&quot;,&quot;price&quot;:3.08,&quot;stocklevel&quot;:null,&quot;stockstatus&quot;:&quot;instock&quot;,&quot;google_business_vertical&quot;:&quot;retail&quot;,&quot;item_category&quot;:&quot;Galletas y tortitas&quot;,&quot;id&quot;:199146,&quot;productlink&quot;:&quot;https:\\\/\\\/iber.market\\\/de\\\/product\\\/galletas-relieve-hacendado\\\/&quot;,&quot;item_list_name&quot;:&quot;General Product List&quot;,&quot;index&quot;:8,&quot;product_type&quot;:&quot;simple&quot;,&quot;item_brand&quot;:&quot;&quot;}\"><\/span>\t<\/div>\n<\/div><\/div>\n\n\n\t\t<\/div>\n\t\t\t\t\t<\/div>\n\n\t\n\n<\/div>\n<div class=\"row row-full-width\"  id=\"row-1027007343\">\n\n\n\t<div id=\"col-975793625\" class=\"col small-12 large-12\"  >\n\t\t\t\t<div class=\"col-inner\"  >\n\t\t\t\n\t\t\t\n\n\t<div id=\"text-793551501\" class=\"text\">\n\t\t\n\n<p>\ud83d\uded2 <strong>\u201c+ 5.842 pedidos enviados en Europa\u201d<\/strong><\/p>\n\t\t\n<style>\n#text-793551501 {\n  text-align: center;\n}\n<\/style>\n\t<\/div>\n\t\n<div class=\"container section-title-container\" style=\"margin-bottom:10px;max-width:100%;\"><h3 class=\"section-title section-title-center\"><b><\/b><span class=\"section-title-main\" ><i class=\"icon-user\" ><\/i>Opiniones reales de clientes en Europa<\/span><b><\/b><\/h3><\/div>\n\n\t<div id=\"text-3751176325\" class=\"text\">\n\t\t\n\n<p>Clientes en Alemania, Francia y B\u00e9lgica ya conf\u00edan en nosotros.<\/p>\n\t\t\n<style>\n#text-3751176325 {\n  text-align: center;\n}\n<\/style>\n\t<\/div>\n\t\n\n\n<div class=\"brtpmj_reviews_container bbr-pro-container\" data-stars=\"all\" data-layout=\"carousel\" data-limit=\"20\"><div class=\"brtpmj_businessheader\"><\/div><p class=\"brtpmj_business_ratings\"><span class=\"brtpmj_br_score_img\"><img decoding=\"async\" alt=\"Review Star\" src=\"https:\/\/iber.market\/wp-content\/plugins\/better-business-reviews-pro\/assets\/stars-4.5.svg\"><\/span><span class=\"brtpmj_br_count\">13 Reviews<\/span><\/p><div class=\"brtpmj-carousel-container\"><div class=\"brtpmj_all_reviews brtpmj-carousel\"><div class=\"brtpmj_single_rvw brtpmj-carousel-item\">\r\n                <div class=\"brtpmj_sr_author_overview\">\r\n                    <div class=\"brtpmj_sr_ab_img\"><span>G<\/span><\/div>\r\n                    <div class=\"brtpmj_sr_ab_name_date\">\r\n                        <span class=\"brtpmj_sr_ab_name\">Gbb <img decoding=\"async\" src=\"https:\/\/flagcdn.com\/w40\/de.png\" alt=\"Country Flag\" width=\"24\"><\/span>\r\n                        <span class=\"brtpmj_sr_ab_date\">23 Apr 2026<\/span>\r\n                    <\/div>\r\n                <\/div> <div class=\"brtpmj_sr_rating\">\r\n                        <span class=\"brtpmj_br_score_img\"><img decoding=\"async\" alt=\"Review Star\" src=\"https:\/\/iber.market\/wp-content\/plugins\/better-business-reviews-pro\/assets\/stars-5.svg\"><\/span>\r\n                    <\/div><div class=\"brtpmj_sr_title\">\r\n                    <h4>Very well done<\/h4>\r\n                <\/div>\r\n                \r\n                <div class=\"brtpmj_sr_text\">\r\n                    <p>Very well done! I am very happy - all went well.<\/p>\r\n                <\/div>\r\n                \r\n            <\/div><div class=\"brtpmj_single_rvw brtpmj-carousel-item\">\r\n                <div class=\"brtpmj_sr_author_overview\">\r\n                    <div class=\"brtpmj_sr_ab_img\"><span>AR22l<\/span><\/div>\r\n                    <div class=\"brtpmj_sr_ab_name_date\">\r\n                        <span class=\"brtpmj_sr_ab_name\">Achim R&#246;&#223;ler <img decoding=\"async\" src=\"https:\/\/flagcdn.com\/w40\/de.png\" alt=\"Country Flag\" width=\"24\"><\/span>\r\n                        <span class=\"brtpmj_sr_ab_date\">18 Apr 2026<\/span>\r\n                    <\/div>\r\n                <\/div> <div class=\"brtpmj_sr_rating\">\r\n                        <span class=\"brtpmj_br_score_img\"><img decoding=\"async\" alt=\"Review Star\" src=\"https:\/\/iber.market\/wp-content\/plugins\/better-business-reviews-pro\/assets\/stars-5.svg\"><\/span>\r\n                    <\/div><div class=\"brtpmj_sr_title\">\r\n                    <h4>Very friendly and fast delivery<\/h4>\r\n                <\/div>\r\n                \r\n                <div class=\"brtpmj_sr_text\">\r\n                    <p>Very friendly and fast delivery. I Like it.<\/p>\r\n                <\/div>\r\n                \r\n            <\/div><div class=\"brtpmj_single_rvw brtpmj-carousel-item\">\r\n                <div class=\"brtpmj_sr_author_overview\">\r\n                    <div class=\"brtpmj_sr_ab_img\"><span>ASS<\/span><\/div>\r\n                    <div class=\"brtpmj_sr_ab_name_date\">\r\n                        <span class=\"brtpmj_sr_ab_name\">Andrea Schumacher-Sousa <img decoding=\"async\" src=\"https:\/\/flagcdn.com\/w40\/de.png\" alt=\"Country Flag\" width=\"24\"><\/span>\r\n                        <span class=\"brtpmj_sr_ab_date\">13 Apr 2026<\/span>\r\n                    <\/div>\r\n                <\/div> <div class=\"brtpmj_sr_rating\">\r\n                        <span class=\"brtpmj_br_score_img\"><img decoding=\"async\" alt=\"Review Star\" src=\"https:\/\/iber.market\/wp-content\/plugins\/better-business-reviews-pro\/assets\/stars-5.svg\"><\/span>\r\n                    <\/div><div class=\"brtpmj_sr_title\">\r\n                    <h4>fast delivery and good quality<\/h4>\r\n                <\/div>\r\n                \r\n                <div class=\"brtpmj_sr_text\">\r\n                    <p>fast delivery, everything in right quality, I can only recommend! Only suggestion will be do not block fedex to deliver on weekends please!<\/p>\r\n                <\/div>\r\n                \r\n            <\/div><div class=\"brtpmj_single_rvw brtpmj-carousel-item\">\r\n                <div class=\"brtpmj_sr_author_overview\">\r\n                    <div class=\"brtpmj_sr_ab_img\"><img decoding=\"async\" src=\"https:\/\/user-images.trustpilot.com\/69ca7bb41a47fa2e2abc4163\/73x73.png\" alt=\"Adri&#225;n Fern&#225;ndez\"><\/div>\r\n                    <div class=\"brtpmj_sr_ab_name_date\">\r\n                        <span class=\"brtpmj_sr_ab_name\">Adri&#225;n Fern&#225;ndez <img decoding=\"async\" src=\"https:\/\/flagcdn.com\/w40\/es.png\" alt=\"Country Flag\" width=\"24\"><\/span>\r\n                        <span class=\"brtpmj_sr_ab_date\">30 Mar 2026<\/span>\r\n                    <\/div>\r\n                <\/div> <div class=\"brtpmj_sr_rating\">\r\n                        <span class=\"brtpmj_br_score_img\"><img decoding=\"async\" alt=\"Review Star\" src=\"https:\/\/iber.market\/wp-content\/plugins\/better-business-reviews-pro\/assets\/stars-5.svg\"><\/span>\r\n                    <\/div><div class=\"brtpmj_sr_title\">\r\n                    <h4>Finally found Spanish products in Germany<\/h4>\r\n                <\/div>\r\n                \r\n                <div class=\"brtpmj_sr_text\">\r\n                    <p>As a Spanish expat living in Germany, it&#8217;s not always easy to find products from home. I ordered from Iber.market and I was really impressed. The products are authentic, well packaged, and exactly what I was looking for. It  ... <\/p>\r\n                <\/div>\r\n                \r\n            <\/div><\/div>\r\n\t\t\t\t\t<div class=\"brtpmj-carousel-nav\" data-index=\"0\" data-item-count=\"3\"><\/div>\r\n\t\t\t\t<\/div><\/div>\n\n\t<div id=\"text-2403383621\" class=\"text\">\n\t\t\n\n<h4>Clientes en Alemania, Francia, B\u00e9lgica.. ya reciben productos espa\u00f1oles en casa<\/h4>\n\n\t\t\n<style>\n#text-2403383621 {\n  text-align: center;\n}\n<\/style>\n\t<\/div>\n\t\n\n\t\t<\/div>\n\t\t\t\t\t<\/div>\n\n\t\n\n<\/div>\n<div class=\"container section-title-container\" style=\"margin-bottom:10px;max-width:100%;\"><h3 class=\"section-title section-title-center\"><b><\/b><span class=\"section-title-main\" >MARKT F\u00dcR SPANISCHE PRODUKTE<\/span><b><\/b><\/h3><\/div>\n\n\n  \n    <div class=\"row large-columns-7 medium-columns-3 small-columns-2 row-normal row-full-width has-shadow row-box-shadow-2-hover slider row-slider slider-nav-simple slider-nav-outside\"  data-flickity-options='{&quot;imagesLoaded&quot;: true, &quot;groupCells&quot;: &quot;100%&quot;, &quot;dragThreshold&quot; : 5, &quot;cellAlign&quot;: &quot;left&quot;,&quot;wrapAround&quot;: true,&quot;prevNextButtons&quot;: true,&quot;percentPosition&quot;: true,&quot;pageDots&quot;: false, &quot;rightToLeft&quot;: false, &quot;autoPlay&quot; : 4000}' >\n\n  <div class=\"product-category col\" >\n            <div class=\"col-inner\">\n              <a aria-label=\"Besuchen Sie die Produktkategorie Jamones y embutidos\" href=\"https:\/\/iber.market\/de\/product-category\/spanischer-markt\/schinken-und-wurste\/\" data-no-translation-aria-label=\"\">                <div class=\"box box-category has-hover box-overlay dark box-text-middle\">\n                <div class=\"box-image\" style=\"border-radius:10%;\">\n                  <div class=\"image-overlay-remove\" >\n                  <img loading=\"lazy\" decoding=\"async\" src=\"https:\/\/iber.market\/wp-content\/uploads\/2025\/08\/ChatGPT-Image-16-ago-2025-20_21_49-300x300.png\" alt=\"Schinken und W\u00fcrste\" width=\"300\" height=\"300\" \/>                  <div class=\"overlay\" style=\"background-color: rgba(0, 201, 2, 0.715)\"><\/div>                                    <\/div>\n                <\/div>\n                <div class=\"box-text text-center is-small\" >\n                  <div class=\"box-text-inner\">\n                      <h5 class=\"uppercase header-title\">\n                              Schinken und W\u00fcrste                      <\/h5>\n                                            \n                  <\/div>\n                <\/div>\n                <\/div>\n            <\/a>            <\/div>\n            <\/div><div class=\"product-category col\" >\n            <div class=\"col-inner\">\n              <a aria-label=\"Besuchen Sie die Produktkategorie Limpieza del hogar\" href=\"https:\/\/iber.market\/de\/product-category\/spanischer-markt\/haushaltsreinigung\/\" data-no-translation-aria-label=\"\">                <div class=\"box box-category has-hover box-overlay dark box-text-middle\">\n                <div class=\"box-image\" style=\"border-radius:10%;\">\n                  <div class=\"image-overlay-remove\" >\n                  <img loading=\"lazy\" decoding=\"async\" src=\"https:\/\/iber.market\/wp-content\/uploads\/2025\/08\/ChatGPT-Image-16-ago-2025-20_17_53-300x300.png\" alt=\"Reinigung des Haushalts\" width=\"300\" height=\"300\" \/>                  <div class=\"overlay\" style=\"background-color: rgba(0, 201, 2, 0.715)\"><\/div>                                    <\/div>\n                <\/div>\n                <div class=\"box-text text-center is-small\" >\n                  <div class=\"box-text-inner\">\n                      <h5 class=\"uppercase header-title\">\n                              Reinigung des Haushalts                      <\/h5>\n                                            \n                  <\/div>\n                <\/div>\n                <\/div>\n            <\/a>            <\/div>\n            <\/div><div class=\"product-category col\" >\n            <div class=\"col-inner\">\n              <a aria-label=\"Besuchen Sie die Produktkategorie Quesos espa\u00f1oles\" href=\"https:\/\/iber.market\/de\/product-category\/spanischer-markt\/quesos-espanoles\/\" data-no-translation-aria-label=\"\">                <div class=\"box box-category has-hover box-overlay dark box-text-middle\">\n                <div class=\"box-image\" style=\"border-radius:10%;\">\n                  <div class=\"image-overlay-remove\" >\n                  <img loading=\"lazy\" decoding=\"async\" src=\"https:\/\/iber.market\/wp-content\/uploads\/2025\/08\/c0a573a5531aa0148e69817a4fb19640-scaled.jpg\" alt=\"Spanische K\u00e4sesorten\" width=\"300\" height=\"300\" \/>                  <div class=\"overlay\" style=\"background-color: rgba(0, 201, 2, 0.715)\"><\/div>                                    <\/div>\n                <\/div>\n                <div class=\"box-text text-center is-small\" >\n                  <div class=\"box-text-inner\">\n                      <h5 class=\"uppercase header-title\">\n                              Spanische K\u00e4sesorten                      <\/h5>\n                                            \n                  <\/div>\n                <\/div>\n                <\/div>\n            <\/a>            <\/div>\n            <\/div><div class=\"product-category col\" >\n            <div class=\"col-inner\">\n              <a aria-label=\"Besuchen Sie die Produktkategorie Frutos secos y snacks\" href=\"https:\/\/iber.market\/de\/product-category\/spanischer-markt\/nusse-und-snacks\/\" data-no-translation-aria-label=\"\">                <div class=\"box box-category has-hover box-overlay dark box-text-middle\">\n                <div class=\"box-image\" style=\"border-radius:10%;\">\n                  <div class=\"image-overlay-remove\" >\n                  <img loading=\"lazy\" decoding=\"async\" src=\"https:\/\/iber.market\/wp-content\/uploads\/2025\/08\/frutos-secos-y-snacks-ibermarket-300x300.png\" alt=\"N\u00fcsse und Snacks\" width=\"300\" height=\"300\" \/>                  <div class=\"overlay\" style=\"background-color: rgba(0, 201, 2, 0.715)\"><\/div>                                    <\/div>\n                <\/div>\n                <div class=\"box-text text-center is-small\" >\n                  <div class=\"box-text-inner\">\n                      <h5 class=\"uppercase header-title\">\n                              N\u00fcsse und Snacks                      <\/h5>\n                                            \n                  <\/div>\n                <\/div>\n                <\/div>\n            <\/a>            <\/div>\n            <\/div><div class=\"product-category col\" >\n            <div class=\"col-inner\">\n              <a aria-label=\"Besuchen Sie die Produktkategorie Aceitunas y encurtidos\" href=\"https:\/\/iber.market\/de\/product-category\/spanischer-markt\/aceitunas-y-encurtidos\/\" data-no-translation-aria-label=\"\">                <div class=\"box box-category has-hover box-overlay dark box-text-middle\">\n                <div class=\"box-image\" style=\"border-radius:10%;\">\n                  <div class=\"image-overlay-remove\" >\n                  <img loading=\"lazy\" decoding=\"async\" src=\"https:\/\/iber.market\/wp-content\/uploads\/2025\/08\/olivas-y-curtidos-ibermarket-300x300.png\" alt=\"Oliven und Essiggurken\" width=\"300\" height=\"300\" \/>                  <div class=\"overlay\" style=\"background-color: rgba(0, 201, 2, 0.715)\"><\/div>                                    <\/div>\n                <\/div>\n                <div class=\"box-text text-center is-small\" >\n                  <div class=\"box-text-inner\">\n                      <h5 class=\"uppercase header-title\">\n                              Oliven und Essiggurken                      <\/h5>\n                                            \n                  <\/div>\n                <\/div>\n                <\/div>\n            <\/a>            <\/div>\n            <\/div><div class=\"product-category col\" >\n            <div class=\"col-inner\">\n              <a aria-label=\"Besuchen Sie die Produktkategorie Refrescos y t\u00f3nicas\" href=\"https:\/\/iber.market\/de\/product-category\/spanischer-markt\/erfrischungsgetranke-und-tonics\/\" data-no-translation-aria-label=\"\">                <div class=\"box box-category has-hover box-overlay dark box-text-middle\">\n                <div class=\"box-image\" style=\"border-radius:10%;\">\n                  <div class=\"image-overlay-remove\" >\n                  <img loading=\"lazy\" decoding=\"async\" src=\"https:\/\/iber.market\/wp-content\/uploads\/woocommerce-placeholder-300x300.webp\" alt=\"Erfrischungsgetr\u00e4nke und Tonics\" width=\"300\" height=\"300\" \/>                  <div class=\"overlay\" style=\"background-color: rgba(0, 201, 2, 0.715)\"><\/div>                                    <\/div>\n                <\/div>\n                <div class=\"box-text text-center is-small\" >\n                  <div class=\"box-text-inner\">\n                      <h5 class=\"uppercase header-title\">\n                              Erfrischungsgetr\u00e4nke und Tonics                      <\/h5>\n                                            \n                  <\/div>\n                <\/div>\n                <\/div>\n            <\/a>            <\/div>\n            <\/div><div class=\"product-category col\" >\n            <div class=\"col-inner\">\n              <a aria-label=\"Besuchen Sie die Produktkategorie Agua y Agua con Gas\" href=\"https:\/\/iber.market\/de\/product-category\/spanischer-markt\/wasser\/\" data-no-translation-aria-label=\"\">                <div class=\"box box-category has-hover box-overlay dark box-text-middle\">\n                <div class=\"box-image\" style=\"border-radius:10%;\">\n                  <div class=\"image-overlay-remove\" >\n                  <img loading=\"lazy\" decoding=\"async\" src=\"https:\/\/iber.market\/wp-content\/uploads\/2025\/08\/d57255409ef72ab939301f6af2ee8101-scaled.jpg\" alt=\"Wasser und Sprudelwasser\" width=\"300\" height=\"300\" \/>                  <div class=\"overlay\" style=\"background-color: rgba(0, 201, 2, 0.715)\"><\/div>                                    <\/div>\n                <\/div>\n                <div class=\"box-text text-center is-small\" >\n                  <div class=\"box-text-inner\">\n                      <h5 class=\"uppercase header-title\">\n                              Wasser und Sprudelwasser                      <\/h5>\n                                            \n                  <\/div>\n                <\/div>\n                <\/div>\n            <\/a>            <\/div>\n            <\/div><div class=\"product-category col\" >\n            <div class=\"col-inner\">\n              <a aria-label=\"Besuchen Sie die Produktkategorie Isot\u00f3nicas y energ\u00e9ticas\" href=\"https:\/\/iber.market\/de\/product-category\/spanischer-markt\/isotonicas-y-energeticas\/\" data-no-translation-aria-label=\"\">                <div class=\"box box-category has-hover box-overlay dark box-text-middle\">\n                <div class=\"box-image\" style=\"border-radius:10%;\">\n                  <div class=\"image-overlay-remove\" >\n                  <img loading=\"lazy\" decoding=\"async\" src=\"https:\/\/iber.market\/wp-content\/uploads\/woocommerce-placeholder-300x300.webp\" alt=\"Isotonische und Energiegetr\u00e4nke\" width=\"300\" height=\"300\" \/>                  <div class=\"overlay\" style=\"background-color: rgba(0, 201, 2, 0.715)\"><\/div>                                    <\/div>\n                <\/div>\n                <div class=\"box-text text-center is-small\" >\n                  <div class=\"box-text-inner\">\n                      <h5 class=\"uppercase header-title\">\n                              Isotonische und Energiegetr\u00e4nke                      <\/h5>\n                                            \n                  <\/div>\n                <\/div>\n                <\/div>\n            <\/a>            <\/div>\n            <\/div><div class=\"product-category col\" >\n            <div class=\"col-inner\">\n              <a aria-label=\"Besuchen Sie die Produktkategorie Refresco de T\u00e9\" href=\"https:\/\/iber.market\/de\/product-category\/spanischer-markt\/tee-erfrischen\/\" data-no-translation-aria-label=\"\">                <div class=\"box box-category has-hover box-overlay dark box-text-middle\">\n                <div class=\"box-image\" style=\"border-radius:10%;\">\n                  <div class=\"image-overlay-remove\" >\n                  <img loading=\"lazy\" decoding=\"async\" src=\"https:\/\/iber.market\/wp-content\/uploads\/woocommerce-placeholder-300x300.webp\" alt=\"Tee Erfrischung\" width=\"300\" height=\"300\" \/>                  <div class=\"overlay\" style=\"background-color: rgba(0, 201, 2, 0.715)\"><\/div>                                    <\/div>\n                <\/div>\n                <div class=\"box-text text-center is-small\" >\n                  <div class=\"box-text-inner\">\n                      <h5 class=\"uppercase header-title\">\n                              Tee Erfrischung                      <\/h5>\n                                            \n                  <\/div>\n                <\/div>\n                <\/div>\n            <\/a>            <\/div>\n            <\/div><div class=\"product-category col\" >\n            <div class=\"col-inner\">\n              <a aria-label=\"Besuchen Sie die Produktkategorie Arroz, legumbres y pasta\" href=\"https:\/\/iber.market\/de\/product-category\/spanischer-markt\/arroz-legumbres-y-pasta\/\" data-no-translation-aria-label=\"\">                <div class=\"box box-category has-hover box-overlay dark box-text-middle\">\n                <div class=\"box-image\" style=\"border-radius:10%;\">\n                  <div class=\"image-overlay-remove\" >\n                  <img loading=\"lazy\" decoding=\"async\" src=\"https:\/\/iber.market\/wp-content\/uploads\/2025\/08\/arroz-legumbres-y-pastas-300x300.png\" alt=\"Reis, H\u00fclsenfr\u00fcchte und Nudeln\" width=\"300\" height=\"300\" \/>                  <div class=\"overlay\" style=\"background-color: rgba(0, 201, 2, 0.715)\"><\/div>                                    <\/div>\n                <\/div>\n                <div class=\"box-text text-center is-small\" >\n                  <div class=\"box-text-inner\">\n                      <h5 class=\"uppercase header-title\">\n                              Reis, H\u00fclsenfr\u00fcchte und Nudeln                      <\/h5>\n                                            \n                  <\/div>\n                <\/div>\n                <\/div>\n            <\/a>            <\/div>\n            <\/div><div class=\"product-category col\" >\n            <div class=\"col-inner\">\n              <a aria-label=\"Besuchen Sie die Produktkategorie Mermelada y miel\" href=\"https:\/\/iber.market\/de\/product-category\/spanischer-markt\/marmelade-und-honig\/\" data-no-translation-aria-label=\"\">                <div class=\"box box-category has-hover box-overlay dark box-text-middle\">\n                <div class=\"box-image\" style=\"border-radius:10%;\">\n                  <div class=\"image-overlay-remove\" >\n                  <img loading=\"lazy\" decoding=\"async\" src=\"https:\/\/iber.market\/wp-content\/uploads\/woocommerce-placeholder-300x300.webp\" alt=\"Konfit\u00fcre und Honig\" width=\"300\" height=\"300\" \/>                  <div class=\"overlay\" style=\"background-color: rgba(0, 201, 2, 0.715)\"><\/div>                                    <\/div>\n                <\/div>\n                <div class=\"box-text text-center is-small\" >\n                  <div class=\"box-text-inner\">\n                      <h5 class=\"uppercase header-title\">\n                              Konfit\u00fcre und Honig                      <\/h5>\n                                            \n                  <\/div>\n                <\/div>\n                <\/div>\n            <\/a>            <\/div>\n            <\/div><div class=\"product-category col\" >\n            <div class=\"col-inner\">\n              <a aria-label=\"Besuchen Sie die Produktkategorie Az\u00facar y caramelos\" href=\"https:\/\/iber.market\/de\/product-category\/spanischer-markt\/azucar-y-caramelos\/\" data-no-translation-aria-label=\"\">                <div class=\"box box-category has-hover box-overlay dark box-text-middle\">\n                <div class=\"box-image\" style=\"border-radius:10%;\">\n                  <div class=\"image-overlay-remove\" >\n                  <img loading=\"lazy\" decoding=\"async\" src=\"https:\/\/iber.market\/wp-content\/uploads\/woocommerce-placeholder-300x300.webp\" alt=\"Zucker und S\u00fc\u00dfigkeiten\" width=\"300\" height=\"300\" \/>                  <div class=\"overlay\" style=\"background-color: rgba(0, 201, 2, 0.715)\"><\/div>                                    <\/div>\n                <\/div>\n                <div class=\"box-text text-center is-small\" >\n                  <div class=\"box-text-inner\">\n                      <h5 class=\"uppercase header-title\">\n                              Zucker und S\u00fc\u00dfigkeiten                      <\/h5>\n                                            \n                  <\/div>\n                <\/div>\n                <\/div>\n            <\/a>            <\/div>\n            <\/div><div class=\"product-category col\" >\n            <div class=\"col-inner\">\n              <a aria-label=\"Besuchen Sie die Produktkategorie Chocolate\" href=\"https:\/\/iber.market\/de\/product-category\/spanischer-markt\/schokolade\/\" data-no-translation-aria-label=\"\">                <div class=\"box box-category has-hover box-overlay dark box-text-middle\">\n                <div class=\"box-image\" style=\"border-radius:10%;\">\n                  <div class=\"image-overlay-remove\" >\n                  <img loading=\"lazy\" decoding=\"async\" src=\"https:\/\/iber.market\/wp-content\/uploads\/woocommerce-placeholder-300x300.webp\" alt=\"Schokolade\" width=\"300\" height=\"300\" \/>                  <div class=\"overlay\" style=\"background-color: rgba(0, 201, 2, 0.715)\"><\/div>                                    <\/div>\n                <\/div>\n                <div class=\"box-text text-center is-small\" >\n                  <div class=\"box-text-inner\">\n                      <h5 class=\"uppercase header-title\">\n                              Schokolade                      <\/h5>\n                                            \n                  <\/div>\n                <\/div>\n                <\/div>\n            <\/a>            <\/div>\n            <\/div><div class=\"product-category col\" >\n            <div class=\"col-inner\">\n              <a aria-label=\"Besuchen Sie die Produktkategorie Cacao y chocolate soluble\" href=\"https:\/\/iber.market\/de\/product-category\/spanischer-markt\/kakao-und-losliche-schokolade\/\" data-no-translation-aria-label=\"\">                <div class=\"box box-category has-hover box-overlay dark box-text-middle\">\n                <div class=\"box-image\" style=\"border-radius:10%;\">\n                  <div class=\"image-overlay-remove\" >\n                  <img loading=\"lazy\" decoding=\"async\" src=\"https:\/\/iber.market\/wp-content\/uploads\/2025\/08\/Cacao-y-chocolate-soluble-300x300.png\" alt=\"Kakao und l\u00f6sliche Schokolade\" width=\"300\" height=\"300\" \/>                  <div class=\"overlay\" style=\"background-color: rgba(0, 201, 2, 0.715)\"><\/div>                                    <\/div>\n                <\/div>\n                <div class=\"box-text text-center is-small\" >\n                  <div class=\"box-text-inner\">\n                      <h5 class=\"uppercase header-title\">\n                              Kakao und l\u00f6sliche Schokolade                      <\/h5>\n                                            \n                  <\/div>\n                <\/div>\n                <\/div>\n            <\/a>            <\/div>\n            <\/div><div class=\"product-category col\" >\n            <div class=\"col-inner\">\n              <a aria-label=\"Besuchen Sie die Produktkategorie Caf\u00e9s\" href=\"https:\/\/iber.market\/de\/product-category\/spanischer-markt\/kaffees\/\" data-no-translation-aria-label=\"\">                <div class=\"box box-category has-hover box-overlay dark box-text-middle\">\n                <div class=\"box-image\" style=\"border-radius:10%;\">\n                  <div class=\"image-overlay-remove\" >\n                  <img loading=\"lazy\" decoding=\"async\" src=\"https:\/\/iber.market\/wp-content\/uploads\/2025\/08\/ChatGPT-Image-19-ago-2025-18_41_34-300x300.png\" alt=\"Caf\u00e9s\" width=\"300\" height=\"300\" \/>                  <div class=\"overlay\" style=\"background-color: rgba(0, 201, 2, 0.715)\"><\/div>                                    <\/div>\n                <\/div>\n                <div class=\"box-text text-center is-small\" >\n                  <div class=\"box-text-inner\">\n                      <h5 class=\"uppercase header-title\">\n                              Caf\u00e9s                      <\/h5>\n                                            \n                  <\/div>\n                <\/div>\n                <\/div>\n            <\/a>            <\/div>\n            <\/div><div class=\"product-category col\" >\n            <div class=\"col-inner\">\n              <a aria-label=\"Besuchen Sie die Produktkategorie T\u00e9 e infusiones\" href=\"https:\/\/iber.market\/de\/product-category\/spanischer-markt\/te-e-infusiones\/\" data-no-translation-aria-label=\"\">                <div class=\"box box-category has-hover box-overlay dark box-text-middle\">\n                <div class=\"box-image\" style=\"border-radius:10%;\">\n                  <div class=\"image-overlay-remove\" >\n                  <img loading=\"lazy\" decoding=\"async\" src=\"https:\/\/iber.market\/wp-content\/uploads\/2025\/08\/Te-e-infusiones-ibermarket-300x300.png\" alt=\"Tee und Aufg\u00fcsse\" width=\"300\" height=\"300\" \/>                  <div class=\"overlay\" style=\"background-color: rgba(0, 201, 2, 0.715)\"><\/div>                                    <\/div>\n                <\/div>\n                <div class=\"box-text text-center is-small\" >\n                  <div class=\"box-text-inner\">\n                      <h5 class=\"uppercase header-title\">\n                              Tee und Aufg\u00fcsse                      <\/h5>\n                                            \n                  <\/div>\n                <\/div>\n                <\/div>\n            <\/a>            <\/div>\n            <\/div><div class=\"product-category col\" >\n            <div class=\"col-inner\">\n              <a aria-label=\"Besuchen Sie die Produktkategorie Galletas y tortitas\" href=\"https:\/\/iber.market\/de\/product-category\/spanischer-markt\/kekse-und-pfannkuchen\/\" data-no-translation-aria-label=\"\">                <div class=\"box box-category has-hover box-overlay dark box-text-middle\">\n                <div class=\"box-image\" style=\"border-radius:10%;\">\n                  <div class=\"image-overlay-remove\" >\n                  <img loading=\"lazy\" decoding=\"async\" src=\"https:\/\/iber.market\/wp-content\/uploads\/2025\/08\/galletas-y-tortitas-ibermarket-300x300.png\" alt=\"Kekse und Pfannkuchen\" width=\"300\" height=\"300\" \/>                  <div class=\"overlay\" style=\"background-color: rgba(0, 201, 2, 0.715)\"><\/div>                                    <\/div>\n                <\/div>\n                <div class=\"box-text text-center is-small\" >\n                  <div class=\"box-text-inner\">\n                      <h5 class=\"uppercase header-title\">\n                              Kekse und Pfannkuchen                      <\/h5>\n                                            \n                  <\/div>\n                <\/div>\n                <\/div>\n            <\/a>            <\/div>\n            <\/div><div class=\"product-category col\" >\n            <div class=\"col-inner\">\n              <a aria-label=\"Besuchen Sie die Produktkategorie Cereales\" href=\"https:\/\/iber.market\/de\/product-category\/spanischer-markt\/getreide\/\" data-no-translation-aria-label=\"\">                <div class=\"box box-category has-hover box-overlay dark box-text-middle\">\n                <div class=\"box-image\" style=\"border-radius:10%;\">\n                  <div class=\"image-overlay-remove\" >\n                  <img loading=\"lazy\" decoding=\"async\" src=\"https:\/\/iber.market\/wp-content\/uploads\/2025\/08\/cereales-ibermarket-300x300.png\" alt=\"Getreide\" width=\"300\" height=\"300\" \/>                  <div class=\"overlay\" style=\"background-color: rgba(0, 201, 2, 0.715)\"><\/div>                                    <\/div>\n                <\/div>\n                <div class=\"box-text text-center is-small\" >\n                  <div class=\"box-text-inner\">\n                      <h5 class=\"uppercase header-title\">\n                              Getreide                      <\/h5>\n                                            \n                  <\/div>\n                <\/div>\n                <\/div>\n            <\/a>            <\/div>\n            <\/div><div class=\"product-category col\" >\n            <div class=\"col-inner\">\n              <a aria-label=\"Besuchen Sie die Produktkategorie Caldos y cremas\" href=\"https:\/\/iber.market\/de\/product-category\/spanischer-markt\/caldos-y-cremas\/\" data-no-translation-aria-label=\"\">                <div class=\"box box-category has-hover box-overlay dark box-text-middle\">\n                <div class=\"box-image\" style=\"border-radius:10%;\">\n                  <div class=\"image-overlay-remove\" >\n                  <img loading=\"lazy\" decoding=\"async\" src=\"https:\/\/iber.market\/wp-content\/uploads\/woocommerce-placeholder-300x300.webp\" alt=\"Br\u00fchen und Cremes\" width=\"300\" height=\"300\" \/>                  <div class=\"overlay\" style=\"background-color: rgba(0, 201, 2, 0.715)\"><\/div>                                    <\/div>\n                <\/div>\n                <div class=\"box-text text-center is-small\" >\n                  <div class=\"box-text-inner\">\n                      <h5 class=\"uppercase header-title\">\n                              Br\u00fchen und Cremes                      <\/h5>\n                                            \n                  <\/div>\n                <\/div>\n                <\/div>\n            <\/a>            <\/div>\n            <\/div><div class=\"product-category col\" >\n            <div class=\"col-inner\">\n              <a aria-label=\"Besuchen Sie die Produktkategorie Conservas de pescado y marisco\" href=\"https:\/\/iber.market\/de\/product-category\/spanischer-markt\/fisch-und-schalentierkonserven\/\" data-no-translation-aria-label=\"\">                <div class=\"box box-category has-hover box-overlay dark box-text-middle\">\n                <div class=\"box-image\" style=\"border-radius:10%;\">\n                  <div class=\"image-overlay-remove\" >\n                  <img loading=\"lazy\" decoding=\"async\" src=\"https:\/\/iber.market\/wp-content\/uploads\/woocommerce-placeholder-300x300.webp\" alt=\"Fisch- und Schalentierkonserven\" width=\"300\" height=\"300\" \/>                  <div class=\"overlay\" style=\"background-color: rgba(0, 201, 2, 0.715)\"><\/div>                                    <\/div>\n                <\/div>\n                <div class=\"box-text text-center is-small\" >\n                  <div class=\"box-text-inner\">\n                      <h5 class=\"uppercase header-title\">\n                              Fisch- und Schalentierkonserven                      <\/h5>\n                                            \n                  <\/div>\n                <\/div>\n                <\/div>\n            <\/a>            <\/div>\n            <\/div><div class=\"product-category col\" >\n            <div class=\"col-inner\">\n              <a aria-label=\"Besuchen Sie die Produktkategorie Conservas vegetales y tomate\" href=\"https:\/\/iber.market\/de\/product-category\/spanischer-markt\/conservas-vegetales-y-tomate\/\" data-no-translation-aria-label=\"\">                <div class=\"box box-category has-hover box-overlay dark box-text-middle\">\n                <div class=\"box-image\" style=\"border-radius:10%;\">\n                  <div class=\"image-overlay-remove\" >\n                  <img loading=\"lazy\" decoding=\"async\" src=\"https:\/\/iber.market\/wp-content\/uploads\/2025\/08\/bac47a7f2186be4ef7b42b3fbc3775d6-scaled.jpg\" alt=\"Gem\u00fcse- und Tomatenkonserven\" width=\"300\" height=\"300\" \/>                  <div class=\"overlay\" style=\"background-color: rgba(0, 201, 2, 0.715)\"><\/div>                                    <\/div>\n                <\/div>\n                <div class=\"box-text text-center is-small\" >\n                  <div class=\"box-text-inner\">\n                      <h5 class=\"uppercase header-title\">\n                              Gem\u00fcse- und Tomatenkonserven                      <\/h5>\n                                            \n                  <\/div>\n                <\/div>\n                <\/div>\n            <\/a>            <\/div>\n            <\/div><div class=\"product-category col\" >\n            <div class=\"col-inner\">\n              <a aria-label=\"Besuchen Sie die Produktkategorie Fitoterapia y parafarmacia\" href=\"https:\/\/iber.market\/de\/product-category\/spanischer-markt\/phytotherapie-und-parapharmazie\/\" data-no-translation-aria-label=\"\">                <div class=\"box box-category has-hover box-overlay dark box-text-middle\">\n                <div class=\"box-image\" style=\"border-radius:10%;\">\n                  <div class=\"image-overlay-remove\" >\n                  <img loading=\"lazy\" decoding=\"async\" src=\"https:\/\/iber.market\/wp-content\/uploads\/2025\/08\/ChatGPT-Image-20-ago-2025-02_38_27-300x300.png\" alt=\"Phytotherapie und Parapharmazie\" width=\"300\" height=\"300\" \/>                  <div class=\"overlay\" style=\"background-color: rgba(0, 201, 2, 0.715)\"><\/div>                                    <\/div>\n                <\/div>\n                <div class=\"box-text text-center is-small\" >\n                  <div class=\"box-text-inner\">\n                      <h5 class=\"uppercase header-title\">\n                              Phytotherapie und Parapharmazie                      <\/h5>\n                                            \n                  <\/div>\n                <\/div>\n                <\/div>\n            <\/a>            <\/div>\n            <\/div><div class=\"product-category col\" >\n            <div class=\"col-inner\">\n              <a aria-label=\"Besuchen Sie die Produktkategorie Labios\" href=\"https:\/\/iber.market\/de\/product-category\/maquillaje-y-belleza\/labios\/\" data-no-translation-aria-label=\"\">                <div class=\"box box-category has-hover box-overlay dark box-text-middle\">\n                <div class=\"box-image\" style=\"border-radius:10%;\">\n                  <div class=\"image-overlay-remove\" >\n                  <img loading=\"lazy\" decoding=\"async\" src=\"https:\/\/iber.market\/wp-content\/uploads\/2025\/08\/labios-ibermarket-300x300.png\" alt=\"Lippen\" width=\"300\" height=\"300\" \/>                  <div class=\"overlay\" style=\"background-color: rgba(0, 201, 2, 0.715)\"><\/div>                                    <\/div>\n                <\/div>\n                <div class=\"box-text text-center is-small\" >\n                  <div class=\"box-text-inner\">\n                      <h5 class=\"uppercase header-title\">\n                              Lippen                      <\/h5>\n                                            \n                  <\/div>\n                <\/div>\n                <\/div>\n            <\/a>            <\/div>\n            <\/div><div class=\"product-category col\" >\n            <div class=\"col-inner\">\n              <a aria-label=\"Besuchen Sie die Produktkategorie Pescado en salaz\u00f3n\" href=\"https:\/\/iber.market\/de\/product-category\/spanischer-markt\/gesalzener-fisch\/\" data-no-translation-aria-label=\"\">                <div class=\"box box-category has-hover box-overlay dark box-text-middle\">\n                <div class=\"box-image\" style=\"border-radius:10%;\">\n                  <div class=\"image-overlay-remove\" >\n                  <img loading=\"lazy\" decoding=\"async\" src=\"https:\/\/iber.market\/wp-content\/uploads\/woocommerce-placeholder-300x300.webp\" alt=\"Gesalzener Fisch\" width=\"300\" height=\"300\" \/>                  <div class=\"overlay\" style=\"background-color: rgba(0, 201, 2, 0.715)\"><\/div>                                    <\/div>\n                <\/div>\n                <div class=\"box-text text-center is-small\" >\n                  <div class=\"box-text-inner\">\n                      <h5 class=\"uppercase header-title\">\n                              Gesalzener Fisch                      <\/h5>\n                                            \n                  <\/div>\n                <\/div>\n                <\/div>\n            <\/a>            <\/div>\n            <\/div><div class=\"product-category col\" >\n            <div class=\"col-inner\">\n              <a aria-label=\"Besuchen Sie die Produktkategorie Mascotas\" href=\"https:\/\/iber.market\/de\/product-category\/spanischer-markt\/haustiere\/\" data-no-translation-aria-label=\"\">                <div class=\"box box-category has-hover box-overlay dark box-text-middle\">\n                <div class=\"box-image\" style=\"border-radius:10%;\">\n                  <div class=\"image-overlay-remove\" >\n                  <img loading=\"lazy\" decoding=\"async\" src=\"https:\/\/iber.market\/wp-content\/uploads\/2025\/08\/comida-mascotas-ibermarket-300x300.png\" alt=\"Haustiere\" width=\"300\" height=\"300\" \/>                  <div class=\"overlay\" style=\"background-color: rgba(0, 201, 2, 0.715)\"><\/div>                                    <\/div>\n                <\/div>\n                <div class=\"box-text text-center is-small\" >\n                  <div class=\"box-text-inner\">\n                      <h5 class=\"uppercase header-title\">\n                              Haustiere                      <\/h5>\n                                            \n                  <\/div>\n                <\/div>\n                <\/div>\n            <\/a>            <\/div>\n            <\/div><div class=\"product-category col\" >\n            <div class=\"col-inner\">\n              <a aria-label=\"Besuchen Sie die Produktkategorie Harinas y reposter\u00eda\" href=\"https:\/\/iber.market\/de\/product-category\/spanischer-markt\/backerei-und-konditorei\/mehl-und-suswaren\/\" data-no-translation-aria-label=\"\">                <div class=\"box box-category has-hover box-overlay dark box-text-middle\">\n                <div class=\"box-image\" style=\"border-radius:10%;\">\n                  <div class=\"image-overlay-remove\" >\n                  <img loading=\"lazy\" decoding=\"async\" src=\"https:\/\/iber.market\/wp-content\/uploads\/2025\/08\/Harinas-y-reposterias-ibermarket-300x300.png\" alt=\"Mehl und S\u00fc\u00dfwaren\" width=\"300\" height=\"300\" \/>                  <div class=\"overlay\" style=\"background-color: rgba(0, 201, 2, 0.715)\"><\/div>                                    <\/div>\n                <\/div>\n                <div class=\"box-text text-center is-small\" >\n                  <div class=\"box-text-inner\">\n                      <h5 class=\"uppercase header-title\">\n                              Mehl und S\u00fc\u00dfwaren                      <\/h5>\n                                            \n                  <\/div>\n                <\/div>\n                <\/div>\n            <\/a>            <\/div>\n            <\/div><div class=\"product-category col\" >\n            <div class=\"col-inner\">\n              <a aria-label=\"Besuchen Sie die Produktkategorie Picos, rosquilletas y picatostes\" href=\"https:\/\/iber.market\/de\/product-category\/spanischer-markt\/backerei-und-konditorei\/picos-rosquilletas-y-picatostes\/\" data-no-translation-aria-label=\"\">                <div class=\"box box-category has-hover box-overlay dark box-text-middle\">\n                <div class=\"box-image\" style=\"border-radius:10%;\">\n                  <div class=\"image-overlay-remove\" >\n                  <img loading=\"lazy\" decoding=\"async\" src=\"https:\/\/iber.market\/wp-content\/uploads\/2025\/08\/Picos-rosquilletas-y-picatostes-ibermarket-300x300.png\" alt=\"Picos, Rosquilletas und Croutons\" width=\"300\" height=\"300\" \/>                  <div class=\"overlay\" style=\"background-color: rgba(0, 201, 2, 0.715)\"><\/div>                                    <\/div>\n                <\/div>\n                <div class=\"box-text text-center is-small\" >\n                  <div class=\"box-text-inner\">\n                      <h5 class=\"uppercase header-title\">\n                              Picos, Rosquilletas und Croutons                      <\/h5>\n                                            \n                  <\/div>\n                <\/div>\n                <\/div>\n            <\/a>            <\/div>\n            <\/div><div class=\"product-category col\" >\n            <div class=\"col-inner\">\n              <a aria-label=\"Besuchen Sie die Produktkategorie Pan tostado y rallado\" href=\"https:\/\/iber.market\/de\/product-category\/spanischer-markt\/backerei-und-konditorei\/getoastetes-und-geriebenes-brot\/\" data-no-translation-aria-label=\"\">                <div class=\"box box-category has-hover box-overlay dark box-text-middle\">\n                <div class=\"box-image\" style=\"border-radius:10%;\">\n                  <div class=\"image-overlay-remove\" >\n                  <img loading=\"lazy\" decoding=\"async\" src=\"https:\/\/iber.market\/wp-content\/uploads\/2025\/08\/Pan-tostado-y-rallado-ibermarket-300x300.png\" alt=\"Ger\u00f6stetes und geriebenes Brot\" width=\"300\" height=\"300\" \/>                  <div class=\"overlay\" style=\"background-color: rgba(0, 201, 2, 0.715)\"><\/div>                                    <\/div>\n                <\/div>\n                <div class=\"box-text text-center is-small\" >\n                  <div class=\"box-text-inner\">\n                      <h5 class=\"uppercase header-title\">\n                              Ger\u00f6stetes und geriebenes Brot                      <\/h5>\n                                            \n                  <\/div>\n                <\/div>\n                <\/div>\n            <\/a>            <\/div>\n            <\/div><div class=\"product-category col\" >\n            <div class=\"col-inner\">\n              <a aria-label=\"Besuchen Sie die Produktkategorie Zumos\" href=\"https:\/\/iber.market\/de\/product-category\/spanischer-markt\/safte\/\" data-no-translation-aria-label=\"\">                <div class=\"box box-category has-hover box-overlay dark box-text-middle\">\n                <div class=\"box-image\" style=\"border-radius:10%;\">\n                  <div class=\"image-overlay-remove\" >\n                  <img loading=\"lazy\" decoding=\"async\" src=\"https:\/\/iber.market\/wp-content\/uploads\/2025\/08\/Zumos-ibermarket-300x300.png\" alt=\"S\u00e4fte\" width=\"300\" height=\"300\" \/>                  <div class=\"overlay\" style=\"background-color: rgba(0, 201, 2, 0.715)\"><\/div>                                    <\/div>\n                <\/div>\n                <div class=\"box-text text-center is-small\" >\n                  <div class=\"box-text-inner\">\n                      <h5 class=\"uppercase header-title\">\n                              S\u00e4fte                      <\/h5>\n                                            \n                  <\/div>\n                <\/div>\n                <\/div>\n            <\/a>            <\/div>\n            <\/div><div class=\"product-category col\" >\n            <div class=\"col-inner\">\n              <a aria-label=\"Besuchen Sie die Produktkategorie Pizzas y platos preparados\" href=\"https:\/\/iber.market\/de\/product-category\/spanischer-markt\/pizzas-und-fertiggerichte\/\" data-no-translation-aria-label=\"\">                <div class=\"box box-category has-hover box-overlay dark box-text-middle\">\n                <div class=\"box-image\" style=\"border-radius:10%;\">\n                  <div class=\"image-overlay-remove\" >\n                  <img loading=\"lazy\" decoding=\"async\" src=\"https:\/\/iber.market\/wp-content\/uploads\/2025\/08\/Pizzas-y-platos-preparados-ibermarket-300x300.png\" alt=\"Pizzas und Fertiggerichte\" width=\"300\" height=\"300\" \/>                  <div class=\"overlay\" style=\"background-color: rgba(0, 201, 2, 0.715)\"><\/div>                                    <\/div>\n                <\/div>\n                <div class=\"box-text text-center is-small\" >\n                  <div class=\"box-text-inner\">\n                      <h5 class=\"uppercase header-title\">\n                              Pizzas und Fertiggerichte                      <\/h5>\n                                            \n                  <\/div>\n                <\/div>\n                <\/div>\n            <\/a>            <\/div>\n            <\/div><\/div>\n\n\t\n  \n    <div class=\"row  equalize-box large-columns-5 medium-columns-3 small-columns-2 row-normal row-full-width slider row-slider slider-nav-reveal slider-nav-push\"  data-flickity-options='{&quot;imagesLoaded&quot;: true, &quot;groupCells&quot;: &quot;100%&quot;, &quot;dragThreshold&quot; : 5, &quot;cellAlign&quot;: &quot;left&quot;,&quot;wrapAround&quot;: true,&quot;prevNextButtons&quot;: true,&quot;percentPosition&quot;: true,&quot;pageDots&quot;: false, &quot;rightToLeft&quot;: false, &quot;autoPlay&quot; : false}' >\n\n  \n\t     <div class=\"product-small col has-hover product type-product post-197740 status-publish first instock product_cat-cuidado-corporal-y-facial has-post-thumbnail taxable shipping-taxable purchasable product-type-simple\">\n\t<div class=\"col-inner\">\n\t\n<div class=\"badge-container absolute left top z-1\">\n\n<\/div>\n\t<div class=\"product-small box\">\n\t\t<div class=\"box-image\">\n\t\t\t<div class=\"image-none\">\n\t\t\t\t<a href=\"https:\/\/iber.market\/de\/product\/desodorante-roll-on-active-control-sanex-men-antitranspirante\/\" aria-label=\"Desodorante roll-on Active control Sanex men antitranspirante\">\n\t\t\t\t\t<img loading=\"lazy\" decoding=\"async\" width=\"300\" height=\"300\" src=\"https:\/\/hacendado.iber.market\/wp-content\/uploads\/2026\/02\/55f6b689b4cb7e483a8fe4c101bb9186-scaled.jpg\" class=\"attachment-woocommerce_thumbnail size-woocommerce_thumbnail\" alt=\"Desodorante roll-on Active control Sanex men antitranspirante\" data-src=\"https:\/\/hacendado.iber.market\/wp-content\/uploads\/2026\/02\/55f6b689b4cb7e483a8fe4c101bb9186-scaled.jpg\" data-large_image=\"https:\/\/hacendado.iber.market\/wp-content\/uploads\/2026\/02\/55f6b689b4cb7e483a8fe4c101bb9186-scaled.jpg\" \/>\t\t\t\t<\/a>\n\t\t\t<\/div>\n\t\t\t<div class=\"image-tools is-small top right show-on-hover\">\n\t\t\t\t\t\t\t<\/div>\n\t\t\t<div class=\"image-tools is-small hide-for-small bottom left show-on-hover\">\n\t\t\t\t\t\t\t<\/div>\n\t\t\t<div class=\"image-tools grid-tools text-center hide-for-small bottom hover-slide-in show-on-hover\">\n\t\t\t\t\t\t\t<\/div>\n\t\t\t\t\t<\/div>\n\n\t\t<div class=\"box-text box-text-products\">\n\t\t\t<div class=\"title-wrapper\">\t\t<p class=\"category uppercase is-smaller no-text-overflow product-cat op-7\">\n\t\t\tK\u00f6rper- und Gesichtspflege\t\t<\/p>\n\t<p class=\"name product-title woocommerce-loop-product__title\"><a href=\"https:\/\/iber.market\/de\/product\/desodorante-roll-on-active-control-sanex-men-antitranspirante\/\" class=\"woocommerce-LoopProduct-link woocommerce-loop-product__link\">Desodorante roll-on Active control Sanex men antitranspirante<\/a><\/p><\/div><div class=\"price-wrapper\">\n\t<span class=\"price\"><span class=\"woocommerce-Price-amount amount\"><bdi>5,17&nbsp;<span class=\"woocommerce-Price-currencySymbol\">\u20ac<\/span><\/bdi><\/span> <small class=\"woocommerce-price-suffix\">Endpreis<\/small><\/span>\n<\/div><div class=\"add-to-cart-button\"><a href=\"\/de\/wp-json\/wp\/v2\/pages\/369?add-to-cart=197740\" aria-describedby=\"woocommerce_loop_add_to_cart_link_describedby_197740\" data-quantity=\"1\" class=\"primary is-small mb-0 button product_type_simple add_to_cart_button ajax_add_to_cart is-outline\" data-product_id=\"197740\" data-product_sku=\"45078\" aria-label=\"In den Warenkorb legen: &quot;Desodorante roll-on Active control Sanex men antitranspirante&quot;\" rel=\"nofollow\" data-success_message=\"&quot;Desodorante roll-on Active control Sanex men antitranspirante&quot; wurde zu Ihrem Warenkorb hinzugef\u00fcgt.\" role=\"button\" data-no-translation=\"\" data-trp-gettext=\"\" data-no-translation-aria-label=\"\" data-no-translation-data-success_message=\"\">In den Warenkorb legen<\/a><\/div>\t<span id=\"woocommerce_loop_add_to_cart_link_describedby_197740\" class=\"screen-reader-text\">\n\t\t\t<\/span>\n\t\t<\/div>\n\t<\/div>\n\t<span class=\"gtm4wp_productdata\" style=\"display:none; visibility:hidden;\" data-gtm4wp_product_data=\"{&quot;internal_id&quot;:197740,&quot;item_id&quot;:197740,&quot;item_name&quot;:&quot;Desodorante roll-on Active control Sanex men antitranspirante&quot;,&quot;sku&quot;:&quot;45078&quot;,&quot;price&quot;:5.17,&quot;stocklevel&quot;:null,&quot;stockstatus&quot;:&quot;instock&quot;,&quot;google_business_vertical&quot;:&quot;retail&quot;,&quot;item_category&quot;:&quot;Cuidado corporal y facial&quot;,&quot;id&quot;:197740,&quot;productlink&quot;:&quot;https:\\\/\\\/iber.market\\\/de\\\/product\\\/desodorante-roll-on-active-control-sanex-men-antitranspirante\\\/&quot;,&quot;item_list_name&quot;:&quot;General Product List&quot;,&quot;index&quot;:1,&quot;product_type&quot;:&quot;simple&quot;,&quot;item_brand&quot;:&quot;&quot;}\"><\/span>\t<\/div>\n<\/div><div class=\"product-small col has-hover product type-product post-195483 status-publish instock product_cat-agua has-post-thumbnail taxable shipping-taxable purchasable product-type-simple\">\n\t<div class=\"col-inner\">\n\t\n<div class=\"badge-container absolute left top z-1\">\n\n<\/div>\n\t<div class=\"product-small box\">\n\t\t<div class=\"box-image\">\n\t\t\t<div class=\"image-none\">\n\t\t\t\t<a href=\"https:\/\/iber.market\/de\/product\/agua-de-soda-con-sifon-la-casa\/\" aria-label=\"La Casa Sodawasser mit Soda-Siphon\">\n\t\t\t\t\t<img loading=\"lazy\" decoding=\"async\" width=\"300\" height=\"300\" src=\"https:\/\/hacendado.iber.market\/wp-content\/uploads\/2026\/02\/ac1b9011a5c536c91fd9e2a5a0af0355-scaled.jpg\" class=\"attachment-woocommerce_thumbnail size-woocommerce_thumbnail\" alt=\"La Casa Sodawasser mit Soda-Siphon\" data-src=\"https:\/\/hacendado.iber.market\/wp-content\/uploads\/2026\/02\/ac1b9011a5c536c91fd9e2a5a0af0355-scaled.jpg\" data-large_image=\"https:\/\/hacendado.iber.market\/wp-content\/uploads\/2026\/02\/ac1b9011a5c536c91fd9e2a5a0af0355-scaled.jpg\" \/>\t\t\t\t<\/a>\n\t\t\t<\/div>\n\t\t\t<div class=\"image-tools is-small top right show-on-hover\">\n\t\t\t\t\t\t\t<\/div>\n\t\t\t<div class=\"image-tools is-small hide-for-small bottom left show-on-hover\">\n\t\t\t\t\t\t\t<\/div>\n\t\t\t<div class=\"image-tools grid-tools text-center hide-for-small bottom hover-slide-in show-on-hover\">\n\t\t\t\t\t\t\t<\/div>\n\t\t\t\t\t<\/div>\n\n\t\t<div class=\"box-text box-text-products\">\n\t\t\t<div class=\"title-wrapper\">\t\t<p class=\"category uppercase is-smaller no-text-overflow product-cat op-7\">\n\t\t\tWasser und Sprudelwasser\t\t<\/p>\n\t<p class=\"name product-title woocommerce-loop-product__title\"><a href=\"https:\/\/iber.market\/de\/product\/agua-de-soda-con-sifon-la-casa\/\" class=\"woocommerce-LoopProduct-link woocommerce-loop-product__link\">La Casa Sodawasser mit Soda-Siphon<\/a><\/p><\/div><div class=\"price-wrapper\">\n\t<span class=\"price\"><span class=\"woocommerce-Price-amount amount\"><bdi>3,52&nbsp;<span class=\"woocommerce-Price-currencySymbol\">\u20ac<\/span><\/bdi><\/span> <small class=\"woocommerce-price-suffix\">Endpreis<\/small><\/span>\n<\/div><div class=\"add-to-cart-button\"><a href=\"\/de\/wp-json\/wp\/v2\/pages\/369?add-to-cart=195483\" aria-describedby=\"woocommerce_loop_add_to_cart_link_describedby_195483\" data-quantity=\"1\" class=\"primary is-small mb-0 button product_type_simple add_to_cart_button ajax_add_to_cart is-outline\" data-product_id=\"195483\" data-product_sku=\"27203\" aria-label=\"In den Warenkorb legen: &quot;Agua de soda con sif\u00f3n La Casa&quot;\" rel=\"nofollow\" data-success_message=\"&quot;Agua de soda con sif\u00f3n La Casa&quot; wurde zu Ihrem Warenkorb hinzugef\u00fcgt.\" role=\"button\" data-no-translation=\"\" data-trp-gettext=\"\" data-no-translation-aria-label=\"\" data-no-translation-data-success_message=\"\">In den Warenkorb legen<\/a><\/div>\t<span id=\"woocommerce_loop_add_to_cart_link_describedby_195483\" class=\"screen-reader-text\">\n\t\t\t<\/span>\n\t\t<\/div>\n\t<\/div>\n\t<span class=\"gtm4wp_productdata\" style=\"display:none; visibility:hidden;\" data-gtm4wp_product_data=\"{&quot;internal_id&quot;:195483,&quot;item_id&quot;:195483,&quot;item_name&quot;:&quot;Agua de soda con sif\\u00f3n La Casa&quot;,&quot;sku&quot;:&quot;27203&quot;,&quot;price&quot;:3.52,&quot;stocklevel&quot;:null,&quot;stockstatus&quot;:&quot;instock&quot;,&quot;google_business_vertical&quot;:&quot;retail&quot;,&quot;item_category&quot;:&quot;Agua y Agua con Gas&quot;,&quot;id&quot;:195483,&quot;productlink&quot;:&quot;https:\\\/\\\/iber.market\\\/de\\\/product\\\/agua-de-soda-con-sifon-la-casa\\\/&quot;,&quot;item_list_name&quot;:&quot;General Product List&quot;,&quot;index&quot;:2,&quot;product_type&quot;:&quot;simple&quot;,&quot;item_brand&quot;:&quot;&quot;}\"><\/span>\t<\/div>\n<\/div><div class=\"product-small col has-hover product type-product post-196039 status-publish instock product_cat-conservas-de-pescado-y-marisco has-post-thumbnail taxable shipping-taxable purchasable product-type-simple\">\n\t<div class=\"col-inner\">\n\t\n<div class=\"badge-container absolute left top z-1\">\n\n<\/div>\n\t<div class=\"product-small box\">\n\t\t<div class=\"box-image\">\n\t\t\t<div class=\"image-none\">\n\t\t\t\t<a href=\"https:\/\/iber.market\/de\/product\/bonito-del-norte-en-aceite-de-oliva-hacendado\/\" aria-label=\"Bonito del norte en aceite de oliva Hacendado\">\n\t\t\t\t\t<img loading=\"lazy\" decoding=\"async\" width=\"300\" height=\"300\" src=\"https:\/\/hacendado.iber.market\/wp-content\/uploads\/2026\/02\/ab5f6221766e916ed6f7427b29a9666c-scaled.jpg\" class=\"attachment-woocommerce_thumbnail size-woocommerce_thumbnail\" alt=\"Bonito del norte en aceite de oliva Hacendado\" data-src=\"https:\/\/hacendado.iber.market\/wp-content\/uploads\/2026\/02\/ab5f6221766e916ed6f7427b29a9666c-scaled.jpg\" data-large_image=\"https:\/\/hacendado.iber.market\/wp-content\/uploads\/2026\/02\/ab5f6221766e916ed6f7427b29a9666c-scaled.jpg\" \/>\t\t\t\t<\/a>\n\t\t\t<\/div>\n\t\t\t<div class=\"image-tools is-small top right show-on-hover\">\n\t\t\t\t\t\t\t<\/div>\n\t\t\t<div class=\"image-tools is-small hide-for-small bottom left show-on-hover\">\n\t\t\t\t\t\t\t<\/div>\n\t\t\t<div class=\"image-tools grid-tools text-center hide-for-small bottom hover-slide-in show-on-hover\">\n\t\t\t\t\t\t\t<\/div>\n\t\t\t\t\t<\/div>\n\n\t\t<div class=\"box-text box-text-products\">\n\t\t\t<div class=\"title-wrapper\">\t\t<p class=\"category uppercase is-smaller no-text-overflow product-cat op-7\">\n\t\t\tFisch- und Schalentierkonserven\t\t<\/p>\n\t<p class=\"name product-title woocommerce-loop-product__title\"><a href=\"https:\/\/iber.market\/de\/product\/bonito-del-norte-en-aceite-de-oliva-hacendado\/\" class=\"woocommerce-LoopProduct-link woocommerce-loop-product__link\">Bonito del norte en aceite de oliva Hacendado<\/a><\/p><\/div><div class=\"price-wrapper\">\n\t<span class=\"price\"><span class=\"woocommerce-Price-amount amount\"><bdi>7,26&nbsp;<span class=\"woocommerce-Price-currencySymbol\">\u20ac<\/span><\/bdi><\/span> <small class=\"woocommerce-price-suffix\">Endpreis<\/small><\/span>\n<\/div><div class=\"add-to-cart-button\"><a href=\"\/de\/wp-json\/wp\/v2\/pages\/369?add-to-cart=196039\" aria-describedby=\"woocommerce_loop_add_to_cart_link_describedby_196039\" data-quantity=\"1\" class=\"primary is-small mb-0 button product_type_simple add_to_cart_button ajax_add_to_cart is-outline\" data-product_id=\"196039\" data-product_sku=\"18116\" aria-label=\"In den Warenkorb legen: &quot;Bonito del norte en aceite de oliva Hacendado&quot;\" rel=\"nofollow\" data-success_message=\"&quot;Bonito del norte en aceite de oliva Hacendado&quot; wurde zu Ihrem Warenkorb hinzugef\u00fcgt.\" role=\"button\" data-no-translation=\"\" data-trp-gettext=\"\" data-no-translation-aria-label=\"\" data-no-translation-data-success_message=\"\">In den Warenkorb legen<\/a><\/div>\t<span id=\"woocommerce_loop_add_to_cart_link_describedby_196039\" class=\"screen-reader-text\">\n\t\t\t<\/span>\n\t\t<\/div>\n\t<\/div>\n\t<span class=\"gtm4wp_productdata\" style=\"display:none; visibility:hidden;\" data-gtm4wp_product_data=\"{&quot;internal_id&quot;:196039,&quot;item_id&quot;:196039,&quot;item_name&quot;:&quot;Bonito del norte en aceite de oliva Hacendado&quot;,&quot;sku&quot;:&quot;18116&quot;,&quot;price&quot;:7.26,&quot;stocklevel&quot;:null,&quot;stockstatus&quot;:&quot;instock&quot;,&quot;google_business_vertical&quot;:&quot;retail&quot;,&quot;item_category&quot;:&quot;Conservas de pescado y marisco&quot;,&quot;id&quot;:196039,&quot;productlink&quot;:&quot;https:\\\/\\\/iber.market\\\/de\\\/product\\\/bonito-del-norte-en-aceite-de-oliva-hacendado\\\/&quot;,&quot;item_list_name&quot;:&quot;General Product List&quot;,&quot;index&quot;:3,&quot;product_type&quot;:&quot;simple&quot;,&quot;item_brand&quot;:&quot;&quot;}\"><\/span>\t<\/div>\n<\/div><div class=\"product-small col has-hover product type-product post-199519 status-publish last instock product_cat-arroz-legumbres-y-pasta has-post-thumbnail taxable shipping-taxable purchasable product-type-simple\">\n\t<div class=\"col-inner\">\n\t\n<div class=\"badge-container absolute left top z-1\">\n\n<\/div>\n\t<div class=\"product-small box\">\n\t\t<div class=\"box-image\">\n\t\t\t<div class=\"image-none\">\n\t\t\t\t<a href=\"https:\/\/iber.market\/de\/product\/pasta-fresca-tagliatelle-al-huevo-hacendado\/\" aria-label=\"Frische Tagliatelle-Nudeln mit Ei Hacendado\">\n\t\t\t\t\t<img loading=\"lazy\" decoding=\"async\" width=\"300\" height=\"300\" src=\"https:\/\/hacendado.iber.market\/wp-content\/uploads\/2026\/03\/7becef7fb81d8c8a41da7b5e135ba73b-scaled.jpg\" class=\"attachment-woocommerce_thumbnail size-woocommerce_thumbnail\" alt=\"Frische Tagliatelle-Nudeln mit Ei Hacendado\" data-src=\"https:\/\/hacendado.iber.market\/wp-content\/uploads\/2026\/03\/7becef7fb81d8c8a41da7b5e135ba73b-scaled.jpg\" data-large_image=\"https:\/\/hacendado.iber.market\/wp-content\/uploads\/2026\/03\/7becef7fb81d8c8a41da7b5e135ba73b-scaled.jpg\" \/>\t\t\t\t<\/a>\n\t\t\t<\/div>\n\t\t\t<div class=\"image-tools is-small top right show-on-hover\">\n\t\t\t\t\t\t\t<\/div>\n\t\t\t<div class=\"image-tools is-small hide-for-small bottom left show-on-hover\">\n\t\t\t\t\t\t\t<\/div>\n\t\t\t<div class=\"image-tools grid-tools text-center hide-for-small bottom hover-slide-in show-on-hover\">\n\t\t\t\t\t\t\t<\/div>\n\t\t\t\t\t<\/div>\n\n\t\t<div class=\"box-text box-text-products\">\n\t\t\t<div class=\"title-wrapper\">\t\t<p class=\"category uppercase is-smaller no-text-overflow product-cat op-7\">\n\t\t\tReis, H\u00fclsenfr\u00fcchte und Nudeln\t\t<\/p>\n\t<p class=\"name product-title woocommerce-loop-product__title\"><a href=\"https:\/\/iber.market\/de\/product\/pasta-fresca-tagliatelle-al-huevo-hacendado\/\" class=\"woocommerce-LoopProduct-link woocommerce-loop-product__link\">Frische Tagliatelle-Nudeln mit Ei Hacendado<\/a><\/p><\/div><div class=\"price-wrapper\">\n\t<span class=\"price\"><span class=\"woocommerce-Price-amount amount\"><bdi>2,64&nbsp;<span class=\"woocommerce-Price-currencySymbol\">\u20ac<\/span><\/bdi><\/span> <small class=\"woocommerce-price-suffix\">Endpreis<\/small><\/span>\n<\/div><div class=\"add-to-cart-button\"><a href=\"\/de\/wp-json\/wp\/v2\/pages\/369?add-to-cart=199519\" aria-describedby=\"woocommerce_loop_add_to_cart_link_describedby_199519\" data-quantity=\"1\" class=\"primary is-small mb-0 button product_type_simple add_to_cart_button ajax_add_to_cart is-outline\" data-product_id=\"199519\" data-product_sku=\"6153\" aria-label=\"In den Warenkorb legen: &quot;Pasta fresca tagliatelle al huevo Hacendado&quot;\" rel=\"nofollow\" data-success_message=\"&quot;Pasta fresca tagliatelle al huevo Hacendado&quot; wurde zu Ihrem Warenkorb hinzugef\u00fcgt.\" role=\"button\" data-no-translation=\"\" data-trp-gettext=\"\" data-no-translation-aria-label=\"\" data-no-translation-data-success_message=\"\">In den Warenkorb legen<\/a><\/div>\t<span id=\"woocommerce_loop_add_to_cart_link_describedby_199519\" class=\"screen-reader-text\">\n\t\t\t<\/span>\n\t\t<\/div>\n\t<\/div>\n\t<span class=\"gtm4wp_productdata\" style=\"display:none; visibility:hidden;\" data-gtm4wp_product_data=\"{&quot;internal_id&quot;:199519,&quot;item_id&quot;:199519,&quot;item_name&quot;:&quot;Pasta fresca tagliatelle al huevo Hacendado&quot;,&quot;sku&quot;:&quot;6153&quot;,&quot;price&quot;:2.64,&quot;stocklevel&quot;:null,&quot;stockstatus&quot;:&quot;instock&quot;,&quot;google_business_vertical&quot;:&quot;retail&quot;,&quot;item_category&quot;:&quot;Arroz, legumbres y pasta&quot;,&quot;id&quot;:199519,&quot;productlink&quot;:&quot;https:\\\/\\\/iber.market\\\/de\\\/product\\\/pasta-fresca-tagliatelle-al-huevo-hacendado\\\/&quot;,&quot;item_list_name&quot;:&quot;General Product List&quot;,&quot;index&quot;:4,&quot;product_type&quot;:&quot;simple&quot;,&quot;item_brand&quot;:&quot;&quot;}\"><\/span>\t<\/div>\n<\/div><div class=\"product-small col has-hover product type-product post-201042 status-publish first instock product_cat-cervezas-espanolas has-post-thumbnail taxable shipping-taxable purchasable product-type-simple\">\n\t<div class=\"col-inner\">\n\t\n<div class=\"badge-container absolute left top z-1\">\n\n<\/div>\n\t<div class=\"product-small box\">\n\t\t<div class=\"box-image\">\n\t\t\t<div class=\"image-none\">\n\t\t\t\t<a href=\"https:\/\/iber.market\/de\/product\/cerveza-100-malta-moritz-7\/\" aria-label=\"Bier 100% Malz Moritz 7\">\n\t\t\t\t\t<img loading=\"lazy\" decoding=\"async\" width=\"300\" height=\"300\" src=\"https:\/\/hacendado.iber.market\/wp-content\/uploads\/2026\/02\/6881526ecfaf71ad48aff7080b88ba05-scaled.jpg\" class=\"attachment-woocommerce_thumbnail size-woocommerce_thumbnail\" alt=\"Bier 100% Malz Moritz 7\" data-src=\"https:\/\/hacendado.iber.market\/wp-content\/uploads\/2026\/02\/6881526ecfaf71ad48aff7080b88ba05-scaled.jpg\" data-large_image=\"https:\/\/hacendado.iber.market\/wp-content\/uploads\/2026\/02\/6881526ecfaf71ad48aff7080b88ba05-scaled.jpg\" \/>\t\t\t\t<\/a>\n\t\t\t<\/div>\n\t\t\t<div class=\"image-tools is-small top right show-on-hover\">\n\t\t\t\t\t\t\t<\/div>\n\t\t\t<div class=\"image-tools is-small hide-for-small bottom left show-on-hover\">\n\t\t\t\t\t\t\t<\/div>\n\t\t\t<div class=\"image-tools grid-tools text-center hide-for-small bottom hover-slide-in show-on-hover\">\n\t\t\t\t\t\t\t<\/div>\n\t\t\t\t\t<\/div>\n\n\t\t<div class=\"box-text box-text-products\">\n\t\t\t<div class=\"title-wrapper\">\t\t<p class=\"category uppercase is-smaller no-text-overflow product-cat op-7\">\n\t\t\tSpanische Biere\t\t<\/p>\n\t<p class=\"name product-title woocommerce-loop-product__title\"><a href=\"https:\/\/iber.market\/de\/product\/cerveza-100-malta-moritz-7\/\" class=\"woocommerce-LoopProduct-link woocommerce-loop-product__link\">Bier 100% Malz Moritz 7<\/a><\/p><\/div><div class=\"price-wrapper\">\n\t<span class=\"price\"><span class=\"woocommerce-Price-amount amount\"><bdi>1,83&nbsp;<span class=\"woocommerce-Price-currencySymbol\">\u20ac<\/span><\/bdi><\/span> <small class=\"woocommerce-price-suffix\">Endpreis<\/small><\/span>\n<\/div><div class=\"add-to-cart-button\"><a href=\"\/de\/wp-json\/wp\/v2\/pages\/369?add-to-cart=201042\" aria-describedby=\"woocommerce_loop_add_to_cart_link_describedby_201042\" data-quantity=\"1\" class=\"primary is-small mb-0 button product_type_simple add_to_cart_button ajax_add_to_cart is-outline\" data-product_id=\"201042\" data-product_sku=\"66342\" aria-label=\"In den Warenkorb legen: &quot;Cerveza 100% malta Moritz 7&quot;\" rel=\"nofollow\" data-success_message=\"&quot;Cerveza 100% malta Moritz 7&quot; wurde zu Ihrem Warenkorb hinzugef\u00fcgt.\" role=\"button\" data-no-translation=\"\" data-trp-gettext=\"\" data-no-translation-aria-label=\"\" data-no-translation-data-success_message=\"\">In den Warenkorb legen<\/a><\/div>\t<span id=\"woocommerce_loop_add_to_cart_link_describedby_201042\" class=\"screen-reader-text\">\n\t\t\t<\/span>\n\t\t<\/div>\n\t<\/div>\n\t<span class=\"gtm4wp_productdata\" style=\"display:none; visibility:hidden;\" data-gtm4wp_product_data=\"{&quot;internal_id&quot;:201042,&quot;item_id&quot;:201042,&quot;item_name&quot;:&quot;Cerveza 100% malta Moritz 7&quot;,&quot;sku&quot;:&quot;66342&quot;,&quot;price&quot;:1.83,&quot;stocklevel&quot;:null,&quot;stockstatus&quot;:&quot;instock&quot;,&quot;google_business_vertical&quot;:&quot;retail&quot;,&quot;item_category&quot;:&quot;Cervezas Espa\\u00f1olas&quot;,&quot;id&quot;:201042,&quot;productlink&quot;:&quot;https:\\\/\\\/iber.market\\\/de\\\/product\\\/cerveza-100-malta-moritz-7\\\/&quot;,&quot;item_list_name&quot;:&quot;General Product List&quot;,&quot;index&quot;:5,&quot;product_type&quot;:&quot;simple&quot;,&quot;item_brand&quot;:&quot;&quot;}\"><\/span>\t<\/div>\n<\/div><div class=\"product-small col has-hover product type-product post-198897 status-publish instock product_cat-bolleria-envasada has-post-thumbnail taxable shipping-taxable purchasable product-type-simple\">\n\t<div class=\"col-inner\">\n\t\n<div class=\"badge-container absolute left top z-1\">\n\n<\/div>\n\t<div class=\"product-small box\">\n\t\t<div class=\"box-image\">\n\t\t\t<div class=\"image-none\">\n\t\t\t\t<a href=\"https:\/\/iber.market\/de\/product\/bizcocho-de-chocolate-sin-gluten-hacendado\/\" aria-label=\"Bizcocho de chocolate sin gluten Hacendado\">\n\t\t\t\t\t<img loading=\"lazy\" decoding=\"async\" width=\"300\" height=\"300\" src=\"https:\/\/hacendado.iber.market\/wp-content\/uploads\/2026\/02\/5c22bf9d9a7c840d7483976458541c6c-scaled.jpg\" class=\"attachment-woocommerce_thumbnail size-woocommerce_thumbnail\" alt=\"Bizcocho de chocolate sin gluten Hacendado\" data-src=\"https:\/\/hacendado.iber.market\/wp-content\/uploads\/2026\/02\/5c22bf9d9a7c840d7483976458541c6c-scaled.jpg\" data-large_image=\"https:\/\/hacendado.iber.market\/wp-content\/uploads\/2026\/02\/5c22bf9d9a7c840d7483976458541c6c-scaled.jpg\" \/>\t\t\t\t<\/a>\n\t\t\t<\/div>\n\t\t\t<div class=\"image-tools is-small top right show-on-hover\">\n\t\t\t\t\t\t\t<\/div>\n\t\t\t<div class=\"image-tools is-small hide-for-small bottom left show-on-hover\">\n\t\t\t\t\t\t\t<\/div>\n\t\t\t<div class=\"image-tools grid-tools text-center hide-for-small bottom hover-slide-in show-on-hover\">\n\t\t\t\t\t\t\t<\/div>\n\t\t\t\t\t<\/div>\n\n\t\t<div class=\"box-text box-text-products\">\n\t\t\t<div class=\"title-wrapper\">\t\t<p class=\"category uppercase is-smaller no-text-overflow product-cat op-7\">\n\t\t\tAbgepacktes Geb\u00e4ck\t\t<\/p>\n\t<p class=\"name product-title woocommerce-loop-product__title\"><a href=\"https:\/\/iber.market\/de\/product\/bizcocho-de-chocolate-sin-gluten-hacendado\/\" class=\"woocommerce-LoopProduct-link woocommerce-loop-product__link\">Bizcocho de chocolate sin gluten Hacendado<\/a><\/p><\/div><div class=\"price-wrapper\">\n\t<span class=\"price\"><span class=\"woocommerce-Price-amount amount\"><bdi>4,84&nbsp;<span class=\"woocommerce-Price-currencySymbol\">\u20ac<\/span><\/bdi><\/span> <small class=\"woocommerce-price-suffix\">Endpreis<\/small><\/span>\n<\/div><div class=\"add-to-cart-button\"><a href=\"\/de\/wp-json\/wp\/v2\/pages\/369?add-to-cart=198897\" aria-describedby=\"woocommerce_loop_add_to_cart_link_describedby_198897\" data-quantity=\"1\" class=\"primary is-small mb-0 button product_type_simple add_to_cart_button ajax_add_to_cart is-outline\" data-product_id=\"198897\" data-product_sku=\"82744\" aria-label=\"In den Warenkorb legen: &quot;Bizcocho de chocolate sin gluten Hacendado&quot;\" rel=\"nofollow\" data-success_message=\"&quot;Bizcocho de chocolate sin gluten Hacendado&quot; wurde zu Ihrem Warenkorb hinzugef\u00fcgt.\" role=\"button\" data-no-translation=\"\" data-trp-gettext=\"\" data-no-translation-aria-label=\"\" data-no-translation-data-success_message=\"\">In den Warenkorb legen<\/a><\/div>\t<span id=\"woocommerce_loop_add_to_cart_link_describedby_198897\" class=\"screen-reader-text\">\n\t\t\t<\/span>\n\t\t<\/div>\n\t<\/div>\n\t<span class=\"gtm4wp_productdata\" style=\"display:none; visibility:hidden;\" data-gtm4wp_product_data=\"{&quot;internal_id&quot;:198897,&quot;item_id&quot;:198897,&quot;item_name&quot;:&quot;Bizcocho de chocolate sin gluten Hacendado&quot;,&quot;sku&quot;:&quot;82744&quot;,&quot;price&quot;:4.84,&quot;stocklevel&quot;:null,&quot;stockstatus&quot;:&quot;instock&quot;,&quot;google_business_vertical&quot;:&quot;retail&quot;,&quot;item_category&quot;:&quot;Boller\\u00eda envasada&quot;,&quot;id&quot;:198897,&quot;productlink&quot;:&quot;https:\\\/\\\/iber.market\\\/de\\\/product\\\/bizcocho-de-chocolate-sin-gluten-hacendado\\\/&quot;,&quot;item_list_name&quot;:&quot;General Product List&quot;,&quot;index&quot;:6,&quot;product_type&quot;:&quot;simple&quot;,&quot;item_brand&quot;:&quot;&quot;}\"><\/span>\t<\/div>\n<\/div><div class=\"product-small col has-hover product type-product post-200901 status-publish instock product_cat-cervezas-espanolas has-post-thumbnail taxable shipping-taxable purchasable product-type-simple\">\n\t<div class=\"col-inner\">\n\t\n<div class=\"badge-container absolute left top z-1\">\n\n<\/div>\n\t<div class=\"product-small box\">\n\t\t<div class=\"box-image\">\n\t\t\t<div class=\"image-none\">\n\t\t\t\t<a href=\"https:\/\/iber.market\/de\/product\/cerveza-radler-steinburg-con-zumo-natural-de-limon-2\/\" aria-label=\"Radler Steinburg Bier mit nat\u00fcrlichem Zitronensaft\">\n\t\t\t\t\t<img loading=\"lazy\" decoding=\"async\" width=\"300\" height=\"300\" src=\"https:\/\/hacendado.iber.market\/wp-content\/uploads\/2026\/02\/883420eee89a22490f971bfb304e84bf-scaled.jpg\" class=\"attachment-woocommerce_thumbnail size-woocommerce_thumbnail\" alt=\"Radler Steinburg Bier mit nat\u00fcrlichem Zitronensaft\" data-src=\"https:\/\/hacendado.iber.market\/wp-content\/uploads\/2026\/02\/883420eee89a22490f971bfb304e84bf-scaled.jpg\" data-large_image=\"https:\/\/hacendado.iber.market\/wp-content\/uploads\/2026\/02\/883420eee89a22490f971bfb304e84bf-scaled.jpg\" \/>\t\t\t\t<\/a>\n\t\t\t<\/div>\n\t\t\t<div class=\"image-tools is-small top right show-on-hover\">\n\t\t\t\t\t\t\t<\/div>\n\t\t\t<div class=\"image-tools is-small hide-for-small bottom left show-on-hover\">\n\t\t\t\t\t\t\t<\/div>\n\t\t\t<div class=\"image-tools grid-tools text-center hide-for-small bottom hover-slide-in show-on-hover\">\n\t\t\t\t\t\t\t<\/div>\n\t\t\t\t\t<\/div>\n\n\t\t<div class=\"box-text box-text-products\">\n\t\t\t<div class=\"title-wrapper\">\t\t<p class=\"category uppercase is-smaller no-text-overflow product-cat op-7\">\n\t\t\tSpanische Biere\t\t<\/p>\n\t<p class=\"name product-title woocommerce-loop-product__title\"><a href=\"https:\/\/iber.market\/de\/product\/cerveza-radler-steinburg-con-zumo-natural-de-limon-2\/\" class=\"woocommerce-LoopProduct-link woocommerce-loop-product__link\">Radler Steinburg Bier mit nat\u00fcrlichem Zitronensaft<\/a><\/p><\/div><div class=\"price-wrapper\">\n\t<span class=\"price\"><span class=\"woocommerce-Price-amount amount\"><bdi>8,45&nbsp;<span class=\"woocommerce-Price-currencySymbol\">\u20ac<\/span><\/bdi><\/span> <small class=\"woocommerce-price-suffix\">Endpreis<\/small><\/span>\n<\/div><div class=\"add-to-cart-button\"><a href=\"\/de\/wp-json\/wp\/v2\/pages\/369?add-to-cart=200901\" aria-describedby=\"woocommerce_loop_add_to_cart_link_describedby_200901\" data-quantity=\"1\" class=\"primary is-small mb-0 button product_type_simple add_to_cart_button ajax_add_to_cart is-outline\" data-product_id=\"200901\" data-product_sku=\"66492\" aria-label=\"In den Warenkorb legen: &quot;Cerveza Radler Steinburg con zumo natural de lim\u00f3n&quot;\" rel=\"nofollow\" data-success_message=\"&quot;Cerveza Radler Steinburg con zumo natural de lim\u00f3n&quot; wurde zu Ihrem Warenkorb hinzugef\u00fcgt.\" role=\"button\" data-no-translation=\"\" data-trp-gettext=\"\" data-no-translation-aria-label=\"\" data-no-translation-data-success_message=\"\">In den Warenkorb legen<\/a><\/div>\t<span id=\"woocommerce_loop_add_to_cart_link_describedby_200901\" class=\"screen-reader-text\">\n\t\t\t<\/span>\n\t\t<\/div>\n\t<\/div>\n\t<span class=\"gtm4wp_productdata\" style=\"display:none; visibility:hidden;\" data-gtm4wp_product_data=\"{&quot;internal_id&quot;:200901,&quot;item_id&quot;:200901,&quot;item_name&quot;:&quot;Cerveza Radler Steinburg con zumo natural de lim\\u00f3n&quot;,&quot;sku&quot;:&quot;66492&quot;,&quot;price&quot;:8.45,&quot;stocklevel&quot;:null,&quot;stockstatus&quot;:&quot;instock&quot;,&quot;google_business_vertical&quot;:&quot;retail&quot;,&quot;item_category&quot;:&quot;Cervezas Espa\\u00f1olas&quot;,&quot;id&quot;:200901,&quot;productlink&quot;:&quot;https:\\\/\\\/iber.market\\\/de\\\/product\\\/cerveza-radler-steinburg-con-zumo-natural-de-limon-2\\\/&quot;,&quot;item_list_name&quot;:&quot;General Product List&quot;,&quot;index&quot;:7,&quot;product_type&quot;:&quot;simple&quot;,&quot;item_brand&quot;:&quot;&quot;}\"><\/span>\t<\/div>\n<\/div><div class=\"product-small col has-hover product type-product post-191699 status-publish last instock product_cat-limpieza-del-hogar has-post-thumbnail taxable shipping-taxable purchasable product-type-simple\">\n\t<div class=\"col-inner\">\n\t\n<div class=\"badge-container absolute left top z-1\">\n\n<\/div>\n\t<div class=\"product-small box\">\n\t\t<div class=\"box-image\">\n\t\t\t<div class=\"image-none\">\n\t\t\t\t<a href=\"https:\/\/iber.market\/de\/product\/limpiamaquinas-lavavajillas-liquido-bosque-verde\/\" aria-label=\"Limpiam\u00e1quinas lavavajillas l\u00edquido Bosque Verde\">\n\t\t\t\t\t<img loading=\"lazy\" decoding=\"async\" width=\"300\" height=\"300\" src=\"https:\/\/hacendado.iber.market\/wp-content\/uploads\/2026\/02\/eae06924feb4b33c7a3645dc928ceebc-scaled.jpg\" class=\"attachment-woocommerce_thumbnail size-woocommerce_thumbnail\" alt=\"Limpiam\u00e1quinas lavavajillas l\u00edquido Bosque Verde\" data-src=\"https:\/\/hacendado.iber.market\/wp-content\/uploads\/2026\/02\/eae06924feb4b33c7a3645dc928ceebc-scaled.jpg\" data-large_image=\"https:\/\/hacendado.iber.market\/wp-content\/uploads\/2026\/02\/eae06924feb4b33c7a3645dc928ceebc-scaled.jpg\" \/>\t\t\t\t<\/a>\n\t\t\t<\/div>\n\t\t\t<div class=\"image-tools is-small top right show-on-hover\">\n\t\t\t\t\t\t\t<\/div>\n\t\t\t<div class=\"image-tools is-small hide-for-small bottom left show-on-hover\">\n\t\t\t\t\t\t\t<\/div>\n\t\t\t<div class=\"image-tools grid-tools text-center hide-for-small bottom hover-slide-in show-on-hover\">\n\t\t\t\t\t\t\t<\/div>\n\t\t\t\t\t<\/div>\n\n\t\t<div class=\"box-text box-text-products\">\n\t\t\t<div class=\"title-wrapper\">\t\t<p class=\"category uppercase is-smaller no-text-overflow product-cat op-7\">\n\t\t\tReinigung des Haushalts\t\t<\/p>\n\t<p class=\"name product-title woocommerce-loop-product__title\"><a href=\"https:\/\/iber.market\/de\/product\/limpiamaquinas-lavavajillas-liquido-bosque-verde\/\" class=\"woocommerce-LoopProduct-link woocommerce-loop-product__link\">Limpiam\u00e1quinas lavavajillas l\u00edquido Bosque Verde<\/a><\/p><\/div><div class=\"price-wrapper\">\n\t<span class=\"price\"><span class=\"woocommerce-Price-amount amount\"><bdi>3,88&nbsp;<span class=\"woocommerce-Price-currencySymbol\">\u20ac<\/span><\/bdi><\/span> <small class=\"woocommerce-price-suffix\">Endpreis<\/small><\/span>\n<\/div><div class=\"add-to-cart-button\"><a href=\"\/de\/wp-json\/wp\/v2\/pages\/369?add-to-cart=191699\" aria-describedby=\"woocommerce_loop_add_to_cart_link_describedby_191699\" data-quantity=\"1\" class=\"primary is-small mb-0 button product_type_simple add_to_cart_button ajax_add_to_cart is-outline\" data-product_id=\"191699\" data-product_sku=\"42318\" aria-label=\"In den Warenkorb legen: &quot;Limpiam\u00e1quinas lavavajillas l\u00edquido Bosque Verde&quot;\" rel=\"nofollow\" data-success_message=\"&quot;Limpiam\u00e1quinas lavavajillas l\u00edquido Bosque Verde&quot; wurde zu Ihrem Warenkorb hinzugef\u00fcgt.\" role=\"button\" data-no-translation=\"\" data-trp-gettext=\"\" data-no-translation-aria-label=\"\" data-no-translation-data-success_message=\"\">In den Warenkorb legen<\/a><\/div>\t<span id=\"woocommerce_loop_add_to_cart_link_describedby_191699\" class=\"screen-reader-text\">\n\t\t\t<\/span>\n\t\t<\/div>\n\t<\/div>\n\t<span class=\"gtm4wp_productdata\" style=\"display:none; visibility:hidden;\" data-gtm4wp_product_data=\"{&quot;internal_id&quot;:191699,&quot;item_id&quot;:191699,&quot;item_name&quot;:&quot;Limpiam\\u00e1quinas lavavajillas l\\u00edquido Bosque Verde&quot;,&quot;sku&quot;:&quot;42318&quot;,&quot;price&quot;:3.88,&quot;stocklevel&quot;:null,&quot;stockstatus&quot;:&quot;instock&quot;,&quot;google_business_vertical&quot;:&quot;retail&quot;,&quot;item_category&quot;:&quot;Limpieza del hogar&quot;,&quot;id&quot;:191699,&quot;productlink&quot;:&quot;https:\\\/\\\/iber.market\\\/de\\\/product\\\/limpiamaquinas-lavavajillas-liquido-bosque-verde\\\/&quot;,&quot;item_list_name&quot;:&quot;General Product List&quot;,&quot;index&quot;:8,&quot;product_type&quot;:&quot;simple&quot;,&quot;item_brand&quot;:&quot;&quot;}\"><\/span>\t<\/div>\n<\/div><\/div>\n\n<div class=\"container section-title-container\" style=\"margin-bottom:10px;\"><h3 class=\"section-title section-title-center\"><b><\/b><span class=\"section-title-main\" >GOURMET CLUB SPANIEN<\/span><b><\/b><\/h3><\/div>\n\n\t<div id=\"text-873647353\" class=\"text\">\n\t\t\n\n<p>Entdecken Sie <strong>unsere Groumet-Auswahl<\/strong> in unserem Online Shop f\u00fcr spanische Produkte. <strong>Oliven\u00f6l, Schinken, K\u00e4se, Wurst und Wurstwaren<\/strong> und vieles mehr<b>.<\/b><\/p>\n\t\t\n<style>\n#text-873647353 {\n  text-align: center;\n}\n<\/style>\n\t<\/div>\n\t\n\n  \n    <div class=\"row large-columns-5 medium-columns-3 small-columns-2 row-normal row-full-width has-shadow row-box-shadow-3-hover slider row-slider slider-nav-simple\"  data-flickity-options='{&quot;imagesLoaded&quot;: true, &quot;groupCells&quot;: &quot;100%&quot;, &quot;dragThreshold&quot; : 5, &quot;cellAlign&quot;: &quot;left&quot;,&quot;wrapAround&quot;: true,&quot;prevNextButtons&quot;: true,&quot;percentPosition&quot;: true,&quot;pageDots&quot;: false, &quot;rightToLeft&quot;: false, &quot;autoPlay&quot; : 3000}' >\n\n  <div class=\"product-category col\" >\n            <div class=\"col-inner\">\n              <a aria-label=\"Besuchen Sie die Produktkategorie Quesos curados y de autor\" href=\"https:\/\/iber.market\/de\/product-category\/gourmet-aus-spanien\/geraucherter-kase-und-signaturkase\/\" data-no-translation-aria-label=\"\">                <div class=\"box box-category has-hover box-badge hover-dark\">\n                <div class=\"box-image\" style=\"border-radius:10%;\">\n                  <div class=\"\" >\n                  <img loading=\"lazy\" decoding=\"async\" src=\"https:\/\/iber.market\/wp-content\/uploads\/2025\/08\/ChatGPT-Image-18-ago-2025-03_08_44-300x300.png\" alt=\"Ger\u00e4ucherter K\u00e4se und Signaturk\u00e4se\" width=\"300\" height=\"300\" \/>                  <div class=\"overlay\" style=\"background-color: rgba(229, 229, 229, 0)\"><\/div>                                    <\/div>\n                <\/div>\n                <div class=\"box-text text-center\" style=\"background-color:rgba(250, 197, 0, 0.878);\">\n                  <div class=\"box-text-inner\">\n                      <h5 class=\"uppercase header-title\">\n                              Ger\u00e4ucherter K\u00e4se und Signaturk\u00e4se                      <\/h5>\n                                            <p class=\"is-xsmall uppercase count\">\n\t                      31 Produkte                      <\/p>\n                                            \n                  <\/div>\n                <\/div>\n                <\/div>\n            <\/a>            <\/div>\n            <\/div><div class=\"product-category col\" >\n            <div class=\"col-inner\">\n              <a aria-label=\"Besuchen Sie die Produktkategorie Jam\u00f3n y embutidos selectos\" href=\"https:\/\/iber.market\/de\/product-category\/gourmet-aus-spanien\/schinken-und-ausgewahlte-wurstwaren\/\" data-no-translation-aria-label=\"\">                <div class=\"box box-category has-hover box-badge hover-dark\">\n                <div class=\"box-image\" style=\"border-radius:10%;\">\n                  <div class=\"\" >\n                  <img loading=\"lazy\" decoding=\"async\" src=\"https:\/\/iber.market\/wp-content\/uploads\/2025\/08\/ChatGPT-Image-18-ago-2025-02_49_50-300x300.png\" alt=\"Schinken und ausgew\u00e4hlte W\u00fcrste\" width=\"300\" height=\"300\" \/>                  <div class=\"overlay\" style=\"background-color: rgba(229, 229, 229, 0)\"><\/div>                                    <\/div>\n                <\/div>\n                <div class=\"box-text text-center\" style=\"background-color:rgba(250, 197, 0, 0.878);\">\n                  <div class=\"box-text-inner\">\n                      <h5 class=\"uppercase header-title\">\n                              Schinken und ausgew\u00e4hlte W\u00fcrste                      <\/h5>\n                                            <p class=\"is-xsmall uppercase count\">\n\t                      88 Produkte                      <\/p>\n                                            \n                  <\/div>\n                <\/div>\n                <\/div>\n            <\/a>            <\/div>\n            <\/div><div class=\"product-category col\" >\n            <div class=\"col-inner\">\n              <a aria-label=\"Besuchen Sie die Produktkategorie Aceites de oliva premium\" href=\"https:\/\/iber.market\/de\/product-category\/gourmet-aus-spanien\/aceites-de-oliva-premium\/\" data-no-translation-aria-label=\"\">                <div class=\"box box-category has-hover box-badge hover-dark\">\n                <div class=\"box-image\" style=\"border-radius:10%;\">\n                  <div class=\"\" >\n                  <img loading=\"lazy\" decoding=\"async\" src=\"https:\/\/iber.market\/wp-content\/uploads\/2025\/08\/ChatGPT-Image-18-ago-2025-03_13_17-300x300.png\" alt=\"Hochwertige Oliven\u00f6le\" width=\"300\" height=\"300\" \/>                  <div class=\"overlay\" style=\"background-color: rgba(229, 229, 229, 0)\"><\/div>                                    <\/div>\n                <\/div>\n                <div class=\"box-text text-center\" style=\"background-color:rgba(250, 197, 0, 0.878);\">\n                  <div class=\"box-text-inner\">\n                      <h5 class=\"uppercase header-title\">\n                              Hochwertige Oliven\u00f6le                      <\/h5>\n                                            <p class=\"is-xsmall uppercase count\">\n\t                      11 Produkte                      <\/p>\n                                            \n                  <\/div>\n                <\/div>\n                <\/div>\n            <\/a>            <\/div>\n            <\/div><div class=\"product-category col\" >\n            <div class=\"col-inner\">\n              <a aria-label=\"Besuchen Sie die Produktkategorie Vinos\" href=\"https:\/\/iber.market\/de\/product-category\/bodega-y-licores\/weine\/\" data-no-translation-aria-label=\"\">                <div class=\"box box-category has-hover box-badge hover-dark\">\n                <div class=\"box-image\" style=\"border-radius:10%;\">\n                  <div class=\"\" >\n                  <img loading=\"lazy\" decoding=\"async\" src=\"https:\/\/iber.market\/wp-content\/uploads\/2025\/08\/ChatGPT-Image-18-ago-2025-02_52_04-300x300.png\" alt=\"Weine\" width=\"300\" height=\"300\" \/>                  <div class=\"overlay\" style=\"background-color: rgba(229, 229, 229, 0)\"><\/div>                                    <\/div>\n                <\/div>\n                <div class=\"box-text text-center\" style=\"background-color:rgba(250, 197, 0, 0.878);\">\n                  <div class=\"box-text-inner\">\n                      <h5 class=\"uppercase header-title\">\n                              Weine                      <\/h5>\n                                            <p class=\"is-xsmall uppercase count\">\n\t                      61 Produkte                      <\/p>\n                                            \n                  <\/div>\n                <\/div>\n                <\/div>\n            <\/a>            <\/div>\n            <\/div><div class=\"product-category col\" >\n            <div class=\"col-inner\">\n              <a aria-label=\"Besuchen Sie die Produktkategorie Licores Espa\u00f1oles\" href=\"https:\/\/iber.market\/de\/product-category\/bodega-y-licores\/spanische-likore-in-europa\/\" data-no-translation-aria-label=\"\">                <div class=\"box box-category has-hover box-badge hover-dark\">\n                <div class=\"box-image\" style=\"border-radius:10%;\">\n                  <div class=\"\" >\n                  <img loading=\"lazy\" decoding=\"async\" src=\"https:\/\/iber.market\/wp-content\/uploads\/2025\/10\/ChatGPT-Image-20-oct-2025-21_43_41-300x300.png\" alt=\"Spanische Lik\u00f6re\" width=\"300\" height=\"300\" \/>                  <div class=\"overlay\" style=\"background-color: rgba(229, 229, 229, 0)\"><\/div>                                    <\/div>\n                <\/div>\n                <div class=\"box-text text-center\" style=\"background-color:rgba(250, 197, 0, 0.878);\">\n                  <div class=\"box-text-inner\">\n                      <h5 class=\"uppercase header-title\">\n                              Spanische Lik\u00f6re                      <\/h5>\n                                            <p class=\"is-xsmall uppercase count\">\n\t                      47 Produkte                      <\/p>\n                                            \n                  <\/div>\n                <\/div>\n                <\/div>\n            <\/a>            <\/div>\n            <\/div><\/div>\n\n\t\n  \n    <div class=\"row  equalize-box large-columns-5 medium-columns-3 small-columns-2 row-small row-full-width slider row-slider slider-nav-reveal slider-nav-push\"  data-flickity-options='{&quot;imagesLoaded&quot;: true, &quot;groupCells&quot;: &quot;100%&quot;, &quot;dragThreshold&quot; : 5, &quot;cellAlign&quot;: &quot;left&quot;,&quot;wrapAround&quot;: true,&quot;prevNextButtons&quot;: true,&quot;percentPosition&quot;: true,&quot;pageDots&quot;: false, &quot;rightToLeft&quot;: false, &quot;autoPlay&quot; : 3000}' >\n\n  \n\t     <div class=\"product-small col has-hover product type-product post-193798 status-publish first instock product_cat-jamon-y-embutidos-selectos has-post-thumbnail taxable shipping-taxable purchasable product-type-simple\">\n\t<div class=\"col-inner\">\n\t\n<div class=\"badge-container absolute left top z-1\">\n\n<\/div>\n\t<div class=\"product-small box\">\n\t\t<div class=\"box-image\">\n\t\t\t<div class=\"image-none\">\n\t\t\t\t<a href=\"https:\/\/iber.market\/de\/product\/surtido-de-ibericos-la-hacienda-del-iberico\/\" aria-label=\"Sortiment an iberischen Wurstwaren La Hacienda del ib\u00e9rico\">\n\t\t\t\t\t<img loading=\"lazy\" decoding=\"async\" width=\"300\" height=\"300\" src=\"https:\/\/hacendado.iber.market\/wp-content\/uploads\/2026\/02\/e2a85eb77431e734496498c30e0599b6-scaled.jpg\" class=\"attachment-woocommerce_thumbnail size-woocommerce_thumbnail\" alt=\"Sortiment an iberischen Wurstwaren La Hacienda del ib\u00e9rico\" data-src=\"https:\/\/hacendado.iber.market\/wp-content\/uploads\/2026\/02\/e2a85eb77431e734496498c30e0599b6-scaled.jpg\" data-large_image=\"https:\/\/hacendado.iber.market\/wp-content\/uploads\/2026\/02\/e2a85eb77431e734496498c30e0599b6-scaled.jpg\" \/>\t\t\t\t<\/a>\n\t\t\t<\/div>\n\t\t\t<div class=\"image-tools is-small top right show-on-hover\">\n\t\t\t\t\t\t\t<\/div>\n\t\t\t<div class=\"image-tools is-small hide-for-small bottom left show-on-hover\">\n\t\t\t\t\t\t\t<\/div>\n\t\t\t<div class=\"image-tools grid-tools text-center hide-for-small bottom hover-slide-in show-on-hover\">\n\t\t\t\t\t\t\t<\/div>\n\t\t\t\t\t<\/div>\n\n\t\t<div class=\"box-text box-text-products\">\n\t\t\t<div class=\"title-wrapper\">\t\t<p class=\"category uppercase is-smaller no-text-overflow product-cat op-7\">\n\t\t\tSchinken und ausgew\u00e4hlte W\u00fcrste\t\t<\/p>\n\t<p class=\"name product-title woocommerce-loop-product__title\"><a href=\"https:\/\/iber.market\/de\/product\/surtido-de-ibericos-la-hacienda-del-iberico\/\" class=\"woocommerce-LoopProduct-link woocommerce-loop-product__link\">Sortiment an iberischen Wurstwaren La Hacienda del ib\u00e9rico<\/a><\/p><\/div><div class=\"price-wrapper\">\n\t<span class=\"price\"><span class=\"woocommerce-Price-amount amount\"><bdi>13,65&nbsp;<span class=\"woocommerce-Price-currencySymbol\">\u20ac<\/span><\/bdi><\/span> <small class=\"woocommerce-price-suffix\">Endpreis<\/small><\/span>\n<\/div><div class=\"add-to-cart-button\"><a href=\"\/de\/wp-json\/wp\/v2\/pages\/369?add-to-cart=193798\" aria-describedby=\"woocommerce_loop_add_to_cart_link_describedby_193798\" data-quantity=\"1\" class=\"primary is-small mb-0 button product_type_simple add_to_cart_button ajax_add_to_cart is-outline\" data-product_id=\"193798\" data-product_sku=\"58230\" aria-label=\"In den Warenkorb legen: &quot;Surtido de ib\u00e9ricos La Hacienda del ib\u00e9rico&quot;\" rel=\"nofollow\" data-success_message=\"&quot;Surtido de ib\u00e9ricos La Hacienda del ib\u00e9rico&quot; wurde zu Ihrem Warenkorb hinzugef\u00fcgt.\" role=\"button\" data-no-translation=\"\" data-trp-gettext=\"\" data-no-translation-aria-label=\"\" data-no-translation-data-success_message=\"\">In den Warenkorb legen<\/a><\/div>\t<span id=\"woocommerce_loop_add_to_cart_link_describedby_193798\" class=\"screen-reader-text\">\n\t\t\t<\/span>\n\t\t<\/div>\n\t<\/div>\n\t<span class=\"gtm4wp_productdata\" style=\"display:none; visibility:hidden;\" data-gtm4wp_product_data=\"{&quot;internal_id&quot;:193798,&quot;item_id&quot;:193798,&quot;item_name&quot;:&quot;Surtido de ib\\u00e9ricos La Hacienda del ib\\u00e9rico&quot;,&quot;sku&quot;:&quot;58230&quot;,&quot;price&quot;:13.65,&quot;stocklevel&quot;:null,&quot;stockstatus&quot;:&quot;instock&quot;,&quot;google_business_vertical&quot;:&quot;retail&quot;,&quot;item_category&quot;:&quot;Jam\\u00f3n y embutidos selectos&quot;,&quot;id&quot;:193798,&quot;productlink&quot;:&quot;https:\\\/\\\/iber.market\\\/de\\\/product\\\/surtido-de-ibericos-la-hacienda-del-iberico\\\/&quot;,&quot;item_list_name&quot;:&quot;General Product List&quot;,&quot;index&quot;:1,&quot;product_type&quot;:&quot;simple&quot;,&quot;item_brand&quot;:&quot;&quot;}\"><\/span>\t<\/div>\n<\/div><div class=\"product-small col has-hover product type-product post-193870 status-publish instock product_cat-jamon-y-embutidos-selectos has-post-thumbnail taxable shipping-taxable purchasable product-type-simple\">\n\t<div class=\"col-inner\">\n\t\n<div class=\"badge-container absolute left top z-1\">\n\n<\/div>\n\t<div class=\"product-small box\">\n\t\t<div class=\"box-image\">\n\t\t\t<div class=\"image-none\">\n\t\t\t\t<a href=\"https:\/\/iber.market\/de\/product\/chorizo-de-pavo-extra-hacendado-lonchas\/\" aria-label=\"Hacendado extra Puten-Chorizo-Scheiben\">\n\t\t\t\t\t<img loading=\"lazy\" decoding=\"async\" width=\"300\" height=\"300\" src=\"https:\/\/hacendado.iber.market\/wp-content\/uploads\/2026\/02\/4c78b8c824ed825dd5db263db250f717-scaled.jpg\" class=\"attachment-woocommerce_thumbnail size-woocommerce_thumbnail\" alt=\"Hacendado extra Puten-Chorizo-Scheiben\" data-src=\"https:\/\/hacendado.iber.market\/wp-content\/uploads\/2026\/02\/4c78b8c824ed825dd5db263db250f717-scaled.jpg\" data-large_image=\"https:\/\/hacendado.iber.market\/wp-content\/uploads\/2026\/02\/4c78b8c824ed825dd5db263db250f717-scaled.jpg\" \/>\t\t\t\t<\/a>\n\t\t\t<\/div>\n\t\t\t<div class=\"image-tools is-small top right show-on-hover\">\n\t\t\t\t\t\t\t<\/div>\n\t\t\t<div class=\"image-tools is-small hide-for-small bottom left show-on-hover\">\n\t\t\t\t\t\t\t<\/div>\n\t\t\t<div class=\"image-tools grid-tools text-center hide-for-small bottom hover-slide-in show-on-hover\">\n\t\t\t\t\t\t\t<\/div>\n\t\t\t\t\t<\/div>\n\n\t\t<div class=\"box-text box-text-products\">\n\t\t\t<div class=\"title-wrapper\">\t\t<p class=\"category uppercase is-smaller no-text-overflow product-cat op-7\">\n\t\t\tSchinken und ausgew\u00e4hlte W\u00fcrste\t\t<\/p>\n\t<p class=\"name product-title woocommerce-loop-product__title\"><a href=\"https:\/\/iber.market\/de\/product\/chorizo-de-pavo-extra-hacendado-lonchas\/\" class=\"woocommerce-LoopProduct-link woocommerce-loop-product__link\">Hacendado extra Puten-Chorizo-Scheiben<\/a><\/p><\/div><div class=\"price-wrapper\">\n\t<span class=\"price\"><span class=\"woocommerce-Price-amount amount\"><bdi>6,16&nbsp;<span class=\"woocommerce-Price-currencySymbol\">\u20ac<\/span><\/bdi><\/span> <small class=\"woocommerce-price-suffix\">Endpreis<\/small><\/span>\n<\/div><div class=\"add-to-cart-button\"><a href=\"\/de\/wp-json\/wp\/v2\/pages\/369?add-to-cart=193870\" aria-describedby=\"woocommerce_loop_add_to_cart_link_describedby_193870\" data-quantity=\"1\" class=\"primary is-small mb-0 button product_type_simple add_to_cart_button ajax_add_to_cart is-outline\" data-product_id=\"193870\" data-product_sku=\"59158\" aria-label=\"In den Warenkorb legen: &quot;Chorizo de pavo extra Hacendado lonchas&quot;\" rel=\"nofollow\" data-success_message=\"&quot;Chorizo de pavo extra Hacendado lonchas&quot; wurde zu Ihrem Warenkorb hinzugef\u00fcgt.\" role=\"button\" data-no-translation=\"\" data-trp-gettext=\"\" data-no-translation-aria-label=\"\" data-no-translation-data-success_message=\"\">In den Warenkorb legen<\/a><\/div>\t<span id=\"woocommerce_loop_add_to_cart_link_describedby_193870\" class=\"screen-reader-text\">\n\t\t\t<\/span>\n\t\t<\/div>\n\t<\/div>\n\t<span class=\"gtm4wp_productdata\" style=\"display:none; visibility:hidden;\" data-gtm4wp_product_data=\"{&quot;internal_id&quot;:193870,&quot;item_id&quot;:193870,&quot;item_name&quot;:&quot;Chorizo de pavo extra Hacendado lonchas&quot;,&quot;sku&quot;:&quot;59158&quot;,&quot;price&quot;:6.16,&quot;stocklevel&quot;:null,&quot;stockstatus&quot;:&quot;instock&quot;,&quot;google_business_vertical&quot;:&quot;retail&quot;,&quot;item_category&quot;:&quot;Jam\\u00f3n y embutidos selectos&quot;,&quot;id&quot;:193870,&quot;productlink&quot;:&quot;https:\\\/\\\/iber.market\\\/de\\\/product\\\/chorizo-de-pavo-extra-hacendado-lonchas\\\/&quot;,&quot;item_list_name&quot;:&quot;General Product List&quot;,&quot;index&quot;:2,&quot;product_type&quot;:&quot;simple&quot;,&quot;item_brand&quot;:&quot;&quot;}\"><\/span>\t<\/div>\n<\/div><div class=\"product-small col has-hover product type-product post-193858 status-publish instock product_cat-jamon-y-embutidos-selectos has-post-thumbnail taxable shipping-taxable purchasable product-type-simple\">\n\t<div class=\"col-inner\">\n\t\n<div class=\"badge-container absolute left top z-1\">\n\n<\/div>\n\t<div class=\"product-small box\">\n\t\t<div class=\"box-image\">\n\t\t\t<div class=\"image-none\">\n\t\t\t\t<a href=\"https:\/\/iber.market\/de\/product\/chorizo-picante-extra-hacendado-lonchas\/\" aria-label=\"Chorizo picante extra Hacendado lonchas\">\n\t\t\t\t\t<img loading=\"lazy\" decoding=\"async\" width=\"300\" height=\"300\" src=\"https:\/\/hacendado.iber.market\/wp-content\/uploads\/2026\/02\/85ebe02873849d6dce74e74f5ca85448-scaled.jpg\" class=\"attachment-woocommerce_thumbnail size-woocommerce_thumbnail\" alt=\"Chorizo picante extra Hacendado lonchas\" data-src=\"https:\/\/hacendado.iber.market\/wp-content\/uploads\/2026\/02\/85ebe02873849d6dce74e74f5ca85448-scaled.jpg\" data-large_image=\"https:\/\/hacendado.iber.market\/wp-content\/uploads\/2026\/02\/85ebe02873849d6dce74e74f5ca85448-scaled.jpg\" \/>\t\t\t\t<\/a>\n\t\t\t<\/div>\n\t\t\t<div class=\"image-tools is-small top right show-on-hover\">\n\t\t\t\t\t\t\t<\/div>\n\t\t\t<div class=\"image-tools is-small hide-for-small bottom left show-on-hover\">\n\t\t\t\t\t\t\t<\/div>\n\t\t\t<div class=\"image-tools grid-tools text-center hide-for-small bottom hover-slide-in show-on-hover\">\n\t\t\t\t\t\t\t<\/div>\n\t\t\t\t\t<\/div>\n\n\t\t<div class=\"box-text box-text-products\">\n\t\t\t<div class=\"title-wrapper\">\t\t<p class=\"category uppercase is-smaller no-text-overflow product-cat op-7\">\n\t\t\tSchinken und ausgew\u00e4hlte W\u00fcrste\t\t<\/p>\n\t<p class=\"name product-title woocommerce-loop-product__title\"><a href=\"https:\/\/iber.market\/de\/product\/chorizo-picante-extra-hacendado-lonchas\/\" class=\"woocommerce-LoopProduct-link woocommerce-loop-product__link\">Chorizo picante extra Hacendado lonchas<\/a><\/p><\/div><div class=\"price-wrapper\">\n\t<span class=\"price\"><span class=\"woocommerce-Price-amount amount\"><bdi>5,50&nbsp;<span class=\"woocommerce-Price-currencySymbol\">\u20ac<\/span><\/bdi><\/span> <small class=\"woocommerce-price-suffix\">Endpreis<\/small><\/span>\n<\/div><div class=\"add-to-cart-button\"><a href=\"\/de\/wp-json\/wp\/v2\/pages\/369?add-to-cart=193858\" aria-describedby=\"woocommerce_loop_add_to_cart_link_describedby_193858\" data-quantity=\"1\" class=\"primary is-small mb-0 button product_type_simple add_to_cart_button ajax_add_to_cart is-outline\" data-product_id=\"193858\" data-product_sku=\"12084\" aria-label=\"In den Warenkorb legen: &quot;Chorizo picante extra Hacendado lonchas&quot;\" rel=\"nofollow\" data-success_message=\"&quot;Chorizo picante extra Hacendado lonchas&quot; wurde zu Ihrem Warenkorb hinzugef\u00fcgt.\" role=\"button\" data-no-translation=\"\" data-trp-gettext=\"\" data-no-translation-aria-label=\"\" data-no-translation-data-success_message=\"\">In den Warenkorb legen<\/a><\/div>\t<span id=\"woocommerce_loop_add_to_cart_link_describedby_193858\" class=\"screen-reader-text\">\n\t\t\t<\/span>\n\t\t<\/div>\n\t<\/div>\n\t<span class=\"gtm4wp_productdata\" style=\"display:none; visibility:hidden;\" data-gtm4wp_product_data=\"{&quot;internal_id&quot;:193858,&quot;item_id&quot;:193858,&quot;item_name&quot;:&quot;Chorizo picante extra Hacendado lonchas&quot;,&quot;sku&quot;:&quot;12084&quot;,&quot;price&quot;:5.5,&quot;stocklevel&quot;:null,&quot;stockstatus&quot;:&quot;instock&quot;,&quot;google_business_vertical&quot;:&quot;retail&quot;,&quot;item_category&quot;:&quot;Jam\\u00f3n y embutidos selectos&quot;,&quot;id&quot;:193858,&quot;productlink&quot;:&quot;https:\\\/\\\/iber.market\\\/de\\\/product\\\/chorizo-picante-extra-hacendado-lonchas\\\/&quot;,&quot;item_list_name&quot;:&quot;General Product List&quot;,&quot;index&quot;:3,&quot;product_type&quot;:&quot;simple&quot;,&quot;item_brand&quot;:&quot;&quot;}\"><\/span>\t<\/div>\n<\/div><div class=\"product-small col has-hover product type-product post-193882 status-publish last instock product_cat-jamon-y-embutidos-selectos has-post-thumbnail taxable shipping-taxable purchasable product-type-simple\">\n\t<div class=\"col-inner\">\n\t\n<div class=\"badge-container absolute left top z-1\">\n\n<\/div>\n\t<div class=\"product-small box\">\n\t\t<div class=\"box-image\">\n\t\t\t<div class=\"image-none\">\n\t\t\t\t<a href=\"https:\/\/iber.market\/de\/product\/panceta-salada-iberica-la-hacienda-del-iberico\/\" aria-label=\"Iberischer gesalzener Schweinebauch La Hacienda del ib\u00e9rico\">\n\t\t\t\t\t<img loading=\"lazy\" decoding=\"async\" width=\"300\" height=\"300\" src=\"https:\/\/hacendado.iber.market\/wp-content\/uploads\/2026\/02\/e8def2c47d494dda5c777a09ad68ec64-scaled.jpg\" class=\"attachment-woocommerce_thumbnail size-woocommerce_thumbnail\" alt=\"Iberischer gesalzener Schweinebauch La Hacienda del ib\u00e9rico\" data-src=\"https:\/\/hacendado.iber.market\/wp-content\/uploads\/2026\/02\/e8def2c47d494dda5c777a09ad68ec64-scaled.jpg\" data-large_image=\"https:\/\/hacendado.iber.market\/wp-content\/uploads\/2026\/02\/e8def2c47d494dda5c777a09ad68ec64-scaled.jpg\" \/>\t\t\t\t<\/a>\n\t\t\t<\/div>\n\t\t\t<div class=\"image-tools is-small top right show-on-hover\">\n\t\t\t\t\t\t\t<\/div>\n\t\t\t<div class=\"image-tools is-small hide-for-small bottom left show-on-hover\">\n\t\t\t\t\t\t\t<\/div>\n\t\t\t<div class=\"image-tools grid-tools text-center hide-for-small bottom hover-slide-in show-on-hover\">\n\t\t\t\t\t\t\t<\/div>\n\t\t\t\t\t<\/div>\n\n\t\t<div class=\"box-text box-text-products\">\n\t\t\t<div class=\"title-wrapper\">\t\t<p class=\"category uppercase is-smaller no-text-overflow product-cat op-7\">\n\t\t\tSchinken und ausgew\u00e4hlte W\u00fcrste\t\t<\/p>\n\t<p class=\"name product-title woocommerce-loop-product__title\"><a href=\"https:\/\/iber.market\/de\/product\/panceta-salada-iberica-la-hacienda-del-iberico\/\" class=\"woocommerce-LoopProduct-link woocommerce-loop-product__link\">Iberischer gesalzener Schweinebauch La Hacienda del ib\u00e9rico<\/a><\/p><\/div><div class=\"price-wrapper\">\n\t<span class=\"price\"><span class=\"woocommerce-Price-amount amount\"><bdi>7,92&nbsp;<span class=\"woocommerce-Price-currencySymbol\">\u20ac<\/span><\/bdi><\/span> <small class=\"woocommerce-price-suffix\">Endpreis<\/small><\/span>\n<\/div><div class=\"add-to-cart-button\"><a href=\"\/de\/wp-json\/wp\/v2\/pages\/369?add-to-cart=193882\" aria-describedby=\"woocommerce_loop_add_to_cart_link_describedby_193882\" data-quantity=\"1\" class=\"primary is-small mb-0 button product_type_simple add_to_cart_button ajax_add_to_cart is-outline\" data-product_id=\"193882\" data-product_sku=\"58220\" aria-label=\"In den Warenkorb legen: &quot;Panceta salada ib\u00e9rica La Hacienda del ib\u00e9rico&quot;\" rel=\"nofollow\" data-success_message=\"&quot;Panceta salada ib\u00e9rica La Hacienda del ib\u00e9rico&quot; wurde zu Ihrem Warenkorb hinzugef\u00fcgt.\" role=\"button\" data-no-translation=\"\" data-trp-gettext=\"\" data-no-translation-aria-label=\"\" data-no-translation-data-success_message=\"\">In den Warenkorb legen<\/a><\/div>\t<span id=\"woocommerce_loop_add_to_cart_link_describedby_193882\" class=\"screen-reader-text\">\n\t\t\t<\/span>\n\t\t<\/div>\n\t<\/div>\n\t<span class=\"gtm4wp_productdata\" style=\"display:none; visibility:hidden;\" data-gtm4wp_product_data=\"{&quot;internal_id&quot;:193882,&quot;item_id&quot;:193882,&quot;item_name&quot;:&quot;Panceta salada ib\\u00e9rica La Hacienda del ib\\u00e9rico&quot;,&quot;sku&quot;:&quot;58220&quot;,&quot;price&quot;:7.92,&quot;stocklevel&quot;:null,&quot;stockstatus&quot;:&quot;instock&quot;,&quot;google_business_vertical&quot;:&quot;retail&quot;,&quot;item_category&quot;:&quot;Jam\\u00f3n y embutidos selectos&quot;,&quot;id&quot;:193882,&quot;productlink&quot;:&quot;https:\\\/\\\/iber.market\\\/de\\\/product\\\/panceta-salada-iberica-la-hacienda-del-iberico\\\/&quot;,&quot;item_list_name&quot;:&quot;General Product List&quot;,&quot;index&quot;:4,&quot;product_type&quot;:&quot;simple&quot;,&quot;item_brand&quot;:&quot;&quot;}\"><\/span>\t<\/div>\n<\/div><div class=\"product-small col has-hover product type-product post-193730 status-publish first instock product_cat-jamon-y-embutidos-selectos has-post-thumbnail taxable shipping-taxable purchasable product-type-simple\">\n\t<div class=\"col-inner\">\n\t\n<div class=\"badge-container absolute left top z-1\">\n\n<\/div>\n\t<div class=\"product-small box\">\n\t\t<div class=\"box-image\">\n\t\t\t<div class=\"image-none\">\n\t\t\t\t<a href=\"https:\/\/iber.market\/de\/product\/paleta-de-cebo-iberica-la-hacienda-del-iberico-2\/\" aria-label=\"Ib\u00e9rico-Cebo-Palette La Hacienda del Ib\u00e9rico\">\n\t\t\t\t\t<img loading=\"lazy\" decoding=\"async\" width=\"300\" height=\"300\" src=\"https:\/\/hacendado.iber.market\/wp-content\/uploads\/2026\/02\/8c044f541c3fd7f80d6a25f44a7ecec6-scaled.jpg\" class=\"attachment-woocommerce_thumbnail size-woocommerce_thumbnail\" alt=\"Ib\u00e9rico-Cebo-Palette La Hacienda del Ib\u00e9rico\" data-src=\"https:\/\/hacendado.iber.market\/wp-content\/uploads\/2026\/02\/8c044f541c3fd7f80d6a25f44a7ecec6-scaled.jpg\" data-large_image=\"https:\/\/hacendado.iber.market\/wp-content\/uploads\/2026\/02\/8c044f541c3fd7f80d6a25f44a7ecec6-scaled.jpg\" \/>\t\t\t\t<\/a>\n\t\t\t<\/div>\n\t\t\t<div class=\"image-tools is-small top right show-on-hover\">\n\t\t\t\t\t\t\t<\/div>\n\t\t\t<div class=\"image-tools is-small hide-for-small bottom left show-on-hover\">\n\t\t\t\t\t\t\t<\/div>\n\t\t\t<div class=\"image-tools grid-tools text-center hide-for-small bottom hover-slide-in show-on-hover\">\n\t\t\t\t\t\t\t<\/div>\n\t\t\t\t\t<\/div>\n\n\t\t<div class=\"box-text box-text-products\">\n\t\t\t<div class=\"title-wrapper\">\t\t<p class=\"category uppercase is-smaller no-text-overflow product-cat op-7\">\n\t\t\tSchinken und ausgew\u00e4hlte W\u00fcrste\t\t<\/p>\n\t<p class=\"name product-title woocommerce-loop-product__title\"><a href=\"https:\/\/iber.market\/de\/product\/paleta-de-cebo-iberica-la-hacienda-del-iberico-2\/\" class=\"woocommerce-LoopProduct-link woocommerce-loop-product__link\">Ib\u00e9rico-Cebo-Palette La Hacienda del Ib\u00e9rico<\/a><\/p><\/div><div class=\"price-wrapper\">\n\t<span class=\"price\"><span class=\"woocommerce-Price-amount amount\"><bdi>10,78&nbsp;<span class=\"woocommerce-Price-currencySymbol\">\u20ac<\/span><\/bdi><\/span> <small class=\"woocommerce-price-suffix\">Endpreis<\/small><\/span>\n<\/div><div class=\"add-to-cart-button\"><a href=\"\/de\/wp-json\/wp\/v2\/pages\/369?add-to-cart=193730\" aria-describedby=\"woocommerce_loop_add_to_cart_link_describedby_193730\" data-quantity=\"1\" class=\"primary is-small mb-0 button product_type_simple add_to_cart_button ajax_add_to_cart is-outline\" data-product_id=\"193730\" data-product_sku=\"58215\" aria-label=\"In den Warenkorb legen: &quot;Paleta de cebo ib\u00e9rica La Hacienda del ib\u00e9rico&quot;\" rel=\"nofollow\" data-success_message=\"&quot;Paleta de cebo ib\u00e9rica La Hacienda del ib\u00e9rico&quot; wurde zu Ihrem Warenkorb hinzugef\u00fcgt.\" role=\"button\" data-no-translation=\"\" data-trp-gettext=\"\" data-no-translation-aria-label=\"\" data-no-translation-data-success_message=\"\">In den Warenkorb legen<\/a><\/div>\t<span id=\"woocommerce_loop_add_to_cart_link_describedby_193730\" class=\"screen-reader-text\">\n\t\t\t<\/span>\n\t\t<\/div>\n\t<\/div>\n\t<span class=\"gtm4wp_productdata\" style=\"display:none; visibility:hidden;\" data-gtm4wp_product_data=\"{&quot;internal_id&quot;:193730,&quot;item_id&quot;:193730,&quot;item_name&quot;:&quot;Paleta de cebo ib\\u00e9rica La Hacienda del ib\\u00e9rico&quot;,&quot;sku&quot;:&quot;58215&quot;,&quot;price&quot;:10.78,&quot;stocklevel&quot;:null,&quot;stockstatus&quot;:&quot;instock&quot;,&quot;google_business_vertical&quot;:&quot;retail&quot;,&quot;item_category&quot;:&quot;Jam\\u00f3n y embutidos selectos&quot;,&quot;id&quot;:193730,&quot;productlink&quot;:&quot;https:\\\/\\\/iber.market\\\/de\\\/product\\\/paleta-de-cebo-iberica-la-hacienda-del-iberico-2\\\/&quot;,&quot;item_list_name&quot;:&quot;General Product List&quot;,&quot;index&quot;:5,&quot;product_type&quot;:&quot;simple&quot;,&quot;item_brand&quot;:&quot;&quot;}\"><\/span>\t<\/div>\n<\/div><div class=\"product-small col has-hover product type-product post-193699 status-publish instock product_cat-jamon-y-embutidos-selectos has-post-thumbnail taxable shipping-taxable purchasable product-type-simple\">\n\t<div class=\"col-inner\">\n\t\n<div class=\"badge-container absolute left top z-1\">\n\n<\/div>\n\t<div class=\"product-small box\">\n\t\t<div class=\"box-image\">\n\t\t\t<div class=\"image-none\">\n\t\t\t\t<a href=\"https:\/\/iber.market\/de\/product\/pate-de-cerdo-la-piara-tapa-negra\/\" aria-label=\"La Piara Schweinefleischpastete schwarzer Deckel\">\n\t\t\t\t\t<img loading=\"lazy\" decoding=\"async\" width=\"300\" height=\"300\" src=\"https:\/\/hacendado.iber.market\/wp-content\/uploads\/2026\/02\/a4613d4048efad9b5059a390629b4bcb-scaled.jpg\" class=\"attachment-woocommerce_thumbnail size-woocommerce_thumbnail\" alt=\"La Piara Schweinefleischpastete schwarzer Deckel\" data-src=\"https:\/\/hacendado.iber.market\/wp-content\/uploads\/2026\/02\/a4613d4048efad9b5059a390629b4bcb-scaled.jpg\" data-large_image=\"https:\/\/hacendado.iber.market\/wp-content\/uploads\/2026\/02\/a4613d4048efad9b5059a390629b4bcb-scaled.jpg\" \/>\t\t\t\t<\/a>\n\t\t\t<\/div>\n\t\t\t<div class=\"image-tools is-small top right show-on-hover\">\n\t\t\t\t\t\t\t<\/div>\n\t\t\t<div class=\"image-tools is-small hide-for-small bottom left show-on-hover\">\n\t\t\t\t\t\t\t<\/div>\n\t\t\t<div class=\"image-tools grid-tools text-center hide-for-small bottom hover-slide-in show-on-hover\">\n\t\t\t\t\t\t\t<\/div>\n\t\t\t\t\t<\/div>\n\n\t\t<div class=\"box-text box-text-products\">\n\t\t\t<div class=\"title-wrapper\">\t\t<p class=\"category uppercase is-smaller no-text-overflow product-cat op-7\">\n\t\t\tSchinken und ausgew\u00e4hlte W\u00fcrste\t\t<\/p>\n\t<p class=\"name product-title woocommerce-loop-product__title\"><a href=\"https:\/\/iber.market\/de\/product\/pate-de-cerdo-la-piara-tapa-negra\/\" class=\"woocommerce-LoopProduct-link woocommerce-loop-product__link\">La Piara Schweinefleischpastete schwarzer Deckel<\/a><\/p><\/div><div class=\"price-wrapper\">\n\t<span class=\"price\"><span class=\"woocommerce-Price-amount amount\"><bdi>8,69&nbsp;<span class=\"woocommerce-Price-currencySymbol\">\u20ac<\/span><\/bdi><\/span> <small class=\"woocommerce-price-suffix\">Endpreis<\/small><\/span>\n<\/div><div class=\"add-to-cart-button\"><a href=\"\/de\/wp-json\/wp\/v2\/pages\/369?add-to-cart=193699\" aria-describedby=\"woocommerce_loop_add_to_cart_link_describedby_193699\" data-quantity=\"1\" class=\"primary is-small mb-0 button product_type_simple add_to_cart_button ajax_add_to_cart is-outline\" data-product_id=\"193699\" data-product_sku=\"52108\" aria-label=\"In den Warenkorb legen: &quot;Pat\u00e9 de cerdo La Piara tapa negra&quot;\" rel=\"nofollow\" data-success_message=\"&quot;Pat\u00e9 de cerdo La Piara tapa negra&quot; wurde zu Ihrem Warenkorb hinzugef\u00fcgt.\" role=\"button\" data-no-translation=\"\" data-trp-gettext=\"\" data-no-translation-aria-label=\"\" data-no-translation-data-success_message=\"\">In den Warenkorb legen<\/a><\/div>\t<span id=\"woocommerce_loop_add_to_cart_link_describedby_193699\" class=\"screen-reader-text\">\n\t\t\t<\/span>\n\t\t<\/div>\n\t<\/div>\n\t<span class=\"gtm4wp_productdata\" style=\"display:none; visibility:hidden;\" data-gtm4wp_product_data=\"{&quot;internal_id&quot;:193699,&quot;item_id&quot;:193699,&quot;item_name&quot;:&quot;Pat\\u00e9 de cerdo La Piara tapa negra&quot;,&quot;sku&quot;:&quot;52108&quot;,&quot;price&quot;:8.69,&quot;stocklevel&quot;:null,&quot;stockstatus&quot;:&quot;instock&quot;,&quot;google_business_vertical&quot;:&quot;retail&quot;,&quot;item_category&quot;:&quot;Jam\\u00f3n y embutidos selectos&quot;,&quot;id&quot;:193699,&quot;productlink&quot;:&quot;https:\\\/\\\/iber.market\\\/de\\\/product\\\/pate-de-cerdo-la-piara-tapa-negra\\\/&quot;,&quot;item_list_name&quot;:&quot;General Product List&quot;,&quot;index&quot;:6,&quot;product_type&quot;:&quot;simple&quot;,&quot;item_brand&quot;:&quot;&quot;}\"><\/span>\t<\/div>\n<\/div><div class=\"product-small col has-hover product type-product post-193734 status-publish instock product_cat-jamon-y-embutidos-selectos has-post-thumbnail taxable shipping-taxable purchasable product-type-simple\">\n\t<div class=\"col-inner\">\n\t\n<div class=\"badge-container absolute left top z-1\">\n\n<\/div>\n\t<div class=\"product-small box\">\n\t\t<div class=\"box-image\">\n\t\t\t<div class=\"image-none\">\n\t\t\t\t<a href=\"https:\/\/iber.market\/de\/product\/rohrenknochen\/\" aria-label=\"Garronenknochen\">\n\t\t\t\t\t<img loading=\"lazy\" decoding=\"async\" width=\"300\" height=\"300\" src=\"https:\/\/hacendado.iber.market\/wp-content\/uploads\/2026\/02\/1f6928a432081cf7c4bb36c66a4dd305-scaled.jpg\" class=\"attachment-woocommerce_thumbnail size-woocommerce_thumbnail\" alt=\"Garronenknochen\" data-src=\"https:\/\/hacendado.iber.market\/wp-content\/uploads\/2026\/02\/1f6928a432081cf7c4bb36c66a4dd305-scaled.jpg\" data-large_image=\"https:\/\/hacendado.iber.market\/wp-content\/uploads\/2026\/02\/1f6928a432081cf7c4bb36c66a4dd305-scaled.jpg\" \/>\t\t\t\t<\/a>\n\t\t\t<\/div>\n\t\t\t<div class=\"image-tools is-small top right show-on-hover\">\n\t\t\t\t\t\t\t<\/div>\n\t\t\t<div class=\"image-tools is-small hide-for-small bottom left show-on-hover\">\n\t\t\t\t\t\t\t<\/div>\n\t\t\t<div class=\"image-tools grid-tools text-center hide-for-small bottom hover-slide-in show-on-hover\">\n\t\t\t\t\t\t\t<\/div>\n\t\t\t\t\t<\/div>\n\n\t\t<div class=\"box-text box-text-products\">\n\t\t\t<div class=\"title-wrapper\">\t\t<p class=\"category uppercase is-smaller no-text-overflow product-cat op-7\">\n\t\t\tSchinken und ausgew\u00e4hlte W\u00fcrste\t\t<\/p>\n\t<p class=\"name product-title woocommerce-loop-product__title\"><a href=\"https:\/\/iber.market\/de\/product\/rohrenknochen\/\" class=\"woocommerce-LoopProduct-link woocommerce-loop-product__link\">Garronenknochen<\/a><\/p><\/div><div class=\"price-wrapper\">\n\t<span class=\"price\"><span class=\"woocommerce-Price-amount amount\"><bdi>2,55&nbsp;<span class=\"woocommerce-Price-currencySymbol\">\u20ac<\/span><\/bdi><\/span> <small class=\"woocommerce-price-suffix\">Endpreis<\/small><\/span>\n<\/div><div class=\"add-to-cart-button\"><a href=\"\/de\/wp-json\/wp\/v2\/pages\/369?add-to-cart=193734\" aria-describedby=\"woocommerce_loop_add_to_cart_link_describedby_193734\" data-quantity=\"1\" class=\"primary is-small mb-0 button product_type_simple add_to_cart_button ajax_add_to_cart is-outline\" data-product_id=\"193734\" data-product_sku=\"58307\" aria-label=\"In den Warenkorb legen: &quot;Hueso garr\u00f3n&quot;\" rel=\"nofollow\" data-success_message=\"&quot;Hueso garr\u00f3n&quot; wurde zu Ihrem Warenkorb hinzugef\u00fcgt.\" role=\"button\" data-no-translation=\"\" data-trp-gettext=\"\" data-no-translation-aria-label=\"\" data-no-translation-data-success_message=\"\">In den Warenkorb legen<\/a><\/div>\t<span id=\"woocommerce_loop_add_to_cart_link_describedby_193734\" class=\"screen-reader-text\">\n\t\t\t<\/span>\n\t\t<\/div>\n\t<\/div>\n\t<span class=\"gtm4wp_productdata\" style=\"display:none; visibility:hidden;\" data-gtm4wp_product_data=\"{&quot;internal_id&quot;:193734,&quot;item_id&quot;:193734,&quot;item_name&quot;:&quot;Hueso garr\\u00f3n&quot;,&quot;sku&quot;:&quot;58307&quot;,&quot;price&quot;:2.55,&quot;stocklevel&quot;:null,&quot;stockstatus&quot;:&quot;instock&quot;,&quot;google_business_vertical&quot;:&quot;retail&quot;,&quot;item_category&quot;:&quot;Jam\\u00f3n y embutidos selectos&quot;,&quot;id&quot;:193734,&quot;productlink&quot;:&quot;https:\\\/\\\/iber.market\\\/de\\\/product\\\/rohrenknochen\\\/&quot;,&quot;item_list_name&quot;:&quot;General Product List&quot;,&quot;index&quot;:7,&quot;product_type&quot;:&quot;simple&quot;,&quot;item_brand&quot;:&quot;&quot;}\"><\/span>\t<\/div>\n<\/div><div class=\"product-small col has-hover product type-product post-193897 status-publish last instock product_cat-quesos-curados-y-de-autor has-post-thumbnail taxable shipping-taxable purchasable product-type-simple\">\n\t<div class=\"col-inner\">\n\t\n<div class=\"badge-container absolute left top z-1\">\n\n<\/div>\n\t<div class=\"product-small box\">\n\t\t<div class=\"box-image\">\n\t\t\t<div class=\"image-none\">\n\t\t\t\t<a href=\"https:\/\/iber.market\/de\/product\/queso-semicurado-mezcla-hacendado-cortado-en-cunitas\/\" aria-label=\"Hacendado halbgereifte K\u00e4semischung in St\u00fccke geschnitten\">\n\t\t\t\t\t<img loading=\"lazy\" decoding=\"async\" width=\"300\" height=\"300\" src=\"https:\/\/hacendado.iber.market\/wp-content\/uploads\/2026\/02\/0e7fc066a86aefbf2f47ae394c23d3cf-scaled.jpg\" class=\"attachment-woocommerce_thumbnail size-woocommerce_thumbnail\" alt=\"Hacendado halbgereifte K\u00e4semischung in St\u00fccke geschnitten\" data-src=\"https:\/\/hacendado.iber.market\/wp-content\/uploads\/2026\/02\/0e7fc066a86aefbf2f47ae394c23d3cf-scaled.jpg\" data-large_image=\"https:\/\/hacendado.iber.market\/wp-content\/uploads\/2026\/02\/0e7fc066a86aefbf2f47ae394c23d3cf-scaled.jpg\" \/>\t\t\t\t<\/a>\n\t\t\t<\/div>\n\t\t\t<div class=\"image-tools is-small top right show-on-hover\">\n\t\t\t\t\t\t\t<\/div>\n\t\t\t<div class=\"image-tools is-small hide-for-small bottom left show-on-hover\">\n\t\t\t\t\t\t\t<\/div>\n\t\t\t<div class=\"image-tools grid-tools text-center hide-for-small bottom hover-slide-in show-on-hover\">\n\t\t\t\t\t\t\t<\/div>\n\t\t\t\t\t<\/div>\n\n\t\t<div class=\"box-text box-text-products\">\n\t\t\t<div class=\"title-wrapper\">\t\t<p class=\"category uppercase is-smaller no-text-overflow product-cat op-7\">\n\t\t\tGer\u00e4ucherter K\u00e4se und Signaturk\u00e4se\t\t<\/p>\n\t<p class=\"name product-title woocommerce-loop-product__title\"><a href=\"https:\/\/iber.market\/de\/product\/queso-semicurado-mezcla-hacendado-cortado-en-cunitas\/\" class=\"woocommerce-LoopProduct-link woocommerce-loop-product__link\">Hacendado halbgereifte K\u00e4semischung in St\u00fccke geschnitten<\/a><\/p><\/div><div class=\"price-wrapper\">\n\t<span class=\"price\"><span class=\"woocommerce-Price-amount amount\"><bdi>9,46&nbsp;<span class=\"woocommerce-Price-currencySymbol\">\u20ac<\/span><\/bdi><\/span> <small class=\"woocommerce-price-suffix\">Endpreis<\/small><\/span>\n<\/div><div class=\"add-to-cart-button\"><a href=\"\/de\/wp-json\/wp\/v2\/pages\/369?add-to-cart=193897\" aria-describedby=\"woocommerce_loop_add_to_cart_link_describedby_193897\" data-quantity=\"1\" class=\"primary is-small mb-0 button product_type_simple add_to_cart_button ajax_add_to_cart is-outline\" data-product_id=\"193897\" data-product_sku=\"50944\" aria-label=\"In den Warenkorb legen: &quot;Queso semicurado mezcla Hacendado cortado en cu\u00f1itas&quot;\" rel=\"nofollow\" data-success_message=\"&quot;Queso semicurado mezcla Hacendado cortado en cu\u00f1itas&quot; wurde zu Ihrem Warenkorb hinzugef\u00fcgt.\" role=\"button\" data-no-translation=\"\" data-trp-gettext=\"\" data-no-translation-aria-label=\"\" data-no-translation-data-success_message=\"\">In den Warenkorb legen<\/a><\/div>\t<span id=\"woocommerce_loop_add_to_cart_link_describedby_193897\" class=\"screen-reader-text\">\n\t\t\t<\/span>\n\t\t<\/div>\n\t<\/div>\n\t<span class=\"gtm4wp_productdata\" style=\"display:none; visibility:hidden;\" data-gtm4wp_product_data=\"{&quot;internal_id&quot;:193897,&quot;item_id&quot;:193897,&quot;item_name&quot;:&quot;Queso semicurado mezcla Hacendado cortado en cu\\u00f1itas&quot;,&quot;sku&quot;:&quot;50944&quot;,&quot;price&quot;:9.46,&quot;stocklevel&quot;:null,&quot;stockstatus&quot;:&quot;instock&quot;,&quot;google_business_vertical&quot;:&quot;retail&quot;,&quot;item_category&quot;:&quot;Quesos curados y de autor&quot;,&quot;id&quot;:193897,&quot;productlink&quot;:&quot;https:\\\/\\\/iber.market\\\/de\\\/product\\\/queso-semicurado-mezcla-hacendado-cortado-en-cunitas\\\/&quot;,&quot;item_list_name&quot;:&quot;General Product List&quot;,&quot;index&quot;:8,&quot;product_type&quot;:&quot;simple&quot;,&quot;item_brand&quot;:&quot;&quot;}\"><\/span>\t<\/div>\n<\/div><\/div>\n\n<div class=\"container section-title-container\" style=\"margin-bottom:10px;\"><h4 class=\"section-title section-title-center\"><b><\/b><span class=\"section-title-main\" >bio-produkte spanien<\/span><b><\/b><\/h4><\/div>\n\n<div class=\"row row-full-width align-middle align-center\"  id=\"row-28510231\">\n\n\n\t<div id=\"col-1705266640\" class=\"col medium-4 small-12 large-4\"  >\n\t\t\t\t<div class=\"col-inner text-center\"  >\n\t\t\t\n\t\t\t\n\n\t<div id=\"gap-1226172822\" class=\"gap-element clearfix\" style=\"display:block; height:auto;\">\n\t\t\n<style>\n#gap-1226172822 {\n  padding-top: 30px;\n}\n<\/style>\n\t<\/div>\n\t\n\n\t<div class=\"img has-hover x md-x lg-x y md-y lg-y\" id=\"image_1202073928\">\n\t\t\t\t\t\t\t\t<div class=\"img-inner dark\" >\n\t\t\t<img loading=\"lazy\" decoding=\"async\" width=\"941\" height=\"747\" src=\"https:\/\/iber.market\/wp-content\/uploads\/2026\/01\/supermercado-ecologico-iber.market.png\" class=\"attachment-large size-large\" alt=\"\" srcset=\"https:\/\/iber.market\/wp-content\/uploads\/2026\/01\/supermercado-ecologico-iber.market.png 941w, https:\/\/iber.market\/wp-content\/uploads\/2026\/01\/supermercado-ecologico-iber.market-300x238.png 300w, https:\/\/iber.market\/wp-content\/uploads\/2026\/01\/supermercado-ecologico-iber.market-768x610.png 768w, https:\/\/iber.market\/wp-content\/uploads\/2026\/01\/supermercado-ecologico-iber.market-15x12.png 15w, https:\/\/iber.market\/wp-content\/uploads\/2026\/01\/supermercado-ecologico-iber.market-600x476.png 600w\" sizes=\"auto, (max-width: 941px) 100vw, 941px\" \/>\t\t\t\t\t\t\n\t\t\t\t\t<\/div>\n\t\t\t\t\t\t\t\t\n<style>\n#image_1202073928 {\n  width: 80%;\n}\n<\/style>\n\t<\/div>\n\t\n\n<p>Entdecken Sie unsere spanischen Bio- und Vegan-Produkte und genie\u00dfen Sie sie in ganz Europa.<\/p>\n\t\n  \n    <div class=\"row large-columns-2 medium-columns- small-columns-2 row-small slider row-slider slider-nav-reveal slider-nav-push\"  data-flickity-options='{&quot;imagesLoaded&quot;: true, &quot;groupCells&quot;: &quot;100%&quot;, &quot;dragThreshold&quot; : 5, &quot;cellAlign&quot;: &quot;left&quot;,&quot;wrapAround&quot;: true,&quot;prevNextButtons&quot;: true,&quot;percentPosition&quot;: true,&quot;pageDots&quot;: false, &quot;rightToLeft&quot;: false, &quot;autoPlay&quot; : 4000}' >\n\n  <\/div>\n\n\n\t\t<\/div>\n\t\t\t\t\t<\/div>\n\n\t\n\n\t<div id=\"col-1037762086\" class=\"col medium-8 small-12 large-8\"  >\n\t\t\t\t<div class=\"col-inner text-center\"  >\n\t\t\t\n\t\t\t\n\n\t\n  \n    <div class=\"row  equalize-box large-columns-4 medium-columns-3 small-columns-2 row-small slider row-slider slider-nav-reveal slider-nav-push\"  data-flickity-options='{&quot;imagesLoaded&quot;: true, &quot;groupCells&quot;: &quot;100%&quot;, &quot;dragThreshold&quot; : 5, &quot;cellAlign&quot;: &quot;left&quot;,&quot;wrapAround&quot;: true,&quot;prevNextButtons&quot;: true,&quot;percentPosition&quot;: true,&quot;pageDots&quot;: false, &quot;rightToLeft&quot;: false, &quot;autoPlay&quot; : 4000}' >\n\n  \n\t     <div class=\"product-small col has-hover product type-product post-195023 status-publish first instock product_cat-bebidas-ecologicas has-post-thumbnail taxable shipping-taxable purchasable product-type-simple\">\n\t<div class=\"col-inner\">\n\t\n<div class=\"badge-container absolute left top z-1\">\n\n<\/div>\n\t<div class=\"product-small box\">\n\t\t<div class=\"box-image\">\n\t\t\t<div class=\"image-none\">\n\t\t\t\t<a href=\"https:\/\/iber.market\/de\/product\/bebida-de-avena-alitey-3\/\" aria-label=\"Alitey Haferdrink\">\n\t\t\t\t\t<img loading=\"lazy\" decoding=\"async\" width=\"300\" height=\"300\" src=\"https:\/\/hacendado.iber.market\/wp-content\/uploads\/2026\/02\/32186ccca22c37aad2a1bab07664e7a5-scaled.jpg\" class=\"attachment-woocommerce_thumbnail size-woocommerce_thumbnail\" alt=\"Alitey Haferdrink\" data-src=\"https:\/\/hacendado.iber.market\/wp-content\/uploads\/2026\/02\/32186ccca22c37aad2a1bab07664e7a5-scaled.jpg\" data-large_image=\"https:\/\/hacendado.iber.market\/wp-content\/uploads\/2026\/02\/32186ccca22c37aad2a1bab07664e7a5-scaled.jpg\" \/>\t\t\t\t<\/a>\n\t\t\t<\/div>\n\t\t\t<div class=\"image-tools is-small top right show-on-hover\">\n\t\t\t\t\t\t\t<\/div>\n\t\t\t<div class=\"image-tools is-small hide-for-small bottom left show-on-hover\">\n\t\t\t\t\t\t\t<\/div>\n\t\t\t<div class=\"image-tools grid-tools text-center hide-for-small bottom hover-slide-in show-on-hover\">\n\t\t\t\t\t\t\t<\/div>\n\t\t\t\t\t<\/div>\n\n\t\t<div class=\"box-text box-text-products\">\n\t\t\t<div class=\"title-wrapper\"><p class=\"name product-title woocommerce-loop-product__title\"><a href=\"https:\/\/iber.market\/de\/product\/bebida-de-avena-alitey-3\/\" class=\"woocommerce-LoopProduct-link woocommerce-loop-product__link\">Alitey Haferdrink<\/a><\/p><\/div><div class=\"price-wrapper\">\n\t<span class=\"price\"><span class=\"woocommerce-Price-amount amount\"><bdi>11,97&nbsp;<span class=\"woocommerce-Price-currencySymbol\">\u20ac<\/span><\/bdi><\/span> <small class=\"woocommerce-price-suffix\">Endpreis<\/small><\/span>\n<\/div><div class=\"add-to-cart-button\"><a href=\"\/de\/wp-json\/wp\/v2\/pages\/369?add-to-cart=195023\" aria-describedby=\"woocommerce_loop_add_to_cart_link_describedby_195023\" data-quantity=\"1\" class=\"primary is-small mb-0 button product_type_simple add_to_cart_button ajax_add_to_cart is-outline\" data-product_id=\"195023\" data-product_sku=\"23908\" aria-label=\"In den Warenkorb legen: &quot;Bebida de avena Alitey&quot;\" rel=\"nofollow\" data-success_message=\"&quot;Bebida de avena Alitey&quot; wurde zu Ihrem Warenkorb hinzugef\u00fcgt.\" role=\"button\" data-no-translation=\"\" data-trp-gettext=\"\" data-no-translation-aria-label=\"\" data-no-translation-data-success_message=\"\">In den Warenkorb legen<\/a><\/div>\t<span id=\"woocommerce_loop_add_to_cart_link_describedby_195023\" class=\"screen-reader-text\">\n\t\t\t<\/span>\n\t\t<\/div>\n\t<\/div>\n\t<span class=\"gtm4wp_productdata\" style=\"display:none; visibility:hidden;\" data-gtm4wp_product_data=\"{&quot;internal_id&quot;:195023,&quot;item_id&quot;:195023,&quot;item_name&quot;:&quot;Bebida de avena Alitey&quot;,&quot;sku&quot;:&quot;23908&quot;,&quot;price&quot;:11.97,&quot;stocklevel&quot;:null,&quot;stockstatus&quot;:&quot;instock&quot;,&quot;google_business_vertical&quot;:&quot;retail&quot;,&quot;item_category&quot;:&quot;Bebidas Ecol\\u00f3gicas&quot;,&quot;id&quot;:195023,&quot;productlink&quot;:&quot;https:\\\/\\\/iber.market\\\/de\\\/product\\\/bebida-de-avena-alitey-3\\\/&quot;,&quot;item_list_name&quot;:&quot;General Product List&quot;,&quot;index&quot;:9,&quot;product_type&quot;:&quot;simple&quot;,&quot;item_brand&quot;:&quot;&quot;}\"><\/span>\t<\/div>\n<\/div><div class=\"product-small col has-hover product type-product post-195020 status-publish instock product_cat-bebidas-ecologicas has-post-thumbnail taxable shipping-taxable purchasable product-type-simple\">\n\t<div class=\"col-inner\">\n\t\n<div class=\"badge-container absolute left top z-1\">\n\n<\/div>\n\t<div class=\"product-small box\">\n\t\t<div class=\"box-image\">\n\t\t\t<div class=\"image-none\">\n\t\t\t\t<a href=\"https:\/\/iber.market\/de\/product\/bebida-de-avena-alitey-2\/\" aria-label=\"Alitey Haferdrink\">\n\t\t\t\t\t<img loading=\"lazy\" decoding=\"async\" width=\"300\" height=\"300\" src=\"https:\/\/hacendado.iber.market\/wp-content\/uploads\/2026\/02\/e252b6be7d9649959660907f85a91be8-scaled.jpg\" class=\"attachment-woocommerce_thumbnail size-woocommerce_thumbnail\" alt=\"Alitey Haferdrink\" data-src=\"https:\/\/hacendado.iber.market\/wp-content\/uploads\/2026\/02\/e252b6be7d9649959660907f85a91be8-scaled.jpg\" data-large_image=\"https:\/\/hacendado.iber.market\/wp-content\/uploads\/2026\/02\/e252b6be7d9649959660907f85a91be8-scaled.jpg\" \/>\t\t\t\t<\/a>\n\t\t\t<\/div>\n\t\t\t<div class=\"image-tools is-small top right show-on-hover\">\n\t\t\t\t\t\t\t<\/div>\n\t\t\t<div class=\"image-tools is-small hide-for-small bottom left show-on-hover\">\n\t\t\t\t\t\t\t<\/div>\n\t\t\t<div class=\"image-tools grid-tools text-center hide-for-small bottom hover-slide-in show-on-hover\">\n\t\t\t\t\t\t\t<\/div>\n\t\t\t\t\t<\/div>\n\n\t\t<div class=\"box-text box-text-products\">\n\t\t\t<div class=\"title-wrapper\"><p class=\"name product-title woocommerce-loop-product__title\"><a href=\"https:\/\/iber.market\/de\/product\/bebida-de-avena-alitey-2\/\" class=\"woocommerce-LoopProduct-link woocommerce-loop-product__link\">Alitey Haferdrink<\/a><\/p><\/div><div class=\"price-wrapper\">\n\t<span class=\"price\"><span class=\"woocommerce-Price-amount amount\"><bdi>2,09&nbsp;<span class=\"woocommerce-Price-currencySymbol\">\u20ac<\/span><\/bdi><\/span> <small class=\"woocommerce-price-suffix\">Endpreis<\/small><\/span>\n<\/div><div class=\"add-to-cart-button\"><a href=\"\/de\/wp-json\/wp\/v2\/pages\/369?add-to-cart=195020\" aria-describedby=\"woocommerce_loop_add_to_cart_link_describedby_195020\" data-quantity=\"1\" class=\"primary is-small mb-0 button product_type_simple add_to_cart_button ajax_add_to_cart is-outline\" data-product_id=\"195020\" data-product_sku=\"23912\" aria-label=\"In den Warenkorb legen: &quot;Bebida de avena Alitey&quot;\" rel=\"nofollow\" data-success_message=\"&quot;Bebida de avena Alitey&quot; wurde zu Ihrem Warenkorb hinzugef\u00fcgt.\" role=\"button\" data-no-translation=\"\" data-trp-gettext=\"\" data-no-translation-aria-label=\"\" data-no-translation-data-success_message=\"\">In den Warenkorb legen<\/a><\/div>\t<span id=\"woocommerce_loop_add_to_cart_link_describedby_195020\" class=\"screen-reader-text\">\n\t\t\t<\/span>\n\t\t<\/div>\n\t<\/div>\n\t<span class=\"gtm4wp_productdata\" style=\"display:none; visibility:hidden;\" data-gtm4wp_product_data=\"{&quot;internal_id&quot;:195020,&quot;item_id&quot;:195020,&quot;item_name&quot;:&quot;Bebida de avena Alitey&quot;,&quot;sku&quot;:&quot;23912&quot;,&quot;price&quot;:2.09,&quot;stocklevel&quot;:null,&quot;stockstatus&quot;:&quot;instock&quot;,&quot;google_business_vertical&quot;:&quot;retail&quot;,&quot;item_category&quot;:&quot;Bebidas Ecol\\u00f3gicas&quot;,&quot;id&quot;:195020,&quot;productlink&quot;:&quot;https:\\\/\\\/iber.market\\\/de\\\/product\\\/bebida-de-avena-alitey-2\\\/&quot;,&quot;item_list_name&quot;:&quot;General Product List&quot;,&quot;index&quot;:10,&quot;product_type&quot;:&quot;simple&quot;,&quot;item_brand&quot;:&quot;&quot;}\"><\/span>\t<\/div>\n<\/div><div class=\"product-small col has-hover product type-product post-195017 status-publish instock product_cat-bebidas-ecologicas has-post-thumbnail taxable shipping-taxable purchasable product-type-simple\">\n\t<div class=\"col-inner\">\n\t\n<div class=\"badge-container absolute left top z-1\">\n\n<\/div>\n\t<div class=\"product-small box\">\n\t\t<div class=\"box-image\">\n\t\t\t<div class=\"image-none\">\n\t\t\t\t<a href=\"https:\/\/iber.market\/de\/product\/bebida-de-avena-alitey\/\" aria-label=\"Alitey Haferdrink\">\n\t\t\t\t\t<img loading=\"lazy\" decoding=\"async\" width=\"300\" height=\"300\" src=\"https:\/\/hacendado.iber.market\/wp-content\/uploads\/2026\/02\/0d7db282be8083e76a5d579dec6c9ade-scaled.jpg\" class=\"attachment-woocommerce_thumbnail size-woocommerce_thumbnail\" alt=\"Alitey Haferdrink\" data-src=\"https:\/\/hacendado.iber.market\/wp-content\/uploads\/2026\/02\/0d7db282be8083e76a5d579dec6c9ade-scaled.jpg\" data-large_image=\"https:\/\/hacendado.iber.market\/wp-content\/uploads\/2026\/02\/0d7db282be8083e76a5d579dec6c9ade-scaled.jpg\" \/>\t\t\t\t<\/a>\n\t\t\t<\/div>\n\t\t\t<div class=\"image-tools is-small top right show-on-hover\">\n\t\t\t\t\t\t\t<\/div>\n\t\t\t<div class=\"image-tools is-small hide-for-small bottom left show-on-hover\">\n\t\t\t\t\t\t\t<\/div>\n\t\t\t<div class=\"image-tools grid-tools text-center hide-for-small bottom hover-slide-in show-on-hover\">\n\t\t\t\t\t\t\t<\/div>\n\t\t\t\t\t<\/div>\n\n\t\t<div class=\"box-text box-text-products\">\n\t\t\t<div class=\"title-wrapper\"><p class=\"name product-title woocommerce-loop-product__title\"><a href=\"https:\/\/iber.market\/de\/product\/bebida-de-avena-alitey\/\" class=\"woocommerce-LoopProduct-link woocommerce-loop-product__link\">Alitey Haferdrink<\/a><\/p><\/div><div class=\"price-wrapper\">\n\t<span class=\"price\"><span class=\"woocommerce-Price-amount amount\"><bdi>3,30&nbsp;<span class=\"woocommerce-Price-currencySymbol\">\u20ac<\/span><\/bdi><\/span> <small class=\"woocommerce-price-suffix\">Endpreis<\/small><\/span>\n<\/div><div class=\"add-to-cart-button\"><a href=\"\/de\/wp-json\/wp\/v2\/pages\/369?add-to-cart=195017\" aria-describedby=\"woocommerce_loop_add_to_cart_link_describedby_195017\" data-quantity=\"1\" class=\"primary is-small mb-0 button product_type_simple add_to_cart_button ajax_add_to_cart is-outline\" data-product_id=\"195017\" data-product_sku=\"23046\" aria-label=\"In den Warenkorb legen: &quot;Bebida de avena Alitey&quot;\" rel=\"nofollow\" data-success_message=\"&quot;Bebida de avena Alitey&quot; wurde zu Ihrem Warenkorb hinzugef\u00fcgt.\" role=\"button\" data-no-translation=\"\" data-trp-gettext=\"\" data-no-translation-aria-label=\"\" data-no-translation-data-success_message=\"\">In den Warenkorb legen<\/a><\/div>\t<span id=\"woocommerce_loop_add_to_cart_link_describedby_195017\" class=\"screen-reader-text\">\n\t\t\t<\/span>\n\t\t<\/div>\n\t<\/div>\n\t<span class=\"gtm4wp_productdata\" style=\"display:none; visibility:hidden;\" data-gtm4wp_product_data=\"{&quot;internal_id&quot;:195017,&quot;item_id&quot;:195017,&quot;item_name&quot;:&quot;Bebida de avena Alitey&quot;,&quot;sku&quot;:&quot;23046&quot;,&quot;price&quot;:3.3,&quot;stocklevel&quot;:null,&quot;stockstatus&quot;:&quot;instock&quot;,&quot;google_business_vertical&quot;:&quot;retail&quot;,&quot;item_category&quot;:&quot;Bebidas Ecol\\u00f3gicas&quot;,&quot;id&quot;:195017,&quot;productlink&quot;:&quot;https:\\\/\\\/iber.market\\\/de\\\/product\\\/bebida-de-avena-alitey\\\/&quot;,&quot;item_list_name&quot;:&quot;General Product List&quot;,&quot;index&quot;:11,&quot;product_type&quot;:&quot;simple&quot;,&quot;item_brand&quot;:&quot;&quot;}\"><\/span>\t<\/div>\n<\/div><div class=\"product-small col has-hover product type-product post-195013 status-publish last instock product_cat-bebidas-ecologicas has-post-thumbnail taxable shipping-taxable purchasable product-type-simple\">\n\t<div class=\"col-inner\">\n\t\n<div class=\"badge-container absolute left top z-1\">\n\n<\/div>\n\t<div class=\"product-small box\">\n\t\t<div class=\"box-image\">\n\t\t\t<div class=\"image-none\">\n\t\t\t\t<a href=\"https:\/\/iber.market\/de\/product\/bebida-de-avena-con-calcio-sin-azucares-anadidos-hacendado-2\/\" aria-label=\"Haferdrink mit Kalzium und ohne Zuckerzusatz Hacendado\">\n\t\t\t\t\t<img loading=\"lazy\" decoding=\"async\" width=\"300\" height=\"300\" src=\"https:\/\/hacendado.iber.market\/wp-content\/uploads\/2026\/02\/83b530034c84f1327f738eee7a20e584-scaled.jpg\" class=\"attachment-woocommerce_thumbnail size-woocommerce_thumbnail\" alt=\"Haferdrink mit Kalzium und ohne Zuckerzusatz Hacendado\" data-src=\"https:\/\/hacendado.iber.market\/wp-content\/uploads\/2026\/02\/83b530034c84f1327f738eee7a20e584-scaled.jpg\" data-large_image=\"https:\/\/hacendado.iber.market\/wp-content\/uploads\/2026\/02\/83b530034c84f1327f738eee7a20e584-scaled.jpg\" \/>\t\t\t\t<\/a>\n\t\t\t<\/div>\n\t\t\t<div class=\"image-tools is-small top right show-on-hover\">\n\t\t\t\t\t\t\t<\/div>\n\t\t\t<div class=\"image-tools is-small hide-for-small bottom left show-on-hover\">\n\t\t\t\t\t\t\t<\/div>\n\t\t\t<div class=\"image-tools grid-tools text-center hide-for-small bottom hover-slide-in show-on-hover\">\n\t\t\t\t\t\t\t<\/div>\n\t\t\t\t\t<\/div>\n\n\t\t<div class=\"box-text box-text-products\">\n\t\t\t<div class=\"title-wrapper\"><p class=\"name product-title woocommerce-loop-product__title\"><a href=\"https:\/\/iber.market\/de\/product\/bebida-de-avena-con-calcio-sin-azucares-anadidos-hacendado-2\/\" class=\"woocommerce-LoopProduct-link woocommerce-loop-product__link\">Haferdrink mit Kalzium und ohne Zuckerzusatz Hacendado<\/a><\/p><\/div><div class=\"price-wrapper\">\n\t<span class=\"price\"><span class=\"woocommerce-Price-amount amount\"><bdi>15,12&nbsp;<span class=\"woocommerce-Price-currencySymbol\">\u20ac<\/span><\/bdi><\/span> <small class=\"woocommerce-price-suffix\">Endpreis<\/small><\/span>\n<\/div><div class=\"add-to-cart-button\"><a href=\"\/de\/wp-json\/wp\/v2\/pages\/369?add-to-cart=195013\" aria-describedby=\"woocommerce_loop_add_to_cart_link_describedby_195013\" data-quantity=\"1\" class=\"primary is-small mb-0 button product_type_simple add_to_cart_button ajax_add_to_cart is-outline\" data-product_id=\"195013\" data-product_sku=\"86168\" aria-label=\"In den Warenkorb legen: &quot;Bebida de avena con calcio sin az\u00facares a\u00f1adidos Hacendado&quot;\" rel=\"nofollow\" data-success_message=\"&quot;Bebida de avena con calcio sin az\u00facares a\u00f1adidos Hacendado&quot; wurde zu Ihrem Warenkorb hinzugef\u00fcgt.\" role=\"button\" data-no-translation=\"\" data-trp-gettext=\"\" data-no-translation-aria-label=\"\" data-no-translation-data-success_message=\"\">In den Warenkorb legen<\/a><\/div>\t<span id=\"woocommerce_loop_add_to_cart_link_describedby_195013\" class=\"screen-reader-text\">\n\t\t\t<\/span>\n\t\t<\/div>\n\t<\/div>\n\t<span class=\"gtm4wp_productdata\" style=\"display:none; visibility:hidden;\" data-gtm4wp_product_data=\"{&quot;internal_id&quot;:195013,&quot;item_id&quot;:195013,&quot;item_name&quot;:&quot;Bebida de avena con calcio sin az\\u00facares a\\u00f1adidos Hacendado&quot;,&quot;sku&quot;:&quot;86168&quot;,&quot;price&quot;:15.12,&quot;stocklevel&quot;:null,&quot;stockstatus&quot;:&quot;instock&quot;,&quot;google_business_vertical&quot;:&quot;retail&quot;,&quot;item_category&quot;:&quot;Bebidas Ecol\\u00f3gicas&quot;,&quot;id&quot;:195013,&quot;productlink&quot;:&quot;https:\\\/\\\/iber.market\\\/de\\\/product\\\/bebida-de-avena-con-calcio-sin-azucares-anadidos-hacendado-2\\\/&quot;,&quot;item_list_name&quot;:&quot;General Product List&quot;,&quot;index&quot;:12,&quot;product_type&quot;:&quot;simple&quot;,&quot;item_brand&quot;:&quot;&quot;}\"><\/span>\t<\/div>\n<\/div><div class=\"product-small col has-hover product type-product post-195010 status-publish first instock product_cat-bebidas-ecologicas has-post-thumbnail taxable shipping-taxable purchasable product-type-simple\">\n\t<div class=\"col-inner\">\n\t\n<div class=\"badge-container absolute left top z-1\">\n\n<\/div>\n\t<div class=\"product-small box\">\n\t\t<div class=\"box-image\">\n\t\t\t<div class=\"image-none\">\n\t\t\t\t<a href=\"https:\/\/iber.market\/de\/product\/bebida-de-avena-con-calcio-sin-azucares-anadidos-hacendado\/\" aria-label=\"Haferdrink mit Kalzium und ohne Zuckerzusatz Hacendado\">\n\t\t\t\t\t<img loading=\"lazy\" decoding=\"async\" width=\"300\" height=\"300\" src=\"https:\/\/hacendado.iber.market\/wp-content\/uploads\/2026\/02\/6418531f9054c82e7084945ad9febc23-scaled.jpg\" class=\"attachment-woocommerce_thumbnail size-woocommerce_thumbnail\" alt=\"Haferdrink mit Kalzium und ohne Zuckerzusatz Hacendado\" data-src=\"https:\/\/hacendado.iber.market\/wp-content\/uploads\/2026\/02\/6418531f9054c82e7084945ad9febc23-scaled.jpg\" data-large_image=\"https:\/\/hacendado.iber.market\/wp-content\/uploads\/2026\/02\/6418531f9054c82e7084945ad9febc23-scaled.jpg\" \/>\t\t\t\t<\/a>\n\t\t\t<\/div>\n\t\t\t<div class=\"image-tools is-small top right show-on-hover\">\n\t\t\t\t\t\t\t<\/div>\n\t\t\t<div class=\"image-tools is-small hide-for-small bottom left show-on-hover\">\n\t\t\t\t\t\t\t<\/div>\n\t\t\t<div class=\"image-tools grid-tools text-center hide-for-small bottom hover-slide-in show-on-hover\">\n\t\t\t\t\t\t\t<\/div>\n\t\t\t\t\t<\/div>\n\n\t\t<div class=\"box-text box-text-products\">\n\t\t\t<div class=\"title-wrapper\"><p class=\"name product-title woocommerce-loop-product__title\"><a href=\"https:\/\/iber.market\/de\/product\/bebida-de-avena-con-calcio-sin-azucares-anadidos-hacendado\/\" class=\"woocommerce-LoopProduct-link woocommerce-loop-product__link\">Haferdrink mit Kalzium und ohne Zuckerzusatz Hacendado<\/a><\/p><\/div><div class=\"price-wrapper\">\n\t<span class=\"price\"><span class=\"woocommerce-Price-amount amount\"><bdi>2,64&nbsp;<span class=\"woocommerce-Price-currencySymbol\">\u20ac<\/span><\/bdi><\/span> <small class=\"woocommerce-price-suffix\">Endpreis<\/small><\/span>\n<\/div><div class=\"add-to-cart-button\"><a href=\"\/de\/wp-json\/wp\/v2\/pages\/369?add-to-cart=195010\" aria-describedby=\"woocommerce_loop_add_to_cart_link_describedby_195010\" data-quantity=\"1\" class=\"primary is-small mb-0 button product_type_simple add_to_cart_button ajax_add_to_cart is-outline\" data-product_id=\"195010\" data-product_sku=\"86167\" aria-label=\"In den Warenkorb legen: &quot;Bebida de avena con calcio sin az\u00facares a\u00f1adidos Hacendado&quot;\" rel=\"nofollow\" data-success_message=\"&quot;Bebida de avena con calcio sin az\u00facares a\u00f1adidos Hacendado&quot; wurde zu Ihrem Warenkorb hinzugef\u00fcgt.\" role=\"button\" data-no-translation=\"\" data-trp-gettext=\"\" data-no-translation-aria-label=\"\" data-no-translation-data-success_message=\"\">In den Warenkorb legen<\/a><\/div>\t<span id=\"woocommerce_loop_add_to_cart_link_describedby_195010\" class=\"screen-reader-text\">\n\t\t\t<\/span>\n\t\t<\/div>\n\t<\/div>\n\t<span class=\"gtm4wp_productdata\" style=\"display:none; visibility:hidden;\" data-gtm4wp_product_data=\"{&quot;internal_id&quot;:195010,&quot;item_id&quot;:195010,&quot;item_name&quot;:&quot;Bebida de avena con calcio sin az\\u00facares a\\u00f1adidos Hacendado&quot;,&quot;sku&quot;:&quot;86167&quot;,&quot;price&quot;:2.64,&quot;stocklevel&quot;:null,&quot;stockstatus&quot;:&quot;instock&quot;,&quot;google_business_vertical&quot;:&quot;retail&quot;,&quot;item_category&quot;:&quot;Bebidas Ecol\\u00f3gicas&quot;,&quot;id&quot;:195010,&quot;productlink&quot;:&quot;https:\\\/\\\/iber.market\\\/de\\\/product\\\/bebida-de-avena-con-calcio-sin-azucares-anadidos-hacendado\\\/&quot;,&quot;item_list_name&quot;:&quot;General Product List&quot;,&quot;index&quot;:13,&quot;product_type&quot;:&quot;simple&quot;,&quot;item_brand&quot;:&quot;&quot;}\"><\/span>\t<\/div>\n<\/div><div class=\"product-small col has-hover product type-product post-195006 status-publish instock product_cat-bebidas-ecologicas has-post-thumbnail taxable shipping-taxable purchasable product-type-simple\">\n\t<div class=\"col-inner\">\n\t\n<div class=\"badge-container absolute left top z-1\">\n\n<\/div>\n\t<div class=\"product-small box\">\n\t\t<div class=\"box-image\">\n\t\t\t<div class=\"image-none\">\n\t\t\t\t<a href=\"https:\/\/iber.market\/de\/product\/bebida-de-soja-con-calcio-y-vitaminas-sin-azucares-anadidos-hacendado-2\/\" aria-label=\"Sojagetr\u00e4nk mit Kalzium und Vitaminen, ohne Zuckerzusatz Hacendado\">\n\t\t\t\t\t<img loading=\"lazy\" decoding=\"async\" width=\"300\" height=\"300\" src=\"https:\/\/hacendado.iber.market\/wp-content\/uploads\/2026\/02\/35c4dba47482ff8310d7ea1b811a7d53-scaled.jpg\" class=\"attachment-woocommerce_thumbnail size-woocommerce_thumbnail\" alt=\"Sojagetr\u00e4nk mit Kalzium und Vitaminen, ohne Zuckerzusatz Hacendado\" data-src=\"https:\/\/hacendado.iber.market\/wp-content\/uploads\/2026\/02\/35c4dba47482ff8310d7ea1b811a7d53-scaled.jpg\" data-large_image=\"https:\/\/hacendado.iber.market\/wp-content\/uploads\/2026\/02\/35c4dba47482ff8310d7ea1b811a7d53-scaled.jpg\" \/>\t\t\t\t<\/a>\n\t\t\t<\/div>\n\t\t\t<div class=\"image-tools is-small top right show-on-hover\">\n\t\t\t\t\t\t\t<\/div>\n\t\t\t<div class=\"image-tools is-small hide-for-small bottom left show-on-hover\">\n\t\t\t\t\t\t\t<\/div>\n\t\t\t<div class=\"image-tools grid-tools text-center hide-for-small bottom hover-slide-in show-on-hover\">\n\t\t\t\t\t\t\t<\/div>\n\t\t\t\t\t<\/div>\n\n\t\t<div class=\"box-text box-text-products\">\n\t\t\t<div class=\"title-wrapper\"><p class=\"name product-title woocommerce-loop-product__title\"><a href=\"https:\/\/iber.market\/de\/product\/bebida-de-soja-con-calcio-y-vitaminas-sin-azucares-anadidos-hacendado-2\/\" class=\"woocommerce-LoopProduct-link woocommerce-loop-product__link\">Sojagetr\u00e4nk mit Kalzium und Vitaminen, ohne Zuckerzusatz Hacendado<\/a><\/p><\/div><div class=\"price-wrapper\">\n\t<span class=\"price\"><span class=\"woocommerce-Price-amount amount\"><bdi>8,58&nbsp;<span class=\"woocommerce-Price-currencySymbol\">\u20ac<\/span><\/bdi><\/span> <small class=\"woocommerce-price-suffix\">Endpreis<\/small><\/span>\n<\/div><div class=\"add-to-cart-button\"><a href=\"\/de\/wp-json\/wp\/v2\/pages\/369?add-to-cart=195006\" aria-describedby=\"woocommerce_loop_add_to_cart_link_describedby_195006\" data-quantity=\"1\" class=\"primary is-small mb-0 button product_type_simple add_to_cart_button ajax_add_to_cart is-outline\" data-product_id=\"195006\" data-product_sku=\"14706\" aria-label=\"In den Warenkorb legen: &quot;Bebida de soja con calcio y vitaminas sin az\u00facares a\u00f1adidos Hacendado&quot;\" rel=\"nofollow\" data-success_message=\"&quot;Bebida de soja con calcio y vitaminas sin az\u00facares a\u00f1adidos Hacendado&quot; wurde zu Ihrem Warenkorb hinzugef\u00fcgt.\" role=\"button\" data-no-translation=\"\" data-trp-gettext=\"\" data-no-translation-aria-label=\"\" data-no-translation-data-success_message=\"\">In den Warenkorb legen<\/a><\/div>\t<span id=\"woocommerce_loop_add_to_cart_link_describedby_195006\" class=\"screen-reader-text\">\n\t\t\t<\/span>\n\t\t<\/div>\n\t<\/div>\n\t<span class=\"gtm4wp_productdata\" style=\"display:none; visibility:hidden;\" data-gtm4wp_product_data=\"{&quot;internal_id&quot;:195006,&quot;item_id&quot;:195006,&quot;item_name&quot;:&quot;Bebida de soja con calcio y vitaminas sin az\\u00facares a\\u00f1adidos Hacendado&quot;,&quot;sku&quot;:&quot;14706&quot;,&quot;price&quot;:8.58,&quot;stocklevel&quot;:null,&quot;stockstatus&quot;:&quot;instock&quot;,&quot;google_business_vertical&quot;:&quot;retail&quot;,&quot;item_category&quot;:&quot;Bebidas Ecol\\u00f3gicas&quot;,&quot;id&quot;:195006,&quot;productlink&quot;:&quot;https:\\\/\\\/iber.market\\\/de\\\/product\\\/bebida-de-soja-con-calcio-y-vitaminas-sin-azucares-anadidos-hacendado-2\\\/&quot;,&quot;item_list_name&quot;:&quot;General Product List&quot;,&quot;index&quot;:14,&quot;product_type&quot;:&quot;simple&quot;,&quot;item_brand&quot;:&quot;&quot;}\"><\/span>\t<\/div>\n<\/div><\/div>\n\n\n\t\t<\/div>\n\t\t\t\t\t<\/div>\n\n\t\n\n<\/div>\n\n\t\t<\/div>\n\n\t\t\n<style>\n#section_1475287837 {\n  padding-top: 35px;\n  padding-bottom: 35px;\n  margin-bottom: -20px;\n}\n<\/style>\n\t<\/section>\n\t\n<div class=\"row row-full-width\"  id=\"row-143434969\">\n\n\n\t<div id=\"col-124967725\" class=\"col small-12 large-12\"  >\n\t\t\t\t<div class=\"col-inner text-center\"  >\n\t\t\t\n\t\t\t\n\n<ul class=\"sidebar-wrapper ul-reset widgets-boxed\"><\/ul>\n\n\n\t\t<\/div>\n\t\t\t\t\t<\/div>\n\n\t\n\n<\/div>\n\t<div id=\"gap-1282530706\" class=\"gap-element clearfix\" style=\"display:block; height:auto;\">\n\t\t\n<style>\n#gap-1282530706 {\n  padding-top: 30px;\n}\n<\/style>\n\t<\/div>\n\t\n\n<div class=\"accordion\">\n\n\t<div id=\"accordion-2236816831\" class=\"accordion-item\">\n\t\t<a id=\"accordion-2236816831-label\" class=\"accordion-title plain\" href=\"#accordion-item-\ud83d\udcb0-ahorra-con-ibercoins-consigue-descuentos-en-cada-compra-y-acumula-saldo-f\u00e1cilmente.\" aria-expanded=\"false\" aria-controls=\"accordion-2236816831-content\" >\n\t\t\t<button class=\"toggle\" aria-label=\"Umschalten\"><i class=\"icon-angle-down\"><\/i><\/button>\n\t\t\t<span>\ud83d\udcb0 Sparen Sie mit IberCoins Erhalten Sie Rabatte auf jeden Einkauf und sammeln Sie ganz einfach Guthaben.<\/span>\n\t\t<\/a>\n\t\t<div id=\"accordion-2236816831-content\" class=\"accordion-inner\" aria-labelledby=\"accordion-2236816831-label\" >\n\t\t\t\n\n<p>IberCoins sind unser Sparsystem f\u00fcr Iber.market-Kunden. Jedes Mal, wenn Sie einkaufen oder mit dem Shop interagieren, sammeln Sie Guthaben an, das Sie in echte Rabatte auf Ihre Bestellungen umwandeln k\u00f6nnen.<\/p>\n<p>Je mehr IberCoins Sie verdienen, desto mehr sparen Sie bei Ihren Eink\u00e4ufen von spanischen Produkten in Europa.<\/p>\n\n\t\t<\/div>\n\t<\/div>\n\t\n\t<div id=\"accordion-552192710\" class=\"accordion-item\">\n\t\t<a id=\"accordion-552192710-label\" class=\"accordion-title plain\" href=\"#accordion-item-\u00bfc\u00f3mo-consigo-ibercoins?\" aria-expanded=\"false\" aria-controls=\"accordion-552192710-content\" >\n\t\t\t<button class=\"toggle\" aria-label=\"Umschalten\"><i class=\"icon-angle-down\"><\/i><\/button>\n\t\t\t<span>Wie bekomme ich IberCoins?<\/span>\n\t\t<\/a>\n\t\t<div id=\"accordion-552192710-content\" class=\"accordion-inner\" aria-labelledby=\"accordion-552192710-label\" >\n\t\t\t\n\n<ul>\n<li>\ud83c\udf81 +15 IberCoins bei der Registrierung<\/li>\n<li>10 IberCoins f\u00fcr t\u00e4gliches Einloggen<\/li>\n<li>20 IberCoins f\u00fcr jeden geworbenen Kauf<\/li>\n<li>\ud83d\uded2 1 IberCoin f\u00fcr jede 1 \u20ac Ausgabe<\/li>\n<\/ul>\n\n\t\t<\/div>\n\t<\/div>\n\t\n\t<div id=\"accordion-2490065035\" class=\"accordion-item\">\n\t\t<a id=\"accordion-2490065035-label\" class=\"accordion-title plain\" href=\"#accordion-item-\u00bfc\u00f3mo-los-uso?\" aria-expanded=\"false\" aria-controls=\"accordion-2490065035-content\" >\n\t\t\t<button class=\"toggle\" aria-label=\"Umschalten\"><i class=\"icon-angle-down\"><\/i><\/button>\n\t\t\t<span>Wie kann ich sie verwenden?<\/span>\n\t\t<\/a>\n\t\t<div id=\"accordion-2490065035-content\" class=\"accordion-inner\" aria-labelledby=\"accordion-2490065035-label\" >\n\t\t\t\n\n<p>Sie k\u00f6nnen Ihre IberCoins f\u00fcr direkte Rabatte auf Ihre Bestellungen einl\u00f6sen:<\/p>\n<ul>\n<li>150 IberCoins = 10% Rabatt<\/li>\n<li>\ud83d\udecd G\u00fcltig f\u00fcr Bestellungen \u00fcber 80 \u20ac.<\/li>\n<\/ul>\n<p>Je mehr Sie ansammeln, desto mehr sparen Sie bei jedem Einkauf.<\/p>\n\n\t\t<\/div>\n\t<\/div>\n\t\n\n<\/div>","protected":false},"excerpt":{"rendered":"","protected":false},"author":1,"featured_media":0,"parent":0,"menu_order":0,"comment_status":"closed","ping_status":"closed","template":"page-blank.php","meta":{"footnotes":""},"class_list":["post-369","page","type-page","status-publish","hentry"],"jetpack_sharing_enabled":true,"_links":{"self":[{"href":"https:\/\/iber.market\/de\/wp-json\/wp\/v2\/pages\/369","targetHints":{"allow":["GET"]}}],"collection":[{"href":"https:\/\/iber.market\/de\/wp-json\/wp\/v2\/pages"}],"about":[{"href":"https:\/\/iber.market\/de\/wp-json\/wp\/v2\/types\/page"}],"author":[{"embeddable":true,"href":"https:\/\/iber.market\/de\/wp-json\/wp\/v2\/users\/1"}],"replies":[{"embeddable":true,"href":"https:\/\/iber.market\/de\/wp-json\/wp\/v2\/comments?post=369"}],"version-history":[{"count":254,"href":"https:\/\/iber.market\/de\/wp-json\/wp\/v2\/pages\/369\/revisions"}],"predecessor-version":[{"id":201465,"href":"https:\/\/iber.market\/de\/wp-json\/wp\/v2\/pages\/369\/revisions\/201465"}],"wp:attachment":[{"href":"https:\/\/iber.market\/de\/wp-json\/wp\/v2\/media?parent=369"}],"curies":[{"name":"wp","href":"https:\/\/api.w.org\/{rel}","templated":true}]}}